{"id":609,"date":"2014-10-05T05:37:14","date_gmt":"2014-10-05T05:37:14","guid":{"rendered":"http:\/\/demo.sh-themes.com\/credence\/?page_id=609"},"modified":"2025-09-15T09:22:47","modified_gmt":"2025-09-15T09:22:47","slug":"contacta-la-farga-hospitalet","status":"publish","type":"page","link":"https:\/\/www.lafarga.com\/corporatiu\/contacta-la-farga-hospitalet\/","title":{"rendered":"Contacte"},"content":{"rendered":"\n<div class=\"wp-block-uagb-container contenedor uagb-block-93fa3d6f alignfull uagb-is-root-container\"><div class=\"uagb-container-inner-blocks-wrap\">\n<div class=\"wp-block-uagb-advanced-heading uagb-block-07b84804\"><h2 class=\"uagb-heading-text\">Dades de contacte<\/h2><div class=\"uagb-separator\"><\/div><\/div>\n\n\n\n<div class=\"wp-block-uagb-container uagb-block-11bafae2\">\n<div class=\"wp-block-uagb-container uagb-block-f018e46b\">\n<div class=\"wp-block-uagb-advanced-heading uagb-block-38c7247f\"><h5 class=\"uagb-heading-text\">La Farga Gesti\u00f3 d&#8217;Equipaments<br>Municipals, S.A.<\/h5><p class=\"uagb-desc-text\">C. Barcelona, 2<br>08901 L&#8217;Hospitalet de Llobregat<br>Telf. 93 088 21 00 \/ <a href=\"mailto:lafarga@lafarga.com\">lafarga@lafarga.com<\/a><\/p><\/div>\n\n\n\n<div class=\"wp-block-uagb-advanced-heading uagb-block-a829e5e3\"><h5 class=\"uagb-heading-text\">La Farga Centre d&#8217;Activitats<\/h5><p class=\"uagb-desc-text\">C. Barcelona, 2<br>08901 L&#8217;Hospitalet de Llobregat<br>Telf. 93 088 21 00 \/<a href=\"mailto:centreactivitats@lafarga.com\">centreactivitats@lafarga.com<\/a><\/p><\/div>\n<\/div>\n\n\n\n<div class=\"wp-block-uagb-container uagb-block-379b2ac0\">\n<div class=\"wp-block-uagb-advanced-heading uagb-block-8d1377d3\"><h5 class=\"uagb-heading-text\">Serveis de Comunicaci\u00f3 Municipals de L&#8217;Hospitalet<\/h5><p class=\"uagb-desc-text\">Pla\u00e7a Francesc Maci\u00e0 i Lluss\u00e0, 25<br>08902 L&#8217;Hospitalet de Llobregat<br>Telf. 93 088 23 00 \/ <a href=\"mailto:lhdigital@lhcomunicacio.cat\">lhdigital@lhcomunicacio.cat<\/a><\/p><\/div>\n\n\n\n<div class=\"wp-block-uagb-advanced-heading uagb-block-e62cdc4b\"><h5 class=\"uagb-heading-text\">La Farga Congress<\/h5><p class=\"uagb-desc-text\">C. Girona, 10<br>08901 L&#8217;Hospitalet de Llobregat<br>Telf. 93 088 21 00 \/<a href=\"mailto:centreactivitats@lafarga.com\">centreactivitats@lafarga.com<\/a><\/p><\/div>\n<\/div>\n\n\n\n<div class=\"wp-block-uagb-container uagb-block-4f80cd9c\">\n<div class=\"wp-block-uagb-advanced-heading uagb-block-8cecc336\"><h5 class=\"uagb-heading-text\">Dip\u00f2sit Municipal de Vehicles de L&#8217;Hospitalet<\/h5><p class=\"uagb-desc-text\">C. Segovia &#8211; Parc de la Serp, 2.<br>08901 L&#8217;Hospitalet de Llobregat.<br>Telf. 93 261 22 22 \/ <a href=\"mailto:mobilitat@lafarga.com\">mobilitat@lafarga.com<\/a><\/p><\/div>\n\n\n\n<div class=\"wp-block-uagb-advanced-heading uagb-block-5f223fd5\"><h5 class=\"uagb-heading-text\">Zones AIRE<\/h5><p class=\"uagb-desc-text\">C. Barcelona, 2<br>08901 L&#8217;Hospitalet de Llobregat<br>Telf. 93 088 21 00 \/ <a href=\"mailto:mobilitat@lafarga.com\">mobilitat@lafarga.com<\/a><\/p><\/div>\n<\/div>\n<\/div>\n<\/div><\/div>\n\n\n\n<div class=\"wp-block-uagb-container contenedor uagb-block-3d2cd338 alignfull uagb-is-root-container\"><div class=\"uagb-container-inner-blocks-wrap\">\n<div class=\"wp-block-uagb-container uagb-block-c45296b4\">\n<div class=\"wp-block-uagb-advanced-heading uagb-block-84a42600\"><h2 class=\"uagb-heading-text\">Formulari de contacte<\/h2><div class=\"uagb-separator\"><\/div><\/div>\n\n\n<form action=\"https:\/\/www.lafarga.com\/corporatiu\/wp-json\/ws-form\/v1\/submit\" class=\"wsf-form wsf-form-canvas\" id=\"ws-form-1\" data-id=\"2\" method=\"POST\" data-instance-id=\"1\" data-wsf-style-id=\"3\"><\/form><\/div>\n\n\n\n<div class=\"wp-block-uagb-container uagb-block-7019f7b5\">\n<div class=\"wp-block-uagb-advanced-heading uagb-block-088f147f\"><h2 class=\"uagb-heading-text\">Inst\u00e0ncia de sol\u00b7licitud d\u2019informaci\u00f3<\/h2><div class=\"uagb-separator\"><\/div><\/div>\n\n\n\n<p>Sol\u00b7licitud d\u2019informaci\u00f3 p\u00fablica elaborada per La Farga GEM, SA. o que est\u00e0 en el seu poder com a conseq\u00fc\u00e8ncia de la seva activitat o de l\u2019exercici de les seves funcions, d\u2019acord amb el que disposa la Llei 19\/2014, de 29 de desembre.<br><br>S\u2019ha d\u2019emplenar la seg\u00fcent&nbsp;inst\u00e0ncia&nbsp;que es pot lliurar presencialment o enviar per correu postal a la&nbsp;direcci\u00f3 de La Farga GEM, SA. (c. Barcelona 2, 08901 l\u2019Hospitalet) o per correu electr\u00f2nic a l\u2019adre\u00e7a&nbsp;<a href=\"mailto:lafarga@lafarga.com\">lafarga@lafarga.com<\/a>.<\/p>\n\n\n\n<div class=\"wp-block-buttons is-layout-flex wp-block-buttons-is-layout-flex\">\n<div class=\"wp-block-button\"><a class=\"wp-block-button__link wp-element-button\" href=\"https:\/\/www.lafarga.com\/corporatiu\/wp-content\/uploads\/2016\/07\/La-Farga-Instancia-Transparencia.pdf\" target=\"_blank\" rel=\"noreferrer noopener\">Descarregar inst\u00e0ncia<\/a><\/div>\n<\/div>\n<\/div>\n<\/div><\/div>\n\n\n\n<div class=\"wp-block-uagb-container contenedor gris uagb-block-8917e4a0 alignfull uagb-is-root-container\"><div class=\"uagb-container-inner-blocks-wrap\">\n<div class=\"wp-block-uagb-advanced-heading uagb-block-47c269eb\"><h2 class=\"uagb-heading-text\">Localitzaci\u00f3<\/h2><div class=\"uagb-separator\"><\/div><\/div>\n\n\n\n<iframe loading=\"lazy\" src=\"https:\/\/www.google.com\/maps\/d\/embed?mid=zoHZZ4moqkY8.ke78070SQ6XE\" width=\"100%\" height=\"450\"><\/iframe>\n<\/div><\/div>\n","protected":false},"excerpt":{"rendered":"<p> [&hellip;]<\/p>\n","protected":false},"author":8,"featured_media":0,"parent":0,"menu_order":0,"comment_status":"closed","ping_status":"closed","template":"","meta":{"inline_featured_image":false,"_uag_custom_page_level_css":"","_monsterinsights_skip_tracking":false,"_monsterinsights_sitenote_active":false,"_monsterinsights_sitenote_note":"","_monsterinsights_sitenote_category":0,"site-sidebar-layout":"default","site-content-layout":"","ast-site-content-layout":"default","site-content-style":"default","site-sidebar-style":"default","ast-global-header-display":"","ast-banner-title-visibility":"","ast-main-header-display":"","ast-hfb-above-header-display":"","ast-hfb-below-header-display":"","ast-hfb-mobile-header-display":"","site-post-title":"","ast-breadcrumbs-content":"","ast-featured-img":"","footer-sml-layout":"","ast-disable-related-posts":"","theme-transparent-header-meta":"","adv-header-id-meta":"","stick-header-meta":"","header-above-stick-meta":"","header-main-stick-meta":"","header-below-stick-meta":"","astra-migrate-meta-layouts":"default","ast-page-background-enabled":"default","ast-page-background-meta":{"desktop":{"background-color":"var(--ast-global-color-4)","background-image":"","background-repeat":"repeat","background-position":"center center","background-size":"auto","background-attachment":"scroll","background-type":"","background-media":"","overlay-type":"","overlay-color":"","overlay-opacity":"","overlay-gradient":""},"tablet":{"background-color":"","background-image":"","background-repeat":"repeat","background-position":"center center","background-size":"auto","background-attachment":"scroll","background-type":"","background-media":"","overlay-type":"","overlay-color":"","overlay-opacity":"","overlay-gradient":""},"mobile":{"background-color":"","background-image":"","background-repeat":"repeat","background-position":"center center","background-size":"auto","background-attachment":"scroll","background-type":"","background-media":"","overlay-type":"","overlay-color":"","overlay-opacity":"","overlay-gradient":""}},"ast-content-background-meta":{"desktop":{"background-color":"var(--ast-global-color-5)","background-image":"","background-repeat":"repeat","background-position":"center center","background-size":"auto","background-attachment":"scroll","background-type":"","background-media":"","overlay-type":"","overlay-color":"","overlay-opacity":"","overlay-gradient":""},"tablet":{"background-color":"var(--ast-global-color-5)","background-image":"","background-repeat":"repeat","background-position":"center center","background-size":"auto","background-attachment":"scroll","background-type":"","background-media":"","overlay-type":"","overlay-color":"","overlay-opacity":"","overlay-gradient":""},"mobile":{"background-color":"var(--ast-global-color-5)","background-image":"","background-repeat":"repeat","background-position":"center center","background-size":"auto","background-attachment":"scroll","background-type":"","background-media":"","overlay-type":"","overlay-color":"","overlay-opacity":"","overlay-gradient":""}},"footnotes":""},"class_list":["post-609","page","type-page","status-publish","hentry"],"yoast_head":"<!-- This site is optimized with the Yoast SEO plugin v27.5 - https:\/\/yoast.com\/product\/yoast-seo-wordpress\/ -->\n<title>La Farga GEM, SA. L&#039;Hospitalet Llobregat. Contacte<\/title>\n<meta name=\"description\" content=\"Contacte La Farga Gesti\u00f3 Equipaments Municipals. Ajuntament de L&#039;Hospitalet Llobregat. Gesti\u00f3 de Mitjans Comunicaci\u00f3, Centre Activitats, Serveis Mobilitat.\" \/>\n<meta name=\"robots\" content=\"index, follow, max-snippet:-1, max-image-preview:large, max-video-preview:-1\" \/>\n<link rel=\"canonical\" href=\"https:\/\/www.lafarga.com\/corporatiu\/contacta-la-farga-hospitalet\/\" \/>\n<meta property=\"og:locale\" content=\"ca_ES\" \/>\n<meta property=\"og:type\" content=\"article\" \/>\n<meta property=\"og:title\" content=\"La Farga GEM, SA. L&#039;Hospitalet Llobregat. Contacte\" \/>\n<meta property=\"og:description\" content=\"Contacte La Farga Gesti\u00f3 Equipaments Municipals. Ajuntament de L&#039;Hospitalet Llobregat. Gesti\u00f3 de Mitjans Comunicaci\u00f3, Centre Activitats, Serveis Mobilitat.\" \/>\n<meta property=\"og:url\" content=\"https:\/\/www.lafarga.com\/corporatiu\/contacta-la-farga-hospitalet\/\" \/>\n<meta property=\"og:site_name\" content=\"La Farga Gesti\u00f3n de Equipamientos Municipales, S.A.\" \/>\n<meta property=\"article:modified_time\" content=\"2025-09-15T09:22:47+00:00\" \/>\n<meta name=\"twitter:label1\" content=\"Temps estimat de lectura\" \/>\n\t<meta name=\"twitter:data1\" content=\"2 minuts\" \/>\n<script type=\"application\/ld+json\" class=\"yoast-schema-graph\">{\"@context\":\"https:\\\/\\\/schema.org\",\"@graph\":[{\"@type\":\"WebPage\",\"@id\":\"https:\\\/\\\/www.lafarga.com\\\/corporatiu\\\/contacta-la-farga-hospitalet\\\/\",\"url\":\"https:\\\/\\\/www.lafarga.com\\\/corporatiu\\\/contacta-la-farga-hospitalet\\\/\",\"name\":\"La Farga GEM, SA. L'Hospitalet Llobregat. Contacte\",\"isPartOf\":{\"@id\":\"https:\\\/\\\/www.lafarga.com\\\/corporatiu\\\/#website\"},\"datePublished\":\"2014-10-05T05:37:14+00:00\",\"dateModified\":\"2025-09-15T09:22:47+00:00\",\"description\":\"Contacte La Farga Gesti\u00f3 Equipaments Municipals. Ajuntament de L'Hospitalet Llobregat. Gesti\u00f3 de Mitjans Comunicaci\u00f3, Centre Activitats, Serveis Mobilitat.\",\"breadcrumb\":{\"@id\":\"https:\\\/\\\/www.lafarga.com\\\/corporatiu\\\/contacta-la-farga-hospitalet\\\/#breadcrumb\"},\"inLanguage\":\"ca\",\"potentialAction\":[{\"@type\":\"ReadAction\",\"target\":[\"https:\\\/\\\/www.lafarga.com\\\/corporatiu\\\/contacta-la-farga-hospitalet\\\/\"]}]},{\"@type\":\"BreadcrumbList\",\"@id\":\"https:\\\/\\\/www.lafarga.com\\\/corporatiu\\\/contacta-la-farga-hospitalet\\\/#breadcrumb\",\"itemListElement\":[{\"@type\":\"ListItem\",\"position\":1,\"name\":\"Home\",\"item\":\"https:\\\/\\\/www.lafarga.com\\\/corporatiu\\\/lafarga-hospitalet-llobregat\\\/\"},{\"@type\":\"ListItem\",\"position\":2,\"name\":\"Contacte\"}]},{\"@type\":\"WebSite\",\"@id\":\"https:\\\/\\\/www.lafarga.com\\\/corporatiu\\\/#website\",\"url\":\"https:\\\/\\\/www.lafarga.com\\\/corporatiu\\\/\",\"name\":\"La Farga Gesti\u00f3 d&#039;Equipaments Municipals, SA\",\"description\":\"\",\"publisher\":{\"@id\":\"https:\\\/\\\/www.lafarga.com\\\/corporatiu\\\/#organization\"},\"potentialAction\":[{\"@type\":\"SearchAction\",\"target\":{\"@type\":\"EntryPoint\",\"urlTemplate\":\"https:\\\/\\\/www.lafarga.com\\\/corporatiu\\\/?s={search_term_string}\"},\"query-input\":{\"@type\":\"PropertyValueSpecification\",\"valueRequired\":true,\"valueName\":\"search_term_string\"}}],\"inLanguage\":\"ca\"},{\"@type\":\"Organization\",\"@id\":\"https:\\\/\\\/www.lafarga.com\\\/corporatiu\\\/#organization\",\"name\":\"La Farga Gesti\u00f3 d&#039;Equipaments Municipals, SA\",\"url\":\"https:\\\/\\\/www.lafarga.com\\\/corporatiu\\\/\",\"logo\":{\"@type\":\"ImageObject\",\"inLanguage\":\"ca\",\"@id\":\"https:\\\/\\\/www.lafarga.com\\\/corporatiu\\\/#\\\/schema\\\/logo\\\/image\\\/\",\"url\":\"https:\\\/\\\/www.lafarga.com\\\/corporatiu\\\/wp-content\\\/uploads\\\/2023\\\/11\\\/logotipo_lafarga_gemsa.svg\",\"contentUrl\":\"https:\\\/\\\/www.lafarga.com\\\/corporatiu\\\/wp-content\\\/uploads\\\/2023\\\/11\\\/logotipo_lafarga_gemsa.svg\",\"width\":102,\"height\":103,\"caption\":\"La Farga Gesti\u00f3 d&#039;Equipaments Municipals, SA\"},\"image\":{\"@id\":\"https:\\\/\\\/www.lafarga.com\\\/corporatiu\\\/#\\\/schema\\\/logo\\\/image\\\/\"}}]}<\/script>\n<!-- \/ Yoast SEO plugin. -->","yoast_head_json":{"title":"La Farga GEM, SA. L'Hospitalet Llobregat. Contacte","description":"Contacte La Farga Gesti\u00f3 Equipaments Municipals. Ajuntament de L'Hospitalet Llobregat. Gesti\u00f3 de Mitjans Comunicaci\u00f3, Centre Activitats, Serveis Mobilitat.","robots":{"index":"index","follow":"follow","max-snippet":"max-snippet:-1","max-image-preview":"max-image-preview:large","max-video-preview":"max-video-preview:-1"},"canonical":"https:\/\/www.lafarga.com\/corporatiu\/contacta-la-farga-hospitalet\/","og_locale":"ca_ES","og_type":"article","og_title":"La Farga GEM, SA. L'Hospitalet Llobregat. Contacte","og_description":"Contacte La Farga Gesti\u00f3 Equipaments Municipals. Ajuntament de L'Hospitalet Llobregat. Gesti\u00f3 de Mitjans Comunicaci\u00f3, Centre Activitats, Serveis Mobilitat.","og_url":"https:\/\/www.lafarga.com\/corporatiu\/contacta-la-farga-hospitalet\/","og_site_name":"La Farga Gesti\u00f3n de Equipamientos Municipales, S.A.","article_modified_time":"2025-09-15T09:22:47+00:00","twitter_misc":{"Temps estimat de lectura":"2 minuts"},"schema":{"@context":"https:\/\/schema.org","@graph":[{"@type":"WebPage","@id":"https:\/\/www.lafarga.com\/corporatiu\/contacta-la-farga-hospitalet\/","url":"https:\/\/www.lafarga.com\/corporatiu\/contacta-la-farga-hospitalet\/","name":"La Farga GEM, SA. L'Hospitalet Llobregat. Contacte","isPartOf":{"@id":"https:\/\/www.lafarga.com\/corporatiu\/#website"},"datePublished":"2014-10-05T05:37:14+00:00","dateModified":"2025-09-15T09:22:47+00:00","description":"Contacte La Farga Gesti\u00f3 Equipaments Municipals. Ajuntament de L'Hospitalet Llobregat. Gesti\u00f3 de Mitjans Comunicaci\u00f3, Centre Activitats, Serveis Mobilitat.","breadcrumb":{"@id":"https:\/\/www.lafarga.com\/corporatiu\/contacta-la-farga-hospitalet\/#breadcrumb"},"inLanguage":"ca","potentialAction":[{"@type":"ReadAction","target":["https:\/\/www.lafarga.com\/corporatiu\/contacta-la-farga-hospitalet\/"]}]},{"@type":"BreadcrumbList","@id":"https:\/\/www.lafarga.com\/corporatiu\/contacta-la-farga-hospitalet\/#breadcrumb","itemListElement":[{"@type":"ListItem","position":1,"name":"Home","item":"https:\/\/www.lafarga.com\/corporatiu\/lafarga-hospitalet-llobregat\/"},{"@type":"ListItem","position":2,"name":"Contacte"}]},{"@type":"WebSite","@id":"https:\/\/www.lafarga.com\/corporatiu\/#website","url":"https:\/\/www.lafarga.com\/corporatiu\/","name":"La Farga Gesti\u00f3 d&#039;Equipaments Municipals, SA","description":"","publisher":{"@id":"https:\/\/www.lafarga.com\/corporatiu\/#organization"},"potentialAction":[{"@type":"SearchAction","target":{"@type":"EntryPoint","urlTemplate":"https:\/\/www.lafarga.com\/corporatiu\/?s={search_term_string}"},"query-input":{"@type":"PropertyValueSpecification","valueRequired":true,"valueName":"search_term_string"}}],"inLanguage":"ca"},{"@type":"Organization","@id":"https:\/\/www.lafarga.com\/corporatiu\/#organization","name":"La Farga Gesti\u00f3 d&#039;Equipaments Municipals, SA","url":"https:\/\/www.lafarga.com\/corporatiu\/","logo":{"@type":"ImageObject","inLanguage":"ca","@id":"https:\/\/www.lafarga.com\/corporatiu\/#\/schema\/logo\/image\/","url":"https:\/\/www.lafarga.com\/corporatiu\/wp-content\/uploads\/2023\/11\/logotipo_lafarga_gemsa.svg","contentUrl":"https:\/\/www.lafarga.com\/corporatiu\/wp-content\/uploads\/2023\/11\/logotipo_lafarga_gemsa.svg","width":102,"height":103,"caption":"La Farga Gesti\u00f3 d&#039;Equipaments Municipals, SA"},"image":{"@id":"https:\/\/www.lafarga.com\/corporatiu\/#\/schema\/logo\/image\/"}}]}},"uagb_featured_image_src":{"full":false,"thumbnail":false,"medium":false,"medium_large":false,"large":false,"1536x1536":false,"2048x2048":false,"mailpoet_newsletter_max":false},"uagb_author_info":{"display_name":"admfarga","author_link":"https:\/\/www.lafarga.com\/corporatiu\/author\/admfarga\/"},"uagb_comment_info":0,"uagb_excerpt":"[&hellip;]","_links":{"self":[{"href":"https:\/\/www.lafarga.com\/corporatiu\/wp-json\/wp\/v2\/pages\/609","targetHints":{"allow":["GET"]}}],"collection":[{"href":"https:\/\/www.lafarga.com\/corporatiu\/wp-json\/wp\/v2\/pages"}],"about":[{"href":"https:\/\/www.lafarga.com\/corporatiu\/wp-json\/wp\/v2\/types\/page"}],"author":[{"embeddable":true,"href":"https:\/\/www.lafarga.com\/corporatiu\/wp-json\/wp\/v2\/users\/8"}],"replies":[{"embeddable":true,"href":"https:\/\/www.lafarga.com\/corporatiu\/wp-json\/wp\/v2\/comments?post=609"}],"version-history":[{"count":46,"href":"https:\/\/www.lafarga.com\/corporatiu\/wp-json\/wp\/v2\/pages\/609\/revisions"}],"predecessor-version":[{"id":21878,"href":"https:\/\/www.lafarga.com\/corporatiu\/wp-json\/wp\/v2\/pages\/609\/revisions\/21878"}],"wp:attachment":[{"href":"https:\/\/www.lafarga.com\/corporatiu\/wp-json\/wp\/v2\/media?parent=609"}],"curies":[{"name":"wp","href":"https:\/\/api.w.org\/{rel}","templated":true}]}}