{"id":4428,"date":"2015-06-11T08:28:54","date_gmt":"2015-06-11T08:28:54","guid":{"rendered":"http:\/\/www.lafarga.com\/corporatiu\/?page_id=4428"},"modified":"2023-11-24T06:07:32","modified_gmt":"2023-11-24T06:07:32","slug":"perfil-del-contractant","status":"publish","type":"page","link":"https:\/\/www.lafarga.com\/corporatiu\/perfil-del-contractant\/","title":{"rendered":"Perfil del contractant"},"content":{"rendered":"\n<div class=\"wp-block-uagb-container contenedor uagb-block-2ee3ca16 alignfull uagb-is-root-container\"><div class=\"uagb-container-inner-blocks-wrap\">\n<div class=\"wp-block-uagb-advanced-heading uagb-block-f091ee07 sub_intro\"><h4 class=\"uagb-heading-text\">La Farga Gesti\u00f3 d\u2019Equipaments Municipals S.A. s\u2019incorpora a la plataforma electr\u00f2nica de Contractaci\u00f3 P\u00fablica de la Generalitat de Catalunya a l\u2019hora de donar informaci\u00f3 dels processos de contractaci\u00f3 que porti a terme i garantir la m\u00e0xima publicitat i comunicaci\u00f3.<\/h4><\/div>\n\n\n\n<p class=\"text18\">La informaci\u00f3 corresponent als processos de contractaci\u00f3 que es portin a terme a partir del 29 de juny de 2018 ser\u00e0 accessible des la Plataforma de Contractaci\u00f3.<br><\/p>\n\n\n\n<div class=\"wp-block-uagb-buttons uagb-buttons__outer-wrap uagb-btn__large-btn uagb-btn-tablet__default-btn uagb-btn-mobile__default-btn uagb-block-28068743 botones_grandes\"><div class=\"uagb-buttons__wrap uagb-buttons-layout-wrap\">\n<div class=\"wp-block-uagb-buttons-child uagb-buttons__outer-wrap uagb-block-8ed6667c wp-block-button\"><div class=\"uagb-button__wrapper\"><a class=\"uagb-buttons-repeater wp-block-button__link\" href=\"https:\/\/contractaciopublica.gencat.cat\/perfil\/La_Farga_GEMSA\" onclick=\"return true;\" rel=\"follow noopener\" target=\"_blank\"><div class=\"uagb-button__link\">Accediu a la Plataforma de Contractaci\u00f3<\/div><span class=\"uagb-button__icon uagb-button__icon-position-after\"><svg xmlns=\"https:\/\/www.w3.org\/2000\/svg\" viewBox=\"0 0 448 512\"><path d=\"M438.6 278.6l-160 160C272.4 444.9 264.2 448 256 448s-16.38-3.125-22.62-9.375c-12.5-12.5-12.5-32.75 0-45.25L338.8 288H32C14.33 288 .0016 273.7 .0016 256S14.33 224 32 224h306.8l-105.4-105.4c-12.5-12.5-12.5-32.75 0-45.25s32.75-12.5 45.25 0l160 160C451.1 245.9 451.1 266.1 438.6 278.6z\"><\/path><\/svg><\/span><\/a><\/div><\/div>\n<\/div><\/div>\n\n\n\n<p class=\"text18\"><br>La informaci\u00f3 dels processos de contractaci\u00f3 iniciats amb anterioritat a la data de 29 de juny de 2018, ser\u00e0 accessible en aquesta p\u00e0gina.<\/p>\n<\/div><\/div>\n\n\n\n<div class=\"wp-block-uagb-container contenedor uagb-block-e173af6a alignfull uagb-is-root-container\"><div class=\"uagb-container-inner-blocks-wrap\">\n<div class=\"wp-block-uagb-advanced-heading uagb-block-25c2839d\"><h2 class=\"uagb-heading-text\">Contractacions adjudicades<\/h2><\/div>\n\n\n\n<div class=\"wp-block-uagb-tabs uagb-block-c74ff006 uagb-tabs__wrap uagb-tabs__hstyle2-desktop uagb-tabs__vstyle6-tablet uagb-tabs__stack1-mobile\" data-tab-active=\"0\"><ul class=\"uagb-tabs__panel uagb-tabs__align-left\" role=\"tablist\"><li class=\"uagb-tab uagb-tabs__active\" role=\"none\"><a href=\"#uagb-tabs__tab0\" class=\"uagb-tabs-list uagb-tabs__icon-position-left\" data-tab=\"0\" role=\"tab\">2018<\/a><\/li><li class=\"uagb-tab \" role=\"none\"><a href=\"#uagb-tabs__tab1\" class=\"uagb-tabs-list uagb-tabs__icon-position-left\" data-tab=\"1\" role=\"tab\">2017<\/a><\/li><li class=\"uagb-tab \" role=\"none\"><a href=\"#uagb-tabs__tab2\" class=\"uagb-tabs-list uagb-tabs__icon-position-left\" data-tab=\"2\" role=\"tab\">2016<\/a><\/li><li class=\"uagb-tab \" role=\"none\"><a href=\"#uagb-tabs__tab3\" class=\"uagb-tabs-list uagb-tabs__icon-position-left\" data-tab=\"3\" role=\"tab\">2015<\/a><\/li><li class=\"uagb-tab \" role=\"none\"><a href=\"#uagb-tabs__tab4\" class=\"uagb-tabs-list uagb-tabs__icon-position-left\" data-tab=\"4\" role=\"tab\">2014<\/a><\/li><li class=\"uagb-tab \" role=\"none\"><a href=\"#uagb-tabs__tab5\" class=\"uagb-tabs-list uagb-tabs__icon-position-left\" data-tab=\"5\" role=\"tab\">2013<\/a><\/li><li class=\"uagb-tab \" role=\"none\"><a href=\"#uagb-tabs__tab6\" class=\"uagb-tabs-list uagb-tabs__icon-position-left\" data-tab=\"6\" role=\"tab\">2012<\/a><\/li><\/ul><div class=\"uagb-tabs__body-wrap\">\n<div class=\"wp-block-uagb-tabs-child uagb-tabs__body-container uagb-inner-tab-0\" aria-labelledby=\"uagb-tabs__tab0\">\n<div class=\"wp-block-esab-accordion accordion-cf1c79a9\" data-mode=\"global\"><div class=\"esab__container\" style=\"row-gap:10px;margin:0px 0px 0px 0px\">\n<div class=\"wp-block-esab-accordion-child\" style=\"border:1px solid var(--ast-global-color-2)\"><div class=\"esab__head esab__head_reverse\" style=\"padding:10px 10px 10px 20px;background-color:var(--ast-global-color-2)\" role=\"button\" aria-expanded=\"false\"><div class=\"esab__heading_txt\"><h5 class=\"esab__heading_tag\">Contractaci\u00f3 del servei de manteniment preventiu i correctiu de les portes autom\u00e0tiques del dip\u00f2sit municipal i del solar del carrer Mas 143 (estacionaments regulats) que gestiona La Farga, GEM, S.A.<\/h5><\/div><div class=\"esab__icon\"><div class=\"esab__collapse\"><svg version=\"1.2\" viewBox=\"0 0 24 24\" width=\"24\" height=\"24\"><path fill-rule=\"evenodd\" d=\"m3.5 20.5c-4.7-4.7-4.7-12.3 0-17 4.7-4.7 12.3-4.7 17 0 4.6 4.7 4.6 12.3 0 17-4.7 4.6-12.3 4.6-17 0zm0.9-0.9c4.2 4.2 11 4.2 15.2 0 4.2-4.2 4.2-11 0-15.2-4.2-4.3-11-4.3-15.2 0-4.3 4.2-4.3 11 0 15.2z\"><\/path><path d=\"m11.4 15.9v-3.3h-3.3c-0.3 0-0.6-0.3-0.6-0.6 0-0.4 0.3-0.6 0.6-0.6h3.3v-3.3c0-0.3 0.3-0.6 0.6-0.6 0.3 0 0.6 0.3 0.6 0.6v3.3h3.3c0.3 0 0.6 0.2 0.6 0.6q0 0.2-0.2 0.4-0.2 0.2-0.4 0.2h-3.3v3.3q0 0.2-0.2 0.4-0.2 0.2-0.4 0.2c-0.4 0-0.6-0.3-0.6-0.6z\"><\/path><\/svg><\/div><div class=\"esab__expand\"><svg version=\"1.2\" viewBox=\"0 0 24 24\" width=\"24\" height=\"24\"><path fill-rule=\"evenodd\" d=\"m12 24c-6.6 0-12-5.4-12-12 0-6.6 5.4-12 12-12 6.6 0 12 5.4 12 12 0 6.6-5.4 12-12 12zm10.6-12c0-5.9-4.7-10.6-10.6-10.6-5.9 0-10.6 4.7-10.6 10.6 0 5.9 4.7 10.6 10.6 10.6 5.9 0 10.6-4.7 10.6-10.6z\"><\/path><path d=\"m5.6 11.3h12.8v1.4h-12.8z\"><\/path><\/svg><\/div><\/div><\/div><div class=\"esab__body\" style=\"border-top:1px solid var(--ast-global-color-2);padding:20px 20px 20px 20px;background-color:var(--ast-global-color-4)\">\n<p>Objecte: la contractaci\u00f3 del servei de manteniment preventiu i correctiu de les portes autom\u00e0tiques del dip\u00f2sit municipal i del solar del carrer Mas 143 (estacionaments regulats) que gestiona La Farga, GEM, S.A.<\/p>\n<p>Valor estimat contracte: 6.325,00 \u20ac (SIS MIL TRES-CENTS VINT-I-CINC EUROS) IVA excl\u00f2s.<\/p>\n<p>Durada del contracte: El contracte tindr\u00e0 una durada de 30 mesos.<\/p>\n<p>Procediment: Obert simplificat abreujat.<\/p>\n<p>Regulaci\u00f3: No harmonitzada.<\/p>\n<p>Data l\u00edmit presentaci\u00f3 d\u2019ofertes: 8\/06\/2018, a les 14:00 hores<\/p>\n<p><strong>Informaci\u00f3 i lloc de presentaci\u00f3<\/strong>:<\/p>\n<p>A les oficines de La Farga, GEM, SA, c. Barcelona, 2 de L\u2019Hospitalet de Llobregat, de 08:00 fins a les 19:30 hores ininterrompudament, de dilluns a divendres i a la web\u00a0<a href=\"http:\/\/www.lafarga.com\/\" target=\"_blank\" rel=\"noopener noreferrer\"><strong>www.lafarga.com<\/strong><\/a>. Tel\u00e8fon 93 261 52 00.<\/p>\n<p>El Gerent de La Farga, GEM, S.A.<br \/>Manuel P\u00e9rez Gim\u00e9nez<\/p>\n<p>L\u2019Hospitalet, 25 de maig de 2018<\/p>\n<ul>\n<li><a href=\"https:\/\/www.lafarga.com\/corporatiu\/wp-content\/uploads\/2018\/05\/La-Farga-PLECS-ADMINISTRATIUS-MANTENIMENT-PORTES-AUTOMATIQUES-DIPOSIT.pdf\" target=\"_blank\" rel=\"noopener noreferrer\">Plec de cl\u00e0usules administratives<\/a><\/li>\n<li><a href=\"https:\/\/www.lafarga.com\/corporatiu\/wp-content\/uploads\/2018\/05\/La-Farga-PLECS-TECNICS-MANTENIMENT-PORTES-AUTOMATIQUES-DIPOSIT.pdf\" target=\"_blank\" rel=\"noopener noreferrer\">Plec de condicions t\u00e8cniques<\/a><\/li>\n<li><a href=\"https:\/\/www.lafarga.com\/corporatiu\/wp-content\/uploads\/2018\/06\/La-Farga-RESOLUCI%C3%93-ADJUDICACI%C3%93-MANTENIM.PORTES-AUTOM%C3%80TIQUES.pdf\" target=\"_blank\" rel=\"noopener noreferrer\">Resoluci\u00f3 ger\u00e8ncia adjudicaci\u00f3 contractaci\u00f3 del servei de manteniment preventiu i correctiu de les portes autom\u00e0tiques del dip\u00f2sit municipal i del solar del carrer Mas 143 (estacionaments regulats) que gestiona La Farga, GEM, S.A.<\/a><\/li>\n<\/ul>\n<\/div><\/div>\n\n\n\n<div class=\"wp-block-esab-accordion-child\" style=\"border:1px solid var(--ast-global-color-2)\"><div class=\"esab__head esab__head_reverse\" style=\"padding:10px 10px 10px 20px;background-color:var(--ast-global-color-2)\" role=\"button\" aria-expanded=\"false\"><div class=\"esab__heading_txt\"><h5 class=\"esab__heading_tag\">Contractaci\u00f3 del servei de manteniment preventiu i correctiu de les pales d\u2019arrossegament, engreixos de les pales, neteja dels vehicles i d\u2019altres petites reparacions dels vehicles destinats al servei de grua municipal de L\u2019Hospitalet de Llobregat que gestiona La Farga, GEM, S.A.<\/h5><\/div><div class=\"esab__icon\"><div class=\"esab__collapse\"><svg version=\"1.2\" viewBox=\"0 0 24 24\" width=\"24\" height=\"24\"><path fill-rule=\"evenodd\" d=\"m3.5 20.5c-4.7-4.7-4.7-12.3 0-17 4.7-4.7 12.3-4.7 17 0 4.6 4.7 4.6 12.3 0 17-4.7 4.6-12.3 4.6-17 0zm0.9-0.9c4.2 4.2 11 4.2 15.2 0 4.2-4.2 4.2-11 0-15.2-4.2-4.3-11-4.3-15.2 0-4.3 4.2-4.3 11 0 15.2z\"><\/path><path d=\"m11.4 15.9v-3.3h-3.3c-0.3 0-0.6-0.3-0.6-0.6 0-0.4 0.3-0.6 0.6-0.6h3.3v-3.3c0-0.3 0.3-0.6 0.6-0.6 0.3 0 0.6 0.3 0.6 0.6v3.3h3.3c0.3 0 0.6 0.2 0.6 0.6q0 0.2-0.2 0.4-0.2 0.2-0.4 0.2h-3.3v3.3q0 0.2-0.2 0.4-0.2 0.2-0.4 0.2c-0.4 0-0.6-0.3-0.6-0.6z\"><\/path><\/svg><\/div><div class=\"esab__expand\"><svg version=\"1.2\" viewBox=\"0 0 24 24\" width=\"24\" height=\"24\"><path fill-rule=\"evenodd\" d=\"m12 24c-6.6 0-12-5.4-12-12 0-6.6 5.4-12 12-12 6.6 0 12 5.4 12 12 0 6.6-5.4 12-12 12zm10.6-12c0-5.9-4.7-10.6-10.6-10.6-5.9 0-10.6 4.7-10.6 10.6 0 5.9 4.7 10.6 10.6 10.6 5.9 0 10.6-4.7 10.6-10.6z\"><\/path><path d=\"m5.6 11.3h12.8v1.4h-12.8z\"><\/path><\/svg><\/div><\/div><\/div><div class=\"esab__body\" style=\"border-top:1px solid var(--ast-global-color-2);padding:20px 20px 20px 20px;background-color:var(--ast-global-color-4)\">\n<p>Objecte: la contractaci\u00f3 del servei de manteniment preventiu i correctiu de les pales d\u2019arrossegament, engreixos de les pales, neteja dels vehicles i d\u2019altres petites reparacions dels vehicles destinats al servei de grua municipal de L\u2019Hospitalet de Llobregat que gestiona la Farga, GEM, S.A.<\/p>\n<p>Valor estimat contracte: 89.089,48 \u20ac (VUITANTA-NOU MIL VUITANTA-NOU AMB QUARANTA-VUIT EUROS) IVA excl\u00f2s.<\/p>\n<p>Durada del contracte: El contracte tindr\u00e0 una durada de 30 mesos.<\/p>\n<p>Procediment: Obert simplificat.<\/p>\n<p>Regulaci\u00f3: No harmonitzada.<\/p>\n<p>Data l\u00edmit presentaci\u00f3 d\u2019ofertes: 15\/06\/2018, a les 14:00 hores<\/p>\n<p><strong>Informaci\u00f3 i lloc de presentaci\u00f3<\/strong>:<\/p>\n<p>A les oficines de La Farga, GEM, SA, c. Barcelona, 2 de L\u2019Hospitalet de Llobregat, de 08:00 fins a les 19:30 hores ininterrompudament, de dilluns a divendres i a la web\u00a0<a href=\"http:\/\/www.lafarga.com\/\" target=\"_blank\" rel=\"noopener noreferrer\"><strong>www.lafarga.com<\/strong><\/a>. Tel\u00e8fon 93 261 52 00.<\/p>\n<p>El Gerent de La Farga, GEM, S.A.<br \/>Manuel P\u00e9rez Gim\u00e9nez<\/p>\n<p>L\u2019Hospitalet, 25 de maig de 2018<\/p>\n<ul>\n<li><a href=\"https:\/\/www.lafarga.com\/corporatiu\/wp-content\/uploads\/2018\/05\/La-Farga-PLECS-ADMINISTRATIUS-SERVEIS-PALES-ARROSSEGAMENT-GRUA.pdf\" target=\"_blank\" rel=\"noopener noreferrer\">Plec de cl\u00e0usules administratives<\/a><\/li>\n<li><a href=\"https:\/\/www.lafarga.com\/corporatiu\/wp-content\/uploads\/2018\/05\/La-Farga-PLECS-TECNICS-SERVEIS-PALES-ARROSSEGAMENT-GRUA.pdf\" target=\"_blank\" rel=\"noopener noreferrer\">Plec de condicions t\u00e8cniques<\/a><\/li>\n<li><a href=\"https:\/\/www.lafarga.com\/corporatiu\/wp-content\/uploads\/2018\/05\/La-Farga-ACTA-MESA-CONTRACTACI%C3%93.pdf\" target=\"_blank\" rel=\"noopener noreferrer\">Acta mesa de contractaci\u00f3\u00a0del servei de manteniment preventiu i correctiu de les pales d\u2019arrossegament, engreixos de les pales, neteja dels vehicles i d\u2019altres petites reparacions dels vehicles destinats al servei de grua municipal que gestiona La Farga, GEM, S.A.<\/a><\/li>\n<li><a href=\"https:\/\/www.lafarga.com\/corporatiu\/wp-content\/uploads\/2018\/06\/La-Farga-1%C2%AA-ACTA-APERTURA-SOBRE-1-SERVEI-MANTENIM.PALES-ARROSSEGAMENT.pdf\" target=\"_blank\" rel=\"noopener noreferrer\">1a acta mesa de contractaci\u00f3\u00a0del servei de manteniment preventiu i correctiu de les pales d\u2019arrossegament, engreixos de les pales, neteja dels vehicles i d\u2019altres petites reparacions dels vehicles destinats al servei de grua municipal que gestiona La Farga, GEM, S.A.<\/a><\/li>\n<li><a href=\"https:\/\/www.lafarga.com\/corporatiu\/wp-content\/uploads\/2018\/06\/La-Farga-2%C2%AA-ACTA-APERTURA-SOBRE-2-OFERTA-ECON%C3%92MICA.pdf\" target=\"_blank\" rel=\"noopener noreferrer\">2a acta mesa de contractaci\u00f3\u00a0del servei de manteniment preventiu i correctiu de les pales d\u2019arrossegament, engreixos de les pales, neteja dels vehicles i d\u2019altres petites reparacions dels vehicles destinats al servei de grua municipal que gestiona La Farga, GEM, S.A.<\/a><\/li>\n<li><a href=\"https:\/\/www.lafarga.com\/corporatiu\/wp-content\/uploads\/2018\/06\/La-Farga-3%C2%AA-ACTA-VALORACI%C3%93-OFERTA-ECONOMICA-PALES.pdf\" target=\"_blank\" rel=\"noopener noreferrer\">3a acta mesa de contractaci\u00f3\u00a0del servei de manteniment preventiu i correctiu de les pales d\u2019arrossegament, engreixos de les pales, neteja dels vehicles i d\u2019altres petites reparacions dels vehicles destinats al servei de grua municipal que gestiona La Farga, GEM, S.A.<\/a><\/li>\n<li><a href=\"https:\/\/www.lafarga.com\/corporatiu\/wp-content\/uploads\/2018\/06\/La-Farga-RESOLUCIO-GER%C3%88NCIA-ADJUDICACI%C3%93-manteniment-pales.pdf\" target=\"_blank\" rel=\"noopener noreferrer\">Resoluci\u00f3 ger\u00e8ncia adjudicaci\u00f3\u00a0contractaci\u00f3\u00a0del servei de manteniment preventiu i correctiu de les pales d\u2019arrossegament, engreixos de les pales, neteja dels vehicles i d\u2019altres petites reparacions dels vehicles destinats al servei de grua municipal que gestiona La Farga, GEM, S.A.<\/a><\/li>\n<li><a href=\"https:\/\/www.lafarga.com\/corporatiu\/wp-content\/uploads\/2018\/07\/La-Farga-2018P022-CONTRACTE-SERVEI-MANTENIMENT-PALES.pdf\" target=\"_blank\" rel=\"noopener noreferrer\">Contracte del servei de manteniment preventiu i correctiu de les pales d\u2019arrossegament, engreixos de les pales, neteja dels vehicles i d\u2019altres petites reparacions dels vehicles destinats al servei de grua municipal que gestiona La Farga, GEM, S.A.<\/a><\/li>\n<\/ul>\n<\/div><\/div>\n\n\n\n<div class=\"wp-block-esab-accordion-child\" style=\"border:1px solid var(--ast-global-color-2)\"><div class=\"esab__head esab__head_reverse\" style=\"padding:10px 10px 10px 20px;background-color:var(--ast-global-color-2)\" role=\"button\" aria-expanded=\"false\"><div class=\"esab__heading_txt\"><h5 class=\"esab__heading_tag\">Contractaci\u00f3 del servei de manteniment preventiu i correctiu del sistema d\u2019aire condicionat del dip\u00f2sit municipal, de l\u2019aparcament de Collblanc i de l\u2019oficina del carrer Mas 133 que gestiona la societat municipal La Farga, GEM, S.A.<\/h5><\/div><div class=\"esab__icon\"><div class=\"esab__collapse\"><svg version=\"1.2\" viewBox=\"0 0 24 24\" width=\"24\" height=\"24\"><path fill-rule=\"evenodd\" d=\"m3.5 20.5c-4.7-4.7-4.7-12.3 0-17 4.7-4.7 12.3-4.7 17 0 4.6 4.7 4.6 12.3 0 17-4.7 4.6-12.3 4.6-17 0zm0.9-0.9c4.2 4.2 11 4.2 15.2 0 4.2-4.2 4.2-11 0-15.2-4.2-4.3-11-4.3-15.2 0-4.3 4.2-4.3 11 0 15.2z\"><\/path><path d=\"m11.4 15.9v-3.3h-3.3c-0.3 0-0.6-0.3-0.6-0.6 0-0.4 0.3-0.6 0.6-0.6h3.3v-3.3c0-0.3 0.3-0.6 0.6-0.6 0.3 0 0.6 0.3 0.6 0.6v3.3h3.3c0.3 0 0.6 0.2 0.6 0.6q0 0.2-0.2 0.4-0.2 0.2-0.4 0.2h-3.3v3.3q0 0.2-0.2 0.4-0.2 0.2-0.4 0.2c-0.4 0-0.6-0.3-0.6-0.6z\"><\/path><\/svg><\/div><div class=\"esab__expand\"><svg version=\"1.2\" viewBox=\"0 0 24 24\" width=\"24\" height=\"24\"><path fill-rule=\"evenodd\" d=\"m12 24c-6.6 0-12-5.4-12-12 0-6.6 5.4-12 12-12 6.6 0 12 5.4 12 12 0 6.6-5.4 12-12 12zm10.6-12c0-5.9-4.7-10.6-10.6-10.6-5.9 0-10.6 4.7-10.6 10.6 0 5.9 4.7 10.6 10.6 10.6 5.9 0 10.6-4.7 10.6-10.6z\"><\/path><path d=\"m5.6 11.3h12.8v1.4h-12.8z\"><\/path><\/svg><\/div><\/div><\/div><div class=\"esab__body\" style=\"border-top:1px solid var(--ast-global-color-2);padding:20px 20px 20px 20px;background-color:var(--ast-global-color-4)\">\n<p>Objecte: la contractaci\u00f3 del servei de manteniment preventiu i correctiu del sistema d\u2019aire condicionat del dip\u00f2sit municipal, de l\u2019aparcament de Collblanc i de l\u2019oficina del carrer Mas 133 que gestiona la societat municipal La Farga, GEM, S.A.<\/p>\n<p>Valor estimat contracte: 16.462,00 \u20ac (SETZE MIL QUATRE-CENTS SEIXANTA-DOS EUROS) IVA excl\u00f2s.<\/p>\n<p>Durada del contracte: El contracte tindr\u00e0 una durada de 30 mesos.<\/p>\n<p>Procediment: Obert simplificat abreujat.<\/p>\n<p>Regulaci\u00f3: No harmonitzada.<\/p>\n<p>Data l\u00edmit presentaci\u00f3 d\u2019ofertes: 8\/06\/2018, a les 14:00 hores<\/p>\n<p><strong>Informaci\u00f3 i lloc de presentaci\u00f3<\/strong>:<\/p>\n<p>A les oficines de La Farga, GEM, SA, c. Barcelona, 2 de L\u2019Hospitalet de Llobregat, de 08:00 fins a les 19:30 hores ininterrompudament, de dilluns a divendres i a la web\u00a0<a href=\"http:\/\/www.lafarga.com\/\" target=\"_blank\" rel=\"noopener noreferrer\"><strong>www.lafarga.com<\/strong><\/a>. Tel\u00e8fon 93 261 52 00.<\/p>\n<p>El Gerent de La Farga, GEM, S.A.<br \/>Manuel P\u00e9rez Gim\u00e9nez<\/p>\n<p>L\u2019Hospitalet, 25 de maig de 2018<\/p>\n<ul>\n<li><a href=\"https:\/\/www.lafarga.com\/corporatiu\/wp-content\/uploads\/2018\/05\/La-Farga-PLECS-ADMINISTRATIUS-AIRE-CONDICIONAT-DIPOSIT.pdf\" target=\"_blank\" rel=\"noopener noreferrer\">Plec de cl\u00e0usules administratives<\/a><\/li>\n<li><a href=\"https:\/\/www.lafarga.com\/corporatiu\/wp-content\/uploads\/2018\/05\/La-Farga-PLECS-TECNICS-AIRE-CONDICIONAT-DIPOSIT.pdf\" target=\"_blank\" rel=\"noopener noreferrer\">Plec de condicions t\u00e8cniques<\/a><\/li>\n<li><a href=\"https:\/\/www.lafarga.com\/corporatiu\/wp-content\/uploads\/2018\/06\/La-Farga-RESOL.GER%C3%88NCIA-ADJUDICACI%C3%93-MANTENIMENT-AIRE-CONDICIONAT.pdf\" target=\"_blank\" rel=\"noopener noreferrer\">Resoluci\u00f3 ger\u00e8ncia adjudicaci\u00f3 contractaci\u00f3 del servei de manteniment preventiu i correctiu del sistema d\u2019aire condicionat del dip\u00f2sit municipal, de l\u2019aparcament de Collblanc i de l\u2019oficina del carrer Mas 133 que gestiona la societat municipal La Farga, GEM, S.A.<\/a><\/li>\n<\/ul>\n<\/div><\/div>\n\n\n\n<div class=\"wp-block-esab-accordion-child\" style=\"border:1px solid var(--ast-global-color-2)\"><div class=\"esab__head esab__head_reverse\" style=\"padding:10px 10px 10px 20px;background-color:var(--ast-global-color-2)\" role=\"button\" aria-expanded=\"false\"><div class=\"esab__heading_txt\"><h5 class=\"esab__heading_tag\">Contractaci\u00f3 del servei de manteniment integral preventiu i correctiu dels gats hidr\u00e0ulics destinats al servei de la grua municipal de L\u2019Hospitalet de Llobregat que gestiona la Farga, GEM, S.A.<\/h5><\/div><div class=\"esab__icon\"><div class=\"esab__collapse\"><svg version=\"1.2\" viewBox=\"0 0 24 24\" width=\"24\" height=\"24\"><path fill-rule=\"evenodd\" d=\"m3.5 20.5c-4.7-4.7-4.7-12.3 0-17 4.7-4.7 12.3-4.7 17 0 4.6 4.7 4.6 12.3 0 17-4.7 4.6-12.3 4.6-17 0zm0.9-0.9c4.2 4.2 11 4.2 15.2 0 4.2-4.2 4.2-11 0-15.2-4.2-4.3-11-4.3-15.2 0-4.3 4.2-4.3 11 0 15.2z\"><\/path><path d=\"m11.4 15.9v-3.3h-3.3c-0.3 0-0.6-0.3-0.6-0.6 0-0.4 0.3-0.6 0.6-0.6h3.3v-3.3c0-0.3 0.3-0.6 0.6-0.6 0.3 0 0.6 0.3 0.6 0.6v3.3h3.3c0.3 0 0.6 0.2 0.6 0.6q0 0.2-0.2 0.4-0.2 0.2-0.4 0.2h-3.3v3.3q0 0.2-0.2 0.4-0.2 0.2-0.4 0.2c-0.4 0-0.6-0.3-0.6-0.6z\"><\/path><\/svg><\/div><div class=\"esab__expand\"><svg version=\"1.2\" viewBox=\"0 0 24 24\" width=\"24\" height=\"24\"><path fill-rule=\"evenodd\" d=\"m12 24c-6.6 0-12-5.4-12-12 0-6.6 5.4-12 12-12 6.6 0 12 5.4 12 12 0 6.6-5.4 12-12 12zm10.6-12c0-5.9-4.7-10.6-10.6-10.6-5.9 0-10.6 4.7-10.6 10.6 0 5.9 4.7 10.6 10.6 10.6 5.9 0 10.6-4.7 10.6-10.6z\"><\/path><path d=\"m5.6 11.3h12.8v1.4h-12.8z\"><\/path><\/svg><\/div><\/div><\/div><div class=\"esab__body\" style=\"border-top:1px solid var(--ast-global-color-2);padding:20px 20px 20px 20px;background-color:var(--ast-global-color-4)\">\n<p>Objecte: la contractaci\u00f3 del servei de manteniment integral preventiu i correctiu dels gats hidr\u00e0ulics destinats al servei de la grua municipal de L\u2019Hospitalet de Llobregat que gestiona la Farga, GEM, S.A.<\/p>\n<p>Valor estimat contracte: 20.100,00 \u20ac (VINT MIL CENT EUROS) IVA excl\u00f2s.<\/p>\n<p>Durada del contracte: El contracte tindr\u00e0 una durada de 30 mesos.<\/p>\n<p>Procediment: Obert simplificat abreujat.<\/p>\n<p>Regulaci\u00f3: No harmonitzada.<\/p>\n<p>Data l\u00edmit presentaci\u00f3 d\u2019ofertes: 8\/06\/2018, a les 14:00 hores<\/p>\n<p><strong>Informaci\u00f3 i lloc de presentaci\u00f3<\/strong>:<\/p>\n<p>A les oficines de La Farga, GEM, SA, c. Barcelona, 2 de L\u2019Hospitalet de Llobregat, de 08:00 fins a les 19:30 hores ininterrompudament, de dilluns a divendres i a la web\u00a0<a href=\"http:\/\/www.lafarga.com\/\" target=\"_blank\" rel=\"noopener noreferrer\"><strong>www.lafarga.com<\/strong><\/a>. Tel\u00e8fon 93 261 52 00.<\/p>\n<p>El Gerent de La Farga, GEM, S.A.<br \/>Manuel P\u00e9rez Gim\u00e9nez<\/p>\n<p>L\u2019Hospitalet, 25 de maig de 2018<\/p>\n<ul>\n<li><a href=\"https:\/\/www.lafarga.com\/corporatiu\/wp-content\/uploads\/2018\/05\/La-Farga-PLECS-ADMINISTRATIUS-MANTENIMENT-GATS-HIDRAULICS.pdf\" target=\"_blank\" rel=\"noopener noreferrer\">Plec de cl\u00e0usules administratives<\/a><\/li>\n<li><a href=\"https:\/\/www.lafarga.com\/corporatiu\/wp-content\/uploads\/2018\/05\/La-Farga-PLECS-TECNICS-MANTENIMENT-GATS-HIDRAULICS.pdf\" target=\"_blank\" rel=\"noopener noreferrer\">Plec de condicions t\u00e8cniques<\/a><\/li>\n<li><a href=\"https:\/\/www.lafarga.com\/corporatiu\/wp-content\/uploads\/2018\/06\/La-Farga-22-2018-RESOL.GERENCIA-ADJUDICACI%C3%93-SERVEI-MANTENIMENT-GATS-HIDR%C3%80ULICS.pdf\" target=\"_blank\" rel=\"noopener noreferrer\">Resoluci\u00f3 ger\u00e8ncia adjudicaci\u00f3 contractaci\u00f3 del servei de manteniment integral preventiu i correctiu dels gats hidr\u00e0ulics destinats al servei de la grua municipal de L\u2019Hospitalet de Llobregat que gestiona la Farga, GEM, S.A.<\/a><\/li>\n<\/ul>\n<\/div><\/div>\n\n\n\n<div class=\"wp-block-esab-accordion-child\" style=\"border:1px solid var(--ast-global-color-2)\"><div class=\"esab__head esab__head_reverse\" style=\"padding:10px 10px 10px 20px;background-color:var(--ast-global-color-2)\" role=\"button\" aria-expanded=\"false\"><div class=\"esab__heading_txt\"><h5 class=\"esab__heading_tag\">Contractaci\u00f3 del servei d\u2019immobilitzaci\u00f3 per mitjans mec\u00e0nics, la seva retirada de la via p\u00fablica i el seu trasllat posterior al dip\u00f2sit municipal, de vehicles pesats i sense rodes que gestiona La Farga, GEM, S.A.<\/h5><\/div><div class=\"esab__icon\"><div class=\"esab__collapse\"><svg version=\"1.2\" viewBox=\"0 0 24 24\" width=\"24\" height=\"24\"><path fill-rule=\"evenodd\" d=\"m3.5 20.5c-4.7-4.7-4.7-12.3 0-17 4.7-4.7 12.3-4.7 17 0 4.6 4.7 4.6 12.3 0 17-4.7 4.6-12.3 4.6-17 0zm0.9-0.9c4.2 4.2 11 4.2 15.2 0 4.2-4.2 4.2-11 0-15.2-4.2-4.3-11-4.3-15.2 0-4.3 4.2-4.3 11 0 15.2z\"><\/path><path d=\"m11.4 15.9v-3.3h-3.3c-0.3 0-0.6-0.3-0.6-0.6 0-0.4 0.3-0.6 0.6-0.6h3.3v-3.3c0-0.3 0.3-0.6 0.6-0.6 0.3 0 0.6 0.3 0.6 0.6v3.3h3.3c0.3 0 0.6 0.2 0.6 0.6q0 0.2-0.2 0.4-0.2 0.2-0.4 0.2h-3.3v3.3q0 0.2-0.2 0.4-0.2 0.2-0.4 0.2c-0.4 0-0.6-0.3-0.6-0.6z\"><\/path><\/svg><\/div><div class=\"esab__expand\"><svg version=\"1.2\" viewBox=\"0 0 24 24\" width=\"24\" height=\"24\"><path fill-rule=\"evenodd\" d=\"m12 24c-6.6 0-12-5.4-12-12 0-6.6 5.4-12 12-12 6.6 0 12 5.4 12 12 0 6.6-5.4 12-12 12zm10.6-12c0-5.9-4.7-10.6-10.6-10.6-5.9 0-10.6 4.7-10.6 10.6 0 5.9 4.7 10.6 10.6 10.6 5.9 0 10.6-4.7 10.6-10.6z\"><\/path><path d=\"m5.6 11.3h12.8v1.4h-12.8z\"><\/path><\/svg><\/div><\/div><\/div><div class=\"esab__body\" style=\"border-top:1px solid var(--ast-global-color-2);padding:20px 20px 20px 20px;background-color:var(--ast-global-color-4)\">\n<p>Objecte: la contractaci\u00f3 del servei d\u2019immobilitzaci\u00f3 per mitjans mec\u00e0nics, la seva retirada de la via p\u00fablica i el seu trasllat posterior al dip\u00f2sit municipal, de vehicles pesats i sense rodes que gestiona La Farga, GEM, S.A.<\/p>\n<p>Valor estimat contracte: 30.582,15 \u20ac (TRENTA MIL CINC-CENTS VUITANTA-DOS AMB QUINZE EUROS) IVA excl\u00f2s.<\/p>\n<p>Durada del contracte: El contracte tindr\u00e0 una durada de 30 mesos.<\/p>\n<p>Procediment: Obert simplificat abreujat.<\/p>\n<p>Regulaci\u00f3: No harmonitzada.<\/p>\n<p>Data l\u00edmit presentaci\u00f3 d\u2019ofertes: 8\/06\/2018, a les 14:00 hores<\/p>\n<p><strong>Informaci\u00f3 i lloc de presentaci\u00f3<\/strong>:<\/p>\n<p>A les oficines de La Farga, GEM, SA, c. Barcelona, 2 de L\u2019Hospitalet de Llobregat, de 08:00 fins a les 19:30 hores ininterrompudament, de dilluns a divendres i a la web\u00a0<a href=\"http:\/\/www.lafarga.com\/\" target=\"_blank\" rel=\"noopener noreferrer\"><strong>www.lafarga.com<\/strong><\/a>. Tel\u00e8fon 93 261 52 00.<\/p>\n<p>El Gerent de La Farga, GEM, S.A.<br \/>Manuel P\u00e9rez Gim\u00e9nez<\/p>\n<p>L\u2019Hospitalet, 25 de maig de 2018<\/p>\n<ul>\n<li><a href=\"https:\/\/www.lafarga.com\/corporatiu\/wp-content\/uploads\/2018\/05\/La-Farga-PLECS-ADMINISTRATIUS-RETIRADA-VEHICLES-PESATS.pdf\" target=\"_blank\" rel=\"noopener noreferrer\">Plec de cl\u00e0usules administratives<\/a><\/li>\n<li><a href=\"https:\/\/www.lafarga.com\/corporatiu\/wp-content\/uploads\/2018\/05\/La-Farga-PLECS-TECNICS-RETIRADA-VEHICLES-PESATS.pdf\" target=\"_blank\" rel=\"noopener noreferrer\">Plec de condicions t\u00e8cniques<\/a><\/li>\n<li><a href=\"https:\/\/www.lafarga.com\/corporatiu\/wp-content\/uploads\/2018\/06\/La-Farga-RESOLUCI%C3%93-GER%C3%88NCIA-DECLARANT-DESERTA-SERVEI-RETIRADA-VEHICLES-PESATS.pdf\" target=\"_blank\" rel=\"noopener noreferrer\">Resoluci\u00f3 ger\u00e8ncia declarant deserta contractaci\u00f3 del servei d\u2019immobilitzaci\u00f3 per mitjans mec\u00e0nics, la seva retirada de la via p\u00fablica i el seu trasllat posterior al dip\u00f2sit municipal, de vehicles pesats i sense rodes que gestiona La Farga, GEM, S.A.<\/a><\/li>\n<\/ul>\n<\/div><\/div>\n\n\n\n<div class=\"wp-block-esab-accordion-child\" style=\"border:1px solid var(--ast-global-color-2)\"><div class=\"esab__head esab__head_reverse\" style=\"padding:10px 10px 10px 20px;background-color:var(--ast-global-color-2)\" role=\"button\" aria-expanded=\"false\"><div class=\"esab__heading_txt\"><h5 class=\"esab__heading_tag\">Contractaci\u00f3 dels serveis professionals externs de producci\u00f3 integral de p\u00e0gines addicionals amb informaci\u00f3 de districtes de la ciutat de L&#8217;Hospitalet dins de la publicaci\u00f3 peri\u00f2dica \u201cDiari de L&#8217;Hospitalet\u201d.<\/h5><\/div><div class=\"esab__icon\"><div class=\"esab__collapse\"><svg version=\"1.2\" viewBox=\"0 0 24 24\" width=\"24\" height=\"24\"><path fill-rule=\"evenodd\" d=\"m3.5 20.5c-4.7-4.7-4.7-12.3 0-17 4.7-4.7 12.3-4.7 17 0 4.6 4.7 4.6 12.3 0 17-4.7 4.6-12.3 4.6-17 0zm0.9-0.9c4.2 4.2 11 4.2 15.2 0 4.2-4.2 4.2-11 0-15.2-4.2-4.3-11-4.3-15.2 0-4.3 4.2-4.3 11 0 15.2z\"><\/path><path d=\"m11.4 15.9v-3.3h-3.3c-0.3 0-0.6-0.3-0.6-0.6 0-0.4 0.3-0.6 0.6-0.6h3.3v-3.3c0-0.3 0.3-0.6 0.6-0.6 0.3 0 0.6 0.3 0.6 0.6v3.3h3.3c0.3 0 0.6 0.2 0.6 0.6q0 0.2-0.2 0.4-0.2 0.2-0.4 0.2h-3.3v3.3q0 0.2-0.2 0.4-0.2 0.2-0.4 0.2c-0.4 0-0.6-0.3-0.6-0.6z\"><\/path><\/svg><\/div><div class=\"esab__expand\"><svg version=\"1.2\" viewBox=\"0 0 24 24\" width=\"24\" height=\"24\"><path fill-rule=\"evenodd\" d=\"m12 24c-6.6 0-12-5.4-12-12 0-6.6 5.4-12 12-12 6.6 0 12 5.4 12 12 0 6.6-5.4 12-12 12zm10.6-12c0-5.9-4.7-10.6-10.6-10.6-5.9 0-10.6 4.7-10.6 10.6 0 5.9 4.7 10.6 10.6 10.6 5.9 0 10.6-4.7 10.6-10.6z\"><\/path><path d=\"m5.6 11.3h12.8v1.4h-12.8z\"><\/path><\/svg><\/div><\/div><\/div><div class=\"esab__body\" style=\"border-top:1px solid var(--ast-global-color-2);padding:20px 20px 20px 20px;background-color:var(--ast-global-color-4)\">\n<p>Objecte: la contractaci\u00f3 dels serveis professionals externs de producci\u00f3 integral de p\u00e0gines addicionals amb informaci\u00f3 de districtes de la ciutat de L\u2019Hospitalet dins de la publicaci\u00f3 peri\u00f2dica \u201cDiari de L\u2019Hospitalet\u201d.<\/p>\n<p>Valor estimat contracte: 63.360,00 \u20ac (SEIXANTA-TRES MIL TRES-CENTS SEIXANTA EUROS) IVA excl\u00f2s.<\/p>\n<p>Durada del contracte: El contracte tindr\u00e0 una durada d\u20191 any.<\/p>\n<p>Procediment de selecci\u00f3: Obert no harmonitzat.<\/p>\n<p>Data l\u00edmit presentaci\u00f3 d\u2019ofertes: 13\/03\/2018, a les 14:00 hores<\/p>\n<p>Obertura p\u00fablica proposicions: 21\/03\/2018, a les 09:00 hores<\/p>\n<p><strong>Informaci\u00f3 i lloc de presentaci\u00f3<\/strong>:<\/p>\n<p>A les oficines de La Farga, GEM,SA, C. Barcelona, 2 de L\u2019Hospitalet de Llobregat, de 08:00 fins a les 19:30 hores ininterrompudament, de dilluns a divendres i a la web\u00a0<a href=\"http:\/\/www.lafarga.com\/\" target=\"_blank\" rel=\"noopener noreferrer\"><strong>www.lafarga.com<\/strong><\/a>. Tel\u00e8fon 93 261 52 00.<\/p>\n<p>El Gerent de La Farga, GEM, S.A.<br \/>Manuel P\u00e9rez Gim\u00e9nez<\/p>\n<p>L\u2019Hospitalet, 23 de febrer de 2018<\/p>\n<ul>\n<li><a href=\"https:\/\/www.lafarga.com\/corporatiu\/wp-content\/uploads\/2018\/02\/La-Farga-PLECS-CONDICIONS-SERVEIS-PROD.INTEG_.P%C3%80GINES-ADDIC.DISTRICTES.pdf\" target=\"_blank\" rel=\"noopener noreferrer\">Plecs condicions administratives contractaci\u00f3 dels serveis professionals externs de producci\u00f3 integral de p\u00e0gines addicionals amb informaci\u00f3 de districtes de la ciutat de L\u2019Hospitalet dins de la publicaci\u00f3 peri\u00f2dica \u201cDiari de L\u2019Hospitalet\u201d.<\/a><\/li>\n<li><a href=\"https:\/\/www.lafarga.com\/corporatiu\/wp-content\/uploads\/2018\/02\/La-Farga-PLECS-T%C3%88CNICS-SERVEIS-PROD.INTEG_.P%C3%80GINES-ADDIC.DISTRICTES.pdf\" target=\"_blank\" rel=\"noopener noreferrer\">Plecs t\u00e8cnics\u00a0contractaci\u00f3 dels serveis professionals externs de producci\u00f3 integral de p\u00e0gines addicionals amb informaci\u00f3 de districtes de la ciutat de L\u2019Hospitalet dins de la publicaci\u00f3 peri\u00f2dica \u201cDiari de L\u2019Hospitalet\u201d.<\/a><\/li>\n<li><a href=\"https:\/\/www.lafarga.com\/corporatiu\/wp-content\/uploads\/2018\/03\/La-Farga-CORRECCI%C3%93-ERROR-MATERIAL-PLEC-PRESCRIPCIONS-T%C3%88CNIQUES.pdf\" target=\"_blank\" rel=\"noopener noreferrer\">Correcci\u00f3 plecs t\u00e8cnics\u00a0contractaci\u00f3 dels serveis professionals externs de producci\u00f3 integral de p\u00e0gines addicionals amb informaci\u00f3 de districtes de la ciutat de L\u2019Hospitalet dins de la publicaci\u00f3 peri\u00f2dica \u201cDiari de L\u2019Hospitalet\u201d.<\/a><\/li>\n<li><a href=\"https:\/\/www.lafarga.com\/corporatiu\/wp-content\/uploads\/2018\/03\/La-Farga-2%C2%AA-CORRECCI%C3%93-ERROR-MATERIAL-PLECS-T%C3%88CNICS.pdf\" target=\"_blank\" rel=\"noopener noreferrer\">2a correcci\u00f3 plecs t\u00e8cnics\u00a0contractaci\u00f3 dels serveis professionals externs de producci\u00f3 integral de p\u00e0gines addicionals amb informaci\u00f3 de districtes de la ciutat de L\u2019Hospitalet dins de la publicaci\u00f3 peri\u00f2dica \u201cDiari de L\u2019Hospitalet\u201d.<\/a><\/li>\n<li><a href=\"https:\/\/www.lafarga.com\/corporatiu\/wp-content\/uploads\/2018\/03\/La-Farga-ACTA-APERTURA-SOBRES-A-CONCURS-DISTRICTES-LH.pdf\" target=\"_blank\" rel=\"noopener noreferrer\">Acta obertura sobre A contractaci\u00f3 dels serveis professionals externs de producci\u00f3 integral de p\u00e0gines addicionals amb informaci\u00f3 de districtes de la ciutat de L\u2019Hospitalet dins de la publicaci\u00f3 peri\u00f2dica \u201cDiari de L\u2019Hospitalet\u201d.<\/a><\/li>\n<li><a href=\"https:\/\/www.lafarga.com\/corporatiu\/wp-content\/uploads\/2018\/04\/La-Farga-ACTA-APERTURA-SOBRES-B-i-C-SECCI%C3%93-DISTRICTES-LH.pdf\" target=\"_blank\" rel=\"noopener noreferrer\">Acta obertura sobres B i C contractaci\u00f3 dels serveis professionals externs de producci\u00f3 integral de p\u00e0gines addicionals amb informaci\u00f3 de districtes de la ciutat de L\u2019Hospitalet dins de la publicaci\u00f3 peri\u00f2dica \u201cDiari de L\u2019Hospitalet\u201d.<\/a><\/li>\n<li><a href=\"https:\/\/www.lafarga.com\/corporatiu\/wp-content\/uploads\/2018\/04\/La-Farga-ACTA-DE-VALORACI%C3%93-PROPOSTA-T%C3%88CNICA-I-ECON%C3%92MICA-CONCURS-DISTRICTES-LH.pdf\" target=\"_blank\" rel=\"noopener noreferrer\">Acta de valoraci\u00f3 proposta t\u00e8cnica i econ\u00f2mica contractaci\u00f3 dels serveis professionals externs de producci\u00f3 integral de p\u00e0gines addicionals amb informaci\u00f3 de districtes de la ciutat de L\u2019Hospitalet dins de la publicaci\u00f3 peri\u00f2dica \u201cDiari de L\u2019Hospitalet\u201d.<\/a><\/li>\n<li><a href=\"https:\/\/www.lafarga.com\/corporatiu\/wp-content\/uploads\/2018\/04\/La-Farga-RESOL.GERENCIA-DECLARAR-CLASSIFICADA-OFERTA-DISTRICTES-LH.pdf\" target=\"_blank\" rel=\"noopener noreferrer\">Resoluci\u00f3 ger\u00e8ncia declarant classificada oferta contractaci\u00f3 dels serveis professionals externs de producci\u00f3 integral de p\u00e0gines addicionals amb informaci\u00f3 de districtes de la ciutat de L\u2019Hospitalet dins de la publicaci\u00f3 peri\u00f2dica \u201cDiari de L\u2019Hospitalet\u201d.<\/a><\/li>\n<li><a href=\"https:\/\/www.lafarga.com\/corporatiu\/wp-content\/uploads\/2018\/04\/La-Farga-RESOL.GER%C3%88NCIA-ADJUDIC.DEFINITIVA-DISTRICTES-LH.pdf\" target=\"_blank\" rel=\"noopener noreferrer\">Resoluci\u00f3 ger\u00e8ncia adjudicaci\u00f3 definitiva\u00a0oferta contractaci\u00f3 dels serveis professionals externs de producci\u00f3 integral de p\u00e0gines addicionals amb informaci\u00f3 de districtes de la ciutat de L\u2019Hospitalet dins de la publicaci\u00f3 peri\u00f2dica \u201cDiari de L\u2019Hospitalet\u201d.<\/a><\/li>\n<\/ul>\n<\/div><\/div>\n\n\n\n<div class=\"wp-block-esab-accordion-child\" style=\"border:1px solid var(--ast-global-color-2)\"><div class=\"esab__head esab__head_reverse\" style=\"padding:10px 10px 10px 20px;background-color:var(--ast-global-color-2)\" role=\"button\" aria-expanded=\"false\"><div class=\"esab__heading_txt\"><h5 class=\"esab__heading_tag\">Contractaci\u00f3 del servei de neteja de la societat municipal La Farga, GEM, S.A.<\/h5><\/div><div class=\"esab__icon\"><div class=\"esab__collapse\"><svg version=\"1.2\" viewBox=\"0 0 24 24\" width=\"24\" height=\"24\"><path fill-rule=\"evenodd\" d=\"m3.5 20.5c-4.7-4.7-4.7-12.3 0-17 4.7-4.7 12.3-4.7 17 0 4.6 4.7 4.6 12.3 0 17-4.7 4.6-12.3 4.6-17 0zm0.9-0.9c4.2 4.2 11 4.2 15.2 0 4.2-4.2 4.2-11 0-15.2-4.2-4.3-11-4.3-15.2 0-4.3 4.2-4.3 11 0 15.2z\"><\/path><path d=\"m11.4 15.9v-3.3h-3.3c-0.3 0-0.6-0.3-0.6-0.6 0-0.4 0.3-0.6 0.6-0.6h3.3v-3.3c0-0.3 0.3-0.6 0.6-0.6 0.3 0 0.6 0.3 0.6 0.6v3.3h3.3c0.3 0 0.6 0.2 0.6 0.6q0 0.2-0.2 0.4-0.2 0.2-0.4 0.2h-3.3v3.3q0 0.2-0.2 0.4-0.2 0.2-0.4 0.2c-0.4 0-0.6-0.3-0.6-0.6z\"><\/path><\/svg><\/div><div class=\"esab__expand\"><svg version=\"1.2\" viewBox=\"0 0 24 24\" width=\"24\" height=\"24\"><path fill-rule=\"evenodd\" d=\"m12 24c-6.6 0-12-5.4-12-12 0-6.6 5.4-12 12-12 6.6 0 12 5.4 12 12 0 6.6-5.4 12-12 12zm10.6-12c0-5.9-4.7-10.6-10.6-10.6-5.9 0-10.6 4.7-10.6 10.6 0 5.9 4.7 10.6 10.6 10.6 5.9 0 10.6-4.7 10.6-10.6z\"><\/path><path d=\"m5.6 11.3h12.8v1.4h-12.8z\"><\/path><\/svg><\/div><\/div><\/div><div class=\"esab__body\" style=\"border-top:1px solid var(--ast-global-color-2);padding:20px 20px 20px 20px;background-color:var(--ast-global-color-4)\">\n<p>Objecte: la contractaci\u00f3 del servei de neteja de la societat municipal La Farga, GEM, S.A.<\/p>\n<p>Valor estimat contracte: 172.900,00 \u20ac (CENT SETANTA-DOS MIL NOU-CENTS EUROS) IVA excl\u00f2s.<\/p>\n<p>Durada del contracte: El contracte tindr\u00e0 una durada de 2 anys.<\/p>\n<p>Procediment de selecci\u00f3: Obert no harmonitzat.<\/p>\n<p>Data l\u00edmit presentaci\u00f3 d\u2019ofertes: 04\/01\/2018, a les 14:00 hores<\/p>\n<p>Obertura p\u00fablica proposicions: 15\/01\/2018, a les 09:30 hores<\/p>\n<p><strong>Informaci\u00f3 i lloc de presentaci\u00f3<\/strong>:<\/p>\n<p>A les oficines de La Farga, GEM, S.A. C\/ Barcelona, 2 de L\u2019Hospitalet de Llobregat, de 08:00 a 19:30 hores, de dilluns a divendres i a la web\u00a0<strong><a href=\"http:\/\/www.lafarga.com\/\" target=\"_blank\" rel=\"noopener noreferrer\">www.lafarga.com<\/a><\/strong>. Tel\u00e8fon 93 261 52 00.<\/p>\n<p>El Gerent de La Farga, GEM, S.A.<br \/>Manuel P\u00e9rez Gim\u00e9nez<\/p>\n<p>L\u2019Hospitalet, 5 de desembre de 2017.<\/p>\n<ul>\n<li><a href=\"https:\/\/www.lafarga.com\/corporatiu\/wp-content\/uploads\/2017\/12\/La-Farga-PLECS-ADMINISTRATIUS-CONCURS-NETEJA.pdf\" target=\"_blank\" rel=\"noopener noreferrer\">Plecs administratius contractaci\u00f3 del servei de neteja de la societat municipal La Farga, GEM, S.A.<\/a><\/li>\n<li><a href=\"https:\/\/www.lafarga.com\/corporatiu\/wp-content\/uploads\/2017\/12\/La-Farga-PLECS-T%C3%88CNICS-CONCURS-NETEJA.pdf\" target=\"_blank\" rel=\"noopener noreferrer\">Plecs t\u00e8cnics contractaci\u00f3 del servei de neteja de la societat municipal La Farga, GEM, S.A.<\/a><\/li>\n<li><a href=\"https:\/\/www.lafarga.com\/corporatiu\/wp-content\/uploads\/2017\/12\/La-Farga-ANNEXOS-PLECS-T%C3%88CNICS-CONCURS-NETEJA.pdf\" target=\"_blank\" rel=\"noopener noreferrer\">Annex plecs t\u00e8cnics contractaci\u00f3 del servei de neteja de la societat municipal La Farga, GEM, S.A.<\/a><\/li>\n<li><a href=\"https:\/\/www.lafarga.com\/corporatiu\/wp-content\/uploads\/2018\/01\/La-Farga-1%C2%AA-ACTA-APERTURA-SOBRES-A-CONCURS-NETEJA.pdf\" target=\"_blank\" rel=\"noopener noreferrer\">Acta obertura sobre A\u00a0contractaci\u00f3 del servei de neteja de la societat municipal La Farga, GEM, S.A.<\/a><\/li>\n<li><a href=\"https:\/\/www.lafarga.com\/corporatiu\/wp-content\/uploads\/2018\/01\/La-Farga-2%C2%AA-ACTA-APERTURA-SOBRES-B-i-C-NETEJA-LA-FARGA.pdf\" target=\"_blank\" rel=\"noopener noreferrer\">Acta obertura sobres B i C contractaci\u00f3 del servei de neteja de la societat municipal La Farga, GEM, S.A.<\/a><\/li>\n<li><a href=\"https:\/\/www.lafarga.com\/corporatiu\/wp-content\/uploads\/2018\/01\/La-Farga-ACTA-DE-VALORACI%C3%93-CONCURS-SERVEI-DE-NETEJA-LA-FARGA.pdf\" target=\"_blank\" rel=\"noopener noreferrer\">Acta de valoraci\u00f3\u00a0contractaci\u00f3 del servei de neteja de la societat municipal La Farga, GEM, S.A.<\/a><\/li>\n<li><a href=\"https:\/\/www.lafarga.com\/corporatiu\/wp-content\/uploads\/2018\/01\/La-Farga-RESOLUCI%C3%93-DECLAR.-CLASSIFICADES-OFERTES-CONCURS-SERVEI-DE-NETEJA-LA-FARGA.pdf\" target=\"_blank\" rel=\"noopener noreferrer\">Resoluci\u00f3 ger\u00e8ncia declarant classificades ofertes contractaci\u00f3 del servei de neteja de la societat municipal La Farga, GEM, S.A.<\/a><\/li>\n<li><a href=\"https:\/\/www.lafarga.com\/corporatiu\/wp-content\/uploads\/2018\/03\/La-Farga-RESOLUCI%C3%93-ADJUD.DEFINITIVA-CONTRACTE-SERVEI-NETEJA.pdf\" target=\"_blank\" rel=\"noopener noreferrer\">Resoluci\u00f3 adjudicaci\u00f3 definitiva ofertes contractaci\u00f3 del servei de neteja de la societat municipal La Farga, GEM, S.A.<\/a><\/li>\n<\/ul>\n<\/div><\/div>\n\n\n\n<div class=\"wp-block-esab-accordion-child\" style=\"border:1px solid var(--ast-global-color-2)\"><div class=\"esab__head esab__head_reverse\" style=\"padding:10px 10px 10px 20px;background-color:var(--ast-global-color-2)\" role=\"button\" aria-expanded=\"false\"><div class=\"esab__heading_txt\"><h5 class=\"esab__heading_tag\">Contractaci\u00f3 del servei de suport t\u00e8cnic inform\u00e0tic i electr\u00f2nic per a La Farga, GEM, S.A.<\/h5><\/div><div class=\"esab__icon\"><div class=\"esab__collapse\"><svg version=\"1.2\" viewBox=\"0 0 24 24\" width=\"24\" height=\"24\"><path fill-rule=\"evenodd\" d=\"m3.5 20.5c-4.7-4.7-4.7-12.3 0-17 4.7-4.7 12.3-4.7 17 0 4.6 4.7 4.6 12.3 0 17-4.7 4.6-12.3 4.6-17 0zm0.9-0.9c4.2 4.2 11 4.2 15.2 0 4.2-4.2 4.2-11 0-15.2-4.2-4.3-11-4.3-15.2 0-4.3 4.2-4.3 11 0 15.2z\"><\/path><path d=\"m11.4 15.9v-3.3h-3.3c-0.3 0-0.6-0.3-0.6-0.6 0-0.4 0.3-0.6 0.6-0.6h3.3v-3.3c0-0.3 0.3-0.6 0.6-0.6 0.3 0 0.6 0.3 0.6 0.6v3.3h3.3c0.3 0 0.6 0.2 0.6 0.6q0 0.2-0.2 0.4-0.2 0.2-0.4 0.2h-3.3v3.3q0 0.2-0.2 0.4-0.2 0.2-0.4 0.2c-0.4 0-0.6-0.3-0.6-0.6z\"><\/path><\/svg><\/div><div class=\"esab__expand\"><svg version=\"1.2\" viewBox=\"0 0 24 24\" width=\"24\" height=\"24\"><path fill-rule=\"evenodd\" d=\"m12 24c-6.6 0-12-5.4-12-12 0-6.6 5.4-12 12-12 6.6 0 12 5.4 12 12 0 6.6-5.4 12-12 12zm10.6-12c0-5.9-4.7-10.6-10.6-10.6-5.9 0-10.6 4.7-10.6 10.6 0 5.9 4.7 10.6 10.6 10.6 5.9 0 10.6-4.7 10.6-10.6z\"><\/path><path d=\"m5.6 11.3h12.8v1.4h-12.8z\"><\/path><\/svg><\/div><\/div><\/div><div class=\"esab__body\" style=\"border-top:1px solid var(--ast-global-color-2);padding:20px 20px 20px 20px;background-color:var(--ast-global-color-4)\">\n<p>Objecte: La contractaci\u00f3 del servei de suport t\u00e8cnic inform\u00e0tic i electr\u00f2nic per a La Farga, GEM, S.A.<\/p>\n<p>Valor estimat contracte: 108.000,00 \u20ac (CENT VUIT MIL EUROS) IVA excl\u00f2s.<\/p>\n<p>Durada del contracte: El contracte tindr\u00e0 una durada de 2 anys + 1 possible prorroga d\u20191 any m\u00e9s.<\/p>\n<p>Procediment de selecci\u00f3: Obert no harmonitzat.<\/p>\n<p>Data l\u00edmit presentaci\u00f3 d\u2019ofertes: 16\/01\/2018, a les 14:00 hores<\/p>\n<p>Obertura p\u00fablica proposicions: 24\/01\/2018, a les 09:00 hores<\/p>\n<p><strong>Informaci\u00f3 i lloc de presentaci\u00f3<\/strong>:<\/p>\n<p>A les oficines de La Farga, GEM, S.A, C. Barcelona, 2 de L\u2019Hospitalet de Llobregat, de 08:00 a 19:30 hores, de dilluns a divendres i a la web\u00a0<a href=\"http:\/\/www.lafarga.com\/\" target=\"_blank\" rel=\"noopener noreferrer\"><strong>www.lafarga.com<\/strong><\/a>. Tel\u00e8fon 93 261 52 00.<\/p>\n<p>El Gerent de La Farga, GEM,S.A.<br \/>Manuel P\u00e9rez Gim\u00e9nez<\/p>\n<p>L\u2019Hospitalet, 29 de desembre de 2017.<\/p>\n<ul>\n<li><a href=\"https:\/\/www.lafarga.com\/corporatiu\/wp-content\/uploads\/2017\/12\/La-Farga-PLECS-ADMINISTRATIUS-SUPORT-T%C3%88CNIC-I-INFORMATIC.pdf\" target=\"_blank\" rel=\"noopener noreferrer\">Plecs administratius contractaci\u00f3 del servei de suport t\u00e8cnic inform\u00e0tic i electr\u00f2nic<\/a><\/li>\n<li><a href=\"https:\/\/www.lafarga.com\/corporatiu\/wp-content\/uploads\/2017\/12\/La-Farga-PLECS-T%C3%88CNICS-SUPORT-T%C3%88CNIC-I-INFORM%C3%80TIC.pdf\" target=\"_blank\" rel=\"noopener noreferrer\">Plecs t\u00e8cnics contractaci\u00f3 del servei de suport t\u00e8cnic inform\u00e0tic i electr\u00f2nic<\/a><\/li>\n<li><a href=\"https:\/\/www.lafarga.com\/corporatiu\/wp-content\/uploads\/2018\/01\/La-Farga-ACTA-APERTURA-SOBRES-A-CONCURS-SUPORT-INFORM%C3%80TIC.pdf\" target=\"_blank\" rel=\"noopener noreferrer\">Acta obertura sobre A\u00a0contractaci\u00f3 del servei de suport t\u00e8cnic inform\u00e0tic i electr\u00f2nic<\/a><\/li>\n<li><a href=\"https:\/\/www.lafarga.com\/corporatiu\/wp-content\/uploads\/2018\/01\/La-Farga-2%C2%AA-ACTA-APERTURA-SOBRES-B-i-C-CONCURS-SUPORT-INFORM%C3%80TIC.pdf\" target=\"_blank\" rel=\"noopener noreferrer\">Acta obertura sobre B i C contractaci\u00f3 del servei de suport t\u00e8cnic inform\u00e0tic i electr\u00f2nic<\/a><\/li>\n<li><a href=\"https:\/\/www.lafarga.com\/corporatiu\/wp-content\/uploads\/2018\/02\/La-Farga-ACTA-ADJUDICACI%C3%93-CONCURS-SUPORT-T%C3%88CNIC-INFORM%C3%80TIC-I-ELECTR%C3%92NIC.pdf\" target=\"_blank\" rel=\"noopener noreferrer\">Acta adjudicaci\u00f3 contractaci\u00f3 del servei de suport t\u00e8cnic inform\u00e0tic i electr\u00f2nic<\/a><\/li>\n<li><a href=\"https:\/\/www.lafarga.com\/corporatiu\/wp-content\/uploads\/2018\/02\/La-Farga-RESOLUCI%C3%93-GER%C3%88NCIA-DECLARANT-CLASSIFICADES-OFERTES-SUPORT-INFORM%C3%80TIC.pdf\" target=\"_blank\" rel=\"noopener noreferrer\">Resoluci\u00f3 ger\u00e8ncia declarant classificades ofertes\u00a0contractaci\u00f3 del servei de suport t\u00e8cnic inform\u00e0tic i electr\u00f2nic<\/a><\/li>\n<li><a href=\"https:\/\/www.lafarga.com\/corporatiu\/wp-content\/uploads\/2018\/03\/La-Farga-RESOLUCI%C3%93-ADJUDICACI%C3%93-DEFINITIVA-SUPORT-INFORM%C3%80TIC.pdf\" target=\"_blank\" rel=\"noopener noreferrer\">Resoluci\u00f3 adjudicaci\u00f3 definitiva contractaci\u00f3 del servei de suport t\u00e8cnic inform\u00e0tic i electr\u00f2nic<\/a><\/li>\n<\/ul>\n<\/div><\/div>\n\n\n\n<div class=\"wp-block-esab-accordion-child\" style=\"border:1px solid var(--ast-global-color-2)\"><div class=\"esab__head esab__head_reverse\" style=\"padding:10px 10px 10px 20px;background-color:var(--ast-global-color-2)\" role=\"button\" aria-expanded=\"false\"><div class=\"esab__heading_txt\"><h5 class=\"esab__heading_tag\">Contractaci\u00f3 del servei d\u2019auxiliar de control als aparcaments de rotaci\u00f3 hor\u00e0ria de Collblanc i Vidrieries<\/h5><\/div><div class=\"esab__icon\"><div class=\"esab__collapse\"><svg version=\"1.2\" viewBox=\"0 0 24 24\" width=\"24\" height=\"24\"><path fill-rule=\"evenodd\" d=\"m3.5 20.5c-4.7-4.7-4.7-12.3 0-17 4.7-4.7 12.3-4.7 17 0 4.6 4.7 4.6 12.3 0 17-4.7 4.6-12.3 4.6-17 0zm0.9-0.9c4.2 4.2 11 4.2 15.2 0 4.2-4.2 4.2-11 0-15.2-4.2-4.3-11-4.3-15.2 0-4.3 4.2-4.3 11 0 15.2z\"><\/path><path d=\"m11.4 15.9v-3.3h-3.3c-0.3 0-0.6-0.3-0.6-0.6 0-0.4 0.3-0.6 0.6-0.6h3.3v-3.3c0-0.3 0.3-0.6 0.6-0.6 0.3 0 0.6 0.3 0.6 0.6v3.3h3.3c0.3 0 0.6 0.2 0.6 0.6q0 0.2-0.2 0.4-0.2 0.2-0.4 0.2h-3.3v3.3q0 0.2-0.2 0.4-0.2 0.2-0.4 0.2c-0.4 0-0.6-0.3-0.6-0.6z\"><\/path><\/svg><\/div><div class=\"esab__expand\"><svg version=\"1.2\" viewBox=\"0 0 24 24\" width=\"24\" height=\"24\"><path fill-rule=\"evenodd\" d=\"m12 24c-6.6 0-12-5.4-12-12 0-6.6 5.4-12 12-12 6.6 0 12 5.4 12 12 0 6.6-5.4 12-12 12zm10.6-12c0-5.9-4.7-10.6-10.6-10.6-5.9 0-10.6 4.7-10.6 10.6 0 5.9 4.7 10.6 10.6 10.6 5.9 0 10.6-4.7 10.6-10.6z\"><\/path><path d=\"m5.6 11.3h12.8v1.4h-12.8z\"><\/path><\/svg><\/div><\/div><\/div><div class=\"esab__body\" style=\"border-top:1px solid var(--ast-global-color-2);padding:20px 20px 20px 20px;background-color:var(--ast-global-color-4)\">\n<p>Objecte: La contractaci\u00f3 del servei d\u2019auxiliar de control als aparcaments de rotaci\u00f3 hor\u00e0ria de Collblanc i Vidrieries gestionats per aquesta societat municipal.<\/p>\n<p>Valor estimat contracte: 169.992,00 \u20ac (CENT SEIXANTA-NOU MIL NOU-CENTS NORANTA-DOS EUROS) IVA excl\u00f2s.<\/p>\n<p>Durada del contracte: El contracte tindr\u00e0 una durada d\u20191 any + 1 possible prorroga d\u20191 any m\u00e9s.<\/p>\n<p>Procediment de selecci\u00f3: Obert no harmonitzat.<\/p>\n<p>Data l\u00edmit presentaci\u00f3 d\u2019ofertes: 04\/01\/2018, a les 14:00 hores<\/p>\n<p>Obertura p\u00fablica proposicions: 15\/01\/2018, a les 09:00 hores<\/p>\n<p><strong>Informaci\u00f3 i lloc de presentaci\u00f3<\/strong>:<\/p>\n<p>A les oficines de La Farga, GEM, S.A. C\/ Barcelona, 2 de L\u2019Hospitalet de Llobregat, de 08:00 a 19:30 hores, de dilluns a divendres i a la web\u00a0<strong><a href=\"http:\/\/www.lafarga.com\/\" target=\"_blank\" rel=\"noopener noreferrer\">www.lafarga.com<\/a><\/strong>. Tel\u00e8fon 93 261 52 00.<\/p>\n<p>El Gerent de La Farga, GEM, S.A.<br \/>Manuel P\u00e9rez Gim\u00e9nez<\/p>\n<p>L\u2019Hospitalet, 5 de desembre de 2017.<\/p>\n<ul>\n<li><a href=\"https:\/\/www.lafarga.com\/corporatiu\/wp-content\/uploads\/2017\/12\/La-Farga-PLECS-ADMINISTRATIUS-AUXIL.COLLBLANC-I-VIDRIERIES.pdf\" target=\"_blank\" rel=\"noopener noreferrer\">Plecs administratius contractaci\u00f3 del servei d\u2019auxiliar de control als aparcaments de rotaci\u00f3 hor\u00e0ria de Collblanc i Vidrieries<\/a><\/li>\n<li><a href=\"https:\/\/www.lafarga.com\/corporatiu\/wp-content\/uploads\/2017\/12\/La-Farga-PLECS-T%C3%88CNICS-AUXIL.-COLLBLANC-I-VIDRIERIES.pdf\" target=\"_blank\" rel=\"noopener noreferrer\">Plecs t\u00e8cnics contractaci\u00f3 del servei d\u2019auxiliar de control als aparcaments de rotaci\u00f3 hor\u00e0ria de Collblanc i Vidrieries<\/a><\/li>\n<li><a href=\"https:\/\/www.lafarga.com\/corporatiu\/wp-content\/uploads\/2018\/01\/La-Farga-ACTA-APERTURA-SOBRES-A-Auxiliars-aparcaments-COLLBLANC-VIDRIERIES.pdf\" target=\"_blank\" rel=\"noopener noreferrer\">Acta obertura sobre A\u00a0contractaci\u00f3 del servei d\u2019auxiliar de control als aparcaments de rotaci\u00f3 hor\u00e0ria de Collblanc i Vidrieries<\/a><\/li>\n<li><a href=\"https:\/\/www.lafarga.com\/corporatiu\/wp-content\/uploads\/2018\/01\/La-Farga-2%C2%AA-ACTA-APERTURA-SOBRES-B-i-C-CONCURS-AUX.-APARCAMENTS-COLLBLANC-VIDRIERIES.pdf\" target=\"_blank\" rel=\"noopener noreferrer\">Acta obertura sobres B i C contractaci\u00f3 del servei d\u2019auxiliar de control als aparcaments de rotaci\u00f3 hor\u00e0ria de Collblanc i Vidrieries<\/a><\/li>\n<li><a href=\"https:\/\/www.lafarga.com\/corporatiu\/wp-content\/uploads\/2018\/01\/La-Farga-ACTA-ADJUDICACI%C3%93-CONTRACTE-AUX.CONTROL-COLLBLANC-VIDRIERIES.pdf\" target=\"_blank\" rel=\"noopener noreferrer\">Acta adjudicaci\u00f3 contractaci\u00f3 del servei d\u2019auxiliar de control als aparcaments de rotaci\u00f3 hor\u00e0ria de Collblanc i Vidrieries<\/a><\/li>\n<li><a href=\"https:\/\/www.lafarga.com\/corporatiu\/wp-content\/uploads\/2018\/01\/La-Farga-RESOLUCI%C3%93-GER%C3%88NCIA-DECLAR.CLASSIF.-AUX.CONTROL-COLL.VIDRIERIES.pdf\" target=\"_blank\" rel=\"noopener noreferrer\">Acta resoluci\u00f3 ger\u00e8ncia declarant classificades\u00a0contractaci\u00f3 del servei d\u2019auxiliar de control als aparcaments de rotaci\u00f3 hor\u00e0ria de Collblanc i Vidrieries<\/a><\/li>\n<li><a href=\"https:\/\/www.lafarga.com\/corporatiu\/wp-content\/uploads\/2018\/02\/La-Farga-RESOLUCI%C3%93-ADJUDIC.DEFINITIVA-AUX.COLLBLANC-VIDRIERIES.pdf\" target=\"_blank\" rel=\"noopener noreferrer\">Resoluci\u00f3 adjudicaci\u00f3 definitiva\u00a0contractaci\u00f3 del servei d\u2019auxiliar de control als aparcaments de rotaci\u00f3 hor\u00e0ria de Collblanc i Vidrieries<\/a><\/li>\n<\/ul>\n<\/div><\/div>\n<\/div><\/div>\n<\/div>\n\n\n\n<div class=\"wp-block-uagb-tabs-child uagb-tabs__body-container uagb-inner-tab-1\" aria-labelledby=\"uagb-tabs__tab1\">\n<div class=\"wp-block-esab-accordion accordion-ca231cef\" data-mode=\"global\"><div class=\"esab__container\" style=\"row-gap:10px;margin:0px 0px 0px 0px\">\n<div class=\"wp-block-esab-accordion-child\" style=\"border:1px solid var(--ast-global-color-2)\"><div class=\"esab__head esab__head_reverse\" style=\"padding:10px 10px 10px 20px;background-color:var(--ast-global-color-2)\" role=\"button\" aria-expanded=\"false\"><div class=\"esab__heading_txt\"><h5 class=\"esab__heading_tag\">Contractaci\u00f3 del subministrament d\u2019un vehicle el\u00e8ctric semi-nou tipus furgoneta i el seu punt de recarrega, instal\u00b7laci\u00f3 i posada en marxa, destinat al departament del Servei de Mobilitat<\/h5><\/div><div class=\"esab__icon\"><div class=\"esab__collapse\"><svg version=\"1.2\" viewBox=\"0 0 24 24\" width=\"24\" height=\"24\"><path fill-rule=\"evenodd\" d=\"m3.5 20.5c-4.7-4.7-4.7-12.3 0-17 4.7-4.7 12.3-4.7 17 0 4.6 4.7 4.6 12.3 0 17-4.7 4.6-12.3 4.6-17 0zm0.9-0.9c4.2 4.2 11 4.2 15.2 0 4.2-4.2 4.2-11 0-15.2-4.2-4.3-11-4.3-15.2 0-4.3 4.2-4.3 11 0 15.2z\"><\/path><path d=\"m11.4 15.9v-3.3h-3.3c-0.3 0-0.6-0.3-0.6-0.6 0-0.4 0.3-0.6 0.6-0.6h3.3v-3.3c0-0.3 0.3-0.6 0.6-0.6 0.3 0 0.6 0.3 0.6 0.6v3.3h3.3c0.3 0 0.6 0.2 0.6 0.6q0 0.2-0.2 0.4-0.2 0.2-0.4 0.2h-3.3v3.3q0 0.2-0.2 0.4-0.2 0.2-0.4 0.2c-0.4 0-0.6-0.3-0.6-0.6z\"><\/path><\/svg><\/div><div class=\"esab__expand\"><svg version=\"1.2\" viewBox=\"0 0 24 24\" width=\"24\" height=\"24\"><path fill-rule=\"evenodd\" d=\"m12 24c-6.6 0-12-5.4-12-12 0-6.6 5.4-12 12-12 6.6 0 12 5.4 12 12 0 6.6-5.4 12-12 12zm10.6-12c0-5.9-4.7-10.6-10.6-10.6-5.9 0-10.6 4.7-10.6 10.6 0 5.9 4.7 10.6 10.6 10.6 5.9 0 10.6-4.7 10.6-10.6z\"><\/path><path d=\"m5.6 11.3h12.8v1.4h-12.8z\"><\/path><\/svg><\/div><\/div><\/div><div class=\"esab__body\" style=\"border-top:1px solid var(--ast-global-color-2);padding:20px 20px 20px 20px;background-color:var(--ast-global-color-4)\">\n<p>Objecte: La contractaci\u00f3 del subministrament d\u2019un vehicle el\u00e8ctric semi-nou tipus furgoneta i el seu punt de recarrega, instal\u00b7laci\u00f3 i posada en marxa, destinat al departament del servei de mobilitat de La Farga, GEM, S.A.<\/p>\n<p>Valor estimat contracte: 23.000,00 \u20ac (VINT-I-TRES MIL EUROS) IVA excl\u00f2s.<\/p>\n<p>Durada del contracte: El contracte tindr\u00e0 una durada m\u00e0xima de 60 dies des de la formalitzaci\u00f3 del contracte.<\/p>\n<p>Procediment de selecci\u00f3: Obert no harmonitzat.<\/p>\n<p>Data l\u00edmit presentaci\u00f3 d\u2019ofertes: 11\/12\/2017, a les 14:00 hores.<\/p>\n<p>Obertura p\u00fablica proposicions: 18\/12\/2017, a les 09:00 hores.<\/p>\n<p><strong>Informaci\u00f3 i lloc de presentaci\u00f3<\/strong>:<\/p>\n<p>A les oficines de La Farga, GEM, S.A. C. Barcelona, 2 de L\u2019Hospitalet de Llobregat, de 08:00 a 19:30 hores, de dilluns a divendres i a la web <strong><a href=\"http:\/\/www.lafarga.com\" target=\"_blank\" rel=\"noopener noreferrer\">www.lafarga.com<\/a><\/strong>. Tel\u00e8fon 93 261 52 00.<\/p>\n<p>El Gerent de La Farga, GEM, S.A.<br \/>Manuel P\u00e9rez Gim\u00e9nez<\/p>\n<p>L\u2019Hospitalet, 1 de desembre de 2017.<\/p>\n<ul>\n<li><a href=\"https:\/\/www.lafarga.com\/corporatiu\/wp-content\/uploads\/2017\/12\/La-Farga-PLECS-ADMINISTRATIUS-SUBMINIST.VEHICLE-EL\u00c8CTRIS-SEMI-NOU.pdf\" target=\"_blank\" rel=\"noopener noreferrer\">Plecs administratius contractaci\u00f3 del subministrament d\u2019un vehicle el\u00e8ctric semi-nou tipus furgoneta i el seu punt de recarrega, instal\u00b7laci\u00f3 i posada en marxa.<\/a><\/li>\n<li><a href=\"https:\/\/www.lafarga.com\/corporatiu\/wp-content\/uploads\/2017\/12\/La-Farga-PLECS-T\u00c8CNICS-SUBMINISTRAMENT-VEHICLE-EL\u00c8CTRIC-SEMI-NOU.pdf\" target=\"_blank\" rel=\"noopener noreferrer\">Plecs t\u00e8cnics contractaci\u00f3 del subministrament d\u2019un vehicle el\u00e8ctric semi-nou tipus furgoneta i el seu punt de recarrega, instal\u00b7laci\u00f3 i posada en marxa.<br \/><\/a><\/li>\n<li><a href=\"https:\/\/www.lafarga.com\/corporatiu\/wp-content\/uploads\/2017\/12\/La-Farga-ACTA-APERTURA-SOBRES-A-SUBMINST.VEHICLE-ELECTRIC-SEMI-NOU.pdf\" target=\"_blank\" rel=\"noopener noreferrer\">Acta obertura sobre A\u00a0contractaci\u00f3 del subministrament d\u2019un vehicle el\u00e8ctric semi-nou tipus furgoneta i el seu punt de recarrega, instal\u00b7laci\u00f3 i posada en marxa.<\/a><\/li>\n<li><a href=\"https:\/\/www.lafarga.com\/corporatiu\/wp-content\/uploads\/2017\/12\/La-Farga-ACTA-APERTURA-SOBRE-B-SUBMINISTRAMENT-VEHICLE-EL\u00c8CTRIC.pdf\" target=\"_blank\" rel=\"noopener noreferrer\">Acta obertura sobre B contractaci\u00f3 del subministrament d\u2019un vehicle el\u00e8ctric semi-nou tipus furgoneta i el seu punt de recarrega, instal\u00b7laci\u00f3 i posada en marxa.<\/a><\/li>\n<li><a href=\"https:\/\/www.lafarga.com\/corporatiu\/wp-content\/uploads\/2017\/12\/La-Farga-ACTA-VALORACI\u00d3-ADJUDICACI\u00d3-SUBMINISTRAMENT-VEHICLE-ELECTRIC.pdf\" target=\"_blank\" rel=\"noopener noreferrer\">Acta valoraci\u00f3 adjudicaci\u00f3 contractaci\u00f3 del subministrament d\u2019un vehicle el\u00e8ctric semi-nou tipus furgoneta i el seu punt de recarrega, instal\u00b7laci\u00f3 i posada en marxa.<\/a><\/li>\n<li><a href=\"https:\/\/www.lafarga.com\/corporatiu\/wp-content\/uploads\/2017\/12\/La-Farga-RESOLUCI\u00d3-ADJUDICACI\u00d3-DEFINITIVA-SUBMINISTRAMENT-VEHICLE-EL\u00c8CTRIC.pdf\" target=\"_blank\" rel=\"noopener noreferrer\">Acta resoluci\u00f3 adjudicaci\u00f3 definitiva contractaci\u00f3 del subministrament d\u2019un vehicle el\u00e8ctric semi-nou tipus furgoneta i el seu punt de recarrega, instal\u00b7laci\u00f3 i posada en marxa.<\/a><\/li>\n<\/ul>\n<\/div><\/div>\n\n\n\n<div class=\"wp-block-esab-accordion-child\" style=\"border:1px solid var(--ast-global-color-2)\"><div class=\"esab__head esab__head_reverse\" style=\"padding:10px 10px 10px 20px;background-color:var(--ast-global-color-2)\" role=\"button\" aria-expanded=\"false\"><div class=\"esab__heading_txt\"><h5 class=\"esab__heading_tag\">Contractaci\u00f3 del subministrament d\u2019un vehicle el\u00e8ctric tipus furgoneta i el seu punt de rec\u00e0rrega, la seva instal\u00b7laci\u00f3 i legalitzaci\u00f3, destinat al servei de l\u2019\u00e0rea de mobilitat de la societat municipal<\/h5><\/div><div class=\"esab__icon\"><div class=\"esab__collapse\"><svg version=\"1.2\" viewBox=\"0 0 24 24\" width=\"24\" height=\"24\"><path fill-rule=\"evenodd\" d=\"m3.5 20.5c-4.7-4.7-4.7-12.3 0-17 4.7-4.7 12.3-4.7 17 0 4.6 4.7 4.6 12.3 0 17-4.7 4.6-12.3 4.6-17 0zm0.9-0.9c4.2 4.2 11 4.2 15.2 0 4.2-4.2 4.2-11 0-15.2-4.2-4.3-11-4.3-15.2 0-4.3 4.2-4.3 11 0 15.2z\"><\/path><path d=\"m11.4 15.9v-3.3h-3.3c-0.3 0-0.6-0.3-0.6-0.6 0-0.4 0.3-0.6 0.6-0.6h3.3v-3.3c0-0.3 0.3-0.6 0.6-0.6 0.3 0 0.6 0.3 0.6 0.6v3.3h3.3c0.3 0 0.6 0.2 0.6 0.6q0 0.2-0.2 0.4-0.2 0.2-0.4 0.2h-3.3v3.3q0 0.2-0.2 0.4-0.2 0.2-0.4 0.2c-0.4 0-0.6-0.3-0.6-0.6z\"><\/path><\/svg><\/div><div class=\"esab__expand\"><svg version=\"1.2\" viewBox=\"0 0 24 24\" width=\"24\" height=\"24\"><path fill-rule=\"evenodd\" d=\"m12 24c-6.6 0-12-5.4-12-12 0-6.6 5.4-12 12-12 6.6 0 12 5.4 12 12 0 6.6-5.4 12-12 12zm10.6-12c0-5.9-4.7-10.6-10.6-10.6-5.9 0-10.6 4.7-10.6 10.6 0 5.9 4.7 10.6 10.6 10.6 5.9 0 10.6-4.7 10.6-10.6z\"><\/path><path d=\"m5.6 11.3h12.8v1.4h-12.8z\"><\/path><\/svg><\/div><\/div><\/div><div class=\"esab__body\" style=\"border-top:1px solid var(--ast-global-color-2);padding:20px 20px 20px 20px;background-color:var(--ast-global-color-4)\">\n<p>Objecte: Contractaci\u00f3 del subministrament d&#8217;un vehicle el\u00e8ctric tipus furgoneta i el seu punt de rec\u00e0rrega, la seva instal\u00b7laci\u00f3 i legalitzaci\u00f3, destinat al servei de l&#8217;\u00e0rea de mobilitat de la societat municipal.<\/p>\n<p>Valor estimat contracte: 32.000,00 \u20ac (TRENTA-DOS MIL EUROS) IVA excl\u00f2s.<\/p>\n<p>Durada del contracte: El contracte tindr\u00e0 un termini m\u00e0xim de 60 dies des de la formalitzaci\u00f3 del mateix.<\/p>\n<p>Procediment de selecci\u00f3: Obert no harmonitzat.<\/p>\n<p>Data l\u00edmit presentaci\u00f3 d&#8217;ofertes: 18\/10\/2017, a les 14:00 hores<\/p>\n<p>Obertura p\u00fablica proposicions: 26\/10\/2017, a les 09:00 hores<\/p>\n<p><strong>Informaci\u00f3 i lloc de presentaci\u00f3<\/strong>:<\/p>\n<p>A les oficines de La Farga, GEM,S.A, C. Barcelona, 2 de L\u2019Hospitalet de Llobregat, de 08:00 h a 19:30 h, de dilluns a divendres i a la web <a href=\"http:\/\/www.lafarga.com\" target=\"_blank\" rel=\"noopener noreferrer\"><strong>www.lafarga.com<\/strong><\/a>. Tel\u00e8fon 93 261 52 00.<\/p>\n<p>El Gerent de La Farga, GEM, S.A.<br \/>Manuel P\u00e9rez Gim\u00e9nez<\/p>\n<p>L&#8217;Hospitalet, 3 d&#8217;octubre de 2017<\/p>\n<ul>\n<li><a href=\"https:\/\/www.lafarga.com\/corporatiu\/wp-content\/uploads\/2017\/10\/La-Farga-plecs-administratius-subministrament-vehicle-electric.pdf\" target=\"_blank\" rel=\"noopener noreferrer\">Plecs administratius subministrament vehicle el\u00e8ctric per a l\u2019\u00e0rea de mobilitat<\/a><\/li>\n<li><a href=\"https:\/\/www.lafarga.com\/corporatiu\/wp-content\/uploads\/2017\/10\/La-Farga-plecs-tecnics-subministrament-vehicle-electric.pdf\" target=\"_blank\" rel=\"noopener noreferrer\">Plecs t\u00e8cnics subministrament vehicle el\u00e8ctric per a l\u2019\u00e0rea de mobilitat<\/a><\/li>\n<li><a href=\"https:\/\/www.lafarga.com\/corporatiu\/wp-content\/uploads\/2017\/12\/La-Farga-RESOLUCI\u00d3-GER\u00c8NCIA-DECLAR.DESERTA-LICITACI\u00d3-VEHICLE-EL\u00c8CTRIC.pdf\" target=\"_blank\" rel=\"noopener noreferrer\">Resoluci\u00f3 ger\u00e8ncia declarant deserta contractaci\u00f3 subministrament vehicle el\u00e8ctric per a l\u2019\u00e0rea de mobilitat<\/a><\/li>\n<\/ul>\n<\/div><\/div>\n\n\n\n<div class=\"wp-block-esab-accordion-child\" style=\"border:1px solid var(--ast-global-color-2)\"><div class=\"esab__head esab__head_reverse\" style=\"padding:10px 10px 10px 20px;background-color:var(--ast-global-color-2)\" role=\"button\" aria-expanded=\"false\"><div class=\"esab__heading_txt\"><h5 class=\"esab__heading_tag\">Contractaci\u00f3 del servei de fotografia period\u00edstica i creativa per als Mitjans de Comunicaci\u00f3 Municipals de L&#8217;Hospitalet<\/h5><\/div><div class=\"esab__icon\"><div class=\"esab__collapse\"><svg version=\"1.2\" viewBox=\"0 0 24 24\" width=\"24\" height=\"24\"><path fill-rule=\"evenodd\" d=\"m3.5 20.5c-4.7-4.7-4.7-12.3 0-17 4.7-4.7 12.3-4.7 17 0 4.6 4.7 4.6 12.3 0 17-4.7 4.6-12.3 4.6-17 0zm0.9-0.9c4.2 4.2 11 4.2 15.2 0 4.2-4.2 4.2-11 0-15.2-4.2-4.3-11-4.3-15.2 0-4.3 4.2-4.3 11 0 15.2z\"><\/path><path d=\"m11.4 15.9v-3.3h-3.3c-0.3 0-0.6-0.3-0.6-0.6 0-0.4 0.3-0.6 0.6-0.6h3.3v-3.3c0-0.3 0.3-0.6 0.6-0.6 0.3 0 0.6 0.3 0.6 0.6v3.3h3.3c0.3 0 0.6 0.2 0.6 0.6q0 0.2-0.2 0.4-0.2 0.2-0.4 0.2h-3.3v3.3q0 0.2-0.2 0.4-0.2 0.2-0.4 0.2c-0.4 0-0.6-0.3-0.6-0.6z\"><\/path><\/svg><\/div><div class=\"esab__expand\"><svg version=\"1.2\" viewBox=\"0 0 24 24\" width=\"24\" height=\"24\"><path fill-rule=\"evenodd\" d=\"m12 24c-6.6 0-12-5.4-12-12 0-6.6 5.4-12 12-12 6.6 0 12 5.4 12 12 0 6.6-5.4 12-12 12zm10.6-12c0-5.9-4.7-10.6-10.6-10.6-5.9 0-10.6 4.7-10.6 10.6 0 5.9 4.7 10.6 10.6 10.6 5.9 0 10.6-4.7 10.6-10.6z\"><\/path><path d=\"m5.6 11.3h12.8v1.4h-12.8z\"><\/path><\/svg><\/div><\/div><\/div><div class=\"esab__body\" style=\"border-top:1px solid var(--ast-global-color-2);padding:20px 20px 20px 20px;background-color:var(--ast-global-color-4)\">\n<p>Objecte: La\u00a0contractaci\u00f3 del servei de fotografia period\u00edstica i creativa per als Mitjans de Comunicaci\u00f3 Municipals de L&#8217;Hospitalet.<\/p>\n<p>Valor estimat contracte: 56.000,00 \u20ac (CINQUANTA-SIS MIL EUROS) IVA excl\u00f2s.<\/p>\n<p>Durada del contracte: El contracte tindr\u00e0 una durada d\u20191 any + 1 pr\u00f2rroga d\u20191 any.<\/p>\n<p>Procediment de selecci\u00f3: Obert no harmonitzat.<\/p>\n<p>Data l\u00edmit presentaci\u00f3 d\u2019ofertes: 04\/09\/2017, a les 14:00 hores<br \/>La Farga, GEM, S.A. romandr\u00e0 tancada des del 31 de juliol al 25 d\u2019agost ambd\u00f3s inclosos. Les propostes les hauran de portar presencialment des del dia 28 d\u2019agost al 4 de setembre, o enviar-les per correu certificat, sempre i quan s\u2019hagi rebut el justificant d\u2019aquest enviament a l\u2019adre\u00e7a de correu electr\u00f2nic <a href=\"mailto:lafarga@lafarga.com\" target=\"_blank\" rel=\"noopener noreferrer\"><strong>lafarga@lafarga.com<\/strong><\/a> abans del dia 4 de setembre a les 14:00 hores.<\/p>\n<p>Obertura p\u00fablica proposicions: 15\/09\/2017, a les 09:30 hores<\/p>\n<p><strong>Informaci\u00f3 i lloc de presentaci\u00f3<\/strong>:<\/p>\n<p>A les oficines de La Farga, GEM,S.A, C. Barcelona, 2 de L\u2019Hospitalet de Llobregat, de 08:00 h a 19:30 h, de dilluns a divendres i a la web <a href=\"http:\/\/www.lafarga.com\" target=\"_blank\" rel=\"noopener noreferrer\"><strong>www.lafarga.com<\/strong><\/a>. Tel\u00e8fon 93 261 52 00.<\/p>\n<p>El Gerent de La Farga, GEM, S.A.<br \/>Manuel P\u00e9rez Gim\u00e9nez<\/p>\n<p>L\u2019Hospitalet, 26 de juliol de 2017.<\/p>\n<ul>\n<li><a href=\"https:\/\/www.lafarga.com\/corporatiu\/wp-content\/uploads\/2017\/08\/PLECS-CONDICIONS-ADMVES.-SERVEIS-FOTOGRAFIA.pdf\" target=\"_blank\" rel=\"noopener noreferrer\">Plecs administratius contractaci\u00f3 del servei de fotografia period\u00edstica i creativa per als Mitjans de Comunicaci\u00f3 Municipals de L&#8217;Hospitalet<\/a><\/li>\n<li><a href=\"https:\/\/www.lafarga.com\/corporatiu\/wp-content\/uploads\/2017\/08\/PLECS-T\u00c8CNICS-SERVEIS-FOTOGRAFIA.pdf\" target=\"_blank\" rel=\"noopener noreferrer\">Plecs t\u00e8cnics contractaci\u00f3 del servei de fotografia period\u00edstica i creativa per als Mitjans de Comunicaci\u00f3 Municipals de L&#8217;Hospitalet<\/a><\/li>\n<li><a href=\"https:\/\/www.lafarga.com\/corporatiu\/wp-content\/uploads\/2017\/09\/La-Farga-ACTA-APERTURA-SOBRES-A-CONCURS-SERVEIS-FOTOGRAFIA.pdf\" target=\"_blank\" rel=\"noopener noreferrer\">Acta obertura sobre A\u00a0contractaci\u00f3 del servei de fotografia period\u00edstica i creativa per als Mitjans de Comunicaci\u00f3 Municipals de L&#8217;Hospitalet<\/a><\/li>\n<li><a href=\"https:\/\/www.lafarga.com\/corporatiu\/wp-content\/uploads\/2017\/09\/La-Farga-ACTA-APERTURA-SOBRES-B-i-C-SERVEIS-FOTOGRAFIA-MITJANS-COMUNICACI\u00d3-1.pdf\" target=\"_blank\" rel=\"noopener noreferrer\">Acta obertura sobres B i C contractaci\u00f3 del servei de fotografia period\u00edstica i creativa per als Mitjans de Comunicaci\u00f3 Municipals de L&#8217;Hospitalet<\/a><\/li>\n<li><a href=\"https:\/\/www.lafarga.com\/corporatiu\/wp-content\/uploads\/2017\/09\/La-Farga-ACTA-DE-VALORACI\u00d3-CONCURS-SERVEIS-FOTOGRAFIA-MITJANS-DE-COMUNICACI\u00d3.pdf\" target=\"_blank\" rel=\"noopener noreferrer\">Acta de valoraci\u00f3\u00a0contractaci\u00f3 del servei de fotografia period\u00edstica i creativa per als Mitjans de Comunicaci\u00f3 Municipals de L&#8217;Hospitalet<\/a><\/li>\n<li><a href=\"https:\/\/www.lafarga.com\/corporatiu\/wp-content\/uploads\/2017\/09\/La-Farga-RESOLUCI\u00d3-GER\u00c8NCIA-DECLARANT-CLASSIFICADES-OFERTES-SERVEIS-FOTOGRAFIA.pdf\" target=\"_blank\" rel=\"noopener noreferrer\">Resoluci\u00f3 ger\u00e8ncia declarant classificades ofertes contractaci\u00f3 del servei de fotografia period\u00edstica i creativa per als Mitjans de Comunicaci\u00f3 Municipals de L&#8217;Hospitalet<\/a><\/li>\n<li><a href=\"https:\/\/www.lafarga.com\/corporatiu\/wp-content\/uploads\/2017\/10\/La-Farga-RESOLUCI\u00d3-ADJUDICACI\u00d3-DEFINITIVA-CONCURS-SERVEIS-FOTOGRAFIA.pdf\" target=\"_blank\" rel=\"noopener noreferrer\">Resoluci\u00f3 ger\u00e8ncia adjudicaci\u00f3 definitiva contractaci\u00f3 del servei de fotografia period\u00edstica i creativa per als Mitjans de Comunicaci\u00f3 Municipals de L&#8217;Hospitalet<\/a><\/li>\n<\/ul>\n<\/div><\/div>\n\n\n\n<div class=\"wp-block-esab-accordion-child\" style=\"border:1px solid var(--ast-global-color-2)\"><div class=\"esab__head esab__head_reverse\" style=\"padding:10px 10px 10px 20px;background-color:var(--ast-global-color-2)\" role=\"button\" aria-expanded=\"false\"><div class=\"esab__heading_txt\"><h5 class=\"esab__heading_tag\">Contractaci\u00f3 subministrament d&#8217;un vehicle el\u00e8ctric tipus furgoneta i el seu punt de rec\u00e0rrega, la seva instal\u00b7laci\u00f3 i legalitzaci\u00f3, destinat al servei de mobilitat<\/h5><\/div><div class=\"esab__icon\"><div class=\"esab__collapse\"><svg version=\"1.2\" viewBox=\"0 0 24 24\" width=\"24\" height=\"24\"><path fill-rule=\"evenodd\" d=\"m3.5 20.5c-4.7-4.7-4.7-12.3 0-17 4.7-4.7 12.3-4.7 17 0 4.6 4.7 4.6 12.3 0 17-4.7 4.6-12.3 4.6-17 0zm0.9-0.9c4.2 4.2 11 4.2 15.2 0 4.2-4.2 4.2-11 0-15.2-4.2-4.3-11-4.3-15.2 0-4.3 4.2-4.3 11 0 15.2z\"><\/path><path d=\"m11.4 15.9v-3.3h-3.3c-0.3 0-0.6-0.3-0.6-0.6 0-0.4 0.3-0.6 0.6-0.6h3.3v-3.3c0-0.3 0.3-0.6 0.6-0.6 0.3 0 0.6 0.3 0.6 0.6v3.3h3.3c0.3 0 0.6 0.2 0.6 0.6q0 0.2-0.2 0.4-0.2 0.2-0.4 0.2h-3.3v3.3q0 0.2-0.2 0.4-0.2 0.2-0.4 0.2c-0.4 0-0.6-0.3-0.6-0.6z\"><\/path><\/svg><\/div><div class=\"esab__expand\"><svg version=\"1.2\" viewBox=\"0 0 24 24\" width=\"24\" height=\"24\"><path fill-rule=\"evenodd\" d=\"m12 24c-6.6 0-12-5.4-12-12 0-6.6 5.4-12 12-12 6.6 0 12 5.4 12 12 0 6.6-5.4 12-12 12zm10.6-12c0-5.9-4.7-10.6-10.6-10.6-5.9 0-10.6 4.7-10.6 10.6 0 5.9 4.7 10.6 10.6 10.6 5.9 0 10.6-4.7 10.6-10.6z\"><\/path><path d=\"m5.6 11.3h12.8v1.4h-12.8z\"><\/path><\/svg><\/div><\/div><\/div><div class=\"esab__body\" style=\"border-top:1px solid var(--ast-global-color-2);padding:20px 20px 20px 20px;background-color:var(--ast-global-color-4)\">\n<p>Objecte:\u00a0La contractaci\u00f3 subministrament d&#8217;un vehicle el\u00e8ctric tipus furgoneta i el seu punt de rec\u00e0rrega, la seva instal\u00b7laci\u00f3 i legalitzaci\u00f3, destinat al servei de mobilitat<\/p>\n<p>Valor estimat contracte: 32.000,00 \u20ac (TRENTA-DOS MIL EUROS) IVA excl\u00f2s.<\/p>\n<p>Durada del contracte: El contracte tindr\u00e0 un termini m\u00e0xim de 60 dies des de la formalitzaci\u00f3 del mateix.<\/p>\n<p>Procediment de selecci\u00f3: Obert no harmonitzat.<\/p>\n<p>Data l\u00edmit presentaci\u00f3 d\u2019ofertes: 04\/09\/2017, a les 14:00 hores<br \/>La Farga, GEM, S.A. romandr\u00e0 tancada des del 31 de juliol al 25 d\u2019agost ambd\u00f3s inclosos. Les propostes les hauran de portar presencialment des del dia 28 d\u2019agost al 4 de setembre, o enviar-les per correu certificat, sempre i quan s\u2019hagi rebut el justificant d\u2019aquest enviament a l\u2019adre\u00e7a de correu electr\u00f2nic <strong><a href=\"mailto:lafarga@lafarga.com\" target=\"_blank\" rel=\"noopener noreferrer\">lafarga@lafarga.com<\/a> <\/strong>abans del dia 4 de setembre a les 14:00 hores.<\/p>\n<p>Obertura p\u00fablica proposicions: 15\/09\/2017, a les 09:00 hores.<\/p>\n<p><strong>Informaci\u00f3 i lloc de presentaci\u00f3<\/strong>:<\/p>\n<p>A les oficines de La Farga, GEM,SA, C. Barcelona, 2 de L\u2019Hospitalet de Llobregat, de 08:00 h a 19:30 h, de dilluns a divendres i a la web <strong><a href=\"http:\/\/www.lafarga.com\" target=\"_blank\" rel=\"noopener noreferrer\">www.lafarga.com<\/a><\/strong>. Tel\u00e8fon 93 261 52 00.<\/p>\n<p>El Gerent de La Farga, GEM, S.A.<br \/>Manuel P\u00e9rez Gim\u00e9nez<\/p>\n<p>L\u2019Hospitalet, 26 de juliol de 2017.<\/p>\n<ul>\n<li><a href=\"https:\/\/www.lafarga.com\/corporatiu\/wp-content\/uploads\/2017\/08\/PLECS-ADMINISTRATIUS-SUBMINIST.-VEHICLE-EL\u00c8CTRIC.pdf\" target=\"_blank\" rel=\"noopener noreferrer\">Plecs administratius\u00a0contractaci\u00f3 subministrament d&#8217;un vehicle el\u00e8ctric tipus furgoneta i el seu punt de rec\u00e0rrega, la seva instal\u00b7laci\u00f3 i legalitzaci\u00f3, destinat al servei de mobilitat.<\/a><\/li>\n<li><a href=\"https:\/\/www.lafarga.com\/corporatiu\/wp-content\/uploads\/2017\/08\/PLECS-T\u00c8CNICS-SUBMINISTRAMENT-VEHICLE-EL\u00c8CTRIC.pdf\" target=\"_blank\" rel=\"noopener noreferrer\">Plecs t\u00e8cnics\u00a0contractaci\u00f3 subministrament d&#8217;un vehicle el\u00e8ctric tipus furgoneta i el seu punt de rec\u00e0rrega, la seva instal\u00b7laci\u00f3 i legalitzaci\u00f3, destinat al servei de mobilitat.<\/a><\/li>\n<li><a href=\"https:\/\/www.lafarga.com\/corporatiu\/wp-content\/uploads\/2017\/09\/36-2017-RESOL.GER\u00c8NCIA-DECLARANT-DESERTA-LICITACI\u00d3-SUBM.ELECT_.VEHICLE.pdf\" target=\"_blank\" rel=\"noopener noreferrer\">Resoluci\u00f3 ger\u00e8ncia\u00a0contractaci\u00f3 subministrament d&#8217;un vehicle el\u00e8ctric tipus furgoneta i el seu punt de rec\u00e0rrega, la seva instal\u00b7laci\u00f3 i legalitzaci\u00f3, destinat al servei de mobilitat.<\/a><\/li>\n<\/ul>\n<\/div><\/div>\n\n\n\n<div class=\"wp-block-esab-accordion-child\" style=\"border:1px solid var(--ast-global-color-2)\"><div class=\"esab__head esab__head_reverse\" style=\"padding:10px 10px 10px 20px;background-color:var(--ast-global-color-2)\" role=\"button\" aria-expanded=\"false\"><div class=\"esab__heading_txt\"><h5 class=\"esab__heading_tag\">Contractaci\u00f3 del servei de realitzaci\u00f3 audiovisual en directe mitjan\u00e7ant streaming dels plens municipals<\/h5><\/div><div class=\"esab__icon\"><div class=\"esab__collapse\"><svg version=\"1.2\" viewBox=\"0 0 24 24\" width=\"24\" height=\"24\"><path fill-rule=\"evenodd\" d=\"m3.5 20.5c-4.7-4.7-4.7-12.3 0-17 4.7-4.7 12.3-4.7 17 0 4.6 4.7 4.6 12.3 0 17-4.7 4.6-12.3 4.6-17 0zm0.9-0.9c4.2 4.2 11 4.2 15.2 0 4.2-4.2 4.2-11 0-15.2-4.2-4.3-11-4.3-15.2 0-4.3 4.2-4.3 11 0 15.2z\"><\/path><path d=\"m11.4 15.9v-3.3h-3.3c-0.3 0-0.6-0.3-0.6-0.6 0-0.4 0.3-0.6 0.6-0.6h3.3v-3.3c0-0.3 0.3-0.6 0.6-0.6 0.3 0 0.6 0.3 0.6 0.6v3.3h3.3c0.3 0 0.6 0.2 0.6 0.6q0 0.2-0.2 0.4-0.2 0.2-0.4 0.2h-3.3v3.3q0 0.2-0.2 0.4-0.2 0.2-0.4 0.2c-0.4 0-0.6-0.3-0.6-0.6z\"><\/path><\/svg><\/div><div class=\"esab__expand\"><svg version=\"1.2\" viewBox=\"0 0 24 24\" width=\"24\" height=\"24\"><path fill-rule=\"evenodd\" d=\"m12 24c-6.6 0-12-5.4-12-12 0-6.6 5.4-12 12-12 6.6 0 12 5.4 12 12 0 6.6-5.4 12-12 12zm10.6-12c0-5.9-4.7-10.6-10.6-10.6-5.9 0-10.6 4.7-10.6 10.6 0 5.9 4.7 10.6 10.6 10.6 5.9 0 10.6-4.7 10.6-10.6z\"><\/path><path d=\"m5.6 11.3h12.8v1.4h-12.8z\"><\/path><\/svg><\/div><\/div><\/div><div class=\"esab__body\" style=\"border-top:1px solid var(--ast-global-color-2);padding:20px 20px 20px 20px;background-color:var(--ast-global-color-4)\">\n<p>Objecte: la contractaci\u00f3 del servei de realitzaci\u00f3 audiovisual en directe mitjan\u00e7ant streaming dels plens municipals.<\/p>\n<p>Valor estimat contracte: 52.000,00 \u20ac (CINQUANTA-DOS MIL EUROS) IVA excl\u00f2s.<\/p>\n<p>Durada del contracte: El contracte tindr\u00e0 una durada d\u20191 any + 1 pr\u00f2rroga d\u20191 any.<\/p>\n<p>Procediment de selecci\u00f3: Obert no harmonitzat.<\/p>\n<p>Data l\u00edmit presentaci\u00f3 d\u2019ofertes: 12\/06\/2017, a les 14:00 hores.<\/p>\n<p>Obertura p\u00fablica proposicions: 20\/06\/2017, a les 09:30 hores.<\/p>\n<p><strong>Informaci\u00f3 i lloc de presentaci\u00f3<\/strong>:<\/p>\n<p>A les oficines de La Farga, GEM, S.A. C. Barcelona, 2 de L\u2019Hospitalet de Llobregat, de 08:00 fins a les 19:30 hores ininterrompudament, de dilluns a divendres i a la web\u00a0<strong><a href=\"http:\/\/www.lafarga.com\/\">www.lafarga.com<\/a><\/strong>.\u00a0 Tel\u00e8fon 93 261 52 00.<\/p>\n<p>El Gerent de La Farga, GEM,S.A.<br \/>Manuel P\u00e9rez Gim\u00e9nez<\/p>\n<p>L\u2019Hospitalet,\u00a0 26 de maig de 2017.<\/p>\n<ul>\n<li><a href=\"https:\/\/www.lafarga.com\/corporatiu\/wp-content\/uploads\/2017\/05\/LA-FARGA-PLECS-ADMINISTRATIUS-SERVEI-STREAMING-PLENS.pdf\" target=\"_blank\" rel=\"noopener noreferrer\">Plecs administratius\u00a0del servei de realitzaci\u00f3 audiovisual dels Plens Municipals i la seva publicaci\u00f3 via streaming.<\/a><\/li>\n<li><a href=\"https:\/\/www.lafarga.com\/corporatiu\/wp-content\/uploads\/2017\/05\/LA-FARGA-PLECS-T%C3%88CNICS-SERVEI-STREAMING-PLENS.pdf\" target=\"_blank\" rel=\"noopener noreferrer\">Plecs t\u00e8cnics del servei de realitzaci\u00f3 audiovisual dels Plens Municipals i la seva publicaci\u00f3 via streaming.<\/a><\/li>\n<li><a href=\"https:\/\/www.lafarga.com\/corporatiu\/wp-content\/uploads\/2017\/06\/La-Farga-ACTA-APERTURA-SOBRES-A-CONCURS-STREAMING-PLENS.pdf\" target=\"_blank\" rel=\"noopener noreferrer\">Acta d\u2019obertura sobre A contractaci\u00f3 del servei de realitzaci\u00f3 audiovisual en directe mitjan\u00e7ant streaming dels plens municipals<\/a>.<\/li>\n<li><a href=\"https:\/\/www.lafarga.com\/corporatiu\/wp-content\/uploads\/2017\/06\/La-Farga-ACTA-APERTURA-SOBRES-BIC-CONCURS-STREAMING-PLENS.pdf\" target=\"_blank\" rel=\"noopener noreferrer\">Acta d\u2019obertura sobres B i C contractaci\u00f3 del servei de realitzaci\u00f3 audiovisual en directe mitjan\u00e7ant streaming dels plens municipals.<\/a><\/li>\n<li><a href=\"https:\/\/www.lafarga.com\/corporatiu\/wp-content\/uploads\/2017\/07\/La-Farga-ACTA-DE-VALORACI%C3%93-PROPOSTA-T%C3%88CNICA-I-ECON%C3%92MICA-STREAMING-PLENS.pdf\" target=\"_blank\" rel=\"noopener noreferrer\">Acta valoraci\u00f3 proposta t\u00e8cnica i econ\u00f2mica contractaci\u00f3 del servei de realitzaci\u00f3 audiovisual en directe mitjan\u00e7ant streaming dels plens municipals.<\/a><\/li>\n<li><a href=\"https:\/\/www.lafarga.com\/corporatiu\/wp-content\/uploads\/2017\/07\/La-Farga-RESOLUCI%C3%93-GER%C3%88NCIA-DECLARANT-CLASSIFICADES-OFERTES-STREAMING-PLENS.pdf\" target=\"_blank\" rel=\"noopener noreferrer\">Resoluci\u00f3 ger\u00e8ncia declarant classificades ofertes\u00a0contractaci\u00f3 del servei de realitzaci\u00f3 audiovisual en directe mitjan\u00e7ant streaming dels plens municipals.<\/a><\/li>\n<li><a href=\"https:\/\/www.lafarga.com\/corporatiu\/wp-content\/uploads\/2017\/07\/La-Farga-RESOL.GER%C3%88NCIA-ADJUDICACI%C3%93-DEFINITIVA-SERVEI-STREAMING.pdf\" target=\"_blank\" rel=\"noopener noreferrer\">Resoluci\u00f3 ger\u00e8ncia adjudicaci\u00f3 definitiva contractaci\u00f3 del servei de realitzaci\u00f3 audiovisual en directe mitjan\u00e7ant streaming dels plens municipals.<\/a><\/li>\n<\/ul>\n<\/div><\/div>\n\n\n\n<div class=\"wp-block-esab-accordion-child\" style=\"border:1px solid var(--ast-global-color-2)\"><div class=\"esab__head esab__head_reverse\" style=\"padding:10px 10px 10px 20px;background-color:var(--ast-global-color-2)\" role=\"button\" aria-expanded=\"false\"><div class=\"esab__heading_txt\"><h5 class=\"esab__heading_tag\">Contractaci\u00f3 del servei de distribuci\u00f3 de la publicaci\u00f3 municipal \u201cL&#8217;Hospitalet. Diari informatiu de la ciutat\u201d.<\/h5><\/div><div class=\"esab__icon\"><div class=\"esab__collapse\"><svg version=\"1.2\" viewBox=\"0 0 24 24\" width=\"24\" height=\"24\"><path fill-rule=\"evenodd\" d=\"m3.5 20.5c-4.7-4.7-4.7-12.3 0-17 4.7-4.7 12.3-4.7 17 0 4.6 4.7 4.6 12.3 0 17-4.7 4.6-12.3 4.6-17 0zm0.9-0.9c4.2 4.2 11 4.2 15.2 0 4.2-4.2 4.2-11 0-15.2-4.2-4.3-11-4.3-15.2 0-4.3 4.2-4.3 11 0 15.2z\"><\/path><path d=\"m11.4 15.9v-3.3h-3.3c-0.3 0-0.6-0.3-0.6-0.6 0-0.4 0.3-0.6 0.6-0.6h3.3v-3.3c0-0.3 0.3-0.6 0.6-0.6 0.3 0 0.6 0.3 0.6 0.6v3.3h3.3c0.3 0 0.6 0.2 0.6 0.6q0 0.2-0.2 0.4-0.2 0.2-0.4 0.2h-3.3v3.3q0 0.2-0.2 0.4-0.2 0.2-0.4 0.2c-0.4 0-0.6-0.3-0.6-0.6z\"><\/path><\/svg><\/div><div class=\"esab__expand\"><svg version=\"1.2\" viewBox=\"0 0 24 24\" width=\"24\" height=\"24\"><path fill-rule=\"evenodd\" d=\"m12 24c-6.6 0-12-5.4-12-12 0-6.6 5.4-12 12-12 6.6 0 12 5.4 12 12 0 6.6-5.4 12-12 12zm10.6-12c0-5.9-4.7-10.6-10.6-10.6-5.9 0-10.6 4.7-10.6 10.6 0 5.9 4.7 10.6 10.6 10.6 5.9 0 10.6-4.7 10.6-10.6z\"><\/path><path d=\"m5.6 11.3h12.8v1.4h-12.8z\"><\/path><\/svg><\/div><\/div><\/div><div class=\"esab__body\" style=\"border-top:1px solid var(--ast-global-color-2);padding:20px 20px 20px 20px;background-color:var(--ast-global-color-4)\">\n<p>Objecte: La contractaci\u00f3 del servei de distribuci\u00f3 de la publicaci\u00f3 municipal \u201cL\u2019Hospitalet. Diari informatiu de la ciutat\u201d.<\/p>\n<p>Valor estimat contracte: 124.000,00\u20ac (CENT VINT-I-QUATRE MIL EUROS) IVA excl\u00f2s.<\/p>\n<p>Durada del contracte: El contracte tindr\u00e0 una durada d\u20191 any + 1 pr\u00f2rroga d\u20191 any.<\/p>\n<p>Procediment de selecci\u00f3: Obert no harmonitzat.<\/p>\n<p>Data l\u00edmit presentaci\u00f3 d\u2019ofertes: 17\/05\/2017, a les 14:00 hores.<\/p>\n<p>Obertura p\u00fablica proposicions: 25\/05\/2017, a les 09:15 hores.<\/p>\n<p><strong>Informaci\u00f3 i lloc de presentaci\u00f3<\/strong>:<\/p>\n<p>A les oficines de La Farga, GEM,SA, C. Barcelona, 2 de L\u2019Hospitalet de Llobregat, de 08:00 fins a les 19:30 hores ininterrompudament, de dilluns a divendres i a la web\u00a0<a href=\"http:\/\/www.lafarga.com\/\" target=\"_blank\" rel=\"noopener noreferrer\"><strong>www.lafarga.com<\/strong><\/a>\u00a0. Tel\u00e8fon 93 261 52 00.<\/p>\n<p>El Gerent de La Farga, GEM, S.A.<br \/>Manuel P\u00e9rez Gim\u00e9nez<\/p>\n<p>L\u2019Hospitalet, 28 d\u2019abril de 2017.<\/p>\n<ul>\n<li><a href=\"https:\/\/www.lafarga.com\/corporatiu\/wp-content\/uploads\/2017\/05\/La-Farga-PLECS-ADMINISTRATIUS-SERVEI-DISTRIBUCI%C3%93-DIARI-LH.pdf\" target=\"_blank\" rel=\"noopener noreferrer\">Plecs administratius\u00a0del servei de distribuci\u00f3 de la publicaci\u00f3 municipal \u201cL\u2019Hospitalet. Diari informatiu de la ciutat\u201d.<\/a><\/li>\n<li><a href=\"https:\/\/www.lafarga.com\/corporatiu\/wp-content\/uploads\/2017\/05\/La-Farga-PLECS-PRESCRIPCIONS-T%C3%88CNIQUES-DISTRIBUCI%C3%93-DIARI-LH.pdf\" target=\"_blank\" rel=\"noopener noreferrer\">Plecs t\u00e8cnics del servei de distribuci\u00f3 de la publicaci\u00f3 municipal \u201cL\u2019Hospitalet. Diari informatiu de la ciutat\u201d.<\/a><\/li>\n<li><a href=\"https:\/\/www.lafarga.com\/corporatiu\/wp-content\/uploads\/2017\/05\/La-Farga-1-ACTA-APERTURA-SOBRES-A-CONCURS-DISTRIBUCIO-DIARI-LH.pdf\" target=\"_blank\" rel=\"noopener noreferrer\">Acta obertura sobres A concurs de distribuci\u00f3 de la publicaci\u00f3 municipal \u201cL\u2019Hospitalet. Diari informatiu de la ciutat\u201d.<\/a><\/li>\n<li><a href=\"https:\/\/www.lafarga.com\/corporatiu\/wp-content\/uploads\/2017\/05\/La-Farga-ACTA-OBERTURA-SOBRES-B-i-C-SERVEI-DISTRIBUCI%C3%93-DIARI-LH.pdf\" target=\"_blank\" rel=\"noopener noreferrer\">Acta obertura sobres B i C concurs de distribuci\u00f3 de la publicaci\u00f3 municipal \u201cL\u2019Hospitalet. Diari informatiu de la ciutat\u201d.<\/a><\/li>\n<li><a href=\"https:\/\/www.lafarga.com\/corporatiu\/wp-content\/uploads\/2017\/06\/ACTA-DE-VALORACI%C3%93-SERVEIS-DISTRIBUCI%C3%93-DIARI-LH.pdf\" target=\"_blank\" rel=\"noopener noreferrer\">Acta de valoraci\u00f3 concurs de distribuci\u00f3 de la publicaci\u00f3 municipal \u201cL\u2019Hospitalet. Diari informatiu de la ciutat\u201d.<\/a><\/li>\n<li><a href=\"https:\/\/www.lafarga.com\/corporatiu\/wp-content\/uploads\/2017\/06\/RESOLUCI%C3%93-GER%C3%88NCIA-DECLAR.CLASSIFICADES-OFERTES-DISTRIBUCI%C3%93-DIARI-LH.pdf\" target=\"_blank\" rel=\"noopener noreferrer\">Resoluci\u00f3 ger\u00e8ncia declarant classificades ofertes\u00a0concurs de distribuci\u00f3 de la publicaci\u00f3 municipal \u201cL\u2019Hospitalet. Diari informatiu de la ciutat\u201d.<\/a><\/li>\n<li><a href=\"https:\/\/www.lafarga.com\/corporatiu\/wp-content\/uploads\/2017\/06\/La-Farga-RESOLUCI%C3%93-ADJUDICACI%C3%93-DEFINITIVA-DISTRIBUCI%C3%93-DIARI-LH.pdf\" target=\"_blank\" rel=\"noopener noreferrer\">Resoluci\u00f3 ger\u00e8ncia adjudicaci\u00f3 definitiva concurs de distribuci\u00f3 de la publicaci\u00f3 municipal \u201cL\u2019Hospitalet. Diari informatiu de la ciutat\u201d.<\/a><\/li>\n<\/ul>\n<\/div><\/div>\n\n\n\n<div class=\"wp-block-esab-accordion-child\" style=\"border:1px solid var(--ast-global-color-2)\"><div class=\"esab__head esab__head_reverse\" style=\"padding:10px 10px 10px 20px;background-color:var(--ast-global-color-2)\" role=\"button\" aria-expanded=\"false\"><div class=\"esab__heading_txt\"><h5 class=\"esab__heading_tag\">Contractaci\u00f3 del servei d\u2019edici\u00f3 i impressi\u00f3 de la publicaci\u00f3 municipal \u201cL\u2019Hospitalet. Diari informatiu de la ciutat\u201d.<\/h5><\/div><div class=\"esab__icon\"><div class=\"esab__collapse\"><svg version=\"1.2\" viewBox=\"0 0 24 24\" width=\"24\" height=\"24\"><path fill-rule=\"evenodd\" d=\"m3.5 20.5c-4.7-4.7-4.7-12.3 0-17 4.7-4.7 12.3-4.7 17 0 4.6 4.7 4.6 12.3 0 17-4.7 4.6-12.3 4.6-17 0zm0.9-0.9c4.2 4.2 11 4.2 15.2 0 4.2-4.2 4.2-11 0-15.2-4.2-4.3-11-4.3-15.2 0-4.3 4.2-4.3 11 0 15.2z\"><\/path><path d=\"m11.4 15.9v-3.3h-3.3c-0.3 0-0.6-0.3-0.6-0.6 0-0.4 0.3-0.6 0.6-0.6h3.3v-3.3c0-0.3 0.3-0.6 0.6-0.6 0.3 0 0.6 0.3 0.6 0.6v3.3h3.3c0.3 0 0.6 0.2 0.6 0.6q0 0.2-0.2 0.4-0.2 0.2-0.4 0.2h-3.3v3.3q0 0.2-0.2 0.4-0.2 0.2-0.4 0.2c-0.4 0-0.6-0.3-0.6-0.6z\"><\/path><\/svg><\/div><div class=\"esab__expand\"><svg version=\"1.2\" viewBox=\"0 0 24 24\" width=\"24\" height=\"24\"><path fill-rule=\"evenodd\" d=\"m12 24c-6.6 0-12-5.4-12-12 0-6.6 5.4-12 12-12 6.6 0 12 5.4 12 12 0 6.6-5.4 12-12 12zm10.6-12c0-5.9-4.7-10.6-10.6-10.6-5.9 0-10.6 4.7-10.6 10.6 0 5.9 4.7 10.6 10.6 10.6 5.9 0 10.6-4.7 10.6-10.6z\"><\/path><path d=\"m5.6 11.3h12.8v1.4h-12.8z\"><\/path><\/svg><\/div><\/div><\/div><div class=\"esab__body\" style=\"border-top:1px solid var(--ast-global-color-2);padding:20px 20px 20px 20px;background-color:var(--ast-global-color-4)\">\n<p>Objecte: La\u00a0contractaci\u00f3 del servei d\u2019edici\u00f3 i impressi\u00f3 de la publicaci\u00f3 municipal \u201cL\u2019Hospitalet. Diari informatiu de la ciutat\u201d.<\/p>\n<p>Valor estimat contracte: 208.000,00 \u20ac (DOS-CENTS VUIT MIL EUROS) IVA excl\u00f2s.<\/p>\n<p>Durada del contracte: El contracte tindr\u00e0 una durada d\u20191 any + 1 pr\u00f2rroga d\u20191 any.<\/p>\n<p>Procediment de selecci\u00f3: Obert no harmonitzat.<\/p>\n<p>Data l\u00edmit presentaci\u00f3 d\u2019ofertes: 17\/05\/2017, a les 14:00 hores.<\/p>\n<p>Obertura p\u00fablica proposicions: 25\/05\/2017, a les 09:00 hores.<\/p>\n<p><strong>Informaci\u00f3 i lloc de presentaci\u00f3<\/strong>:<\/p>\n<p>A les oficines de La Farga, GEM,SA, C. Barcelona, 2 de L\u2019Hospitalet de Llobregat, de 08:00 fins a les 19:30 hores ininterrompudament, de dilluns a divendres i a la web\u00a0<strong><a href=\"http:\/\/www.lafarga.com\/\" target=\"_blank\" rel=\"noopener noreferrer\">www.lafarga.com<\/a><\/strong>. Tel\u00e8fon 93 261 52 00.<\/p>\n<p>El Gerent de La Farga, GEM, S.A.<br \/>Manuel P\u00e9rez Gim\u00e9nez<\/p>\n<p>L\u2019Hospitalet, 28 d\u2019abril de 2017.<\/p>\n<ul>\n<li><a href=\"https:\/\/www.lafarga.com\/corporatiu\/wp-content\/uploads\/2017\/05\/La-Farga-PLECS-ADMINISTRATIUS-EDICI%C3%93-I-IMPRESSI%C3%93-DIARI-LH.pdf\" target=\"_blank\" rel=\"noopener noreferrer\">Plecs administratius servei d\u2019edici\u00f3 i impressi\u00f3 de la publicaci\u00f3 municipal \u201cL\u2019Hospitalet. Diari informatiu de la ciutat\u201d.<\/a><\/li>\n<li><a href=\"https:\/\/www.lafarga.com\/corporatiu\/wp-content\/uploads\/2017\/05\/La-Farga-PLECS-T%C3%88CNICS-EDICI%C3%93-I-IMPRESSI%C3%93-DIARI-LH.pdf\" target=\"_blank\" rel=\"noopener noreferrer\">Plecs t\u00e8cnics servei d\u2019edici\u00f3 i impressi\u00f3 de la publicaci\u00f3 municipal \u201cL\u2019Hospitalet. Diari informatiu de la ciutat\u201d.<\/a><\/li>\n<li><a href=\"https:\/\/www.lafarga.com\/corporatiu\/wp-content\/uploads\/2017\/05\/La-Farga-1-ACTA-APERTURA-SOBRES-A-CONCURS-EDICIO-I-IMPRESSIO-DIARI-LH.pdf\" target=\"_blank\" rel=\"noopener noreferrer\">Acta obertura sobres A concurs d\u2019edici\u00f3 i impressi\u00f3 de la publicaci\u00f3 municipal \u201cL\u2019Hospitalet. Diari informatiu de la ciutat\u201d.<\/a><\/li>\n<li><a href=\"https:\/\/www.lafarga.com\/corporatiu\/wp-content\/uploads\/2017\/05\/La-Farga-ACTA-OBERTURA-SOBRES-B-i-C-SERVEI-EDICI%C3%93-I-IMPRESSI%C3%93-DIARI-LH.pdf\" target=\"_blank\" rel=\"noopener noreferrer\">Acta obertura sobres B i C concurs d\u2019edici\u00f3 i impressi\u00f3 de la publicaci\u00f3 municipal \u201cL\u2019Hospitalet. Diari informatiu de la ciutat\u201d.<\/a><\/li>\n<li><a href=\"https:\/\/www.lafarga.com\/corporatiu\/wp-content\/uploads\/2017\/06\/ACTA-DE-VALORACI%C3%93-SERVEIS-EDICI%C3%93-I-IMPRESSI%C3%93-DIARI-LH.pdf\" target=\"_blank\" rel=\"noopener noreferrer\">Acta de valoraci\u00f3 concurs d\u2019edici\u00f3 i impressi\u00f3 de la publicaci\u00f3 municipal \u201cL\u2019Hospitalet. Diari informatiu de la ciutat\u201d.<\/a><\/li>\n<li><a href=\"https:\/\/www.lafarga.com\/corporatiu\/wp-content\/uploads\/2017\/06\/RESOLUCI%C3%93-GER%C3%88NCIA-DECLAR.CLASSIFICADES-OFERTES-EDICI%C3%93-IMPRESSI%C3%93-DIARI-LH.pdf\" target=\"_blank\" rel=\"noopener noreferrer\">Resoluci\u00f3 ger\u00e8ncia declarant classificades ofertes concurs d\u2019edici\u00f3 i impressi\u00f3 de la publicaci\u00f3 municipal \u201cL\u2019Hospitalet. Diari informatiu de la ciutat\u201d.<\/a><\/li>\n<li><a href=\"https:\/\/www.lafarga.com\/corporatiu\/wp-content\/uploads\/2017\/06\/La-Farga-RESOLUCI%C3%93-ADJUDICACI%C3%93-DEFINITIVA-SERVEIS-DEDICI%C3%93-I-IMPRESSI%C3%93-DIARI-LH.pdf\" target=\"_blank\" rel=\"noopener noreferrer\">Resoluci\u00f3 ger\u00e8ncia adjudicaci\u00f3 definitiva concurs d\u2019edici\u00f3 i impressi\u00f3 de la publicaci\u00f3 municipal \u201cL\u2019Hospitalet. Diari informatiu de la ciutat\u201d.<\/a><\/li>\n<\/ul>\n<\/div><\/div>\n\n\n\n<div class=\"wp-block-esab-accordion-child\" style=\"border:1px solid var(--ast-global-color-2)\"><div class=\"esab__head esab__head_reverse\" style=\"padding:10px 10px 10px 20px;background-color:var(--ast-global-color-2)\" role=\"button\" aria-expanded=\"false\"><div class=\"esab__heading_txt\"><h5 class=\"esab__heading_tag\">Contractaci\u00f3 del servei d\u2019auditoria, assessorament jur\u00eddic, adaptaci\u00f3 i actualitzaci\u00f3 a la nova directiva europea en relaci\u00f3 a la protecci\u00f3 de dades<\/h5><\/div><div class=\"esab__icon\"><div class=\"esab__collapse\"><svg version=\"1.2\" viewBox=\"0 0 24 24\" width=\"24\" height=\"24\"><path fill-rule=\"evenodd\" d=\"m3.5 20.5c-4.7-4.7-4.7-12.3 0-17 4.7-4.7 12.3-4.7 17 0 4.6 4.7 4.6 12.3 0 17-4.7 4.6-12.3 4.6-17 0zm0.9-0.9c4.2 4.2 11 4.2 15.2 0 4.2-4.2 4.2-11 0-15.2-4.2-4.3-11-4.3-15.2 0-4.3 4.2-4.3 11 0 15.2z\"><\/path><path d=\"m11.4 15.9v-3.3h-3.3c-0.3 0-0.6-0.3-0.6-0.6 0-0.4 0.3-0.6 0.6-0.6h3.3v-3.3c0-0.3 0.3-0.6 0.6-0.6 0.3 0 0.6 0.3 0.6 0.6v3.3h3.3c0.3 0 0.6 0.2 0.6 0.6q0 0.2-0.2 0.4-0.2 0.2-0.4 0.2h-3.3v3.3q0 0.2-0.2 0.4-0.2 0.2-0.4 0.2c-0.4 0-0.6-0.3-0.6-0.6z\"><\/path><\/svg><\/div><div class=\"esab__expand\"><svg version=\"1.2\" viewBox=\"0 0 24 24\" width=\"24\" height=\"24\"><path fill-rule=\"evenodd\" d=\"m12 24c-6.6 0-12-5.4-12-12 0-6.6 5.4-12 12-12 6.6 0 12 5.4 12 12 0 6.6-5.4 12-12 12zm10.6-12c0-5.9-4.7-10.6-10.6-10.6-5.9 0-10.6 4.7-10.6 10.6 0 5.9 4.7 10.6 10.6 10.6 5.9 0 10.6-4.7 10.6-10.6z\"><\/path><path d=\"m5.6 11.3h12.8v1.4h-12.8z\"><\/path><\/svg><\/div><\/div><\/div><div class=\"esab__body\" style=\"border-top:1px solid var(--ast-global-color-2);padding:20px 20px 20px 20px;background-color:var(--ast-global-color-4)\">\n<p>Objecte: La contractaci\u00f3 del servei d\u2019auditoria, assessorament jur\u00eddic, adaptaci\u00f3 i actualitzaci\u00f3 a la nova directiva europea en relaci\u00f3 a la protecci\u00f3 de dades de la societat municipal.<\/p>\n<p>Valor estimat contracte: 23.600,00\u20ac (VINT-I-TRES MIL SIS-CENTS EUROS) IVA excl\u00f2s.<\/p>\n<p>Durada del contracte: El contracte tindr\u00e0 una durada de 2 anys + 1 pr\u00f2rroga d\u20191 any.<\/p>\n<p>Procediment de selecci\u00f3: Obert no harmonitzat.<\/p>\n<p>Data l\u00edmit presentaci\u00f3 d\u2019ofertes: 18\/04\/2017, a les 14:00 hores<\/p>\n<p>Obertura p\u00fablica proposicions: 26\/04\/2017, a les 09:00 hores<\/p>\n<p><strong>Informaci\u00f3 i lloc de presentaci\u00f3<\/strong>:<\/p>\n<p>A les oficines de La Farga, GEM,SA, C. Barcelona, 2 de L\u2019Hospitalet de Llobregat, de 08:00 fins a les 19:30 hores ininterrompudament, de dilluns a divendres i a la web\u00a0<strong><a href=\"http:\/\/www.lafarga.com\/\" target=\"_blank\" rel=\"noopener noreferrer\">www.lafarga.com<\/a><\/strong>. Tel\u00e8fon 93 261 52 00.<\/p>\n<p>El Gerent de La Farga, GEM, S.A.<br \/>Manuel P\u00e9rez Gim\u00e9nez<\/p>\n<p>L\u2019Hospitalet, 31 de mar\u00e7 de 2017<\/p>\n<ul>\n<li><a href=\"https:\/\/www.lafarga.com\/corporatiu\/wp-content\/uploads\/2017\/03\/La-Farga-PLECS-ADMINISTRATIUS-SERVEI-AUDITORIAASSESSOR.JURID_.-PROTECCI%C3%93-DADES.pdf\" target=\"_blank\" rel=\"noopener noreferrer\">Plecs administratius contractaci\u00f3 del servei d\u2019auditoria, assessorament jur\u00eddic, adaptaci\u00f3 i actualitzaci\u00f3 a la nova directiva europea en relaci\u00f3 a la protecci\u00f3 de dades.<\/a><\/li>\n<li><a href=\"https:\/\/www.lafarga.com\/corporatiu\/wp-content\/uploads\/2017\/03\/La-Farga-PLECS-T%C3%88CNICS-SERVEI-AUDITORIAASSESSOR.JURID_.-PROTECCI%C3%93-DADES.pdf\" target=\"_blank\" rel=\"noopener noreferrer\">Plecs t\u00e8cnics contractaci\u00f3 del servei d\u2019auditoria, assessorament jur\u00eddic, adaptaci\u00f3 i actualitzaci\u00f3 a la nova directiva europea en relaci\u00f3 a la protecci\u00f3 de dades.<\/a><\/li>\n<li><a href=\"https:\/\/www.lafarga.com\/corporatiu\/wp-content\/uploads\/2017\/04\/La-Farga-CERTIFICAT-SECRET%C3%80RIA-MESA-CONTRACTACI%C3%93.pdf\" target=\"_blank\" rel=\"noopener noreferrer\">Certificat Secret\u00e0ria mesa de contractaci\u00f3<\/a>.<\/li>\n<li><a href=\"https:\/\/www.lafarga.com\/corporatiu\/wp-content\/uploads\/2017\/05\/La-Farga-ACTA-APERTURA-SOBRES-B-i-C-CONCURS-AUDITORIA-PROTECCI%C3%93-DE-DADES.pdf\" target=\"_blank\" rel=\"noopener noreferrer\">Acta obertura sobres B i C\u00a0contractaci\u00f3 del servei d\u2019auditoria, assessorament jur\u00eddic, adaptaci\u00f3 i actualitzaci\u00f3 a la nova directiva europea en relaci\u00f3 a la protecci\u00f3 de dades.<\/a><\/li>\n<li><a href=\"https:\/\/www.lafarga.com\/corporatiu\/wp-content\/uploads\/2017\/05\/La-Farga-ACTA-VALORACI%C3%93-SOBRES-B-i-C-CONCURS-SERVEIS-AUDITORIA-PROTECCI%C3%93-DE-DADES.pdf\" target=\"_blank\" rel=\"noopener noreferrer\">Acta valoraci\u00f3 sobres B i C contractaci\u00f3 del servei d\u2019auditoria, assessorament jur\u00eddic, adaptaci\u00f3 i actualitzaci\u00f3 a la nova directiva europea en relaci\u00f3 a la protecci\u00f3 de dades.<\/a><\/li>\n<li><a href=\"https:\/\/www.lafarga.com\/corporatiu\/wp-content\/uploads\/2017\/05\/La-Farga-RESOLUCI%C3%93-GER%C3%88NCIA-DECLARANT-CLASSIFICADES-OFERTES-CONCURS-AUDITORIA-PROTECCI%C3%93-DADES.pdf\" target=\"_blank\" rel=\"noopener noreferrer\">Resoluci\u00f3 ger\u00e8ncia declarant classificades ofertes\u00a0contractaci\u00f3 del servei d\u2019auditoria, assessorament jur\u00eddic, adaptaci\u00f3 i actualitzaci\u00f3 a la nova directiva europea en relaci\u00f3 a la protecci\u00f3 de dades.<\/a><\/li>\n<li><a href=\"https:\/\/www.lafarga.com\/corporatiu\/wp-content\/uploads\/2017\/05\/La-Farga-RESOLUCI%C3%93-ADJUDICACI%C3%93-DEFINITIVA-SERVEI-AUDITORIA-PROTECCI%C3%93-DE-DADES.pdf\" target=\"_blank\" rel=\"noopener noreferrer\">Resoluci\u00f3 adjudicaci\u00f3 definitiva contractaci\u00f3 del servei d\u2019auditoria, assessorament jur\u00eddic, adaptaci\u00f3 i actualitzaci\u00f3 a la nova directiva europea en relaci\u00f3 a la protecci\u00f3 de dades.<\/a><\/li>\n<\/ul>\n<\/div><\/div>\n\n\n\n<div class=\"wp-block-esab-accordion-child\" style=\"border:1px solid var(--ast-global-color-2)\"><div class=\"esab__head esab__head_reverse\" style=\"padding:10px 10px 10px 20px;background-color:var(--ast-global-color-2)\" role=\"button\" aria-expanded=\"false\"><div class=\"esab__heading_txt\"><h5 class=\"esab__heading_tag\">Contractaci\u00f3 servei de manteniment de la plataforma inform\u00e0tica MAM dels Mitjans de Comunicaci\u00f3 Municipals<\/h5><\/div><div class=\"esab__icon\"><div class=\"esab__collapse\"><svg version=\"1.2\" viewBox=\"0 0 24 24\" width=\"24\" height=\"24\"><path fill-rule=\"evenodd\" d=\"m3.5 20.5c-4.7-4.7-4.7-12.3 0-17 4.7-4.7 12.3-4.7 17 0 4.6 4.7 4.6 12.3 0 17-4.7 4.6-12.3 4.6-17 0zm0.9-0.9c4.2 4.2 11 4.2 15.2 0 4.2-4.2 4.2-11 0-15.2-4.2-4.3-11-4.3-15.2 0-4.3 4.2-4.3 11 0 15.2z\"><\/path><path d=\"m11.4 15.9v-3.3h-3.3c-0.3 0-0.6-0.3-0.6-0.6 0-0.4 0.3-0.6 0.6-0.6h3.3v-3.3c0-0.3 0.3-0.6 0.6-0.6 0.3 0 0.6 0.3 0.6 0.6v3.3h3.3c0.3 0 0.6 0.2 0.6 0.6q0 0.2-0.2 0.4-0.2 0.2-0.4 0.2h-3.3v3.3q0 0.2-0.2 0.4-0.2 0.2-0.4 0.2c-0.4 0-0.6-0.3-0.6-0.6z\"><\/path><\/svg><\/div><div class=\"esab__expand\"><svg version=\"1.2\" viewBox=\"0 0 24 24\" width=\"24\" height=\"24\"><path fill-rule=\"evenodd\" d=\"m12 24c-6.6 0-12-5.4-12-12 0-6.6 5.4-12 12-12 6.6 0 12 5.4 12 12 0 6.6-5.4 12-12 12zm10.6-12c0-5.9-4.7-10.6-10.6-10.6-5.9 0-10.6 4.7-10.6 10.6 0 5.9 4.7 10.6 10.6 10.6 5.9 0 10.6-4.7 10.6-10.6z\"><\/path><path d=\"m5.6 11.3h12.8v1.4h-12.8z\"><\/path><\/svg><\/div><\/div><\/div><div class=\"esab__body\" style=\"border-top:1px solid var(--ast-global-color-2);padding:20px 20px 20px 20px;background-color:var(--ast-global-color-4)\">\n<p>Objecte: La contractaci\u00f3 del servei de manteniment de la plataforma inform\u00e0tica MAM dels Mitjans de Comunicaci\u00f3 Municipals gestionats per aquesta societat municipal.<\/p>\n<p>Valor estimat contracte: 105.000,00\u20ac (CENT CINC MIL EUROS) sense IVA.<\/p>\n<p>Durada del contracte: El contracte tindr\u00e0 una durada de 3 anys, inclosa una pr\u00f2rroga d\u20191 any.<\/p>\n<p>Procediment de selecci\u00f3: Obert no harmonitzat.<\/p>\n<p>Data l\u00edmit presentaci\u00f3 d\u2019ofertes: 08\/03\/2017, a les 14:00 hores.<\/p>\n<p>Obertura p\u00fablica proposicions: 17\/03\/2017, a les 09:30 hores.<\/p>\n<p><strong>Informaci\u00f3 i lloc de presentaci\u00f3<\/strong>:<\/p>\n<p>A les oficines de La Farga, GEM,SA, C. Barcelona, 2 de L\u2019Hospitalet de Llobregat, de 9 a 14h, de dilluns a divendres i a la web\u00a0<a href=\"http:\/\/www.lafarga.com\/\" target=\"_blank\" rel=\"noopener noreferrer\"><strong>www.lafarga.com<\/strong><\/a>. Tel\u00e8fon 93 261 52 00.<\/p>\n<p>El Gerent de La Farga, GEM, S.A.<br \/>Manuel P\u00e9rez Gim\u00e9nez<\/p>\n<p>L\u2019Hospitalet, 22 de febrer de 2017.<\/p>\n<ul>\n<li><a href=\"https:\/\/www.lafarga.com\/corporatiu\/wp-content\/uploads\/2017\/02\/La-Farga-PLECS-ADMINIST.MANTEN.PLATAF.INFORMATICA-MAM.pdf\" target=\"_blank\" rel=\"noopener noreferrer\">Plecs administratius contractaci\u00f3 servei de manteniment de la plataforma inform\u00e0tica MAM dels Mitjans de Comunicaci\u00f3 Municipals.<\/a><\/li>\n<li><a href=\"https:\/\/www.lafarga.com\/corporatiu\/wp-content\/uploads\/2017\/02\/La-Farga-PLECS-T%C3%88CNICS-MANTENIMENT-PLATAFORMA-INFORMATICA-MAM.pdf\" target=\"_blank\" rel=\"noopener noreferrer\">Plecs t\u00e8cnics contractaci\u00f3 servei de manteniment de la plataforma inform\u00e0tica MAM dels Mitjans de Comunicaci\u00f3 Municipals.<\/a><\/li>\n<li><a href=\"https:\/\/www.lafarga.com\/corporatiu\/wp-content\/uploads\/2017\/03\/La-Farga-1%C2%AA-ACTA-APERTURA-SOBRES-A-CONCURS-MANTENIM.PLATAFORMA-INFORMATICA.pdf\" target=\"_blank\" rel=\"noopener noreferrer\">1a acta obertura sobre A\u00a0contractaci\u00f3 servei de manteniment de la plataforma inform\u00e0tica MAM dels Mitjans de Comunicaci\u00f3 Municipals.<\/a><\/li>\n<li><a href=\"https:\/\/www.lafarga.com\/corporatiu\/wp-content\/uploads\/2017\/03\/La-Farga-RESOLUCI%C3%93-CANVI-DATES-APERTURA-SOBRES-B-i-C-MANTENIM.PLATAF.INFORMATICA.pdf\" target=\"_blank\" rel=\"noopener noreferrer\">Resoluci\u00f3 ger\u00e8ncia canvi de dates obertura sobres B i C contractaci\u00f3 servei de manteniment de la plataforma inform\u00e0tica MAM dels Mitjans de Comunicaci\u00f3 Municipals.<\/a><\/li>\n<li><a href=\"https:\/\/www.lafarga.com\/corporatiu\/wp-content\/uploads\/2017\/03\/La-Farga-ACTA-APERTURA-SOBRES-B-C-CONCURS-MANTENIM.PLATAFORMA-INFORMATICA.pdf\" target=\"_blank\" rel=\"noopener noreferrer\">Acta obertura sobres B i C contractaci\u00f3 servei de manteniment de la plataforma inform\u00e0tica MAM dels Mitjans de Comunicaci\u00f3 Municipals.<\/a><\/li>\n<li><a href=\"https:\/\/www.lafarga.com\/corporatiu\/wp-content\/uploads\/2017\/03\/La-Farga-ACTA-DE-VALORACI%C3%93-OFERTES-SERVE-DE-MANTENIMENT-PLATAF.-MAM.pdf\" target=\"_blank\" rel=\"noopener noreferrer\">Acta valoraci\u00f3 ofertes contractaci\u00f3 servei de manteniment de la plataforma inform\u00e0tica MAM dels Mitjans de Comunicaci\u00f3 Municipals.<\/a><\/li>\n<li><a href=\"https:\/\/www.lafarga.com\/corporatiu\/wp-content\/uploads\/2017\/03\/La-Farga-RESOLUCI%C3%93-GER%C3%88NCIA-DECLARANT-CLASSIFICADES-OFERTES-MANTEN.PLATAF.MAM_.pdf\" target=\"_blank\" rel=\"noopener noreferrer\">Resoluci\u00f3 ger\u00e8ncia declarant classificades\u00a0ofertes contractaci\u00f3 servei de manteniment de la plataforma inform\u00e0tica MAM dels Mitjans de Comunicaci\u00f3 Municipals.<\/a><\/li>\n<li><a href=\"https:\/\/www.lafarga.com\/corporatiu\/wp-content\/uploads\/2017\/04\/La-Farga-RESOLUCI%C3%93-GER%C3%88NCIA-ADJUDIC.-DEFINITIVA-MANTENIMENT-PLATAFORMA-INFORM.MAM_.pdf\" target=\"_blank\" rel=\"noopener noreferrer\">Resoluci\u00f3 ger\u00e8ncia adjudicaci\u00f3 definitiva contractaci\u00f3 servei de manteniment de la plataforma inform\u00e0tica MAM dels Mitjans de Comunicaci\u00f3 Municipals.<\/a><\/li>\n<\/ul>\n<\/div><\/div>\n\n\n\n<div class=\"wp-block-esab-accordion-child\" style=\"border:1px solid var(--ast-global-color-2)\"><div class=\"esab__head esab__head_reverse\" style=\"padding:10px 10px 10px 20px;background-color:var(--ast-global-color-2)\" role=\"button\" aria-expanded=\"false\"><div class=\"esab__heading_txt\"><h5 class=\"esab__heading_tag\">Contractaci\u00f3 subministrament equips per renovaci\u00f3 CPD de La Farga, GEM, S.A.<\/h5><\/div><div class=\"esab__icon\"><div class=\"esab__collapse\"><svg version=\"1.2\" viewBox=\"0 0 24 24\" width=\"24\" height=\"24\"><path fill-rule=\"evenodd\" d=\"m3.5 20.5c-4.7-4.7-4.7-12.3 0-17 4.7-4.7 12.3-4.7 17 0 4.6 4.7 4.6 12.3 0 17-4.7 4.6-12.3 4.6-17 0zm0.9-0.9c4.2 4.2 11 4.2 15.2 0 4.2-4.2 4.2-11 0-15.2-4.2-4.3-11-4.3-15.2 0-4.3 4.2-4.3 11 0 15.2z\"><\/path><path d=\"m11.4 15.9v-3.3h-3.3c-0.3 0-0.6-0.3-0.6-0.6 0-0.4 0.3-0.6 0.6-0.6h3.3v-3.3c0-0.3 0.3-0.6 0.6-0.6 0.3 0 0.6 0.3 0.6 0.6v3.3h3.3c0.3 0 0.6 0.2 0.6 0.6q0 0.2-0.2 0.4-0.2 0.2-0.4 0.2h-3.3v3.3q0 0.2-0.2 0.4-0.2 0.2-0.4 0.2c-0.4 0-0.6-0.3-0.6-0.6z\"><\/path><\/svg><\/div><div class=\"esab__expand\"><svg version=\"1.2\" viewBox=\"0 0 24 24\" width=\"24\" height=\"24\"><path fill-rule=\"evenodd\" d=\"m12 24c-6.6 0-12-5.4-12-12 0-6.6 5.4-12 12-12 6.6 0 12 5.4 12 12 0 6.6-5.4 12-12 12zm10.6-12c0-5.9-4.7-10.6-10.6-10.6-5.9 0-10.6 4.7-10.6 10.6 0 5.9 4.7 10.6 10.6 10.6 5.9 0 10.6-4.7 10.6-10.6z\"><\/path><path d=\"m5.6 11.3h12.8v1.4h-12.8z\"><\/path><\/svg><\/div><\/div><\/div><div class=\"esab__body\" style=\"border-top:1px solid var(--ast-global-color-2);padding:20px 20px 20px 20px;background-color:var(--ast-global-color-4)\">\n<p>Objecte: La contractaci\u00f3 dels subministrament dels equips necessaris per dur a terme la renovaci\u00f3 de la infraestructura de la virtualitzaci\u00f3 del Centre de Processament de Dades (CPD) de la societat municipal.<\/p>\n<p>Valor estimat contracte: 32.400,00\u20ac (TRENTA-DOS MIL QUATRE-CENTS EUROS) IVA excl\u00f2s.<\/p>\n<p>Durada del contracte: El contracte tindr\u00e0 una durada m\u00e0xima de 45 dies des de la formalitzaci\u00f3 del contracte.<\/p>\n<p>Procediment de selecci\u00f3: Obert no harmonitzat.<\/p>\n<p>Data l\u00edmit presentaci\u00f3 d\u2019ofertes: 16\/01\/2017, a les 14:00 hores<\/p>\n<p>Obertura p\u00fablica proposicions: 24\/01\/2017, a les 09:00 hores<\/p>\n<p><strong>Informaci\u00f3 i lloc de presentaci\u00f3<\/strong>:<\/p>\n<p>A les oficines de La Farga, GEM,SA, C. Barcelona, 2 de L\u2019Hospitalet de Llobregat, de 9 a 14h, de dilluns a divendres i a la web\u00a0<a href=\"http:\/\/www.lafarga.com\/\" target=\"_blank\" rel=\"noopener noreferrer\"><strong>www.lafarga.com<\/strong><\/a>. Tel\u00e8fon 93 261 52 00.<\/p>\n<p>El Gerent de La Farga, GEM,S.A.<br \/>Manuel P\u00e9rez Gim\u00e9nez<\/p>\n<p>L\u2019Hospitalet, 27 de desembre de 2016.<\/p>\n<ul>\n<li><a href=\"https:\/\/www.lafarga.com\/corporatiu\/wp-content\/uploads\/2017\/01\/La-Farga-PLECS-ADMINIST.SUBMINIST.INFRAESTRUCT.VIRTUALITZ.CPD_.pdf\" target=\"_blank\" rel=\"noopener noreferrer\">Plecs administratius\u00a0contractaci\u00f3 subministrament equips per renovaci\u00f3 CPD de La Farga, GEM, S.A.<\/a><\/li>\n<li><a href=\"https:\/\/www.lafarga.com\/corporatiu\/wp-content\/uploads\/2017\/01\/La-Farga-PLECS-T%C3%88CNICS-SUBMINIST.INFRAESTRUCT.-VIRTUALITZ.-CPD.pdf\" target=\"_blank\" rel=\"noopener noreferrer\">Plecs t\u00e8cnics contractaci\u00f3 subministrament equips per renovaci\u00f3 CPD de La Farga, GEM, S.A.<\/a><\/li>\n<li><a href=\"https:\/\/www.lafarga.com\/corporatiu\/wp-content\/uploads\/2017\/01\/La-Farga-1%C2%AA-ACTA-OBERTURA-SOBRES-A-CONCURS-RENOVACI%C3%93-INFRAEST.-CPD.pdf\" target=\"_blank\" rel=\"noopener noreferrer\">Acta obertura sobre A contractaci\u00f3 subministrament equips per renovaci\u00f3 CPD de La Farga, GEM, S.A.<\/a><\/li>\n<li><a href=\"https:\/\/www.lafarga.com\/corporatiu\/wp-content\/uploads\/2017\/01\/La-Farga-4-2017-RESOLUCI%C3%93-GER%C3%88NCIA-MESA-CONTRACTACI%C3%93.pdf\" target=\"_blank\" rel=\"noopener noreferrer\">Acta resoluci\u00f3 ger\u00e8ncia\u00a0contractaci\u00f3 subministrament equips per renovaci\u00f3 CPD de La Farga, GEM, S.A.<\/a><\/li>\n<li><a href=\"https:\/\/www.lafarga.com\/corporatiu\/wp-content\/uploads\/2017\/02\/La-Farga-2%C2%AA-ACTA-APERTURA-SOBRES-B-RENOVACI%C3%93-INFRAESTRUCTURA-CPD.pdf\" target=\"_blank\" rel=\"noopener noreferrer\">Acta obertura sobre B contractaci\u00f3 subministrament equips per renovaci\u00f3 CPD de La Farga, GEM, S.A.<\/a><\/li>\n<li><a href=\"https:\/\/www.lafarga.com\/corporatiu\/wp-content\/uploads\/2017\/02\/La-Farga-ACTA-DE-VALORACI%C3%93-OFERTES-ECON.SUBMINISTR.INFRAESTR.VIRTUALITZ.CPD_.pdf\" target=\"_blank\" rel=\"noopener noreferrer\">Acta valoraci\u00f3 ofertes econ\u00f2miques contractaci\u00f3 subministrament equips per renovaci\u00f3 CPD de La Farga, GEM, S.A.<\/a><\/li>\n<li><a href=\"https:\/\/www.lafarga.com\/corporatiu\/wp-content\/uploads\/2017\/02\/La-Farga-RESOLUCI%C3%93-DECLARANT-CLASSIFICADES-OFERTES-RENOV.INFRAEST.-CPD-Lot-1.pdf\" target=\"_blank\" rel=\"noopener noreferrer\">Resoluci\u00f3 declarant clasificades ofertes\u00a0contractaci\u00f3 subministrament equips per renovaci\u00f3 CPD de La Farga, GEM, S.A. (Lot 1).<\/a><\/li>\n<li><a href=\"https:\/\/www.lafarga.com\/corporatiu\/wp-content\/uploads\/2017\/02\/La-Farga-RESOLUCI%C3%93-DECLARANT-CLASSIFICADES-OFERTES-RENOV.INFRAEST.CPD-Lot-2.pdf\" target=\"_blank\" rel=\"noopener noreferrer\">Resoluci\u00f3 declarant clasificades ofertes contractaci\u00f3 subministrament equips per renovaci\u00f3 CPD de La Farga, GEM, S.A. (Lot 2).<\/a><\/li>\n<li><a href=\"https:\/\/www.lafarga.com\/corporatiu\/wp-content\/uploads\/2017\/02\/La-Farga-RESOLUCI%C3%93-DECLARANT-CLASSIFICADES-OFERTES-RENOV.INFRAEST.CPD-Lot-3.pdf\" target=\"_blank\" rel=\"noopener noreferrer\">Resoluci\u00f3 declarant clasificades ofertes contractaci\u00f3 subministrament equips per renovaci\u00f3 CPD de La Farga, GEM, S.A. (Lot 3).<\/a><\/li>\n<li><a href=\"https:\/\/www.lafarga.com\/corporatiu\/wp-content\/uploads\/2017\/03\/La-Farga-RESOLUCI%C3%93-ADJUDICACI%C3%93-DEFINITIVA-RENOVACI%C3%93-INFRAESTRUCT.CPD-LOT-2.pdf\" target=\"_blank\" rel=\"noopener noreferrer\">Resoluci\u00f3 adjudicaci\u00f3 definitiva contractaci\u00f3 subministrament equips per renovaci\u00f3 CPD de La Farga, GEM, S.A. (Lot 2).<\/a><\/li>\n<li><a href=\"https:\/\/www.lafarga.com\/corporatiu\/wp-content\/uploads\/2017\/03\/La-Farga-RESOLUCIO-ADJUDICACIO-DEFINITIVA-RENOVACIO-INFRAESTRUCT-CPD-LOT-3.pdf\" target=\"_blank\" rel=\"noopener noreferrer\">Resoluci\u00f3 adjudicaci\u00f3 definitiva contractaci\u00f3 subministrament equips per renovaci\u00f3 CPD de La Farga, GEM, S.A. (Lot 3).<\/a><\/li>\n<li><a href=\"https:\/\/www.lafarga.com\/corporatiu\/wp-content\/uploads\/2017\/03\/La-Farga-RESOL.ADJUD_.DEFINITIVA-SUBMIN.INFRAEST.VIRTUALIT.CPDLOT-1.pdf\" target=\"_blank\" rel=\"noopener noreferrer\">Resoluci\u00f3 adjudicaci\u00f3 definitiva contractaci\u00f3 subministrament equips per renovaci\u00f3 CPD de La Farga, GEM, S.A. (Lot 1).<\/a><\/li>\n<\/ul>\n<\/div><\/div>\n\n\n\n<div class=\"wp-block-esab-accordion-child\" style=\"border:1px solid var(--ast-global-color-2)\"><div class=\"esab__head esab__head_reverse\" style=\"padding:10px 10px 10px 20px;background-color:var(--ast-global-color-2)\" role=\"button\" aria-expanded=\"false\"><div class=\"esab__heading_txt\"><h5 class=\"esab__heading_tag\">Contractaci\u00f3 serveis de vigil\u00e0ncia de la salut i reconeixement m\u00e8dic de La Farga, GEM, S.A.<\/h5><\/div><div class=\"esab__icon\"><div class=\"esab__collapse\"><svg version=\"1.2\" viewBox=\"0 0 24 24\" width=\"24\" height=\"24\"><path fill-rule=\"evenodd\" d=\"m3.5 20.5c-4.7-4.7-4.7-12.3 0-17 4.7-4.7 12.3-4.7 17 0 4.6 4.7 4.6 12.3 0 17-4.7 4.6-12.3 4.6-17 0zm0.9-0.9c4.2 4.2 11 4.2 15.2 0 4.2-4.2 4.2-11 0-15.2-4.2-4.3-11-4.3-15.2 0-4.3 4.2-4.3 11 0 15.2z\"><\/path><path d=\"m11.4 15.9v-3.3h-3.3c-0.3 0-0.6-0.3-0.6-0.6 0-0.4 0.3-0.6 0.6-0.6h3.3v-3.3c0-0.3 0.3-0.6 0.6-0.6 0.3 0 0.6 0.3 0.6 0.6v3.3h3.3c0.3 0 0.6 0.2 0.6 0.6q0 0.2-0.2 0.4-0.2 0.2-0.4 0.2h-3.3v3.3q0 0.2-0.2 0.4-0.2 0.2-0.4 0.2c-0.4 0-0.6-0.3-0.6-0.6z\"><\/path><\/svg><\/div><div class=\"esab__expand\"><svg version=\"1.2\" viewBox=\"0 0 24 24\" width=\"24\" height=\"24\"><path fill-rule=\"evenodd\" d=\"m12 24c-6.6 0-12-5.4-12-12 0-6.6 5.4-12 12-12 6.6 0 12 5.4 12 12 0 6.6-5.4 12-12 12zm10.6-12c0-5.9-4.7-10.6-10.6-10.6-5.9 0-10.6 4.7-10.6 10.6 0 5.9 4.7 10.6 10.6 10.6 5.9 0 10.6-4.7 10.6-10.6z\"><\/path><path d=\"m5.6 11.3h12.8v1.4h-12.8z\"><\/path><\/svg><\/div><\/div><\/div><div class=\"esab__body\" style=\"border-top:1px solid var(--ast-global-color-2);padding:20px 20px 20px 20px;background-color:var(--ast-global-color-4)\">\n<p>Objecte: La\u00a0contractaci\u00f3 dels serveis de vigil\u00e0ncia de la salut i reconeixement m\u00e8dic de La Farga, GEM, S.A.<\/p>\n<p>Valor estimat contracte: 12.450,00 \u20ac (DOTZE MIL QUATRE-CENTS CINQUANTA EUROS) exempt d\u2019IVA.<\/p>\n<p>Durada del contracte: El contracte tindr\u00e0 una durada de 3 anys, inclosa un pr\u00f2rroga d\u20191 any.<\/p>\n<p>Procediment de selecci\u00f3: Obert no harmonitzat.<\/p>\n<p>Data l\u00edmit presentaci\u00f3 d\u2019ofertes: 16\/01\/2017, a les 14:00 hores.<\/p>\n<p>Obertura p\u00fablica proposicions: 24\/01\/2017, a les 09:30 hores.<\/p>\n<p><strong>Informaci\u00f3 i lloc de presentaci\u00f3<\/strong>:<\/p>\n<p>A les oficines de La Farga, GEM,SA, C. Barcelona, 2 de L\u2019Hospitalet de Llobregat, de 9 a 14h, de dilluns a divendres i a la web\u00a0<strong><a href=\"http:\/\/www.lafarga.com\/\" target=\"_blank\" rel=\"noopener noreferrer\">www.lafarga.com<\/a><\/strong>\u00a0. Tel\u00e8fon 93 261 52 00.<\/p>\n<p>El Gerent de La Farga, GEM, S.A.<br \/>Manuel P\u00e9rez Gim\u00e9nez<\/p>\n<p>L\u2019Hospitalet, 27 de desembre de 2016.<\/p>\n<ul>\n<li><a href=\"https:\/\/www.lafarga.com\/corporatiu\/wp-content\/uploads\/2017\/01\/La-Farga-PLECS-ADMINS.SERVEIS-VIGIL%C3%80NCIA-DE-LA-SALUT.pdf\" target=\"_blank\" rel=\"noopener noreferrer\">Plecs administratius\u00a0contractaci\u00f3 dels serveis de vigil\u00e0ncia de la salut i reconeixement m\u00e8dic de La Farga, GEM, S.A.<\/a><\/li>\n<li><a href=\"https:\/\/www.lafarga.com\/corporatiu\/wp-content\/uploads\/2017\/01\/La-Farga-PLECS-T%C3%88CNICS-SERVEIS-VIGIL%C3%80NCIA-DE-LA-SALUT.pdf\" target=\"_blank\" rel=\"noopener noreferrer\">Plecs t\u00e8cnics contractaci\u00f3 dels serveis de vigil\u00e0ncia de la salut i reconeixement m\u00e8dic de La Farga, GEM, S.A.<\/a><\/li>\n<li><a href=\"https:\/\/www.lafarga.com\/corporatiu\/wp-content\/uploads\/2017\/01\/La-Farga-ACTA-APERTURA-SOBRES-A-VIGIL%C3%80NCIA-DE-LA-SALUT.pdf\" target=\"_blank\" rel=\"noopener noreferrer\">Acta obertura sobre A\u00a0contractaci\u00f3 dels serveis de vigil\u00e0ncia de la salut i reconeixement m\u00e8dic de La Farga, GEM, S.A.<\/a><\/li>\n<li><a href=\"https:\/\/www.lafarga.com\/corporatiu\/wp-content\/uploads\/2017\/01\/La-Farga-2%C2%AA-ACTA-OBERTURA-SOBRES-B-i-C-VIGIL%C3%80NCIA-DE-LA-SALUT.pdf\" target=\"_blank\" rel=\"noopener noreferrer\">Acta obertura sobres B i C contractaci\u00f3 dels serveis de vigil\u00e0ncia de la salut i reconeixement m\u00e8dic de La Farga, GEM, S.A.<\/a><\/li>\n<li><a href=\"https:\/\/www.lafarga.com\/corporatiu\/wp-content\/uploads\/2017\/02\/La-Farga-ACTA-DE-VALORACI%C3%93-SERVEI-DE-VIGIL%C3%81NCIA-DE-LA-SALUT.pdf\" target=\"_blank\" rel=\"noopener noreferrer\">Acta de valoraci\u00f3 contractaci\u00f3 dels serveis de vigil\u00e0ncia de la salut i reconeixement m\u00e8dic de La Farga, GEM, S.A.<\/a><\/li>\n<li><a href=\"https:\/\/www.lafarga.com\/corporatiu\/wp-content\/uploads\/2017\/02\/La-Farga-RESOLUCI%C3%93-DECLARANT-CLASSIFICADES-OFERTES-SERVEIS-VIGIL%C3%80NCIA-DE-LA-SALUT.pdf\" target=\"_blank\" rel=\"noopener noreferrer\">Acta resoluci\u00f3 declarant classificades ofertes contractaci\u00f3 dels serveis de vigil\u00e0ncia de la salut i reconeixement m\u00e8dic de La Farga, GEM, S.A.<\/a><\/li>\n<li><a href=\"https:\/\/www.lafarga.com\/corporatiu\/wp-content\/uploads\/2017\/02\/La-Farga-RESOLUCI%C3%93-ADJUDICACI%C3%93-DEFINITIVA-SERVEI-VIGIL%C3%80NCIA-DE-LA-SALUT.pdf\" target=\"_blank\" rel=\"noopener noreferrer\">Acta resoluci\u00f3 adjudicaci\u00f3 definitiva contractaci\u00f3 dels serveis de vigil\u00e0ncia de la salut i reconeixement m\u00e8dic de La Farga, GEM, S.A.<\/a><\/li>\n<\/ul>\n<\/div><\/div>\n\n\n\n<div class=\"wp-block-esab-accordion-child\" style=\"border:1px solid var(--ast-global-color-2)\"><div class=\"esab__head esab__head_reverse\" style=\"padding:10px 10px 10px 20px;background-color:var(--ast-global-color-2)\" role=\"button\" aria-expanded=\"false\"><div class=\"esab__heading_txt\"><h5 class=\"esab__heading_tag\">Contractaci\u00f3 serveis de prevenci\u00f3 ali\u00e8 de riscos laborals de La Farga, GEM, S.A.<\/h5><\/div><div class=\"esab__icon\"><div class=\"esab__collapse\"><svg version=\"1.2\" viewBox=\"0 0 24 24\" width=\"24\" height=\"24\"><path fill-rule=\"evenodd\" d=\"m3.5 20.5c-4.7-4.7-4.7-12.3 0-17 4.7-4.7 12.3-4.7 17 0 4.6 4.7 4.6 12.3 0 17-4.7 4.6-12.3 4.6-17 0zm0.9-0.9c4.2 4.2 11 4.2 15.2 0 4.2-4.2 4.2-11 0-15.2-4.2-4.3-11-4.3-15.2 0-4.3 4.2-4.3 11 0 15.2z\"><\/path><path d=\"m11.4 15.9v-3.3h-3.3c-0.3 0-0.6-0.3-0.6-0.6 0-0.4 0.3-0.6 0.6-0.6h3.3v-3.3c0-0.3 0.3-0.6 0.6-0.6 0.3 0 0.6 0.3 0.6 0.6v3.3h3.3c0.3 0 0.6 0.2 0.6 0.6q0 0.2-0.2 0.4-0.2 0.2-0.4 0.2h-3.3v3.3q0 0.2-0.2 0.4-0.2 0.2-0.4 0.2c-0.4 0-0.6-0.3-0.6-0.6z\"><\/path><\/svg><\/div><div class=\"esab__expand\"><svg version=\"1.2\" viewBox=\"0 0 24 24\" width=\"24\" height=\"24\"><path fill-rule=\"evenodd\" d=\"m12 24c-6.6 0-12-5.4-12-12 0-6.6 5.4-12 12-12 6.6 0 12 5.4 12 12 0 6.6-5.4 12-12 12zm10.6-12c0-5.9-4.7-10.6-10.6-10.6-5.9 0-10.6 4.7-10.6 10.6 0 5.9 4.7 10.6 10.6 10.6 5.9 0 10.6-4.7 10.6-10.6z\"><\/path><path d=\"m5.6 11.3h12.8v1.4h-12.8z\"><\/path><\/svg><\/div><\/div><\/div><div class=\"esab__body\" style=\"border-top:1px solid var(--ast-global-color-2);padding:20px 20px 20px 20px;background-color:var(--ast-global-color-4)\">\n<p>Objecte: La contractaci\u00f3 dels serveis de prevenci\u00f3 ali\u00e8 de riscos laborals de La Farga, GEM, S.A.<\/p>\n<p>Valor estimat contracte: 14.800,00 \u20ac (CATORZE MIL VUIT-CENTS EUROS) IVA excl\u00f2s.<\/p>\n<p>Durada del contracte: El contracte tindr\u00e0 una durada de 3 anys, inclosa un pr\u00f2rroga d\u20191 any.<\/p>\n<p>Procediment de selecci\u00f3: Obert no harmonitzat.<\/p>\n<p>Data l\u00edmit presentaci\u00f3 d\u2019ofertes: 16\/01\/2017, a les 14:00 hores.<\/p>\n<p>Obertura p\u00fablica proposicions: 24\/01\/2017, a les 09:15 hores.<\/p>\n<p><strong>Informaci\u00f3 i lloc de presentaci\u00f3<\/strong>:<\/p>\n<p>A les oficines de La Farga, GEM,SA, C. Barcelona, 2 de L\u2019Hospitalet de Llobregat, de 9 a 14h, de dilluns a divendres i a la web\u00a0<a href=\"http:\/\/www.lafarga.com\/\" target=\"_blank\" rel=\"noopener noreferrer\"><strong>www.lafarga.com<\/strong><\/a>. Tel\u00e8fon 93 261 52 00.<\/p>\n<p>El Gerent de La Farga, GEM, S.A.<br \/>Manuel P\u00e9rez Gim\u00e9nez<\/p>\n<p>L\u2019Hospitalet, 27 de desembre de 2016.<\/p>\n<ul>\n<li><a href=\"https:\/\/www.lafarga.com\/corporatiu\/wp-content\/uploads\/2017\/01\/La-Farga-PLECS-ADMIN.-SERVEIS-PREVENCI%C3%93-ALI%C3%88-RISCOS-LABORALS.pdf\" target=\"_blank\" rel=\"noopener noreferrer\">Plecs administratius\u00a0contractaci\u00f3 dels serveis de prevenci\u00f3 ali\u00e8 de riscos laborals de La Farga, GEM, S.A.<\/a><\/li>\n<li><a href=\"https:\/\/www.lafarga.com\/corporatiu\/wp-content\/uploads\/2017\/01\/La-Farga-PLECS-T%C3%88CNICS-SERVEIS-PREVENCI%C3%93-ALI%C3%88-RISCOS-LABORALS.pdf\" target=\"_blank\" rel=\"noopener noreferrer\">Plecs t\u00e8cnics contractaci\u00f3 dels serveis de prevenci\u00f3 ali\u00e8 de riscos laborals de La Farga, GEM, S.A.<\/a><\/li>\n<li><a href=\"https:\/\/www.lafarga.com\/corporatiu\/wp-content\/uploads\/2017\/01\/La-Farga-ACTA-APERTURA-SOBRES-A-PREVENCI%C3%93-RISCOS-LABORALS.pdf\" target=\"_blank\" rel=\"noopener noreferrer\">Acta obertura sobre A\u00a0contractaci\u00f3 dels serveis de prevenci\u00f3 ali\u00e8 de riscos laborals de La Farga, GEM, S.A.<\/a><\/li>\n<li><a href=\"https:\/\/www.lafarga.com\/corporatiu\/wp-content\/uploads\/2017\/01\/La-Farga-2%C2%AA-ACTA-OBERTURA-SOBRES-B-i-C-PREVENCI%C3%93-RISCOS-LABORALS.pdf\" target=\"_blank\" rel=\"noopener noreferrer\">Acta obertura sobres B i C contractaci\u00f3 dels serveis de prevenci\u00f3 ali\u00e8 de riscos laborals de La Farga, GEM, S.A.<\/a><\/li>\n<li><a href=\"https:\/\/www.lafarga.com\/corporatiu\/wp-content\/uploads\/2017\/02\/La-Farga-ACTA-DE-VALORACI%C3%93-SERVEI-DE-PREVENCI%C3%93-RISCOS-LABORALS.pdf\" target=\"_blank\" rel=\"noopener noreferrer\">Acta de valoraci\u00f3\u00a0contractaci\u00f3 dels serveis de prevenci\u00f3 ali\u00e8 de riscos laborals de La Farga, GEM, S.A.<\/a><\/li>\n<li><a href=\"https:\/\/www.lafarga.com\/corporatiu\/wp-content\/uploads\/2017\/02\/La-Farga-9-2017-DECLARAR-CLASSIF.OFERTES-SERVEI-PREVENCI%C3%93-RISCOS-LABORALS.pdf\" target=\"_blank\" rel=\"noopener noreferrer\">Acta resoluci\u00f3 declarant classificades ofertes\u00a0contractaci\u00f3 dels serveis de prevenci\u00f3 ali\u00e8 de riscos laborals de La Farga, GEM, S.A.<\/a><\/li>\n<li><a href=\"https:\/\/www.lafarga.com\/corporatiu\/wp-content\/uploads\/2017\/02\/La-Farga-RESOLUCI%C3%93-ADJUDICACI%C3%93-DEFINITIVA-SERVEI-PREVENCI%C3%93-ALI%C3%88-RISCOS-LABORALS.pdf\" target=\"_blank\" rel=\"noopener noreferrer\">Acta resoluci\u00f3 adjudicaci\u00f3 definitiva contractaci\u00f3 dels serveis de prevenci\u00f3 ali\u00e8 de riscos laborals de La Farga, GEM, S.A.<\/a><\/li>\n<\/ul>\n<\/div><\/div>\n\n\n\n<div class=\"wp-block-esab-accordion-child\" style=\"border:1px solid var(--ast-global-color-2)\"><div class=\"esab__head esab__head_reverse\" style=\"padding:10px 10px 10px 20px;background-color:var(--ast-global-color-2)\" role=\"button\" aria-expanded=\"false\"><div class=\"esab__heading_txt\"><h5 class=\"esab__heading_tag\">Contractaci\u00f3 dels serveis d\u2019auxiliar de control per a La Farga, GEM, S.A.<\/h5><\/div><div class=\"esab__icon\"><div class=\"esab__collapse\"><svg version=\"1.2\" viewBox=\"0 0 24 24\" width=\"24\" height=\"24\"><path fill-rule=\"evenodd\" d=\"m3.5 20.5c-4.7-4.7-4.7-12.3 0-17 4.7-4.7 12.3-4.7 17 0 4.6 4.7 4.6 12.3 0 17-4.7 4.6-12.3 4.6-17 0zm0.9-0.9c4.2 4.2 11 4.2 15.2 0 4.2-4.2 4.2-11 0-15.2-4.2-4.3-11-4.3-15.2 0-4.3 4.2-4.3 11 0 15.2z\"><\/path><path d=\"m11.4 15.9v-3.3h-3.3c-0.3 0-0.6-0.3-0.6-0.6 0-0.4 0.3-0.6 0.6-0.6h3.3v-3.3c0-0.3 0.3-0.6 0.6-0.6 0.3 0 0.6 0.3 0.6 0.6v3.3h3.3c0.3 0 0.6 0.2 0.6 0.6q0 0.2-0.2 0.4-0.2 0.2-0.4 0.2h-3.3v3.3q0 0.2-0.2 0.4-0.2 0.2-0.4 0.2c-0.4 0-0.6-0.3-0.6-0.6z\"><\/path><\/svg><\/div><div class=\"esab__expand\"><svg version=\"1.2\" viewBox=\"0 0 24 24\" width=\"24\" height=\"24\"><path fill-rule=\"evenodd\" d=\"m12 24c-6.6 0-12-5.4-12-12 0-6.6 5.4-12 12-12 6.6 0 12 5.4 12 12 0 6.6-5.4 12-12 12zm10.6-12c0-5.9-4.7-10.6-10.6-10.6-5.9 0-10.6 4.7-10.6 10.6 0 5.9 4.7 10.6 10.6 10.6 5.9 0 10.6-4.7 10.6-10.6z\"><\/path><path d=\"m5.6 11.3h12.8v1.4h-12.8z\"><\/path><\/svg><\/div><\/div><\/div><div class=\"esab__body\" style=\"border-top:1px solid var(--ast-global-color-2);padding:20px 20px 20px 20px;background-color:var(--ast-global-color-4)\">\n<p>Objecte:\u00a0La contractaci\u00f3 dels serveis d\u2019auxiliar de control per a La Farga, GEM, S.A.<\/p>\n<p>Valor estimat contracte: 40.680,00 \u20ac (QUARANTA MIL SIS-CENTS VUITANTA EUROS) IVA excl\u00f2s.<\/p>\n<p>Durada del contracte: El contracte tindr\u00e0 una durada de 2 anys m\u00e9s una possible pr\u00f2rroga d\u20191 any.<\/p>\n<p>Procediment de selecci\u00f3: Obert no harmonitzat.<\/p>\n<p>Data l\u00edmit presentaci\u00f3 d\u2019ofertes: 05\/12\/2016, a les 14:00 hores<\/p>\n<p>Obertura p\u00fablica proposicions: 19\/12\/2016, a les 10:00 hores<\/p>\n<p><strong>Informaci\u00f3 i lloc de presentaci\u00f3<\/strong>:<\/p>\n<p>A les oficines de La Farga, GEM,SA, C. Barcelona, 2 de L\u2019Hospitalet de Llobregat, de 8:00h a 14:00h, de dilluns a divendres i a la web\u00a0<strong><a href=\"http:\/\/www.lafarga.com\/\" target=\"_blank\" rel=\"noopener noreferrer\">www.lafarga.com<\/a><\/strong>. Tel\u00e8fon 93 261 52 00.<\/p>\n<p>El Gerent de La Farga, GEM,SA<br \/>Manuel P\u00e9rez Gim\u00e9nez<\/p>\n<p>L\u2019Hospitalet, 18 de novembre de 2016.<\/p>\n<ul>\n<li><a href=\"https:\/\/www.lafarga.com\/corporatiu\/wp-content\/uploads\/2016\/11\/La-Farga-PLECS-ADMINISTRATIUS-AUXILIARS-CONTROL-LA-FARGA.pdf\" target=\"_blank\" rel=\"noopener noreferrer\">Plecs administratius\u00a0auxiliars de control La Farga, GEM, SA.<\/a><\/li>\n<li><a href=\"https:\/\/www.lafarga.com\/corporatiu\/wp-content\/uploads\/2016\/11\/La-Farga-PLECS-T%C3%88CNICS-AUXILIARS-CONTROL-LA-FARGA.pdf\" target=\"_blank\" rel=\"noopener noreferrer\">Plecs t\u00e8cnics auxiliars de control La Farga, GEM, SA.<\/a><\/li>\n<li><a href=\"https:\/\/www.lafarga.com\/corporatiu\/wp-content\/uploads\/2016\/12\/La-Farga-ACTA-APERTURA-SOBRES-A-AUXILIARS-CONTROL-PER-A-LA-FARGA.pdf\" target=\"_blank\" rel=\"noopener noreferrer\">Acta obertura sobres A auxiliars de control La Farga, GEM, SA.<\/a><\/li>\n<li><a href=\"https:\/\/www.lafarga.com\/corporatiu\/wp-content\/uploads\/2016\/12\/La-Farga-ACTA-APERT.SOBRES-B-i-C-AUX.CONTROL-RECEPCI%C3%93-FARGA.pdf\" target=\"_blank\" rel=\"noopener noreferrer\">Acta obertura\u00a0sobres B i C auxiliars de control La Farga, GEM, SA.<br \/><\/a><\/li>\n<li><a href=\"https:\/\/www.lafarga.com\/corporatiu\/wp-content\/uploads\/2017\/01\/La-Farga-ACTA-VALORACI%C3%93-CONTRACTE-AUXILIARS-CONTROL-LA-FARGA.pdf\" target=\"_blank\" rel=\"noopener noreferrer\">Acta valoraci\u00f3 contractaci\u00f3\u00a0auxiliars de control La Farga, GEM, SA.<\/a><\/li>\n<li><a href=\"https:\/\/www.lafarga.com\/corporatiu\/wp-content\/uploads\/2017\/01\/La-Farga-RESOLUCI%C3%93-DECLARANT-CLASSIFICADES-OFERTES-AUXILIARS-CONTROL-LA-FARGA.pdf\" target=\"_blank\" rel=\"noopener noreferrer\">Resoluci\u00f3 ger\u00e8ncia declarant classificades ofertes\u00a0auxiliars de control La Farga, GEM, SA.<\/a><\/li>\n<li><a href=\"https:\/\/www.lafarga.com\/corporatiu\/wp-content\/uploads\/2017\/02\/La-Farga-RESOLUCI%C3%93-ADJUDICACI%C3%93-DEFINITIVA-AUXILIARS-CONTROL-LA-FARGA.pdf\" target=\"_blank\" rel=\"noopener noreferrer\">Acta resoluci\u00f3 adjudicaci\u00f3 definitiva\u00a0contractaci\u00f3 auxiliars de control La Farga, GEM, SA.<\/a><\/li>\n<\/ul>\n<\/div><\/div>\n\n\n\n<div class=\"wp-block-esab-accordion-child\" style=\"border:1px solid var(--ast-global-color-2)\"><div class=\"esab__head esab__head_reverse\" style=\"padding:10px 10px 10px 20px;background-color:var(--ast-global-color-2)\" role=\"button\" aria-expanded=\"false\"><div class=\"esab__heading_txt\"><h5 class=\"esab__heading_tag\">Contractaci\u00f3 dels serveis d\u2019auxiliar de control als aparcaments de rotaci\u00f3 hor\u00e0ria de Collblanc i Vidrieries gestionats per La Farga, GEM, S.A.<\/h5><\/div><div class=\"esab__icon\"><div class=\"esab__collapse\"><svg version=\"1.2\" viewBox=\"0 0 24 24\" width=\"24\" height=\"24\"><path fill-rule=\"evenodd\" d=\"m3.5 20.5c-4.7-4.7-4.7-12.3 0-17 4.7-4.7 12.3-4.7 17 0 4.6 4.7 4.6 12.3 0 17-4.7 4.6-12.3 4.6-17 0zm0.9-0.9c4.2 4.2 11 4.2 15.2 0 4.2-4.2 4.2-11 0-15.2-4.2-4.3-11-4.3-15.2 0-4.3 4.2-4.3 11 0 15.2z\"><\/path><path d=\"m11.4 15.9v-3.3h-3.3c-0.3 0-0.6-0.3-0.6-0.6 0-0.4 0.3-0.6 0.6-0.6h3.3v-3.3c0-0.3 0.3-0.6 0.6-0.6 0.3 0 0.6 0.3 0.6 0.6v3.3h3.3c0.3 0 0.6 0.2 0.6 0.6q0 0.2-0.2 0.4-0.2 0.2-0.4 0.2h-3.3v3.3q0 0.2-0.2 0.4-0.2 0.2-0.4 0.2c-0.4 0-0.6-0.3-0.6-0.6z\"><\/path><\/svg><\/div><div class=\"esab__expand\"><svg version=\"1.2\" viewBox=\"0 0 24 24\" width=\"24\" height=\"24\"><path fill-rule=\"evenodd\" d=\"m12 24c-6.6 0-12-5.4-12-12 0-6.6 5.4-12 12-12 6.6 0 12 5.4 12 12 0 6.6-5.4 12-12 12zm10.6-12c0-5.9-4.7-10.6-10.6-10.6-5.9 0-10.6 4.7-10.6 10.6 0 5.9 4.7 10.6 10.6 10.6 5.9 0 10.6-4.7 10.6-10.6z\"><\/path><path d=\"m5.6 11.3h12.8v1.4h-12.8z\"><\/path><\/svg><\/div><\/div><\/div><div class=\"esab__body\" style=\"border-top:1px solid var(--ast-global-color-2);padding:20px 20px 20px 20px;background-color:var(--ast-global-color-4)\">\n<p>Objecte: La contractaci\u00f3 dels serveis d\u2019auxiliar de control als aparcaments de rotaci\u00f3 hor\u00e0ria de Collblanc i Vidrieries gestionats per La Farga, GEM, S.A.<\/p>\n<p>Valor estimat contracte: 141.460,00\u20ac (CENT QUARANTA-UN MIL QUATRE-CENTS SEIXANTA EUROS) IVA excl\u00f2s.<\/p>\n<p>Durada del contracte: El contracte tindr\u00e0 una durada d\u20191 any m\u00e9s una possible pr\u00f2rroga d\u20191 any m\u00e9s.<\/p>\n<p>Procediment de selecci\u00f3: Obert no harmonitzat.<\/p>\n<p>Data l\u00edmit presentaci\u00f3 d\u2019ofertes: 05\/12\/2016, a les 14:00 hores<\/p>\n<p>Obertura p\u00fablica proposicions: 19\/12\/2016, a les 09:30 hores<\/p>\n<p><strong>Informaci\u00f3 i lloc de presentaci\u00f3<\/strong>:<\/p>\n<p>A les oficines de La Farga, GEM,SA, C. Barcelona, 2 de L\u2019Hospitalet de Llobregat, de 8:00h a 14:00h, de dilluns a divendres i a la web\u00a0<strong><a href=\"http:\/\/www.lafarga.com\/\" target=\"_blank\" rel=\"noopener noreferrer\">www.lafarga.com<\/a><\/strong>. Tel\u00e8fon 93 261 52 00.<\/p>\n<p>El Gerent de La Farga, GEM,S.A.<br \/>Manuel P\u00e9rez Gim\u00e9nez<\/p>\n<p>L\u2019Hospitalet, 18 de novembre de 2016.<\/p>\n<ul>\n<li><a href=\"https:\/\/www.lafarga.com\/corporatiu\/wp-content\/uploads\/2016\/11\/PLECS-ADMINIST.-AUXILIARS-CONTROL-APARC.COLLBLANC-VIDRIERIES.pdf\" target=\"_blank\" rel=\"noopener noreferrer\">Plecs administratius serveis d\u2019auxiliar de control als aparcaments de rotaci\u00f3 hor\u00e0ria de Collblanc i Vidrieries<\/a>.<\/li>\n<li><a href=\"https:\/\/www.lafarga.com\/corporatiu\/wp-content\/uploads\/2016\/11\/PLECS-T%C3%88CNICS-AUXILIARS-CONTROL-APARC.-COLLBLANC-VIDRIERIES.pdf\" target=\"_blank\" rel=\"noopener noreferrer\">Plecs t\u00e8cnics serveis d\u2019auxiliar de control als aparcaments de rotaci\u00f3 hor\u00e0ria de Collblanc i Vidrieries<\/a>.<\/li>\n<li><a href=\"https:\/\/www.lafarga.com\/corporatiu\/wp-content\/uploads\/2016\/12\/la-Farga-ACTA-APERTURA-SOBRES-A-AUXILIARS-APARC.-COLLBLANC-I-VIDRIERIES.pdf\" target=\"_blank\" rel=\"noopener noreferrer\">Acta obertura sobre A serveis d\u2019auxiliar de control als aparcaments de rotaci\u00f3 hor\u00e0ria de Collblanc i Vidrieries.<\/a><\/li>\n<li><a href=\"https:\/\/www.lafarga.com\/corporatiu\/wp-content\/uploads\/2016\/12\/La-Farga-ACTA-APERT.SOBRES-B-i-C-AUX.CONTROL-APARC.-VIDRIERIES-COLLBLANC.pdf\" target=\"_blank\" rel=\"noopener noreferrer\">Acta obertura sobres B i C serveis d\u2019auxiliar de control als aparcaments de rotaci\u00f3 hor\u00e0ria de Collblanc i Vidrieries.<\/a><\/li>\n<li><a href=\"https:\/\/www.lafarga.com\/corporatiu\/wp-content\/uploads\/2017\/01\/La-Farga-ACTA-VALORACI%C3%93-AUXILIARS-CONTROL-APARCAMENTS-COLLBLANC-I-VIDRIERIES.pdf\" target=\"_blank\" rel=\"noopener noreferrer\">Acta valoraci\u00f3 serveis d\u2019auxiliar de control en els aparcaments de rotaci\u00f3 hor\u00e0ria de Collblanc i Vidrieries.<\/a><\/li>\n<li><a href=\"https:\/\/www.lafarga.com\/corporatiu\/wp-content\/uploads\/2017\/01\/La-Farga-RESOLUCI%C3%93-GER%C3%88NCIA-DECLARANT-CLASSIFICADES-OFERTES-AUX.CONTROL-APARCAMENTS.pdf\" target=\"_blank\" rel=\"noopener noreferrer\">Resoluci\u00f3 ger\u00e8ncia declarant classificades ofertes serveis d\u2019auxiliar de control en els aparcaments de rotaci\u00f3 hor\u00e0ria de Collblanc i Vidrieries.<\/a><\/li>\n<li><a href=\"https:\/\/www.lafarga.com\/corporatiu\/wp-content\/uploads\/2017\/01\/La-Farga-RESOLUCI%C3%93-DEFINITIVA-CONTRACTE-AUX.-CONTROL-APARCAMENTS-COLLBLANC-I-VIDRIERIES.pdf\" target=\"_blank\" rel=\"noopener noreferrer\">Resoluci\u00f3 definitiva contractaci\u00f3 serveis d\u2019auxiliar de control en els aparcaments de rotaci\u00f3 hor\u00e0ria de Collblanc i Vidrieries.<\/a><\/li>\n<\/ul>\n<\/div><\/div>\n\n\n\n<div class=\"wp-block-esab-accordion-child\" style=\"border:1px solid var(--ast-global-color-2)\"><div class=\"esab__head esab__head_reverse\" style=\"padding:10px 10px 10px 20px;background-color:var(--ast-global-color-2)\" role=\"button\" aria-expanded=\"false\"><div class=\"esab__heading_txt\"><h5 class=\"esab__heading_tag\">Contractaci\u00f3 dels serveis d\u2019auxiliar de control al Dip\u00f2sit Municipal de Vehicles que gestiona la societat municipal La Farga, GEM, S.A.<\/h5><\/div><div class=\"esab__icon\"><div class=\"esab__collapse\"><svg version=\"1.2\" viewBox=\"0 0 24 24\" width=\"24\" height=\"24\"><path fill-rule=\"evenodd\" d=\"m3.5 20.5c-4.7-4.7-4.7-12.3 0-17 4.7-4.7 12.3-4.7 17 0 4.6 4.7 4.6 12.3 0 17-4.7 4.6-12.3 4.6-17 0zm0.9-0.9c4.2 4.2 11 4.2 15.2 0 4.2-4.2 4.2-11 0-15.2-4.2-4.3-11-4.3-15.2 0-4.3 4.2-4.3 11 0 15.2z\"><\/path><path d=\"m11.4 15.9v-3.3h-3.3c-0.3 0-0.6-0.3-0.6-0.6 0-0.4 0.3-0.6 0.6-0.6h3.3v-3.3c0-0.3 0.3-0.6 0.6-0.6 0.3 0 0.6 0.3 0.6 0.6v3.3h3.3c0.3 0 0.6 0.2 0.6 0.6q0 0.2-0.2 0.4-0.2 0.2-0.4 0.2h-3.3v3.3q0 0.2-0.2 0.4-0.2 0.2-0.4 0.2c-0.4 0-0.6-0.3-0.6-0.6z\"><\/path><\/svg><\/div><div class=\"esab__expand\"><svg version=\"1.2\" viewBox=\"0 0 24 24\" width=\"24\" height=\"24\"><path fill-rule=\"evenodd\" d=\"m12 24c-6.6 0-12-5.4-12-12 0-6.6 5.4-12 12-12 6.6 0 12 5.4 12 12 0 6.6-5.4 12-12 12zm10.6-12c0-5.9-4.7-10.6-10.6-10.6-5.9 0-10.6 4.7-10.6 10.6 0 5.9 4.7 10.6 10.6 10.6 5.9 0 10.6-4.7 10.6-10.6z\"><\/path><path d=\"m5.6 11.3h12.8v1.4h-12.8z\"><\/path><\/svg><\/div><\/div><\/div><div class=\"esab__body\" style=\"border-top:1px solid var(--ast-global-color-2);padding:20px 20px 20px 20px;background-color:var(--ast-global-color-4)\">\n<p>Objecte: La contractaci\u00f3 dels serveis d\u2019auxiliar de control al Dip\u00f2sit Municipal de Vehicles que gestiona la societat municipal La Farga, GEM, S.A.<\/p>\n<p>Valor estimat contracte: 75.160,00\u20ac (SETANTA-CINC MIL CENT SEIXANTA EUROS) IVA excl\u00f2s.<\/p>\n<p>Durada del contracte: El contracte tindr\u00e0 una durada d\u20191 any m\u00e9s una possible pr\u00f2rroga d\u20191 any m\u00e9s.<\/p>\n<p>Procediment de selecci\u00f3: Obert no harmonitzat.<\/p>\n<p>Data l\u00edmit presentaci\u00f3 d\u2019ofertes: 05\/12\/2016, a les 14:00 hores<\/p>\n<p>Obertura p\u00fablica proposicions: 19\/12\/2016, a les 09:00 hores<\/p>\n<p><strong>Informaci\u00f3 i lloc de presentaci\u00f3<\/strong>:<\/p>\n<p>A les oficines de La Farga, GEM,SA, C. Barcelona, 2 de L\u2019Hospitalet de Llobregat, de 8:00h a 14:00h, de dilluns a divendres i a la web\u00a0<strong><a href=\"http:\/\/www.lafarga.com\/\" target=\"_blank\" rel=\"noopener noreferrer\">www.lafarga.com<\/a><\/strong>. Tel\u00e8fon 93 261 52 00.<\/p>\n<p>El Gerent de La Farga, GEM, S.A.<br \/>Manuel P\u00e9rez Gim\u00e9nez<\/p>\n<p>L\u2019Hospitalet, 18 de novembre de 2016.<\/p>\n<ul>\n<li><a href=\"https:\/\/www.lafarga.com\/corporatiu\/wp-content\/uploads\/2016\/11\/PLECS-ADMINISTRATIUS-AUX.CONTROL-DPT.MOBILITAT.pdf\" target=\"_blank\" rel=\"noopener noreferrer\">Plecs administratius serveis auxiliar de control en el Dip\u00f2sit Municipal de Vehicles<\/a>.<\/li>\n<li><a href=\"https:\/\/www.lafarga.com\/corporatiu\/wp-content\/uploads\/2016\/11\/PLECS-T%C3%88CNICS-AUX.-CONTROL-DPT.-MOBILITAT.pdf\" target=\"_blank\" rel=\"noopener noreferrer\">Plecs t\u00e8cnics serveis auxiliar de control en el Dip\u00f2sit Municipal de Vehicles<\/a>.<\/li>\n<li><a href=\"https:\/\/www.lafarga.com\/corporatiu\/wp-content\/uploads\/2016\/12\/La-Farga-ACTA-APERTURA-SOBRES-A-AUXILIARS-CONTROL-DIP%C3%92SIT-MUNICIPAL.pdf\" target=\"_blank\" rel=\"noopener noreferrer\">Acta obertura sobre A serveis auxiliar de control en el Dip\u00f2sit Municipal de Vehicles.<\/a><\/li>\n<li><a href=\"https:\/\/www.lafarga.com\/corporatiu\/wp-content\/uploads\/2016\/12\/La-Farga-ACTA-APERT.SOBRES-B-i-C-AUX.CONTROL-DIP%C3%92SIT-MUNICIPAL.pdf\" target=\"_blank\" rel=\"noopener noreferrer\">Acta obertura sobres B i C serveis auxiliar de control en el Dip\u00f2sit Municipal de Vehicles.<\/a><\/li>\n<li><a href=\"https:\/\/www.lafarga.com\/corporatiu\/wp-content\/uploads\/2017\/01\/La-Farga-ACTA-VALORACI%C3%93-MESA-CONCURS-AUXILIARS-DIP%C3%92SIT-LA-FARGA.pdf\" target=\"_blank\" rel=\"noopener noreferrer\">Acta valoraci\u00f3 taula contractaci\u00f3 serveis auxiliar de control en el\u00a0Dip\u00f2sit Municipal de Vehicles.<\/a><\/li>\n<li><a href=\"https:\/\/www.lafarga.com\/corporatiu\/wp-content\/uploads\/2017\/01\/La-Farga-RESOLUCI%C3%93-GER%C3%88NCIA-DECLARANT-CLASSIFICADES-OFERTES-CONCURS-AUX.CONTROL-DIP%C3%92SIT.pdf\" target=\"_blank\" rel=\"noopener noreferrer\">Resoluci\u00f3 ger\u00e8ncia declarant classificades ofertes serveis auxiliar de control en el Dip\u00f2sit Municipal de Vehicles.<\/a><\/li>\n<li><a href=\"https:\/\/www.lafarga.com\/corporatiu\/wp-content\/uploads\/2017\/02\/La-Farga-RESOLUCI%C3%93-DEFINITIVA-SERVEIS-AUXILIARS-DIP%C3%92SIT-MUNICIPAL.pdf\" target=\"_blank\" rel=\"noopener noreferrer\">Resoluci\u00f3 adjudicaci\u00f3 definitiva\u00a0contractaci\u00f3 serveis auxiliar de control en el Dip\u00f2sit Municipal de Vehicles.<\/a><\/li>\n<\/ul>\n<\/div><\/div>\n<\/div><\/div>\n<\/div>\n\n\n\n<div class=\"wp-block-uagb-tabs-child uagb-tabs__body-container uagb-inner-tab-2\" aria-labelledby=\"uagb-tabs__tab2\">\n<div class=\"wp-block-esab-accordion accordion-0d103254\" data-mode=\"global\"><div class=\"esab__container\" style=\"row-gap:10px;margin:0px 0px 0px 0px\">\n<div class=\"wp-block-esab-accordion-child\" style=\"border:1px solid var(--ast-global-color-2)\"><div class=\"esab__head esab__head_reverse\" style=\"padding:10px 10px 10px 20px;background-color:var(--ast-global-color-2)\" role=\"button\" aria-expanded=\"false\"><div class=\"esab__heading_txt\"><h5 class=\"esab__heading_tag\">Contractaci\u00f3 del servei d\u2019assegurances de La Farga, Gesti\u00f3 d\u2019Equipaments Municipals<\/h5><\/div><div class=\"esab__icon\"><div class=\"esab__collapse\"><svg version=\"1.2\" viewBox=\"0 0 24 24\" width=\"24\" height=\"24\"><path fill-rule=\"evenodd\" d=\"m3.5 20.5c-4.7-4.7-4.7-12.3 0-17 4.7-4.7 12.3-4.7 17 0 4.6 4.7 4.6 12.3 0 17-4.7 4.6-12.3 4.6-17 0zm0.9-0.9c4.2 4.2 11 4.2 15.2 0 4.2-4.2 4.2-11 0-15.2-4.2-4.3-11-4.3-15.2 0-4.3 4.2-4.3 11 0 15.2z\"><\/path><path d=\"m11.4 15.9v-3.3h-3.3c-0.3 0-0.6-0.3-0.6-0.6 0-0.4 0.3-0.6 0.6-0.6h3.3v-3.3c0-0.3 0.3-0.6 0.6-0.6 0.3 0 0.6 0.3 0.6 0.6v3.3h3.3c0.3 0 0.6 0.2 0.6 0.6q0 0.2-0.2 0.4-0.2 0.2-0.4 0.2h-3.3v3.3q0 0.2-0.2 0.4-0.2 0.2-0.4 0.2c-0.4 0-0.6-0.3-0.6-0.6z\"><\/path><\/svg><\/div><div class=\"esab__expand\"><svg version=\"1.2\" viewBox=\"0 0 24 24\" width=\"24\" height=\"24\"><path fill-rule=\"evenodd\" d=\"m12 24c-6.6 0-12-5.4-12-12 0-6.6 5.4-12 12-12 6.6 0 12 5.4 12 12 0 6.6-5.4 12-12 12zm10.6-12c0-5.9-4.7-10.6-10.6-10.6-5.9 0-10.6 4.7-10.6 10.6 0 5.9 4.7 10.6 10.6 10.6 5.9 0 10.6-4.7 10.6-10.6z\"><\/path><path d=\"m5.6 11.3h12.8v1.4h-12.8z\"><\/path><\/svg><\/div><\/div><\/div><div class=\"esab__body\" style=\"border-top:1px solid var(--ast-global-color-2);padding:20px 20px 20px 20px;background-color:var(--ast-global-color-4)\">\n<p>Objecte: La contractaci\u00f3 del servei d\u2019assegurances de La Farga, Gesti\u00f3 d\u2019Equipaments Municipals, SA. (22-2016)<\/p>\n<p>Valor estimat contracte: 134.367,00\u20ac per un termini de 24 mesos m\u00e9s una eventual pr\u00f2rroga de 12 mesos.<\/p>\n<p>Durada del contracte: El contracte tindr\u00e0 una durada de 24 mesos.<\/p>\n<p>Procediment de selecci\u00f3: Veure plecs.<\/p>\n<p>Tipus de licitaci\u00f3: Obert no subjecte a regulaci\u00f3 harmonitzada.<\/p>\n<p>Data l\u00edmit presentaci\u00f3 d\u2019ofertes: 17\/06\/2016, a les 14:00 h<\/p>\n<p>Obertura p\u00fablica proposicions: 30\/06\/2016, a les 10:00 h<\/p>\n<p><strong>Informaci\u00f3 i lloc de presentaci\u00f3<\/strong>:<br \/>A les oficines de La Farga, GEMSA. C. Barcelona, 2 de L\u2019Hospitalet de Llobregat, de 9 a 14h, de dilluns a divendres i a la web\u00a0<a href=\"http:\/\/www.lafarga.com\/\" target=\"_blank\" rel=\"noopener noreferrer\">www.lafarga.com<\/a>. Tel\u00e8fon 93 261 52 00.<\/p>\n<p>El gerent de La Farga, GEMSA<br \/>Manuel P\u00e9rez Gim\u00e9nez<\/p>\n<p>L\u2019Hospitalet, 1 de juny de 2016<\/p>\n<ul>\n<li><a href=\"https:\/\/www.lafarga.com\/corporatiu\/wp-content\/uploads\/2016\/06\/PLECS-CL%C3%80USULES-CONTRACTUALS-ASSEGURANCES-LA-FARGA.pdf\" target=\"_blank\" rel=\"noopener noreferrer\">Plecs cl\u00e0usules contractuals concurs assegurances<\/a>.<\/li>\n<li><a href=\"https:\/\/www.lafarga.com\/corporatiu\/wp-content\/uploads\/2016\/06\/PLEC-DE-PRESCRIPCIONS-T%C3%88CNIQUES-ASSEGURANCES-LA-FARGA.pdf\" target=\"_blank\" rel=\"noopener noreferrer\">Plecs de prescripcions t\u00e8cniques concurs assegurances<\/a>.<\/li>\n<li><a href=\"https:\/\/www.lafarga.com\/corporatiu\/wp-content\/uploads\/2016\/06\/ESMENA-ERROR-PLECS-CONDICIONS-ASSEGURANCES-LA-FARGA.pdf\" target=\"_blank\" rel=\"noopener noreferrer\">Esmena plecs condicions concurs assegurances<\/a>.<\/li>\n<li><a href=\"https:\/\/www.lafarga.com\/corporatiu\/wp-content\/uploads\/2016\/06\/ACTA-OBERTURA-DOC.ADVA_.-CONCURS-ASSEGURANCES-LA-FARGA.pdf\" target=\"_blank\" rel=\"noopener noreferrer\">Acta obertura documentaci\u00f3 administrativa concurs assegurances<\/a>.<\/li>\n<li><a href=\"https:\/\/www.lafarga.com\/corporatiu\/wp-content\/uploads\/2016\/07\/ACTA-OBERTURA-PROPOSTA-ECON%C3%92MICA-ASSEGURANCES-LA-FARGA.pdf\" target=\"_blank\" rel=\"noopener noreferrer\">Acta obertura proposta econ\u00f2mica concurs assegurances<\/a>.<\/li>\n<li><a href=\"https:\/\/www.lafarga.com\/corporatiu\/wp-content\/uploads\/2016\/07\/La-Farga-ACTA-VALORACI%C3%93-PROPOSTA-ECON%C3%92MICA-ASSEGURANCES-LA-FARGA.pdf\" target=\"_blank\" rel=\"noopener noreferrer\">Acta valoraci\u00f3 proposta econ\u00f2mica concurs assegurances.<br \/><\/a><\/li>\n<li><a href=\"https:\/\/www.lafarga.com\/corporatiu\/wp-content\/uploads\/2016\/07\/La-Farga-Declarar-classificades-ofertes-concurs-assegurances-Lot1-15.07.2016.pdf\" target=\"_blank\" rel=\"noopener noreferrer\">Declarar classificades ofertes concurs assegurances (Lot1)<\/a>.<\/li>\n<li><a href=\"https:\/\/www.lafarga.com\/corporatiu\/wp-content\/uploads\/2016\/07\/La-Farga-Declarar-classificades-ofertes-concurs-assegurances-Lot2-15.07.2016.pdf.pdf\" target=\"_blank\" rel=\"noopener noreferrer\">Declarar classificades ofertes concurs assegurances (Lot2)<\/a>.<\/li>\n<li><a href=\"https:\/\/www.lafarga.com\/corporatiu\/wp-content\/uploads\/2016\/07\/La-Farga-Declarar-classificades-ofertes-concurs-assegurances-Lot3-15.07.2016.pdf\" target=\"_blank\" rel=\"noopener noreferrer\">Declarar classificades ofertes concurs assegurances (Lot3)<\/a>.<\/li>\n<li><a href=\"https:\/\/www.lafarga.com\/corporatiu\/wp-content\/uploads\/2016\/07\/La-Farga-21-2016-RESOL.ADJUD_.DEFINITIVA-ASSEGURANCES-FIATC-Lot-1-26.07.2016.pdf\" target=\"_blank\" rel=\"noopener noreferrer\">Resoluci\u00f3 adjudicaci\u00f3 definitiva concurs assegurances (Lot1)<\/a>.<\/li>\n<li><a href=\"https:\/\/www.lafarga.com\/corporatiu\/wp-content\/uploads\/2016\/07\/La-Farga-20-2016-RESOL.-ADJUD.DEFINITIVA-ASSEGURANCES-AXA-Lot-3-26.07.2016.pdf\" target=\"_blank\" rel=\"noopener noreferrer\">Resoluci\u00f3 adjudicaci\u00f3 definitiva concurs assegurances (Lot3)<\/a>.<\/li>\n<li><a href=\"https:\/\/www.lafarga.com\/corporatiu\/wp-content\/uploads\/2015\/06\/La-Farga-RESOLUCI%C3%93-ADJUDICACI%C3%93-DEFINITIVA-ASSEGURANCES-Lot-2.pdf\" target=\"_blank\" rel=\"noopener noreferrer\">Resoluci\u00f3 adjudicaci\u00f3 definitiva concurs assegurances (Lot2).<\/a><\/li>\n<\/ul>\n<\/div><\/div>\n\n\n\n<div class=\"wp-block-esab-accordion-child\" style=\"border:1px solid var(--ast-global-color-2)\"><div class=\"esab__head esab__head_reverse\" style=\"padding:10px 10px 10px 20px;background-color:var(--ast-global-color-2)\" role=\"button\" aria-expanded=\"false\"><div class=\"esab__heading_txt\"><h5 class=\"esab__heading_tag\">Contractaci\u00f3 del servei de seguretat per a diferents espais del Centre d\u2019Activitats<\/h5><\/div><div class=\"esab__icon\"><div class=\"esab__collapse\"><svg version=\"1.2\" viewBox=\"0 0 24 24\" width=\"24\" height=\"24\"><path fill-rule=\"evenodd\" d=\"m3.5 20.5c-4.7-4.7-4.7-12.3 0-17 4.7-4.7 12.3-4.7 17 0 4.6 4.7 4.6 12.3 0 17-4.7 4.6-12.3 4.6-17 0zm0.9-0.9c4.2 4.2 11 4.2 15.2 0 4.2-4.2 4.2-11 0-15.2-4.2-4.3-11-4.3-15.2 0-4.3 4.2-4.3 11 0 15.2z\"><\/path><path d=\"m11.4 15.9v-3.3h-3.3c-0.3 0-0.6-0.3-0.6-0.6 0-0.4 0.3-0.6 0.6-0.6h3.3v-3.3c0-0.3 0.3-0.6 0.6-0.6 0.3 0 0.6 0.3 0.6 0.6v3.3h3.3c0.3 0 0.6 0.2 0.6 0.6q0 0.2-0.2 0.4-0.2 0.2-0.4 0.2h-3.3v3.3q0 0.2-0.2 0.4-0.2 0.2-0.4 0.2c-0.4 0-0.6-0.3-0.6-0.6z\"><\/path><\/svg><\/div><div class=\"esab__expand\"><svg version=\"1.2\" viewBox=\"0 0 24 24\" width=\"24\" height=\"24\"><path fill-rule=\"evenodd\" d=\"m12 24c-6.6 0-12-5.4-12-12 0-6.6 5.4-12 12-12 6.6 0 12 5.4 12 12 0 6.6-5.4 12-12 12zm10.6-12c0-5.9-4.7-10.6-10.6-10.6-5.9 0-10.6 4.7-10.6 10.6 0 5.9 4.7 10.6 10.6 10.6 5.9 0 10.6-4.7 10.6-10.6z\"><\/path><path d=\"m5.6 11.3h12.8v1.4h-12.8z\"><\/path><\/svg><\/div><\/div><\/div><div class=\"esab__body\" style=\"border-top:1px solid var(--ast-global-color-2);padding:20px 20px 20px 20px;background-color:var(--ast-global-color-4)\">\n<p>La Farga, Gesti\u00f3 d\u2019Equipaments Municipals, SA, convoca la licitaci\u00f3 seg\u00fcent:<\/p>\n<p>Objecte: la contractaci\u00f3 del servei de seguretat (sense arma) del recinte firal, sala polivalent, hall i resta de sales, aix\u00ed com accessos al Centre d\u2019Activitats pels carrers Barcelona i Girona que gestiona aquesta societat municipal.<\/p>\n<p>Valor estimat contracte: 92.585,70\u20ac (NORANTA-DOS MIL CINC-CENTS VUITANTA-CINC EUROS AMB SETANTA C\u00c8NTIMS) IVA excl\u00f2s, per 2 anys de contracte i una possible pr\u00f2rroga.<\/p>\n<p>Durada del contracte: El contracte tindr\u00e0 una durada de 2 anys m\u00e9s una possible pr\u00f2rroga d\u20191 any.<\/p>\n<p>Procediment de selecci\u00f3: Obert no harmonitzat.<\/p>\n<p>Data l\u00edmit presentaci\u00f3 d\u2019ofertes: 21\/04\/2016, a les 14:00 hores.<\/p>\n<p>Obertura p\u00fablica proposicions: 29\/04\/2016 , a les 12:00 hores.<\/p>\n<p><strong>Informaci\u00f3 i lloc de presentaci\u00f3<\/strong>:<\/p>\n<p>A les oficines de La Farga, GEM, SA. C. Barcelona, 2 de L\u2019Hospitalet de Llobregat, de 9 a 14h, de dilluns a divendres i a la web\u00a0<a href=\"http:\/\/www.lafarga.com\/\" target=\"_blank\" rel=\"noopener noreferrer\">www.lafarga.com<\/a>. Tel\u00e8fon 93 261 52 00.<\/p>\n<p>El Gerent de La Farga, GEM, SA.<br \/>Manuel P\u00e9rez Gim\u00e9nez<\/p>\n<p>L\u2019Hospitalet, 31 de mar\u00e7 de 2016<\/p>\n<ul>\n<li><a href=\"https:\/\/www.lafarga.com\/corporatiu\/wp-content\/uploads\/2016\/03\/PLECS-ADMINISTRATIUS-SEGURETAT-CENTE-ACTIVITATS.pdf\" target=\"_blank\" rel=\"noopener noreferrer\">Plecs administratius servei seguretat Centre d\u2019Activitats<\/a>.<\/li>\n<li><a href=\"https:\/\/www.lafarga.com\/corporatiu\/wp-content\/uploads\/2016\/03\/PLECS-T%C3%88CNICS-SEGURETAT-CENTRE-ACTIVITATS.pdf\" target=\"_blank\" rel=\"noopener noreferrer\">Plecs t\u00e8cnics servei seguretat Centre d\u2019Activitats<\/a>.<\/li>\n<li><a href=\"https:\/\/www.lafarga.com\/corporatiu\/wp-content\/uploads\/2016\/04\/ESMENA-PLECS-T%C3%88CNICS-SERVEI-DE-SEGURETAT-CENTRE-ACTIVITATS.pdf\" target=\"_blank\" rel=\"noopener noreferrer\">Esmena plecs t\u00e8cnics servei seguretat Centre d\u2019Activitats<\/a>.<\/li>\n<li><a href=\"https:\/\/www.lafarga.com\/corporatiu\/wp-content\/uploads\/2016\/04\/ACTA-OBERTURA-SOBRES-A-CONCURS-SEGURETAT-CENTRE-ACTIVITATS.pdf\" target=\"_blank\" rel=\"noopener noreferrer\">Acta obertura sobre A concurs servei seguretat Centre d\u2019Activitats<\/a>.<\/li>\n<li><a href=\"https:\/\/www.lafarga.com\/corporatiu\/wp-content\/uploads\/2016\/06\/ACTA-APERTURA-SOBRES-B-i-C-SERVEI-SEGURETAT-.pdf\" target=\"_blank\" rel=\"noopener noreferrer\">Acta obertura sobres B i C concurs serveis seguretat Centre d\u2019Activitats<\/a>.<\/li>\n<li><a href=\"https:\/\/www.lafarga.com\/corporatiu\/wp-content\/uploads\/2016\/06\/RESOLUCI%C3%93-GER%C3%88NCIA-DECLARANT-CLASSIFICADES-OFERTES-SEGURETAT.pdf\" target=\"_blank\" rel=\"noopener noreferrer\">Resoluci\u00f3 ger\u00e8ncia declarant classificades ofertes concurs servei seguretat Centre d\u2019Activitats<\/a>.<\/li>\n<li><a href=\"https:\/\/www.lafarga.com\/corporatiu\/wp-content\/uploads\/2016\/07\/La-Farga-RESOL.GER%C3%88NCIA-ADJUD.DEFINITIVA-SEGURETAT-CENTRE-ACTIV-22.07.2016.pdf\" target=\"_blank\" rel=\"noopener noreferrer\">Resoluci\u00f3 ger\u00e8ncia adjudicaci\u00f3 definitiva\u00a0concurs servei seguretat Centre d\u2019Activitats<\/a>.<\/li>\n<\/ul>\n<\/div><\/div>\n\n\n\n<div class=\"wp-block-esab-accordion-child\" style=\"border:1px solid var(--ast-global-color-2)\"><div class=\"esab__head esab__head_reverse\" style=\"padding:10px 10px 10px 20px;background-color:var(--ast-global-color-2)\" role=\"button\" aria-expanded=\"false\"><div class=\"esab__heading_txt\"><h5 class=\"esab__heading_tag\">Contractaci\u00f3 d\u2019auxiliar de serveis, controladors, taquillers i serveis complementaris del Centre d\u2019Activitats<\/h5><\/div><div class=\"esab__icon\"><div class=\"esab__collapse\"><svg version=\"1.2\" viewBox=\"0 0 24 24\" width=\"24\" height=\"24\"><path fill-rule=\"evenodd\" d=\"m3.5 20.5c-4.7-4.7-4.7-12.3 0-17 4.7-4.7 12.3-4.7 17 0 4.6 4.7 4.6 12.3 0 17-4.7 4.6-12.3 4.6-17 0zm0.9-0.9c4.2 4.2 11 4.2 15.2 0 4.2-4.2 4.2-11 0-15.2-4.2-4.3-11-4.3-15.2 0-4.3 4.2-4.3 11 0 15.2z\"><\/path><path d=\"m11.4 15.9v-3.3h-3.3c-0.3 0-0.6-0.3-0.6-0.6 0-0.4 0.3-0.6 0.6-0.6h3.3v-3.3c0-0.3 0.3-0.6 0.6-0.6 0.3 0 0.6 0.3 0.6 0.6v3.3h3.3c0.3 0 0.6 0.2 0.6 0.6q0 0.2-0.2 0.4-0.2 0.2-0.4 0.2h-3.3v3.3q0 0.2-0.2 0.4-0.2 0.2-0.4 0.2c-0.4 0-0.6-0.3-0.6-0.6z\"><\/path><\/svg><\/div><div class=\"esab__expand\"><svg version=\"1.2\" viewBox=\"0 0 24 24\" width=\"24\" height=\"24\"><path fill-rule=\"evenodd\" d=\"m12 24c-6.6 0-12-5.4-12-12 0-6.6 5.4-12 12-12 6.6 0 12 5.4 12 12 0 6.6-5.4 12-12 12zm10.6-12c0-5.9-4.7-10.6-10.6-10.6-5.9 0-10.6 4.7-10.6 10.6 0 5.9 4.7 10.6 10.6 10.6 5.9 0 10.6-4.7 10.6-10.6z\"><\/path><path d=\"m5.6 11.3h12.8v1.4h-12.8z\"><\/path><\/svg><\/div><\/div><\/div><div class=\"esab__body\" style=\"border-top:1px solid var(--ast-global-color-2);padding:20px 20px 20px 20px;background-color:var(--ast-global-color-4)\">\n<p>Objecte: La contractaci\u00f3 dels serveis d\u2019auxiliar de serveis, controladors, taquillers i serveis complementaris del Centre d\u2019Activitats que gestiona aquesta societat municipal.<\/p>\n<p>Valor estimat contracte: 54.000,00\u20ac (CINQUANTA-QUATRE MIL EUROS) IVA excl\u00f2s, per any de contracte.<\/p>\n<p>Durada del contracte: El contracte tindr\u00e0 una durada de 2 anys m\u00e9s una possible pr\u00f2rroga d\u20191 any.<\/p>\n<p>Procediment de selecci\u00f3: Obert no harmonitzat.<\/p>\n<p>Data l\u00edmit presentaci\u00f3 d\u2019ofertes: 15\/03\/2016, a les 14:00 hores<\/p>\n<p>Obertura p\u00fablica proposicions: 31\/03\/2016, a les 09:30 hores<\/p>\n<p><strong>Informaci\u00f3 i lloc de presentaci\u00f3<\/strong>:<\/p>\n<p>A les oficines de La Farga, GEM, SA, C. Barcelona, 2 de L\u2019Hospitalet de Llobregat, de 9 a 14h, de dilluns a divendres i a la web\u00a0<a href=\"http:\/\/www.lafarga.com\/\" target=\"_blank\" rel=\"noopener noreferrer\">www.lafarga.com<\/a>. Tel\u00e8fon 93 261 52 00.<\/p>\n<p>El Gerent de La Farga, GEM, SA<br \/>Manuel P\u00e9rez Gim\u00e9nez<\/p>\n<p>L\u2019Hospitalet, 29 de febrer de 2016.<\/p>\n<ul>\n<li><a href=\"https:\/\/www.lafarga.com\/corporatiu\/wp-content\/uploads\/2016\/02\/PLECS-ADMIN.SERVEIS-AUXIL.CENTRE-ACTIVITATS-2015-2016.pdf\" target=\"_blank\" rel=\"noopener noreferrer\">Plecs admin. serveis auxiliars del Centre d\u2019Activitats 2015-2016<\/a>.<\/li>\n<li><a href=\"https:\/\/www.lafarga.com\/corporatiu\/wp-content\/uploads\/2016\/02\/PLECS-T%C3%88CNICS-SERVEIS-AUXILIARS-CENTRE-ACTIVITATS.pdf\" target=\"_blank\" rel=\"noopener noreferrer\">Plecs t\u00e8cnics serveis auxiliars del Centre d\u2019Activitats 2015-2016<\/a>.<\/li>\n<li><a href=\"https:\/\/www.lafarga.com\/corporatiu\/wp-content\/uploads\/2016\/03\/1%C2%AA-ACTA-SOBRE-A-AUX.-CONTROL.-TAQUILLERS-C.-ACTIVITATS.pdf\" target=\"_blank\" rel=\"noopener noreferrer\">1a acta sobre A serveis auxiliars del Centre d\u2019Activitats<\/a>.<\/li>\n<li><a href=\"https:\/\/www.lafarga.com\/corporatiu\/wp-content\/uploads\/2016\/04\/ACTA-OBERTURA-SOBRES-B-i-C-AUXILIARS-CENTRE-ACTIVITATS.pdf\" target=\"_blank\" rel=\"noopener noreferrer\">2a acta sobre B i C serveis auxiliars del Centre d\u2019Activitats.<\/a><\/li>\n<li><a href=\"https:\/\/www.lafarga.com\/corporatiu\/wp-content\/uploads\/2016\/04\/RESOLUCI%C3%93-DECLAR.CLASSIFIC-AUXILIARS-CONTROL.pdf\" target=\"_blank\" rel=\"noopener noreferrer\">Resoluci\u00f3 declarar classificades ofertes serveis auxiliars del Centre d\u2019Activitats<\/a><\/li>\n<li><a href=\"https:\/\/www.lafarga.com\/corporatiu\/wp-content\/uploads\/2016\/06\/13-2016-RESOLUCI%C3%93-NOVA-ADJ.-AUXILIAR-CONTROL-C.ACTIVITATS.pdf\" target=\"_blank\" rel=\"noopener noreferrer\">Resoluci\u00f3 nova adjudicaci\u00f3 serveis auxiliars del Centre d\u2019Activitats<\/a><\/li>\n<li><a href=\"https:\/\/www.lafarga.com\/corporatiu\/wp-content\/uploads\/2016\/07\/La-Farga-Resoluci%C3%B3-Adjudicaci%C3%B3-15.07.2016.pdf\" target=\"_blank\" rel=\"noopener noreferrer\">Resoluci\u00f3 adjudicaci\u00f3 serveis auxiliars del Centre d\u2019Activitats<\/a><\/li>\n<\/ul>\n<\/div><\/div>\n\n\n\n<div class=\"wp-block-esab-accordion-child\" style=\"border:1px solid var(--ast-global-color-2)\"><div class=\"esab__head esab__head_reverse\" style=\"padding:10px 10px 10px 20px;background-color:var(--ast-global-color-2)\" role=\"button\" aria-expanded=\"false\"><div class=\"esab__heading_txt\"><h5 class=\"esab__heading_tag\">Contractaci\u00f3 serveis realitzaci\u00f3 audiovisual dels plens municipals per als Mitjans de Comunicaci\u00f3<\/h5><\/div><div class=\"esab__icon\"><div class=\"esab__collapse\"><svg version=\"1.2\" viewBox=\"0 0 24 24\" width=\"24\" height=\"24\"><path fill-rule=\"evenodd\" d=\"m3.5 20.5c-4.7-4.7-4.7-12.3 0-17 4.7-4.7 12.3-4.7 17 0 4.6 4.7 4.6 12.3 0 17-4.7 4.6-12.3 4.6-17 0zm0.9-0.9c4.2 4.2 11 4.2 15.2 0 4.2-4.2 4.2-11 0-15.2-4.2-4.3-11-4.3-15.2 0-4.3 4.2-4.3 11 0 15.2z\"><\/path><path d=\"m11.4 15.9v-3.3h-3.3c-0.3 0-0.6-0.3-0.6-0.6 0-0.4 0.3-0.6 0.6-0.6h3.3v-3.3c0-0.3 0.3-0.6 0.6-0.6 0.3 0 0.6 0.3 0.6 0.6v3.3h3.3c0.3 0 0.6 0.2 0.6 0.6q0 0.2-0.2 0.4-0.2 0.2-0.4 0.2h-3.3v3.3q0 0.2-0.2 0.4-0.2 0.2-0.4 0.2c-0.4 0-0.6-0.3-0.6-0.6z\"><\/path><\/svg><\/div><div class=\"esab__expand\"><svg version=\"1.2\" viewBox=\"0 0 24 24\" width=\"24\" height=\"24\"><path fill-rule=\"evenodd\" d=\"m12 24c-6.6 0-12-5.4-12-12 0-6.6 5.4-12 12-12 6.6 0 12 5.4 12 12 0 6.6-5.4 12-12 12zm10.6-12c0-5.9-4.7-10.6-10.6-10.6-5.9 0-10.6 4.7-10.6 10.6 0 5.9 4.7 10.6 10.6 10.6 5.9 0 10.6-4.7 10.6-10.6z\"><\/path><path d=\"m5.6 11.3h12.8v1.4h-12.8z\"><\/path><\/svg><\/div><\/div><\/div><div class=\"esab__body\" style=\"border-top:1px solid var(--ast-global-color-2);padding:20px 20px 20px 20px;background-color:var(--ast-global-color-4)\">\n<p>Objecte: La contractaci\u00f3 dels serveis de realitzaci\u00f3 audiovisual dels plens municipals de l\u2019Ajuntament de L\u2019Hospitalet per als Mitjans de Comunicaci\u00f3 gestionats per la societat municipal La Farga, GEM, S.A.<\/p>\n<p>Valor estimat contracte: 45.987,28\u20ac (QUARANTA-CINC MIL NOU-CENTS VUITANTA-SET EUROS AMB VINT-I-VUIT C\u00c8NTIMS) IVA excl\u00f2s.<\/p>\n<p>Durada del contracte: El contracte tindr\u00e0 un termini total incloses les seves pr\u00f2rrogues de 24 mesos.<\/p>\n<p>Procediment de selecci\u00f3: Negociat sense publicitat<\/p>\n<p>El Gerent de La Farga, GEM,SA<br \/>Manuel P\u00e9rez Gim\u00e9nez<\/p>\n<p>L\u2019Hospitalet, 23 de febrer de 2016.<\/p>\n<ul>\n<li><a href=\"https:\/\/www.lafarga.com\/corporatiu\/wp-content\/uploads\/2016\/02\/RESOL.GER%C3%88NCIA-ADJUDICACI%C3%93-STREAMING-CNSP-3-2015.pdf\" target=\"_blank\" rel=\"noopener noreferrer\">Resoluci\u00f3 adjudicaci\u00f3 serveis realitzaci\u00f3 audiovisual plens municipals per a Mitjans de Comunicaci\u00f3<\/a>.<\/li>\n<\/ul>\n<\/div><\/div>\n\n\n\n<div class=\"wp-block-esab-accordion-child\" style=\"border:1px solid var(--ast-global-color-2)\"><div class=\"esab__head esab__head_reverse\" style=\"padding:10px 10px 10px 20px;background-color:var(--ast-global-color-2)\" role=\"button\" aria-expanded=\"false\"><div class=\"esab__heading_txt\"><h5 class=\"esab__heading_tag\">Contractaci\u00f3 subministrament m\u00e0quina multifuncional per als Mitjans de Comunicaci\u00f3<\/h5><\/div><div class=\"esab__icon\"><div class=\"esab__collapse\"><svg version=\"1.2\" viewBox=\"0 0 24 24\" width=\"24\" height=\"24\"><path fill-rule=\"evenodd\" d=\"m3.5 20.5c-4.7-4.7-4.7-12.3 0-17 4.7-4.7 12.3-4.7 17 0 4.6 4.7 4.6 12.3 0 17-4.7 4.6-12.3 4.6-17 0zm0.9-0.9c4.2 4.2 11 4.2 15.2 0 4.2-4.2 4.2-11 0-15.2-4.2-4.3-11-4.3-15.2 0-4.3 4.2-4.3 11 0 15.2z\"><\/path><path d=\"m11.4 15.9v-3.3h-3.3c-0.3 0-0.6-0.3-0.6-0.6 0-0.4 0.3-0.6 0.6-0.6h3.3v-3.3c0-0.3 0.3-0.6 0.6-0.6 0.3 0 0.6 0.3 0.6 0.6v3.3h3.3c0.3 0 0.6 0.2 0.6 0.6q0 0.2-0.2 0.4-0.2 0.2-0.4 0.2h-3.3v3.3q0 0.2-0.2 0.4-0.2 0.2-0.4 0.2c-0.4 0-0.6-0.3-0.6-0.6z\"><\/path><\/svg><\/div><div class=\"esab__expand\"><svg version=\"1.2\" viewBox=\"0 0 24 24\" width=\"24\" height=\"24\"><path fill-rule=\"evenodd\" d=\"m12 24c-6.6 0-12-5.4-12-12 0-6.6 5.4-12 12-12 6.6 0 12 5.4 12 12 0 6.6-5.4 12-12 12zm10.6-12c0-5.9-4.7-10.6-10.6-10.6-5.9 0-10.6 4.7-10.6 10.6 0 5.9 4.7 10.6 10.6 10.6 5.9 0 10.6-4.7 10.6-10.6z\"><\/path><path d=\"m5.6 11.3h12.8v1.4h-12.8z\"><\/path><\/svg><\/div><\/div><\/div><div class=\"esab__body\" style=\"border-top:1px solid var(--ast-global-color-2);padding:20px 20px 20px 20px;background-color:var(--ast-global-color-4)\">\n<p>Objecte: La contractaci\u00f3 del subministrament d\u2019una m\u00e0quina multifuncional a color per al servei dels Mitjans de Comunicaci\u00f3 Municipals de L\u2019Hospitalet de Llobregat, pel sistema d\u2019arrendament operatiu (r\u00e8nting) (Ref. CNSP 2\/2015).<\/p>\n<p>Valor estimat del contracte: 7.024,79 \u20ac (SET MIL VINT-I-QUATRE MIL EUROS AMB SETANTA-NOU C\u00c8NTIMS) IVA excl\u00f2s i un termini total del contracte de 60 mesos.<\/p>\n<p>Procediment de selecci\u00f3: Procediment negociat sense publicitat.<\/p>\n<p>El Gerent de La Farga , GEM S.A.<br \/>Manuel P\u00e9rez Gim\u00e9nez<\/p>\n<p>L\u2019Hospitalet, 9 de febrer de 2016.<\/p>\n<ul>\n<li><a href=\"https:\/\/www.lafarga.com\/corporatiu\/wp-content\/uploads\/2016\/02\/RESOLUCI%C3%93-ADJUDICACI%C3%93-FOTOCOPIADORA-MITJANS-DE-COMUNICACI%C3%93.pdf\" target=\"_blank\" rel=\"noopener noreferrer\">Resoluci\u00f3 adjudicaci\u00f3 fotocopiadora Mitjans de Comunicaci\u00f3<\/a>.<\/li>\n<\/ul>\n<\/div><\/div>\n<\/div><\/div>\n<\/div>\n\n\n\n<div class=\"wp-block-uagb-tabs-child uagb-tabs__body-container uagb-inner-tab-3\" aria-labelledby=\"uagb-tabs__tab3\">\n<div class=\"wp-block-esab-accordion accordion-bf713141\" data-mode=\"global\"><div class=\"esab__container\" style=\"row-gap:10px;margin:0px 0px 0px 0px\">\n<div class=\"wp-block-esab-accordion-child\" style=\"border:1px solid var(--ast-global-color-2)\"><div class=\"esab__head esab__head_reverse\" style=\"padding:10px 10px 10px 20px;background-color:var(--ast-global-color-2)\" role=\"button\" aria-expanded=\"false\"><div class=\"esab__heading_txt\"><h5 class=\"esab__heading_tag\">Contractaci\u00f3 del manteniment preventiu i correctiu d\u2019equips inform\u00e0tics i mec\u00e0nics d\u2019aparcaments<\/h5><\/div><div class=\"esab__icon\"><div class=\"esab__collapse\"><svg version=\"1.2\" viewBox=\"0 0 24 24\" width=\"24\" height=\"24\"><path fill-rule=\"evenodd\" d=\"m3.5 20.5c-4.7-4.7-4.7-12.3 0-17 4.7-4.7 12.3-4.7 17 0 4.6 4.7 4.6 12.3 0 17-4.7 4.6-12.3 4.6-17 0zm0.9-0.9c4.2 4.2 11 4.2 15.2 0 4.2-4.2 4.2-11 0-15.2-4.2-4.3-11-4.3-15.2 0-4.3 4.2-4.3 11 0 15.2z\"><\/path><path d=\"m11.4 15.9v-3.3h-3.3c-0.3 0-0.6-0.3-0.6-0.6 0-0.4 0.3-0.6 0.6-0.6h3.3v-3.3c0-0.3 0.3-0.6 0.6-0.6 0.3 0 0.6 0.3 0.6 0.6v3.3h3.3c0.3 0 0.6 0.2 0.6 0.6q0 0.2-0.2 0.4-0.2 0.2-0.4 0.2h-3.3v3.3q0 0.2-0.2 0.4-0.2 0.2-0.4 0.2c-0.4 0-0.6-0.3-0.6-0.6z\"><\/path><\/svg><\/div><div class=\"esab__expand\"><svg version=\"1.2\" viewBox=\"0 0 24 24\" width=\"24\" height=\"24\"><path fill-rule=\"evenodd\" d=\"m12 24c-6.6 0-12-5.4-12-12 0-6.6 5.4-12 12-12 6.6 0 12 5.4 12 12 0 6.6-5.4 12-12 12zm10.6-12c0-5.9-4.7-10.6-10.6-10.6-5.9 0-10.6 4.7-10.6 10.6 0 5.9 4.7 10.6 10.6 10.6 5.9 0 10.6-4.7 10.6-10.6z\"><\/path><path d=\"m5.6 11.3h12.8v1.4h-12.8z\"><\/path><\/svg><\/div><\/div><\/div><div class=\"esab__body\" style=\"border-top:1px solid var(--ast-global-color-2);padding:20px 20px 20px 20px;background-color:var(--ast-global-color-4)\">\n<p>Objecte: la contractaci\u00f3 del manteniment preventiu i correctiu dels equips inform\u00e0tics i mec\u00e0nics que permeten l\u2019entrada i sortida dels vehicles i el pagament d\u2019abonats i usuaris als aparcaments de Collblanc i Vidrieries de la ciutat de L\u2019Hospitalet (Ref. CS 5-2015).<\/p>\n<p>Valor estimat contracte: 38.160,00 \u20ac (TRENTA-VUIT MIL CENT SEIXANTA EUROS) IVA excl\u00f2s.<\/p>\n<p>Preu de licitaci\u00f3 per el per\u00edode contractual de 24 mesos: 19.080,00 \u20ac (DINOU MIL VUITANTA EUROS) IVA excl\u00f2s.<\/p>\n<p>Durada del contracte: El contracte tindr\u00e0 una durada de 2 anys m\u00e9s dues possibles pr\u00f2rrogues d\u20191 any cadascuna.<\/p>\n<p>Procediment de selecci\u00f3: Obert no harmonitzat.<\/p>\n<p>Data l\u00edmit presentaci\u00f3 d\u2019ofertes: 13\/01\/2016, a les 14:00 hores.<\/p>\n<p>Obertura p\u00fablica proposicions (sobres B i C): 21\/01\/2016, a les 11:30 hores.<\/p>\n<p><strong>Informaci\u00f3 i lloc de presentaci\u00f3<\/strong>:<\/p>\n<p>A les oficines de La Farga, GEM, S.A. C. Barcelona, 2 de L\u2019Hospitalet de Llobregat, de 9 a 14h, de dilluns a divendres i a la web\u00a0<a href=\"http:\/\/www.lafarga.com\/\" target=\"_blank\" rel=\"noopener noreferrer\">www.lafarga.com<\/a>. Tel\u00e8fon 93 261 52 00.<\/p>\n<p>El Gerent de La Farga, GEM, S.A.<br \/>Manuel P\u00e9rez Gim\u00e9nez<\/p>\n<p>L\u2019Hospitalet, 28 de desembre de 2015<\/p>\n<ul>\n<li><a href=\"https:\/\/www.lafarga.com\/corporatiu\/wp-content\/uploads\/2015\/12\/PLECSADMINS.COLLB-VIDRIERIES.compressed.pdf\" target=\"_blank\" rel=\"noopener noreferrer\">Plecs administratius manteniment correctiu preventiu Collblanc-Vidrieries<\/a>.<\/li>\n<li><a href=\"https:\/\/www.lafarga.com\/corporatiu\/wp-content\/uploads\/2015\/12\/PLECSTECNICS-MANT.PREV_.CORREC.COLLBLANC-VIDRIERIES.pdf\" target=\"_blank\" rel=\"noopener noreferrer\">Plecs t\u00e8cnics manteniment correctiu preventiu Collblanc-Vidrieries<\/a>.<\/li>\n<li><a href=\"https:\/\/www.lafarga.com\/corporatiu\/wp-content\/uploads\/2015\/12\/ESMENA-PLEC-CL%C3%80USULES-ADMINISTATIVES-CS-5-2015.pdf\" target=\"_blank\" rel=\"noopener noreferrer\">Esmena plec cl\u00e0usules administratives<\/a>.<\/li>\n<li><a href=\"https:\/\/www.lafarga.com\/corporatiu\/wp-content\/uploads\/2016\/01\/ACTA-SOBRE-A-MANTENIMENT-INFORM.-COLLB-VIDRIERIES.pdf\" target=\"_blank\" rel=\"noopener noreferrer\">1a acta sobre A manteniment correctiu preventiu Collblanc-Vidrieries<\/a>.<\/li>\n<li><a href=\"https:\/\/www.lafarga.com\/corporatiu\/wp-content\/uploads\/2016\/01\/2%C2%AA-ACTA-OBERTURA-SOBRE-B-MANT.-INF.-COLLB-VIDRIERIES.pdf\" target=\"_blank\" rel=\"noopener noreferrer\">2a acta obertura sobre B manteniment correctiu preventiu Collblanc-Vidrieries<\/a>.<\/li>\n<li><a href=\"https:\/\/www.lafarga.com\/corporatiu\/wp-content\/uploads\/2016\/01\/3%C2%AA-ACTA-VALORACI%C3%93-SOBRE-B-MANT.-INF.-COLLB-VIDRIERIES.pdf\" target=\"_blank\" rel=\"noopener noreferrer\">3a acta obertura sobre B manteniment correctiu preventiu Collblanc-Vidrieries<\/a>.<\/li>\n<li><a href=\"https:\/\/www.lafarga.com\/corporatiu\/wp-content\/uploads\/2016\/02\/RESOLUCI%C3%93-ADJUDIC.MANTEN.CORREC.PREV_.COLLBLANC-VIDRIERIES.pdf\" target=\"_blank\" rel=\"noopener noreferrer\">4a acta resoluci\u00f3 manteniment correctiu preventiu Collblanc-Vidrieries<\/a>.<\/li>\n<\/ul>\n<\/div><\/div>\n\n\n\n<div class=\"wp-block-esab-accordion-child\" style=\"border:1px solid var(--ast-global-color-2)\"><div class=\"esab__head esab__head_reverse\" style=\"padding:10px 10px 10px 20px;background-color:var(--ast-global-color-2)\" role=\"button\" aria-expanded=\"false\"><div class=\"esab__heading_txt\"><h5 class=\"esab__heading_tag\">Contractaci\u00f3 del subministrament de dos vehicles \u2013 grua<\/h5><\/div><div class=\"esab__icon\"><div class=\"esab__collapse\"><svg version=\"1.2\" viewBox=\"0 0 24 24\" width=\"24\" height=\"24\"><path fill-rule=\"evenodd\" d=\"m3.5 20.5c-4.7-4.7-4.7-12.3 0-17 4.7-4.7 12.3-4.7 17 0 4.6 4.7 4.6 12.3 0 17-4.7 4.6-12.3 4.6-17 0zm0.9-0.9c4.2 4.2 11 4.2 15.2 0 4.2-4.2 4.2-11 0-15.2-4.2-4.3-11-4.3-15.2 0-4.3 4.2-4.3 11 0 15.2z\"><\/path><path d=\"m11.4 15.9v-3.3h-3.3c-0.3 0-0.6-0.3-0.6-0.6 0-0.4 0.3-0.6 0.6-0.6h3.3v-3.3c0-0.3 0.3-0.6 0.6-0.6 0.3 0 0.6 0.3 0.6 0.6v3.3h3.3c0.3 0 0.6 0.2 0.6 0.6q0 0.2-0.2 0.4-0.2 0.2-0.4 0.2h-3.3v3.3q0 0.2-0.2 0.4-0.2 0.2-0.4 0.2c-0.4 0-0.6-0.3-0.6-0.6z\"><\/path><\/svg><\/div><div class=\"esab__expand\"><svg version=\"1.2\" viewBox=\"0 0 24 24\" width=\"24\" height=\"24\"><path fill-rule=\"evenodd\" d=\"m12 24c-6.6 0-12-5.4-12-12 0-6.6 5.4-12 12-12 6.6 0 12 5.4 12 12 0 6.6-5.4 12-12 12zm10.6-12c0-5.9-4.7-10.6-10.6-10.6-5.9 0-10.6 4.7-10.6 10.6 0 5.9 4.7 10.6 10.6 10.6 5.9 0 10.6-4.7 10.6-10.6z\"><\/path><path d=\"m5.6 11.3h12.8v1.4h-12.8z\"><\/path><\/svg><\/div><\/div><\/div><div class=\"esab__body\" style=\"border-top:1px solid var(--ast-global-color-2);padding:20px 20px 20px 20px;background-color:var(--ast-global-color-4)\">\n<p>Objecte: la contractaci\u00f3 del subministrament de dos vehicles-grua amb sistema de pales d\u2019arrossegament i el seu manteniment per un periode de 12 mesos per la prestaci\u00f3 del servei p\u00fablic de retirada de vehicles de la via p\u00fablica a la ciutat de L\u2019Hospitalet de Llobregat (Ref. CSU 2-2015).<\/p>\n<p>Valor estimat contracte: 120.000,00 \u20ac (CENT VINT MIL EUROS) IVA excl\u00f2s.<\/p>\n<p>Procediment de selecci\u00f3: Obert no harmonitzat.<\/p>\n<p>Data l\u00edmit presentaci\u00f3 d\u2019ofertes: 28\/01\/2016, a les 14:00 hores.<\/p>\n<p>Obertura p\u00fablica proposicions (sobres B i C): 04\/02\/2016, a les 11:30 hores.<strong>*<\/strong><\/p>\n<p><strong>*<\/strong>S\u2019informa als efectes escaients que la data d\u2019apertura dels Sobres B i C corresponents a la Documentaci\u00f3 \u201cRefer\u00e8ncies T\u00e8cniques \u201c i \u201cOferta Econ\u00f2mica\u201d ser\u00e0 el dia 10 de febrer de 2016, a les 11.30 hores a les oficines centrals de La Farga, Gesti\u00f3 d\u2019Equipaments Municipals, S.A. c\/Barcelona n\u00fam.2 de L\u2019Hospitalet.<\/p>\n<p><strong>Informaci\u00f3 i lloc de presentaci\u00f3<\/strong>:<\/p>\n<p>A les oficines de La Farga, GEM, S.A. C. Barcelona, 2 de L\u2019Hospitalet de Llobregat, de 9 a 14h, de dilluns a divendres i a la web\u00a0<a href=\"http:\/\/www.lafarga.com\/\" target=\"_blank\" rel=\"noopener noreferrer\">www.lafarga.com<\/a>. Tel\u00e8fon 93 261 52 00.<\/p>\n<p>El Gerent de La Farga, GEM, S.A.<br \/>Manuel P\u00e9rez Gim\u00e9nez<\/p>\n<p>L\u2019Hospitalet, 28 de desembre de 2015.<\/p>\n<ul>\n<li><a href=\"https:\/\/www.lafarga.com\/corporatiu\/wp-content\/uploads\/2015\/12\/PLECSADMINISTRATIUSCOMPRADOSGRUES.compressed.pdf\" target=\"_blank\" rel=\"noopener noreferrer\">Plecs administratius compra dues grues<\/a>.<\/li>\n<li><a href=\"https:\/\/www.lafarga.com\/corporatiu\/wp-content\/uploads\/2015\/12\/PLECSPRESCRIPC.TECNIQUESCOMPRA2GRUES.pdf\" target=\"_blank\" rel=\"noopener noreferrer\">Plecs prescripcions t\u00e8cniques dues grues<\/a>.<\/li>\n<li><a href=\"https:\/\/www.lafarga.com\/corporatiu\/wp-content\/uploads\/2016\/02\/1%C2%AA-ACTA-OBERTURA-SOBRE-A-SUB.-GRUES.pdf\" target=\"_blank\" rel=\"noopener noreferrer\">1a acta obertura sobre A subministrament grues<\/a>.<\/li>\n<li><a href=\"https:\/\/www.lafarga.com\/corporatiu\/wp-content\/uploads\/2015\/12\/ACTA-OBERTURA-SOBRES-B-I-C-SUBMINISTR.-GRUES.pdf\" target=\"_blank\" rel=\"noopener noreferrer\">2a acta obertura sobres B i C subministrament grues<\/a>.<\/li>\n<li><a href=\"https:\/\/www.lafarga.com\/corporatiu\/wp-content\/uploads\/2016\/02\/RESOL.GER%C3%88NCIA-ADJUDICACI%C3%93-COMPRA-GRUES.pdf\" target=\"_blank\" rel=\"noopener noreferrer\">Acta resoluci\u00f3 ger\u00e8ncia declarant classificades ofertes subministrament grues<\/a><\/li>\n<li><a href=\"https:\/\/www.lafarga.com\/corporatiu\/wp-content\/uploads\/2016\/03\/RESOLUCI%C3%93-GER%C3%88NCIA-ADJUDICACI%C3%93-SUBMINIST.-GRUES.pdf\" target=\"_blank\" rel=\"noopener noreferrer\">Acta resoluci\u00f3 ger\u00e8ncia adjudicaci\u00f3 subministrament grues<\/a><\/li>\n<\/ul>\n<\/div><\/div>\n\n\n\n<div class=\"wp-block-esab-accordion-child\" style=\"border:1px solid var(--ast-global-color-2)\"><div class=\"esab__head esab__head_reverse\" style=\"padding:10px 10px 10px 20px;background-color:var(--ast-global-color-2)\" role=\"button\" aria-expanded=\"false\"><div class=\"esab__heading_txt\"><h5 class=\"esab__heading_tag\">Contractaci\u00f3 dels serveis de vigil\u00e0ncia i auxiliar de control de l\u2019edifici de Mitjans de Comunicaci\u00f3<\/h5><\/div><div class=\"esab__icon\"><div class=\"esab__collapse\"><svg version=\"1.2\" viewBox=\"0 0 24 24\" width=\"24\" height=\"24\"><path fill-rule=\"evenodd\" d=\"m3.5 20.5c-4.7-4.7-4.7-12.3 0-17 4.7-4.7 12.3-4.7 17 0 4.6 4.7 4.6 12.3 0 17-4.7 4.6-12.3 4.6-17 0zm0.9-0.9c4.2 4.2 11 4.2 15.2 0 4.2-4.2 4.2-11 0-15.2-4.2-4.3-11-4.3-15.2 0-4.3 4.2-4.3 11 0 15.2z\"><\/path><path d=\"m11.4 15.9v-3.3h-3.3c-0.3 0-0.6-0.3-0.6-0.6 0-0.4 0.3-0.6 0.6-0.6h3.3v-3.3c0-0.3 0.3-0.6 0.6-0.6 0.3 0 0.6 0.3 0.6 0.6v3.3h3.3c0.3 0 0.6 0.2 0.6 0.6q0 0.2-0.2 0.4-0.2 0.2-0.4 0.2h-3.3v3.3q0 0.2-0.2 0.4-0.2 0.2-0.4 0.2c-0.4 0-0.6-0.3-0.6-0.6z\"><\/path><\/svg><\/div><div class=\"esab__expand\"><svg version=\"1.2\" viewBox=\"0 0 24 24\" width=\"24\" height=\"24\"><path fill-rule=\"evenodd\" d=\"m12 24c-6.6 0-12-5.4-12-12 0-6.6 5.4-12 12-12 6.6 0 12 5.4 12 12 0 6.6-5.4 12-12 12zm10.6-12c0-5.9-4.7-10.6-10.6-10.6-5.9 0-10.6 4.7-10.6 10.6 0 5.9 4.7 10.6 10.6 10.6 5.9 0 10.6-4.7 10.6-10.6z\"><\/path><path d=\"m5.6 11.3h12.8v1.4h-12.8z\"><\/path><\/svg><\/div><\/div><\/div><div class=\"esab__body\" style=\"border-top:1px solid var(--ast-global-color-2);padding:20px 20px 20px 20px;background-color:var(--ast-global-color-4)\">\n<p>Objecte: La contractaci\u00f3 dels serveis de vigil\u00e0ncia i auxiliar de control de l\u2019edifici de Mitjans de Comunicaci\u00f3, ubicat a la pla\u00e7a Francesc Maci\u00e0 de L\u2019Hospitalet (CS 4\/2015).<\/p>\n<p>Valor estimat contracte: 314.599,00 \u20ac (TRES-CENTS CATORZE MIL CINC-CENTS NORANTA-NOU EUROS) IVA excl\u00f2s.<\/p>\n<p>Preu de licitaci\u00f3 pel 1er any: 78.649,68 \u20ac (SETANTA-VUIT MIL SIS-CENTS QUARANTA-NOU EUROS AMB SEIXANTA-VUIT C\u00c8NTIMS) IVA excl\u00f2s.<\/p>\n<p>Durada del contracte: El contracte tindr\u00e0 una durada de 3 anys m\u00e9s una possible pr\u00f2rroga d\u20191 any.<\/p>\n<p>Procediment de selecci\u00f3: Obert no harmonitzat.<\/p>\n<p>Data l\u00edmit presentaci\u00f3 d\u2019ofertes: 16\/12\/2015, a les 14:00 hores.<\/p>\n<p>Obertura p\u00fablica proposicions (sobres B i C): 11\/01\/2016, a les 09:30 hores.<\/p>\n<p>Informaci\u00f3 i lloc de presentaci\u00f3:<br \/>A les oficines de La Farga, GEM,S.A. C. Barcelona, 2 de L\u2019Hospitalet de Llobregat, de 9 a 14h, de dilluns a divendres i a la web\u00a0<a href=\"http:\/\/www.lafarga.com\/\" target=\"_blank\" rel=\"noopener noreferrer\">www.lafarga.com<\/a>. Tel\u00e8fon 93 261 52 00.<\/p>\n<p>El Gerent de La Farga, GEM,S.A.<br \/>Manuel P\u00e9rez Gim\u00e9nez<\/p>\n<p>L\u2019Hospitalet, 1 de desembre de 2015.<\/p>\n<ul>\n<li><a href=\"https:\/\/www.lafarga.com\/corporatiu\/wp-content\/uploads\/2015\/12\/PLEC-T%C3%88CNIC-SERV.VIGIL_.EDIFICI-MITJANS-CS-4-15.pdf\" target=\"_blank\" rel=\"noopener noreferrer\">Plec t\u00e8cnic servei vigil\u00e0ncia edifici Mitjans (CS 4-15).<\/a><\/li>\n<li><a href=\"https:\/\/www.lafarga.com\/corporatiu\/wp-content\/uploads\/2015\/12\/PLEC-CL%C3%80US.CONTR_.SERV_.VIGIL_.EDIFICI-MITJANS-CS-4-15.pdf\" target=\"_blank\" rel=\"noopener noreferrer\">Plec cl\u00e0usules contractuals servei vigil\u00e0ncia edifici Mitjans (CS 4-15).<\/a><\/li>\n<li><a href=\"https:\/\/www.lafarga.com\/corporatiu\/wp-content\/uploads\/2016\/01\/ACTA-OBERTURA-SOBRE-B-I-C-SERVEIS-VIGIL.-MITJANS.pdf\" target=\"_blank\" rel=\"noopener noreferrer\">Acta obertura sobre B i C servei vigil\u00e0ncia edicifi Mitjans<\/a>.<\/li>\n<li><a href=\"https:\/\/www.lafarga.com\/corporatiu\/wp-content\/uploads\/2016\/02\/RESOLUCI%C3%93-ADJUDICACI%C3%93-CONCURS-SEGURETAT-EDIFICI-MITJANS-COMUNICACI%C3%93.pdf\" target=\"_blank\" rel=\"noopener noreferrer\">Resoluci\u00f3 adjudicaci\u00f3 concurs servei vigil\u00e0ncia edifici Mitjans<\/a>.<\/li>\n<\/ul>\n<\/div><\/div>\n\n\n\n<div class=\"wp-block-esab-accordion-child\" style=\"border:1px solid var(--ast-global-color-2)\"><div class=\"esab__head esab__head_reverse\" style=\"padding:10px 10px 10px 20px;background-color:var(--ast-global-color-2)\" role=\"button\" aria-expanded=\"false\"><div class=\"esab__heading_txt\"><h5 class=\"esab__heading_tag\">Contractaci\u00f3 dels serveis d\u2019auditoria per a la societat La Farga, GEMSA<\/h5><\/div><div class=\"esab__icon\"><div class=\"esab__collapse\"><svg version=\"1.2\" viewBox=\"0 0 24 24\" width=\"24\" height=\"24\"><path fill-rule=\"evenodd\" d=\"m3.5 20.5c-4.7-4.7-4.7-12.3 0-17 4.7-4.7 12.3-4.7 17 0 4.6 4.7 4.6 12.3 0 17-4.7 4.6-12.3 4.6-17 0zm0.9-0.9c4.2 4.2 11 4.2 15.2 0 4.2-4.2 4.2-11 0-15.2-4.2-4.3-11-4.3-15.2 0-4.3 4.2-4.3 11 0 15.2z\"><\/path><path d=\"m11.4 15.9v-3.3h-3.3c-0.3 0-0.6-0.3-0.6-0.6 0-0.4 0.3-0.6 0.6-0.6h3.3v-3.3c0-0.3 0.3-0.6 0.6-0.6 0.3 0 0.6 0.3 0.6 0.6v3.3h3.3c0.3 0 0.6 0.2 0.6 0.6q0 0.2-0.2 0.4-0.2 0.2-0.4 0.2h-3.3v3.3q0 0.2-0.2 0.4-0.2 0.2-0.4 0.2c-0.4 0-0.6-0.3-0.6-0.6z\"><\/path><\/svg><\/div><div class=\"esab__expand\"><svg version=\"1.2\" viewBox=\"0 0 24 24\" width=\"24\" height=\"24\"><path fill-rule=\"evenodd\" d=\"m12 24c-6.6 0-12-5.4-12-12 0-6.6 5.4-12 12-12 6.6 0 12 5.4 12 12 0 6.6-5.4 12-12 12zm10.6-12c0-5.9-4.7-10.6-10.6-10.6-5.9 0-10.6 4.7-10.6 10.6 0 5.9 4.7 10.6 10.6 10.6 5.9 0 10.6-4.7 10.6-10.6z\"><\/path><path d=\"m5.6 11.3h12.8v1.4h-12.8z\"><\/path><\/svg><\/div><\/div><\/div><div class=\"esab__body\" style=\"border-top:1px solid var(--ast-global-color-2);padding:20px 20px 20px 20px;background-color:var(--ast-global-color-4)\">\n<p>Objecte: La contractaci\u00f3 dels serveis d\u2019auditoria per a la societat La Farga, Gesti\u00f3 d\u2019Equipaments Municipals, S.A. (Ref. CS 3\/15).<\/p>\n<p>Valor estimat contracte: 40.000,00 \u20ac (QUARANTA MIL EUROS) IVA excl\u00f2s, per a la totalitat del termini del contracte: 5 anys, inclosa la pr\u00f2rroga d\u20191 any.<\/p>\n<p>Durada del contracte: El contracte tindr\u00e0 una durada de 4 anys m\u00e9s una possible pr\u00f2rroga d\u20191 any.<\/p>\n<p>Procediment de selecci\u00f3: Procediment negociat sense publicitat.<\/p>\n<p>Data l\u00edmit presentaci\u00f3 d\u2019ofertes: 14\/10\/2015, a les 14:00 hores.<\/p>\n<p>Informaci\u00f3 i lloc de presentaci\u00f3:<br \/>A les oficines de La Farga, GEM,SA., C. Barcelona, 2 de L\u2019Hospitalet de Llobregat, de 9 a 14h, de dilluns a divendres i a la web\u00a0<a href=\"http:\/\/www.lafarga.com\/\" target=\"_blank\" rel=\"noopener noreferrer\">www.lafarga.com<\/a>. Tel\u00e8fon 93 261 52 00.<\/p>\n<p>El Gerent de La Farga, GEM S.A.<br \/>Manuel P\u00e9rez Gim\u00e9nez<\/p>\n<p>L\u2019Hospitalet, 28 de setembre de 2015.<\/p>\n<ul>\n<li><a href=\"https:\/\/www.lafarga.com\/corporatiu\/wp-content\/uploads\/2015\/09\/PLEC-ADMINIST.PROC_.NEGOC_.AUDITORSRef.-CS-3-15.pdf\" target=\"_blank\" rel=\"noopener noreferrer\">Plec administratiu procediment negociat auditors (Ref. CS 3-15).<\/a><\/li>\n<li><a href=\"https:\/\/www.lafarga.com\/corporatiu\/wp-content\/uploads\/2015\/09\/PLEC-PRESC.T%C3%88CNIQ.PROC_.NEGOC_.AUDITORS-Ref.-CS-3-15.pdf\" target=\"_blank\" rel=\"noopener noreferrer\">Plec prescripcions t\u00e8cniques procediment negociat auditors (Ref. CS 3-15)<\/a>.<\/li>\n<li><a href=\"https:\/\/www.lafarga.com\/corporatiu\/wp-content\/uploads\/2015\/12\/ADJUDICACI%C3%93-AUDITORS-LA-FARGA-20152016-I-2017.pdf\" target=\"_blank\" rel=\"noopener noreferrer\">Adjudicaci\u00f3 serveis d\u2019auditoria per a la societat La Farga, GEMSA.<\/a><\/li>\n<\/ul>\n<\/div><\/div>\n\n\n\n<div class=\"wp-block-esab-accordion-child\" style=\"border:1px solid var(--ast-global-color-2)\"><div class=\"esab__head esab__head_reverse\" style=\"padding:10px 10px 10px 20px;background-color:var(--ast-global-color-2)\" role=\"button\" aria-expanded=\"false\"><div class=\"esab__heading_txt\"><h5 class=\"esab__heading_tag\">Contractaci\u00f3 dels serveis d\u2019edici\u00f3, impressi\u00f3, manipulaci\u00f3, transport i lliurament del Diari de L\u2019H<\/h5><\/div><div class=\"esab__icon\"><div class=\"esab__collapse\"><svg version=\"1.2\" viewBox=\"0 0 24 24\" width=\"24\" height=\"24\"><path fill-rule=\"evenodd\" d=\"m3.5 20.5c-4.7-4.7-4.7-12.3 0-17 4.7-4.7 12.3-4.7 17 0 4.6 4.7 4.6 12.3 0 17-4.7 4.6-12.3 4.6-17 0zm0.9-0.9c4.2 4.2 11 4.2 15.2 0 4.2-4.2 4.2-11 0-15.2-4.2-4.3-11-4.3-15.2 0-4.3 4.2-4.3 11 0 15.2z\"><\/path><path d=\"m11.4 15.9v-3.3h-3.3c-0.3 0-0.6-0.3-0.6-0.6 0-0.4 0.3-0.6 0.6-0.6h3.3v-3.3c0-0.3 0.3-0.6 0.6-0.6 0.3 0 0.6 0.3 0.6 0.6v3.3h3.3c0.3 0 0.6 0.2 0.6 0.6q0 0.2-0.2 0.4-0.2 0.2-0.4 0.2h-3.3v3.3q0 0.2-0.2 0.4-0.2 0.2-0.4 0.2c-0.4 0-0.6-0.3-0.6-0.6z\"><\/path><\/svg><\/div><div class=\"esab__expand\"><svg version=\"1.2\" viewBox=\"0 0 24 24\" width=\"24\" height=\"24\"><path fill-rule=\"evenodd\" d=\"m12 24c-6.6 0-12-5.4-12-12 0-6.6 5.4-12 12-12 6.6 0 12 5.4 12 12 0 6.6-5.4 12-12 12zm10.6-12c0-5.9-4.7-10.6-10.6-10.6-5.9 0-10.6 4.7-10.6 10.6 0 5.9 4.7 10.6 10.6 10.6 5.9 0 10.6-4.7 10.6-10.6z\"><\/path><path d=\"m5.6 11.3h12.8v1.4h-12.8z\"><\/path><\/svg><\/div><\/div><\/div><div class=\"esab__body\" style=\"border-top:1px solid var(--ast-global-color-2);padding:20px 20px 20px 20px;background-color:var(--ast-global-color-4)\">\n<p>Objecte: La contractaci\u00f3 dels serveis d\u2019edici\u00f3, impressi\u00f3, manipulaci\u00f3, transport i lliurament de la publicaci\u00f3 municipal \u201cL\u2019Hospitalet. Diari informatiu de la ciutat\u201d que gestiona la societat municipal La Farga, Gesti\u00f3 d\u2019Equipaments Municipals, S.A.<\/p>\n<p>Valor estimat contracte: 198.800,00 \u20ac (CENT NORANTA-VUIT MIL VUIT-CENTS EUROS) IVA excl\u00f2s, pels 2 anys inclosa la possible pr\u00f2rroga.<\/p>\n<p>Durada del contracte: El contracte tindr\u00e0 una durada d\u20191 any m\u00e9s una possible pr\u00f2rroga d\u20191 any.<\/p>\n<p>Procediment de selecci\u00f3: Obert no harmonitzat.<\/p>\n<p>Data l\u00edmit presentaci\u00f3 d\u2019ofertes: 17\/04\/2015, a les 14:00 hores.<\/p>\n<p>Obertura p\u00fablica proposicions: 24\/04\/2015, a les 11:00 hores.<\/p>\n<p>Informaci\u00f3 i lloc de presentaci\u00f3:<\/p>\n<p>A les oficines de La Farga, GEM S.A. C. Barcelona, 2 de L\u2019Hospitalet de Llobregat, de 9 a 14h, de dilluns a divendres i a la web\u00a0<a href=\"http:\/\/www.lafarga.com\/\" target=\"_blank\" rel=\"noopener noreferrer\">www.lafarga.com<\/a>. Tel\u00e8fon 93 261 52 00.<\/p>\n<p>El Gerent de La Farga, GEM S.A.<br \/>Manuel P\u00e9rez Gim\u00e9nez<\/p>\n<p>L\u2019Hospitalet, 20 de mar\u00e7 de 2015.<\/p>\n<ul>\n<li><a href=\"https:\/\/www.lafarga.com\/corporatiu\/wp-content\/uploads\/2016\/07\/20150323083603.pdf\" target=\"_blank\" rel=\"noopener noreferrer\">Plecs condicions administratives serveis edici\u00f3 i impressi\u00f3 Diari de L\u2019H<\/a>.<\/li>\n<li><a href=\"https:\/\/www.lafarga.com\/corporatiu\/wp-content\/uploads\/2016\/07\/20150323083603X.pdf\" target=\"_blank\" rel=\"noopener noreferrer\">Plecs t\u00e8cnics serveis edici\u00f3 i impressi\u00f3 Diari de L\u2019H<\/a>.<\/li>\n<li><a href=\"https:\/\/www.lafarga.com\/corporatiu\/wp-content\/uploads\/2015\/06\/ACTA-OBERTURA-SOBRE-B-I-C-EDICI%C3%93-I-IMPRESSI%C3%93-DIARI.pdf\" target=\"_blank\" rel=\"noopener noreferrer\">Acta obertura sobres B i C edici\u00f3 i impressi\u00f3 Diari de L\u2019H<\/a>.<\/li>\n<li><a href=\"https:\/\/www.lafarga.com\/corporatiu\/wp-content\/uploads\/2015\/06\/RESOL.GER%C3%88NCIA-ADJUD.PROV_.EDICI%C3%93-IMPRESSI%C3%93-DIARI.pdf\" target=\"_blank\" rel=\"noopener noreferrer\">Ressoluci\u00f3 Ger\u00e8ncia adjudicaci\u00f3 edici\u00f3 i impressi\u00f3 Diari de L\u2019H<\/a>.<\/li>\n<li><a href=\"https:\/\/www.lafarga.com\/corporatiu\/wp-content\/uploads\/2015\/06\/ADJUD.DEFINITIVA-EDICI%C3%93-IMPRESSI%C3%93-DIARI-LH-MIC.pdf\" target=\"_blank\" rel=\"noopener noreferrer\">Adjudicaci\u00f3 definitiva edici\u00f3 i impressi\u00f3 Diari de L\u2019H-MIC<\/a>.<\/li>\n<\/ul>\n<\/div><\/div>\n\n\n\n<div class=\"wp-block-esab-accordion-child\" style=\"border:1px solid var(--ast-global-color-2)\"><div class=\"esab__head esab__head_reverse\" style=\"padding:10px 10px 10px 20px;background-color:var(--ast-global-color-2)\" role=\"button\" aria-expanded=\"false\"><div class=\"esab__heading_txt\"><h5 class=\"esab__heading_tag\">Contractaci\u00f3 serveis de fotografia<\/h5><\/div><div class=\"esab__icon\"><div class=\"esab__collapse\"><svg version=\"1.2\" viewBox=\"0 0 24 24\" width=\"24\" height=\"24\"><path fill-rule=\"evenodd\" d=\"m3.5 20.5c-4.7-4.7-4.7-12.3 0-17 4.7-4.7 12.3-4.7 17 0 4.6 4.7 4.6 12.3 0 17-4.7 4.6-12.3 4.6-17 0zm0.9-0.9c4.2 4.2 11 4.2 15.2 0 4.2-4.2 4.2-11 0-15.2-4.2-4.3-11-4.3-15.2 0-4.3 4.2-4.3 11 0 15.2z\"><\/path><path d=\"m11.4 15.9v-3.3h-3.3c-0.3 0-0.6-0.3-0.6-0.6 0-0.4 0.3-0.6 0.6-0.6h3.3v-3.3c0-0.3 0.3-0.6 0.6-0.6 0.3 0 0.6 0.3 0.6 0.6v3.3h3.3c0.3 0 0.6 0.2 0.6 0.6q0 0.2-0.2 0.4-0.2 0.2-0.4 0.2h-3.3v3.3q0 0.2-0.2 0.4-0.2 0.2-0.4 0.2c-0.4 0-0.6-0.3-0.6-0.6z\"><\/path><\/svg><\/div><div class=\"esab__expand\"><svg version=\"1.2\" viewBox=\"0 0 24 24\" width=\"24\" height=\"24\"><path fill-rule=\"evenodd\" d=\"m12 24c-6.6 0-12-5.4-12-12 0-6.6 5.4-12 12-12 6.6 0 12 5.4 12 12 0 6.6-5.4 12-12 12zm10.6-12c0-5.9-4.7-10.6-10.6-10.6-5.9 0-10.6 4.7-10.6 10.6 0 5.9 4.7 10.6 10.6 10.6 5.9 0 10.6-4.7 10.6-10.6z\"><\/path><path d=\"m5.6 11.3h12.8v1.4h-12.8z\"><\/path><\/svg><\/div><\/div><\/div><div class=\"esab__body\" style=\"border-top:1px solid var(--ast-global-color-2);padding:20px 20px 20px 20px;background-color:var(--ast-global-color-4)\">\n<p>Objecte: La contractaci\u00f3 dels serveis de fotografia per als Mitjans de Comunicaci\u00f3 gestionats per la societat municipal La Farga, Gesti\u00f3 d\u2019Equipaments Municipals, S.A. a la ciutat de L\u2019Hospitalet de Ll.<\/p>\n<p>Valor estimat contracte: 57.600,00 \u20ac (CINQUANTA-SET MIL SIS-CENTS EUROS) IVA excl\u00f2s, i un termini total del contracte incloses les seves pr\u00f2rrogues de 24 mesos.<\/p>\n<p>Durada del contracte: El contracte tindr\u00e0 una durada d\u20191 any m\u00e9s una possible pr\u00f2rroga d\u20191 any.<\/p>\n<p>Procediment de selecci\u00f3: Procediment negociat sense publicitat.<\/p>\n<p>El Gerent de La Farga, GEM S.A.<br \/>Manuel P\u00e9rez Gim\u00e9nez<\/p>\n<p>L\u2019Hospitalet, 20 de mar\u00e7 de 2015.<\/p>\n<ul>\n<li><a href=\"https:\/\/www.lafarga.com\/corporatiu\/wp-content\/uploads\/2015\/06\/RESOL.ADJ_.DEFINITIVA-CONTRACTE-SERVEIS-FOTOGRAFIA.pdf\" target=\"_blank\" rel=\"noopener noreferrer\">Ressoluci\u00f3 adjudicaci\u00f3 definitiva contracte serveis fotografia<\/a>.<\/li>\n<\/ul>\n<\/div><\/div>\n\n\n\n<div class=\"wp-block-esab-accordion-child\" style=\"border:1px solid var(--ast-global-color-2)\"><div class=\"esab__head esab__head_reverse\" style=\"padding:10px 10px 10px 20px;background-color:var(--ast-global-color-2)\" role=\"button\" aria-expanded=\"false\"><div class=\"esab__heading_txt\"><h5 class=\"esab__heading_tag\">Contractaci\u00f3 de la prestaci\u00f3 dels serveis d\u2019auxiliars de control i gesti\u00f3 administrativa d\u2019aparcaments<\/h5><\/div><div class=\"esab__icon\"><div class=\"esab__collapse\"><svg version=\"1.2\" viewBox=\"0 0 24 24\" width=\"24\" height=\"24\"><path fill-rule=\"evenodd\" d=\"m3.5 20.5c-4.7-4.7-4.7-12.3 0-17 4.7-4.7 12.3-4.7 17 0 4.6 4.7 4.6 12.3 0 17-4.7 4.6-12.3 4.6-17 0zm0.9-0.9c4.2 4.2 11 4.2 15.2 0 4.2-4.2 4.2-11 0-15.2-4.2-4.3-11-4.3-15.2 0-4.3 4.2-4.3 11 0 15.2z\"><\/path><path d=\"m11.4 15.9v-3.3h-3.3c-0.3 0-0.6-0.3-0.6-0.6 0-0.4 0.3-0.6 0.6-0.6h3.3v-3.3c0-0.3 0.3-0.6 0.6-0.6 0.3 0 0.6 0.3 0.6 0.6v3.3h3.3c0.3 0 0.6 0.2 0.6 0.6q0 0.2-0.2 0.4-0.2 0.2-0.4 0.2h-3.3v3.3q0 0.2-0.2 0.4-0.2 0.2-0.4 0.2c-0.4 0-0.6-0.3-0.6-0.6z\"><\/path><\/svg><\/div><div class=\"esab__expand\"><svg version=\"1.2\" viewBox=\"0 0 24 24\" width=\"24\" height=\"24\"><path fill-rule=\"evenodd\" d=\"m12 24c-6.6 0-12-5.4-12-12 0-6.6 5.4-12 12-12 6.6 0 12 5.4 12 12 0 6.6-5.4 12-12 12zm10.6-12c0-5.9-4.7-10.6-10.6-10.6-5.9 0-10.6 4.7-10.6 10.6 0 5.9 4.7 10.6 10.6 10.6 5.9 0 10.6-4.7 10.6-10.6z\"><\/path><path d=\"m5.6 11.3h12.8v1.4h-12.8z\"><\/path><\/svg><\/div><\/div><\/div><div class=\"esab__body\" style=\"border-top:1px solid var(--ast-global-color-2);padding:20px 20px 20px 20px;background-color:var(--ast-global-color-4)\">\n<p class=\"titol_concurs\">Objecte: La contractaci\u00f3 de la prestaci\u00f3 dels serveis d\u2019auxiliars de control i gesti\u00f3 administrativa dels aparcaments de rotaci\u00f3 de Collblanc i Vidrieries, aix\u00ed com el Dip\u00f2sit municipal de vehicles gestionat per la societat municipal La Farga, Gesti\u00f3 d\u2019Equipaments Municipals, S.A. a la ciutat de L\u2019Hospitalet de Llobregat. (Ref. CS 1\/2015).<\/p>\n<p>Valor estimat contracte: 197.925,00 \u20ac IVA excl\u00f2s (CENT NORANTA-SET MIL NOU-CENTS VINT-I-CINC EUROS).<\/p>\n<p>Durada del contracte: El contracte tindr\u00e0 una durada de 21 mesos.<\/p>\n<p>Procediment de selecci\u00f3: Veure plecs.<\/p>\n<p>Tipus de licitaci\u00f3: Obert no harmonitzat.<\/p>\n<p>Data l\u00edmit presentaci\u00f3 d\u2019ofertes: 27\/02\/2015, a les 14:00h.<\/p>\n<p>Obertura p\u00fablica sobres B i C: 09\/03\/2015, a les 10:00h.<\/p>\n<p>Informaci\u00f3 i lloc de presentaci\u00f3:<br \/>A les oficines de La Farga, GEM S.A. C. Barcelona, 2 de L\u2019Hospitalet de Llobregat, de 9 a 14h, de dilluns a divendres i a la web www.lafarga.com . Tel\u00e8fon 93 261 52 00.<\/p>\n<p>El Gerent de La Farga, GEM S.A.<br \/>Manuel P\u00e9rez Gim\u00e9nez<\/p>\n<p>L\u2019Hospitalet, 12 de febrer de 2015.<\/p>\n<ul>\n<li><a href=\"https:\/\/www.lafarga.com\/corporatiu\/wp-content\/uploads\/2016\/07\/20150212102210.pdf\" target=\"_blank\" rel=\"noopener noreferrer\">Plecs administratius serveis control i gesti\u00f3 admva. aparcaments rotaci\u00f3 Collblanc i Vidrieries, i el dip\u00f2sit municipal.<\/a><\/li>\n<li><a href=\"https:\/\/www.lafarga.com\/corporatiu\/wp-content\/uploads\/2016\/07\/20150212102210X.pdf\" target=\"_blank\" rel=\"noopener noreferrer\">Plecs t\u00e8cnics serveis control i gesti\u00f3 admva. aparcaments rotaci\u00f3 Collblanc i Vidrieres, i el disp\u00f3sit municipal.<\/a><\/li>\n<li><a href=\"https:\/\/www.lafarga.com\/corporatiu\/wp-content\/uploads\/2016\/07\/20150312130133.pdf\" target=\"_blank\" rel=\"noopener noreferrer\">Acta obertura sobres B i C concurs auxiliars aparcaments.<\/a><\/li>\n<li><a href=\"https:\/\/www.lafarga.com\/corporatiu\/wp-content\/uploads\/2016\/07\/20150327140200.pdf\" target=\"_blank\" rel=\"noopener noreferrer\">Declarar classificada concurs auxiliars aparcaments.<\/a><\/li>\n<li><a href=\"https:\/\/www.lafarga.com\/corporatiu\/wp-content\/uploads\/2016\/07\/20150413114538.pdf\" target=\"_blank\" rel=\"noopener noreferrer\">Adjudicaci\u00f3 definitiva concurs auxiliars aparcaments.<\/a><\/li>\n<\/ul>\n<\/div><\/div>\n<\/div><\/div>\n<\/div>\n\n\n\n<div class=\"wp-block-uagb-tabs-child uagb-tabs__body-container uagb-inner-tab-4\" aria-labelledby=\"uagb-tabs__tab4\">\n<div class=\"wp-block-esab-accordion accordion-19239f9a\" data-mode=\"global\"><div class=\"esab__container\" style=\"row-gap:10px;margin:0px 0px 0px 0px\">\n<div class=\"wp-block-esab-accordion-child\" style=\"border:1px solid var(--ast-global-color-2)\"><div class=\"esab__head esab__head_reverse\" style=\"padding:10px 10px 10px 20px;background-color:var(--ast-global-color-2)\" role=\"button\" aria-expanded=\"false\"><div class=\"esab__heading_txt\"><h5 class=\"esab__heading_tag\">Contractaci\u00f3 per a la prestaci\u00f3 del servei de distribuci\u00f3 de la publicaci\u00f3 municipal Diari de L&#8217;Hospitalet<\/h5><\/div><div class=\"esab__icon\"><div class=\"esab__collapse\"><svg version=\"1.2\" viewBox=\"0 0 24 24\" width=\"24\" height=\"24\"><path fill-rule=\"evenodd\" d=\"m3.5 20.5c-4.7-4.7-4.7-12.3 0-17 4.7-4.7 12.3-4.7 17 0 4.6 4.7 4.6 12.3 0 17-4.7 4.6-12.3 4.6-17 0zm0.9-0.9c4.2 4.2 11 4.2 15.2 0 4.2-4.2 4.2-11 0-15.2-4.2-4.3-11-4.3-15.2 0-4.3 4.2-4.3 11 0 15.2z\"><\/path><path d=\"m11.4 15.9v-3.3h-3.3c-0.3 0-0.6-0.3-0.6-0.6 0-0.4 0.3-0.6 0.6-0.6h3.3v-3.3c0-0.3 0.3-0.6 0.6-0.6 0.3 0 0.6 0.3 0.6 0.6v3.3h3.3c0.3 0 0.6 0.2 0.6 0.6q0 0.2-0.2 0.4-0.2 0.2-0.4 0.2h-3.3v3.3q0 0.2-0.2 0.4-0.2 0.2-0.4 0.2c-0.4 0-0.6-0.3-0.6-0.6z\"><\/path><\/svg><\/div><div class=\"esab__expand\"><svg version=\"1.2\" viewBox=\"0 0 24 24\" width=\"24\" height=\"24\"><path fill-rule=\"evenodd\" d=\"m12 24c-6.6 0-12-5.4-12-12 0-6.6 5.4-12 12-12 6.6 0 12 5.4 12 12 0 6.6-5.4 12-12 12zm10.6-12c0-5.9-4.7-10.6-10.6-10.6-5.9 0-10.6 4.7-10.6 10.6 0 5.9 4.7 10.6 10.6 10.6 5.9 0 10.6-4.7 10.6-10.6z\"><\/path><path d=\"m5.6 11.3h12.8v1.4h-12.8z\"><\/path><\/svg><\/div><\/div><\/div><div class=\"esab__body\" style=\"border-top:1px solid var(--ast-global-color-2);padding:20px 20px 20px 20px;background-color:var(--ast-global-color-4)\">\n<p>La Farga, Gesti\u00f3 d\u2019Equipaments Municipals, SA<\/p>\n<p><strong>Anunci de licitaci\u00f3 procediment negociat amb publicitat<\/strong><\/p>\n<p><strong>Anunci per a la contractaci\u00f3 de: Servei de distribuci\u00f3 de la publicaci\u00f3 municipal Diari de L\u2019Hospitalet<\/strong><\/p>\n<p><strong>1<\/strong>. Entitat adjudicadora: La Farga, Gesti\u00f3 d\u2019Equipaments Municipals, S.A.<br \/>Expedient: CS 3\/2014<br \/><strong>2<\/strong>. Objecte del contracte:<br \/>Descripci\u00f3 de l\u2019objecte: L\u2019objecte del present contracte \u00e9s la prestaci\u00f3 del servei de distribuci\u00f3 de la publicaci\u00f3 municipal Diari de L\u2019Hospitalet, que edita La Farga, Gesti\u00f3 d\u2019Equipaments Municipals, S.A.<br \/><strong>3<\/strong>. Tramitaci\u00f3, procediment i forma d\u2019adjudicaci\u00f3:<br \/>a) Tramitaci\u00f3: Ordin\u00e0ria.<br \/>b) Procediment: Negociat amb publicitat.<br \/>c) Regulaci\u00f3: No harmonitzada.<br \/><strong>4<\/strong>. Termini d\u2019execuci\u00f3.<br \/>El contracte tindr\u00e0 una durada inicial de 2 anys, a comptar des de la data de la seva formalitzaci\u00f3. No obstant, podr\u00e0 ser prorrogat de manera expressa, pr\u00e8via acceptaci\u00f3 d\u2019ambdues parts, per un any m\u00e9s. El termini total del contracte inclosa les seves pr\u00f2rrogues en cap cas podr\u00e0 excedir de 3 anys.<br \/><strong>5<\/strong>. Pressupost base de licitaci\u00f3:<br \/>CENT VINT-I-TRES MIL DOS-CENTS SEIXANTA-NOU EUROS AMB TRENTA C\u00c8NTIMS \u2013 123.269,30 \u20ac (IVA excl\u00f2s)<br \/><strong>6<\/strong>. Termini per presentar les sol\u00b7licituds de participaci\u00f3:\u00a0Fins les 14:00 hores del 7 d\u2019abril de 2014.<br \/>Les sol\u00b7licituds es podran presentar a trav\u00e9s d\u2019alguna de les seg\u00fcents modalitats:<br \/>a) per registre a les oficines del c\/ Barcelona 2.<br \/>b) per correu electr\u00f2nic a l\u2019adre\u00e7a lafarga@lafarga.com.<br \/>Les sol\u00b7licituds de participaci\u00f3 s\u2019hauran de presentar d\u2019acord amb el model que es publica, degudament signades pel legal representant, en cas de persona jur\u00eddica, o per la persona f\u00edsica (en cas de ser un aut\u00f2nom).<br \/><strong>7<\/strong>. Data l\u00edmit de presentaci\u00f3 d\u2019ofertes per part de les empreses seleccionades (sobre 1, 2 i 3)<br \/>Fins les 14:00 hores del dia 22 d\u2019abril de 2014.<br \/><strong>8<\/strong>. Data obertura de les propostes econ\u00f2miques i t\u00e8cniques:<br \/>29 d\u2019abril de 2014, a les 12:00 hores, en les condicions indicades al Plec de Condicions Particulars<br \/><strong>9<\/strong>. Per\u00edode de negociaci\u00f3<br \/>a) Invitaci\u00f3 al per\u00edode de negociaci\u00f3.<br \/>Es convidar\u00e0 a participar als licitadors mitjan\u00e7ant correu electr\u00f2nic o fax designat en el sobre 1, per tal de presentar la proposta dels criteris objecte de negociaci\u00f3.<br \/>b) Presentaci\u00f3 de propostes susceptibles de negociaci\u00f3 (sobre 4).<br \/>Fins les 14:00 hores del 12 de maig de 2014, en les condicions indicades al Plec de Condicions Particulars.<br \/><strong>10<\/strong>. Obtenci\u00f3 de la documentaci\u00f3 i informaci\u00f3<br \/>Perfil del contractant de La Farga.\u00a0<a href=\"http:\/\/www.lafarga.com\/\" target=\"_blank\" rel=\"noopener noreferrer\">www.lafarga.com<\/a><br \/>Perfil del contractant de l\u2019Ajuntament de L\u2019Hospitalet.\u00a0<a href=\"https:\/\/seuelectronica.l-h.cat\/\" target=\"_blank\" rel=\"noopener noreferrer\">https:\/\/seuelectronica.l-h.cat<\/a><br \/><strong>11<\/strong>. Garantia provisional<br \/>No aplica.<br \/><strong>12<\/strong>. Garantia definitiva<br \/>5% de l\u2019import d\u2019adjudicaci\u00f3.<br \/><strong>13<\/strong>. Criteris de solv\u00e8ncia t\u00e8cnica i professional<br \/>Els que a aquests efectes s\u2019indiquen al Plec de Condicions Particulars.<br \/><strong>14<\/strong>. Criteris de solv\u00e8ncia econ\u00f2mica<br \/>Els que a aquests efectes s\u2019indiquen al Plec de Condicions Particulars.<br \/><strong>15<\/strong>. Dades de contacte<br \/>En cas de tenir algun dubte en relaci\u00f3 a aquest procediment de licitaci\u00f3, poden adre\u00e7ar les seves consultes a l\u2019adre\u00e7a de correu electr\u00f2nic:<br \/>lafarga@lafarga.com.<br \/><strong>16<\/strong>. N\u00famero m\u00e0xim de licitadors a convidar<br \/>Com a m\u00ednim es convidaran a participar en el procediment a tres licitadors.<\/p>\n<p>Signat:\u00a0Joaquim Dalmau i Sala,\u00a0Gerent<\/p>\n<p>L\u2019Hospitalet, 28 de mar\u00e7 de 2014.<\/p>\n<ul>\n<li><a href=\"https:\/\/www.lafarga.com\/corporatiu\/wp-content\/uploads\/2016\/07\/20141001101908.pdf\" target=\"_blank\" rel=\"noopener noreferrer\">Plecs cl\u00e0usules contractuals distribuci\u00f3 Diari de L\u2019Hospitalet.<\/a><\/li>\n<li><a href=\"https:\/\/www.lafarga.com\/corporatiu\/wp-content\/uploads\/2016\/07\/20140328122436X.pdf\" target=\"_blank\" rel=\"noopener noreferrer\">Plecs prescripcions t\u00e8cniques distribuci\u00f3 Diari de L\u2019Hospitalet.<\/a><\/li>\n<li><a href=\"https:\/\/www.lafarga.com\/corporatiu\/wp-content\/uploads\/2016\/07\/20140430110021.pdf\" target=\"_blank\" rel=\"noopener noreferrer\">Acta obertura sobres B i C concurs distribuci\u00f3 Diari de L\u2019Hospitalet.<\/a><\/li>\n<li><a href=\"https:\/\/www.lafarga.com\/corporatiu\/wp-content\/uploads\/2016\/07\/20141001102134.pdf\" target=\"_blank\" rel=\"noopener noreferrer\">Acta mesa de contractaci\u00f3 concurs distribuci\u00f3 Diari de L\u2019Hospitalet.<\/a><\/li>\n<li><a href=\"https:\/\/www.lafarga.com\/corporatiu\/wp-content\/uploads\/2016\/07\/20141001102134X.pdf\" target=\"_blank\" rel=\"noopener noreferrer\">Adjudicaci\u00f3 definitiva concurs distribuci\u00f3 Diari de L\u2019Hospitalet.<\/a><\/li>\n<\/ul>\n<\/div><\/div>\n\n\n\n<div class=\"wp-block-esab-accordion-child\" style=\"border:1px solid var(--ast-global-color-2)\"><div class=\"esab__head esab__head_reverse\" style=\"padding:10px 10px 10px 20px;background-color:var(--ast-global-color-2)\" role=\"button\" aria-expanded=\"false\"><div class=\"esab__heading_txt\"><h5 class=\"esab__heading_tag\">Contractaci\u00f3 del subministrament, instal\u00b7laci\u00f3 i manteniment d&#8217;equipament t\u00e8cnic per als Mitjans de Comunicaci\u00f3<\/h5><\/div><div class=\"esab__icon\"><div class=\"esab__collapse\"><svg version=\"1.2\" viewBox=\"0 0 24 24\" width=\"24\" height=\"24\"><path fill-rule=\"evenodd\" d=\"m3.5 20.5c-4.7-4.7-4.7-12.3 0-17 4.7-4.7 12.3-4.7 17 0 4.6 4.7 4.6 12.3 0 17-4.7 4.6-12.3 4.6-17 0zm0.9-0.9c4.2 4.2 11 4.2 15.2 0 4.2-4.2 4.2-11 0-15.2-4.2-4.3-11-4.3-15.2 0-4.3 4.2-4.3 11 0 15.2z\"><\/path><path d=\"m11.4 15.9v-3.3h-3.3c-0.3 0-0.6-0.3-0.6-0.6 0-0.4 0.3-0.6 0.6-0.6h3.3v-3.3c0-0.3 0.3-0.6 0.6-0.6 0.3 0 0.6 0.3 0.6 0.6v3.3h3.3c0.3 0 0.6 0.2 0.6 0.6q0 0.2-0.2 0.4-0.2 0.2-0.4 0.2h-3.3v3.3q0 0.2-0.2 0.4-0.2 0.2-0.4 0.2c-0.4 0-0.6-0.3-0.6-0.6z\"><\/path><\/svg><\/div><div class=\"esab__expand\"><svg version=\"1.2\" viewBox=\"0 0 24 24\" width=\"24\" height=\"24\"><path fill-rule=\"evenodd\" d=\"m12 24c-6.6 0-12-5.4-12-12 0-6.6 5.4-12 12-12 6.6 0 12 5.4 12 12 0 6.6-5.4 12-12 12zm10.6-12c0-5.9-4.7-10.6-10.6-10.6-5.9 0-10.6 4.7-10.6 10.6 0 5.9 4.7 10.6 10.6 10.6 5.9 0 10.6-4.7 10.6-10.6z\"><\/path><path d=\"m5.6 11.3h12.8v1.4h-12.8z\"><\/path><\/svg><\/div><\/div><\/div><div class=\"esab__body\" style=\"border-top:1px solid var(--ast-global-color-2);padding:20px 20px 20px 20px;background-color:var(--ast-global-color-4)\">\n<p>La Farga, Gesti\u00f3 d\u2019Equipaments Municipals, SA, convoca la licitaci\u00f3 seg\u00fcent:<\/p>\n<p>Objecte: La contractaci\u00f3 del subministrament, instal\u00b7laci\u00f3 i manteniment d\u2019equipament t\u00e8cnic per als Mitjans de Comunicaci\u00f3 de L\u2019Hospitalet (ref. csu 1\/2014).<\/p>\n<p>Valor estimat contracte: 333.333,00 \u20ac IVA excl\u00f2s (TRES-CENTS TRENTA-TRES MIL EUROS) per un termini de 4 anys, incloses dues eventuals pr\u00f2rrogues de 12 mesos.<\/p>\n<p>Termini del contracte: El termini d\u2019execuci\u00f3 del subministrament, instal.laci\u00f3, integraci\u00f3 de l\u2019equipament i formaci\u00f3 del personal, s\u2019iniciar\u00e0 en la data de formalitzaci\u00f3 del contracte, en base al calendari que La Farga estableixi a tal efecte, tenint en compte que la instal\u00b7laci\u00f3 de tot el material i formaci\u00f3 del personal haur\u00e0 d\u2019estar enllestit abans de l\u2019inici de temporada de TV L\u2019Hospitalet (5 de setembre de 2014).<\/p>\n<p>El manteniment integral dels equipaments objecte del contracte, es portar\u00e0 a terme en el termini de 1 any. Aquest manteniment es computa des de la data de l\u2019acta de recepci\u00f3 i instal\u00b7laci\u00f3 dels equipaments.<\/p>\n<p>Procediment de selecci\u00f3: Veure plecs.<\/p>\n<p>Tipus de licitaci\u00f3: Obert subjecte a regulaci\u00f3 harmonitzada.<\/p>\n<p>Data l\u00edmit presentaci\u00f3 d\u2019ofertes: 07\/05\/2014, a les 14:00 hores<\/p>\n<p>Obertura p\u00fablica sobre B: 15\/05\/2014, a les 11:00 hores<\/p>\n<p>Obertura p\u00fablica sobre C: 02\/06\/2014, a les 11:00 hores<\/p>\n<p><strong>Informaci\u00f3 i lloc de presentaci\u00f3<\/strong>:<br \/>A les oficines de La Farga, GEMSA, C. Barcelona, 2 de L\u2019Hospitalet de Llobregat, de 9 a 14h, de dilluns a divendres i a la web\u00a0<a href=\"http:\/\/www.lafarga.com\/\" target=\"_blank\" rel=\"noopener noreferrer\">www.lafarga.com<\/a>. Tel\u00e8fon 93 261 52 00.<\/p>\n<p>El Gerent de La Farga, GEMSA<br \/>Joaquim Dalmau i Sala<\/p>\n<p>L\u2019Hospitalet, 28 de mar\u00e7 de 2014.<\/p>\n<ul>\n<li><a href=\"https:\/\/www.lafarga.com\/corporatiu\/wp-content\/uploads\/2016\/07\/20141001103025.pdf\" target=\"_blank\" rel=\"noopener noreferrer\">Plec de cl\u00e0usules administratives subministrament, instal.laci\u00f3 i manteniment d\u2019equipament t\u00e8cnic.<\/a><\/li>\n<li><a href=\"https:\/\/www.lafarga.com\/corporatiu\/wp-content\/uploads\/2016\/07\/20140328122103.pdf\" target=\"_blank\" rel=\"noopener noreferrer\">Plec prescripcions t\u00e8cniques subministrament, instal.laci\u00f3 i manteniment d\u2019equipament t\u00e8cnic.<\/a><\/li>\n<li><a href=\"https:\/\/www.lafarga.com\/corporatiu\/wp-content\/uploads\/2016\/07\/20140331143259.pdf\" target=\"_blank\" rel=\"noopener noreferrer\">Esmena anunci licitaci\u00f3 plataforma inform\u00e0tica per als Mitjans de Comunicaci\u00f3.<\/a><\/li>\n<li><a href=\"https:\/\/www.lafarga.com\/corporatiu\/wp-content\/uploads\/2016\/07\/20141001103025X.pdf\" target=\"_blank\" rel=\"noopener noreferrer\">Acta mesa contractaci\u00f3 subministrament, instal.laci\u00f3 i manteniment d\u2019equipament t\u00e8cnic.<\/a><\/li>\n<li><a href=\"https:\/\/www.lafarga.com\/corporatiu\/wp-content\/uploads\/2016\/07\/20141001103025XX.pdf\" target=\"_blank\" rel=\"noopener noreferrer\">Adjudicaci\u00f3 provisional subministrament, instal.laci\u00f3 i manteniment d\u2019equipament t\u00e8cnic.<\/a><\/li>\n<li><a href=\"https:\/\/www.lafarga.com\/corporatiu\/wp-content\/uploads\/2016\/07\/20141001103025XXX.pdf\" target=\"_blank\" rel=\"noopener noreferrer\">Adjudicaci\u00f3 definitiva subministrament, instal.laci\u00f3 i manteniment d\u2019equipament t\u00e8cnic.<\/a><\/li>\n<\/ul>\n<\/div><\/div>\n\n\n\n<div class=\"wp-block-esab-accordion-child\" style=\"border:1px solid var(--ast-global-color-2)\"><div class=\"esab__head esab__head_reverse\" style=\"padding:10px 10px 10px 20px;background-color:var(--ast-global-color-2)\" role=\"button\" aria-expanded=\"false\"><div class=\"esab__heading_txt\"><h5 class=\"esab__heading_tag\">Contractaci\u00f3 per a la prestaci\u00f3 dels serveis auxiliars de control i gesti\u00f3 administrativa, als aparcaments de Collblanc i de Vidrieries<\/h5><\/div><div class=\"esab__icon\"><div class=\"esab__collapse\"><svg version=\"1.2\" viewBox=\"0 0 24 24\" width=\"24\" height=\"24\"><path fill-rule=\"evenodd\" d=\"m3.5 20.5c-4.7-4.7-4.7-12.3 0-17 4.7-4.7 12.3-4.7 17 0 4.6 4.7 4.6 12.3 0 17-4.7 4.6-12.3 4.6-17 0zm0.9-0.9c4.2 4.2 11 4.2 15.2 0 4.2-4.2 4.2-11 0-15.2-4.2-4.3-11-4.3-15.2 0-4.3 4.2-4.3 11 0 15.2z\"><\/path><path d=\"m11.4 15.9v-3.3h-3.3c-0.3 0-0.6-0.3-0.6-0.6 0-0.4 0.3-0.6 0.6-0.6h3.3v-3.3c0-0.3 0.3-0.6 0.6-0.6 0.3 0 0.6 0.3 0.6 0.6v3.3h3.3c0.3 0 0.6 0.2 0.6 0.6q0 0.2-0.2 0.4-0.2 0.2-0.4 0.2h-3.3v3.3q0 0.2-0.2 0.4-0.2 0.2-0.4 0.2c-0.4 0-0.6-0.3-0.6-0.6z\"><\/path><\/svg><\/div><div class=\"esab__expand\"><svg version=\"1.2\" viewBox=\"0 0 24 24\" width=\"24\" height=\"24\"><path fill-rule=\"evenodd\" d=\"m12 24c-6.6 0-12-5.4-12-12 0-6.6 5.4-12 12-12 6.6 0 12 5.4 12 12 0 6.6-5.4 12-12 12zm10.6-12c0-5.9-4.7-10.6-10.6-10.6-5.9 0-10.6 4.7-10.6 10.6 0 5.9 4.7 10.6 10.6 10.6 5.9 0 10.6-4.7 10.6-10.6z\"><\/path><path d=\"m5.6 11.3h12.8v1.4h-12.8z\"><\/path><\/svg><\/div><\/div><\/div><div class=\"esab__body\" style=\"border-top:1px solid var(--ast-global-color-2);padding:20px 20px 20px 20px;background-color:var(--ast-global-color-4)\">\n<p>La Farga, Gesti\u00f3 d\u2019Equipaments Municipals, SA, convoca la licitaci\u00f3 seg\u00fcent:<\/p>\n<p>Objecte: la contractaci\u00f3 de la prestaci\u00f3 dels serveis d\u2019auxiliar de control i gesti\u00f3 administrativa, als aparcaments de Collblanc i de Vidrieries, de La Farga, Gesti\u00f3 d\u2019Equipaments Municipals, S.A. (Ref. CS 1\/2014)<\/p>\n<p>Valor estimat contracte: 141.790,00 \u20ac IVA excl\u00f2s (CENT QUARANTA-UN MIL SET-CENTS NORANTA EUROS) per un termini d\u20191 any m\u00e9s una possible pr\u00f2rroga d\u20191 any m\u00e9s.<\/p>\n<p>Durada del contracte: El contracte tindr\u00e0 una durada d\u20191 any.<\/p>\n<p>Procediment de selecci\u00f3: Veure plecs.<\/p>\n<p>Tipus de licitaci\u00f3: Urgent, obert no harmonitzat.<\/p>\n<p>Data l\u00edmit presentaci\u00f3 d\u2019ofertes: 06\/02\/2014, a les 14:00 h<\/p>\n<p>Obertura p\u00fablica sobres B i C: 13\/02\/2014, a les 10:00 h<\/p>\n<p>Informaci\u00f3 i lloc de presentaci\u00f3:<br \/>A les oficines de La Farga, GEMSA, C. Barcelona, 2 de L\u2019Hospitalet de Llobregat, de 9 a 14h, de dilluns a divendres i a la web\u00a0<a href=\"http:\/\/www.lafarga.com\/\" target=\"_blank\" rel=\"noopener noreferrer\">www.lafarga.com<\/a>. Tel\u00e8fon 93 261 52 00.<\/p>\n<p>El Gerent de La Farga, GEM, SA<\/p>\n<p>Joaquim Dalmau i Sala<\/p>\n<p>L\u2019Hospitalet, 30 de gener de 2014<\/p>\n<ul>\n<li><a href=\"https:\/\/www.lafarga.com\/corporatiu\/wp-content\/uploads\/2016\/07\/20140130101518.pdf\">Plecs de cl\u00e0usules contractuals concurs prestaci\u00f3 serveis auxiliars aparcaments Collblanc i Vidrieries<\/a>.<\/li>\n<li><a href=\"https:\/\/www.lafarga.com\/corporatiu\/wp-content\/uploads\/2016\/07\/20140130101518X.pdf\">Plec condicions t\u00e8cniques concurs serveis auxiliars aparcaments Collblanc i Vidrieries<\/a>.<\/li>\n<li><a href=\"https:\/\/www.lafarga.com\/corporatiu\/wp-content\/uploads\/2016\/07\/20140213131812.pdf\">Acta obertura documentaci\u00f3 administrativa concurs serveis auxiliars aparcaments Collblanc i Vidrieries<\/a>.<\/li>\n<li><a href=\"https:\/\/www.lafarga.com\/corporatiu\/wp-content\/uploads\/2016\/07\/20140219121732.pdf\">Acta obertura sobres B i C concurs serveis auxiliars Collblanc i Vidrieries<\/a>.<\/li>\n<li><a href=\"https:\/\/www.lafarga.com\/corporatiu\/wp-content\/uploads\/2016\/07\/20140219143939.pdf\">Acta mesa contractaci\u00f3 concurs auxiliars aparcaments Collblanc i Vidrieries<\/a>.<\/li>\n<li><a href=\"https:\/\/www.lafarga.com\/corporatiu\/wp-content\/uploads\/2016\/07\/20140219143939X.pdf\">Adjudicaci\u00f3 provisional concurs auxiliars aparcaments Collblanc i Vidrieries<\/a>.<\/li>\n<li><a href=\"https:\/\/www.lafarga.com\/corporatiu\/wp-content\/uploads\/2016\/07\/20140310130918.pdf\">Adjudicaci\u00f3 definitiva concurs auxiliars aparcaments Collblanc i Vidrieries<\/a>.<\/li>\n<\/ul>\n<\/div><\/div>\n\n\n\n<div class=\"wp-block-esab-accordion-child\" style=\"border:1px solid var(--ast-global-color-2)\"><div class=\"esab__head esab__head_reverse\" style=\"padding:10px 10px 10px 20px;background-color:var(--ast-global-color-2)\" role=\"button\" aria-expanded=\"false\"><div class=\"esab__heading_txt\"><h5 class=\"esab__heading_tag\">Contractaci\u00f3 per a la prestaci\u00f3 del servei de distribuci\u00f3 de la publicaci\u00f3 municipal Diari de L&#8217;Hospitalet<\/h5><\/div><div class=\"esab__icon\"><div class=\"esab__collapse\"><svg version=\"1.2\" viewBox=\"0 0 24 24\" width=\"24\" height=\"24\"><path fill-rule=\"evenodd\" d=\"m3.5 20.5c-4.7-4.7-4.7-12.3 0-17 4.7-4.7 12.3-4.7 17 0 4.6 4.7 4.6 12.3 0 17-4.7 4.6-12.3 4.6-17 0zm0.9-0.9c4.2 4.2 11 4.2 15.2 0 4.2-4.2 4.2-11 0-15.2-4.2-4.3-11-4.3-15.2 0-4.3 4.2-4.3 11 0 15.2z\"><\/path><path d=\"m11.4 15.9v-3.3h-3.3c-0.3 0-0.6-0.3-0.6-0.6 0-0.4 0.3-0.6 0.6-0.6h3.3v-3.3c0-0.3 0.3-0.6 0.6-0.6 0.3 0 0.6 0.3 0.6 0.6v3.3h3.3c0.3 0 0.6 0.2 0.6 0.6q0 0.2-0.2 0.4-0.2 0.2-0.4 0.2h-3.3v3.3q0 0.2-0.2 0.4-0.2 0.2-0.4 0.2c-0.4 0-0.6-0.3-0.6-0.6z\"><\/path><\/svg><\/div><div class=\"esab__expand\"><svg version=\"1.2\" viewBox=\"0 0 24 24\" width=\"24\" height=\"24\"><path fill-rule=\"evenodd\" d=\"m12 24c-6.6 0-12-5.4-12-12 0-6.6 5.4-12 12-12 6.6 0 12 5.4 12 12 0 6.6-5.4 12-12 12zm10.6-12c0-5.9-4.7-10.6-10.6-10.6-5.9 0-10.6 4.7-10.6 10.6 0 5.9 4.7 10.6 10.6 10.6 5.9 0 10.6-4.7 10.6-10.6z\"><\/path><path d=\"m5.6 11.3h12.8v1.4h-12.8z\"><\/path><\/svg><\/div><\/div><\/div><div class=\"esab__body\" style=\"border-top:1px solid var(--ast-global-color-2);padding:20px 20px 20px 20px;background-color:var(--ast-global-color-4)\">\n<p>La Farga, Gesti\u00f3 d\u2019Equipaments Municipals, SA, convoca la licitaci\u00f3 seg\u00fcent:<\/p>\n<p>Objecte: La contractaci\u00f3 per a la prestaci\u00f3 del servei de distribuci\u00f3 de la publicaci\u00f3 municipal Diari de L\u2019Hospitalet (ref. cs 2\/2014).<\/p>\n<p>Valor estimat contracte: 186.139,71 \u20ac iva excl\u00f2s (CENT VUITANTA-SIS MIL CENT TRENTA-NOU EUROS AMB SETANTA-UN C\u00c8NTIMS) per un termini de 2 anys m\u00e9s una possible pr\u00f2rroga d\u20191 any m\u00e9s.<\/p>\n<p>Durada del contracte: El contracte tindr\u00e0 una durada de 2 anys.<\/p>\n<p>Procediment de selecci\u00f3: Veure plecs.<\/p>\n<p>Tipus de licitaci\u00f3: Obert no harmonitzat.<\/p>\n<p>Data l\u00edmit presentaci\u00f3 d\u2019ofertes: 14\/02\/2014, a les 14:00 h<\/p>\n<p>Obertura p\u00fablica sobres B: 24\/02\/2014, a les 10:00 h<\/p>\n<p>Obertura p\u00fablica sobres C: 03\/03\/2014, a les 10:00 h.<\/p>\n<p><strong>Informaci\u00f3 i lloc de presentaci\u00f3<\/strong>:<br \/>A les oficines de La Farga, GEMSA, C. Barcelona, 2 de L\u2019Hospitalet de Llobregat, de 9 a 14h, de dilluns a divendres i a la web\u00a0<a href=\"http:\/\/www.lafarga.com\/\" target=\"_blank\" rel=\"noopener noreferrer\">www.lafarga.com<\/a>. Tel\u00e8fon 93 261 52 00.<\/p>\n<p>El Gerent de La Farga, GEMSA<br \/>Joaquim Dalmau i Sala<\/p>\n<p>L\u2019Hospitalet, 30 de gener de 2014<\/p>\n<ul>\n<li><a href=\"https:\/\/www.lafarga.com\/corporatiu\/wp-content\/uploads\/2016\/07\/20140130101806.pdf\" target=\"_blank\" rel=\"noopener noreferrer\">Plec administratiu i t\u00e8cnic per a la contractaci\u00f3 de la prestaci\u00f3 dels serveis de distribuci\u00f3 de la publicaci\u00f3 municipal Diari de L\u2019Hospitalet. (ref. cs 2\/2014)<\/a><\/li>\n<li><a href=\"https:\/\/www.lafarga.com\/corporatiu\/wp-content\/uploads\/2016\/07\/20140306101124.pdf\" target=\"_blank\" rel=\"noopener noreferrer\">Acta obertura sobre A concurs distribuci\u00f3 Diari de L\u2019Hospitalet.<\/a><\/li>\n<li><a href=\"https:\/\/www.lafarga.com\/corporatiu\/wp-content\/uploads\/2016\/07\/20140306101124X.pdf\" target=\"_blank\" rel=\"noopener noreferrer\">Acta obertura sobre B concurs distribuci\u00f3 Diari de L\u2019Hospitalet.<\/a><\/li>\n<li><a href=\"https:\/\/www.lafarga.com\/corporatiu\/wp-content\/uploads\/2016\/07\/20140306134942.pdf\" target=\"_blank\" rel=\"noopener noreferrer\">Acta mesa de contractaci\u00f3 distribuci\u00f3 Diari de L\u2019Hospitalet.<\/a><\/li>\n<li><a href=\"https:\/\/www.lafarga.com\/corporatiu\/wp-content\/uploads\/2016\/07\/20140317121231.pdf\" target=\"_blank\" rel=\"noopener noreferrer\">Resoluci\u00f3 ger\u00e8ncia declaraci\u00f3 de desert concurs distribuci\u00f3 Diari de L\u2019Hospitalet.<\/a><\/li>\n<\/ul>\n<\/div><\/div>\n<\/div><\/div>\n<\/div>\n\n\n\n<div class=\"wp-block-uagb-tabs-child uagb-tabs__body-container uagb-inner-tab-5\" aria-labelledby=\"uagb-tabs__tab5\">\n<div class=\"wp-block-esab-accordion accordion-a1b7fca0\" data-mode=\"global\"><div class=\"esab__container\" style=\"row-gap:10px;margin:0px 0px 0px 0px\">\n<div class=\"wp-block-esab-accordion-child\" style=\"border:1px solid var(--ast-global-color-2)\"><div class=\"esab__head esab__head_reverse\" style=\"padding:10px 10px 10px 20px;background-color:var(--ast-global-color-2)\" role=\"button\" aria-expanded=\"false\"><div class=\"esab__heading_txt\"><h5 class=\"esab__heading_tag\">Contractaci\u00f3 del servei de vigil\u00e0ncia i seguretat de l\u2019edifici dels Mitjans de Comunicaci\u00f3, ubicat a la pla\u00e7a Francesc Maci\u00e0 de L&#8217;Hospitalet<\/h5><\/div><div class=\"esab__icon\"><div class=\"esab__collapse\"><svg version=\"1.2\" viewBox=\"0 0 24 24\" width=\"24\" height=\"24\"><path fill-rule=\"evenodd\" d=\"m3.5 20.5c-4.7-4.7-4.7-12.3 0-17 4.7-4.7 12.3-4.7 17 0 4.6 4.7 4.6 12.3 0 17-4.7 4.6-12.3 4.6-17 0zm0.9-0.9c4.2 4.2 11 4.2 15.2 0 4.2-4.2 4.2-11 0-15.2-4.2-4.3-11-4.3-15.2 0-4.3 4.2-4.3 11 0 15.2z\"><\/path><path d=\"m11.4 15.9v-3.3h-3.3c-0.3 0-0.6-0.3-0.6-0.6 0-0.4 0.3-0.6 0.6-0.6h3.3v-3.3c0-0.3 0.3-0.6 0.6-0.6 0.3 0 0.6 0.3 0.6 0.6v3.3h3.3c0.3 0 0.6 0.2 0.6 0.6q0 0.2-0.2 0.4-0.2 0.2-0.4 0.2h-3.3v3.3q0 0.2-0.2 0.4-0.2 0.2-0.4 0.2c-0.4 0-0.6-0.3-0.6-0.6z\"><\/path><\/svg><\/div><div class=\"esab__expand\"><svg version=\"1.2\" viewBox=\"0 0 24 24\" width=\"24\" height=\"24\"><path fill-rule=\"evenodd\" d=\"m12 24c-6.6 0-12-5.4-12-12 0-6.6 5.4-12 12-12 6.6 0 12 5.4 12 12 0 6.6-5.4 12-12 12zm10.6-12c0-5.9-4.7-10.6-10.6-10.6-5.9 0-10.6 4.7-10.6 10.6 0 5.9 4.7 10.6 10.6 10.6 5.9 0 10.6-4.7 10.6-10.6z\"><\/path><path d=\"m5.6 11.3h12.8v1.4h-12.8z\"><\/path><\/svg><\/div><\/div><\/div><div class=\"esab__body\" style=\"border-top:1px solid var(--ast-global-color-2);padding:20px 20px 20px 20px;background-color:var(--ast-global-color-4)\">\n<p>La Farga, Gesti\u00f3 d\u2019Equipaments Municipals, SA, convoca la licitaci\u00f3 seg\u00fcent:<\/p>\n<p>Objecte: La contractaci\u00f3 del servei de vigil\u00e0ncia i seguretat de l\u2019edifici dels Mitjans de Comunicaci\u00f3, ubicat a la pla\u00e7a Francesc Maci\u00e0 de L\u2019Hospitalet (ref. cs 5\/2013).<\/p>\n<p>Valor estimat contracte 340.000,00 \u20ac IVA excl\u00f2s (TRES-CENTS QUARANTA-MIL EUROS) per un termini de 4 anys, incloses dues eventuals pr\u00f2rrogues de 12 mesos.<\/p>\n<p>Durada del contracte: El contracte tindr\u00e0 una durada de 2 anys.<\/p>\n<p>Procediment de selecci\u00f3: Veure plecs.<\/p>\n<p>Tipus de licitaci\u00f3: Obert no harmonitzat.<\/p>\n<p>Data l\u00edmit presentaci\u00f3 d\u2019ofertes: 13\/12\/2013, a les 14:00h.<\/p>\n<p>Obertura p\u00fablica proposicions: 08\/01\/2014, a les 10:00h.<\/p>\n<p><strong>Informaci\u00f3 i lloc de presentaci\u00f3<\/strong>:<br \/>A les oficines de La Farga, GEMSA, C. Barcelona, 2 de L\u2019Hospitalet de Llobregat, de 9 a 14h, de dilluns a divendres i a la web\u00a0<a href=\"http:\/\/www.lafarga.com\/\" target=\"_blank\" rel=\"noopener noreferrer\">www.lafarga.com<\/a>. Tel\u00e8fon 93 261 52 00.<\/p>\n<p>El Gerent de La Farga, GEMSA.<br \/>Joaquim Dalmau i Sala<\/p>\n<p>L\u2019Hospitalet, 29 de novembre de 2013.<\/p>\n<ul>\n<li><a href=\"https:\/\/www.lafarga.com\/corporatiu\/wp-content\/uploads\/2016\/07\/20131129135000.pdf\" target=\"_blank\" rel=\"noopener noreferrer\">Plecs de condicions contractuals servei de vigil\u00e0ncia i seguretat de l\u2019edifici dels Mitjans de Comunicaci\u00f3.<\/a><\/li>\n<li><a href=\"https:\/\/www.lafarga.com\/corporatiu\/wp-content\/uploads\/2016\/07\/20131129135001.pdf\" target=\"_blank\" rel=\"noopener noreferrer\">Plec de prescripcions t\u00e8cniques del servei de vigil\u00e0ncia i seguretat de l\u2019edifici dels Mitjans de Comunicaci\u00f3.<\/a><\/li>\n<li><a href=\"https:\/\/www.lafarga.com\/corporatiu\/wp-content\/uploads\/2016\/07\/20140124123358.pdf\" target=\"_blank\" rel=\"noopener noreferrer\">Acta mesa de contractaci\u00f3 concurs del servei de vigil\u00e0ncia i seguretat de l\u2019edifici dels Mitjans de Comunicaci\u00f3.<\/a><\/li>\n<li><a href=\"https:\/\/www.lafarga.com\/corporatiu\/wp-content\/uploads\/2016\/07\/20140124123358X.pdf\" target=\"_blank\" rel=\"noopener noreferrer\">Adjudicaci\u00f3 provisional concurs del servei de vigil\u00e0ncia i seguretat de l\u2019edifici dels Mitjans de Comunicaci\u00f3.<\/a><\/li>\n<li><a href=\"https:\/\/www.lafarga.com\/corporatiu\/wp-content\/uploads\/2016\/07\/20140212143301.pdf\" target=\"_blank\" rel=\"noopener noreferrer\">Adjudicaci\u00f3 definitiva concurs del servei de vigil\u00e0ncia i seguretat de l\u2019edifici dels Mitjans de Comunicaci\u00f3.<\/a><\/li>\n<\/ul>\n<\/div><\/div>\n\n\n\n<div class=\"wp-block-esab-accordion-child\" style=\"border:1px solid var(--ast-global-color-2)\"><div class=\"esab__head esab__head_reverse\" style=\"padding:10px 10px 10px 20px;background-color:var(--ast-global-color-2)\" role=\"button\" aria-expanded=\"false\"><div class=\"esab__heading_txt\"><h5 class=\"esab__heading_tag\">Contractaci\u00f3 del servei de neteja de La Farga, Gesti\u00f3 d&#8217;Equipaments Municipals, S.A.<\/h5><\/div><div class=\"esab__icon\"><div class=\"esab__collapse\"><svg version=\"1.2\" viewBox=\"0 0 24 24\" width=\"24\" height=\"24\"><path fill-rule=\"evenodd\" d=\"m3.5 20.5c-4.7-4.7-4.7-12.3 0-17 4.7-4.7 12.3-4.7 17 0 4.6 4.7 4.6 12.3 0 17-4.7 4.6-12.3 4.6-17 0zm0.9-0.9c4.2 4.2 11 4.2 15.2 0 4.2-4.2 4.2-11 0-15.2-4.2-4.3-11-4.3-15.2 0-4.3 4.2-4.3 11 0 15.2z\"><\/path><path d=\"m11.4 15.9v-3.3h-3.3c-0.3 0-0.6-0.3-0.6-0.6 0-0.4 0.3-0.6 0.6-0.6h3.3v-3.3c0-0.3 0.3-0.6 0.6-0.6 0.3 0 0.6 0.3 0.6 0.6v3.3h3.3c0.3 0 0.6 0.2 0.6 0.6q0 0.2-0.2 0.4-0.2 0.2-0.4 0.2h-3.3v3.3q0 0.2-0.2 0.4-0.2 0.2-0.4 0.2c-0.4 0-0.6-0.3-0.6-0.6z\"><\/path><\/svg><\/div><div class=\"esab__expand\"><svg version=\"1.2\" viewBox=\"0 0 24 24\" width=\"24\" height=\"24\"><path fill-rule=\"evenodd\" d=\"m12 24c-6.6 0-12-5.4-12-12 0-6.6 5.4-12 12-12 6.6 0 12 5.4 12 12 0 6.6-5.4 12-12 12zm10.6-12c0-5.9-4.7-10.6-10.6-10.6-5.9 0-10.6 4.7-10.6 10.6 0 5.9 4.7 10.6 10.6 10.6 5.9 0 10.6-4.7 10.6-10.6z\"><\/path><path d=\"m5.6 11.3h12.8v1.4h-12.8z\"><\/path><\/svg><\/div><\/div><\/div><div class=\"esab__body\" style=\"border-top:1px solid var(--ast-global-color-2);padding:20px 20px 20px 20px;background-color:var(--ast-global-color-4)\">\n<p>La Farga, Gesti\u00f3 d\u2019Equipaments Municipals, SA, convoca la licitaci\u00f3 seg\u00fcent:<\/p>\n<p>Objecte: La contractaci\u00f3 del servei de neteja de La Farga, Gesti\u00f3 d\u2019Equipaments Municipals, SA. (ref. cs 4\/2013)<\/p>\n<p>Valor estimat contracte: 358.900,00\u20ac IVA excl\u00f2s (TRES-CENTS CINQUANTA-VUIT MIL NOU-CENTS EUROS) per un termini de 4 anys, incloses dues eventuals pr\u00f2rrogues de 12 mesos.<\/p>\n<p>Durada del contracte: El contracte tindr\u00e0 una durada de 2 anys.<\/p>\n<p>Procediment de selecci\u00f3: Veure plecs.<\/p>\n<p>Tipus de licitaci\u00f3: Obert.<\/p>\n<p>Data l\u00edmit presentaci\u00f3 d\u2019ofertes: 06\/11\/2013, a les 14:00h.<\/p>\n<p>Obertura p\u00fablica proposicions: 18\/11\/2013, a les 10:00h.<\/p>\n<p><strong>Informaci\u00f3 i lloc de presentaci\u00f3<\/strong>:<br \/>A les oficines de La Farga, GEMSA, C. Barcelona, 2 de L\u2019Hospitalet de Llobregat, de 9 a 14h, de dilluns a divendres i a la web\u00a0<a href=\"http:\/\/www.lafarga.com\/\" target=\"_blank\" rel=\"noopener noreferrer\">www.lafarga.com<\/a>. Tel\u00e8fon 93 261 52 00.<br \/>El Gerent de La Farga, GEMSA<br \/>Joaquim Dalmau i Sala<\/p>\n<p>L\u2019Hospitalet, 27 de setembre de 2013.<\/p>\n<ul>\n<li><a href=\"https:\/\/www.lafarga.com\/corporatiu\/wp-content\/uploads\/2016\/07\/20130927124643.pdf\" target=\"_blank\" rel=\"noopener noreferrer\">Plec de cl\u00e0usules contractuals per a la prestaci\u00f3 dels serveis de neteja de La Farga, GEM, S.A.<\/a><\/li>\n<li><a href=\"https:\/\/www.lafarga.com\/corporatiu\/wp-content\/uploads\/2016\/07\/20130927124643X.pdf\" target=\"_blank\" rel=\"noopener noreferrer\">Plec de prescripcions t\u00e8cniques per a la prestaci\u00f3 dels serveis de neteja de La Farga, GEM, S.A.<\/a><\/li>\n<li><a href=\"https:\/\/www.lafarga.com\/corporatiu\/wp-content\/uploads\/2016\/07\/20131126103658.pdf\" target=\"_blank\" rel=\"noopener noreferrer\">Acta obertura sobres B i C prestaci\u00f3 serveis de neteja de La Farga, GEM, S.A.<\/a><\/li>\n<li><a href=\"https:\/\/www.lafarga.com\/corporatiu\/wp-content\/uploads\/2016\/07\/20131213135547.pdf\" target=\"_blank\" rel=\"noopener noreferrer\">Adjudicaci\u00f3 provisional concurs serveis de neteja de La Farga, GEM, S.A.<\/a><\/li>\n<\/ul>\n<\/div><\/div>\n\n\n\n<div class=\"wp-block-esab-accordion-child\" style=\"border:1px solid var(--ast-global-color-2)\"><div class=\"esab__head esab__head_reverse\" style=\"padding:10px 10px 10px 20px;background-color:var(--ast-global-color-2)\" role=\"button\" aria-expanded=\"false\"><div class=\"esab__heading_txt\"><h5 class=\"esab__heading_tag\">Contractaci\u00f3 del servei d&#8217;assegurances de La Farga, Gesti\u00f3 d&#8217;Equipaments Municipals, S.A.<\/h5><\/div><div class=\"esab__icon\"><div class=\"esab__collapse\"><svg version=\"1.2\" viewBox=\"0 0 24 24\" width=\"24\" height=\"24\"><path fill-rule=\"evenodd\" d=\"m3.5 20.5c-4.7-4.7-4.7-12.3 0-17 4.7-4.7 12.3-4.7 17 0 4.6 4.7 4.6 12.3 0 17-4.7 4.6-12.3 4.6-17 0zm0.9-0.9c4.2 4.2 11 4.2 15.2 0 4.2-4.2 4.2-11 0-15.2-4.2-4.3-11-4.3-15.2 0-4.3 4.2-4.3 11 0 15.2z\"><\/path><path d=\"m11.4 15.9v-3.3h-3.3c-0.3 0-0.6-0.3-0.6-0.6 0-0.4 0.3-0.6 0.6-0.6h3.3v-3.3c0-0.3 0.3-0.6 0.6-0.6 0.3 0 0.6 0.3 0.6 0.6v3.3h3.3c0.3 0 0.6 0.2 0.6 0.6q0 0.2-0.2 0.4-0.2 0.2-0.4 0.2h-3.3v3.3q0 0.2-0.2 0.4-0.2 0.2-0.4 0.2c-0.4 0-0.6-0.3-0.6-0.6z\"><\/path><\/svg><\/div><div class=\"esab__expand\"><svg version=\"1.2\" viewBox=\"0 0 24 24\" width=\"24\" height=\"24\"><path fill-rule=\"evenodd\" d=\"m12 24c-6.6 0-12-5.4-12-12 0-6.6 5.4-12 12-12 6.6 0 12 5.4 12 12 0 6.6-5.4 12-12 12zm10.6-12c0-5.9-4.7-10.6-10.6-10.6-5.9 0-10.6 4.7-10.6 10.6 0 5.9 4.7 10.6 10.6 10.6 5.9 0 10.6-4.7 10.6-10.6z\"><\/path><path d=\"m5.6 11.3h12.8v1.4h-12.8z\"><\/path><\/svg><\/div><\/div><\/div><div class=\"esab__body\" style=\"border-top:1px solid var(--ast-global-color-2);padding:20px 20px 20px 20px;background-color:var(--ast-global-color-4)\">\n<p>La Farga, Gesti\u00f3 d\u2019Equipaments Municipals, SA, convoca la licitaci\u00f3 seg\u00fcent:<\/p>\n<p>Objecte: La contractaci\u00f3 del servei d\u2019assegurances de La Farga, Gesti\u00f3 d\u2019Equipaments Municipals, SA. (ref. cs 3\/2013).<\/p>\n<p>Valor estimat contracte 179.060,25\u20ac per un termini de 36 mesos, inclosa una eventual pr\u00f2rroga de 12 mesos.<\/p>\n<p>Durada del contracte: El contracte tindr\u00e0 una durada de 24 mesos.<\/p>\n<p>Procediment de selecci\u00f3: Veure plecs.<\/p>\n<p>Tipus de licitaci\u00f3: Obert.<\/p>\n<p>Data l\u00edmit presentaci\u00f3 d\u2019ofertes: 19\/06\/2013, a les 13:30h.<\/p>\n<p>Obertura p\u00fablica proposicions: 1\/07\/2012, a les 10:00h.<\/p>\n<p><strong>Informaci\u00f3 i lloc de presentaci\u00f3<\/strong>:<br \/>A les oficines de La Farga, GEMSA, C. Barcelona, 2 de L\u2019Hospitalet de Llobregat, de 9 a 14h, de dilluns a divendres i a la web\u00a0<a href=\"http:\/\/www.lafarga.com\/\" target=\"_blank\" rel=\"noopener noreferrer\">www.lafarga.com<\/a>.\u00a0Tel\u00e8fon 93 261 52 00.<\/p>\n<p>El Gerent de La Farga, GEMSA<br \/>Joaquim Dalmau i Sala<\/p>\n<p>L\u2019Hospitalet, 5 de juny de 2013.<\/p>\n<ul>\n<li><a href=\"https:\/\/www.lafarga.com\/corporatiu\/wp-content\/uploads\/2016\/07\/20130605101115.pdf\" target=\"_blank\" rel=\"noopener noreferrer\">Plec de cl\u00e0usules contractuals per a la contractaci\u00f3 d\u2019assegurances de La Farga, GEM, S.A.<\/a><\/li>\n<li><a href=\"https:\/\/www.lafarga.com\/corporatiu\/wp-content\/uploads\/2016\/07\/20130605101115X.pdf\" target=\"_blank\" rel=\"noopener noreferrer\">Plec de prescripcions t\u00e8cniques per a la contractaci\u00f3 d\u2019assegurances de La Farga, GEM, S.A.<\/a><\/li>\n<li><a href=\"https:\/\/www.lafarga.com\/corporatiu\/wp-content\/uploads\/2016\/07\/20130827115610.pdf\" target=\"_blank\" rel=\"noopener noreferrer\">Adjudicaci\u00f3 provisional contractaci\u00f3 d\u2019assegurances de La Farga, GEM, S.A.<\/a><\/li>\n<li><a href=\"https:\/\/www.lafarga.com\/corporatiu\/wp-content\/uploads\/2016\/07\/20130827115610X.pdf\" target=\"_blank\" rel=\"noopener noreferrer\">Adjudicaci\u00f3 definitiva contractaci\u00f3 d\u2019assegurances de La Farga, GEM, S.A.<\/a><\/li>\n<\/ul>\n<\/div><\/div>\n\n\n\n<div class=\"wp-block-esab-accordion-child\" style=\"border:1px solid var(--ast-global-color-2)\"><div class=\"esab__head esab__head_reverse\" style=\"padding:10px 10px 10px 20px;background-color:var(--ast-global-color-2)\" role=\"button\" aria-expanded=\"false\"><div class=\"esab__heading_txt\"><h5 class=\"esab__heading_tag\">Contractaci\u00f3 de la prestaci\u00f3 dels serveis d&#8217;auxiliar de control i gesti\u00f3 administrativa al Dip\u00f3sit Municipal de Vehicles<\/h5><\/div><div class=\"esab__icon\"><div class=\"esab__collapse\"><svg version=\"1.2\" viewBox=\"0 0 24 24\" width=\"24\" height=\"24\"><path fill-rule=\"evenodd\" d=\"m3.5 20.5c-4.7-4.7-4.7-12.3 0-17 4.7-4.7 12.3-4.7 17 0 4.6 4.7 4.6 12.3 0 17-4.7 4.6-12.3 4.6-17 0zm0.9-0.9c4.2 4.2 11 4.2 15.2 0 4.2-4.2 4.2-11 0-15.2-4.2-4.3-11-4.3-15.2 0-4.3 4.2-4.3 11 0 15.2z\"><\/path><path d=\"m11.4 15.9v-3.3h-3.3c-0.3 0-0.6-0.3-0.6-0.6 0-0.4 0.3-0.6 0.6-0.6h3.3v-3.3c0-0.3 0.3-0.6 0.6-0.6 0.3 0 0.6 0.3 0.6 0.6v3.3h3.3c0.3 0 0.6 0.2 0.6 0.6q0 0.2-0.2 0.4-0.2 0.2-0.4 0.2h-3.3v3.3q0 0.2-0.2 0.4-0.2 0.2-0.4 0.2c-0.4 0-0.6-0.3-0.6-0.6z\"><\/path><\/svg><\/div><div class=\"esab__expand\"><svg version=\"1.2\" viewBox=\"0 0 24 24\" width=\"24\" height=\"24\"><path fill-rule=\"evenodd\" d=\"m12 24c-6.6 0-12-5.4-12-12 0-6.6 5.4-12 12-12 6.6 0 12 5.4 12 12 0 6.6-5.4 12-12 12zm10.6-12c0-5.9-4.7-10.6-10.6-10.6-5.9 0-10.6 4.7-10.6 10.6 0 5.9 4.7 10.6 10.6 10.6 5.9 0 10.6-4.7 10.6-10.6z\"><\/path><path d=\"m5.6 11.3h12.8v1.4h-12.8z\"><\/path><\/svg><\/div><\/div><\/div><div class=\"esab__body\" style=\"border-top:1px solid var(--ast-global-color-2);padding:20px 20px 20px 20px;background-color:var(--ast-global-color-4)\">\n<p>La Farga, Gesti\u00f3 d\u2019Equipaments Municipals, SA, convoca la licitaci\u00f3 seg\u00fcent:<\/p>\n<p>Objecte: La contractaci\u00f3 de la prestaci\u00f3 dels serveis d\u2019auxiliar de control i gesti\u00f3 administrativa, al Dip\u00f3sit Municipal de Vehicles de L\u2019Hospitalet de llobregat (ref. cs 2\/13).<\/p>\n<p>Valor estimat contracte: m\u00e0xim del contracte \u00e9s de SETANTA-CINC MIL SET-CENTS CINQUANTA-DOS EUROS (75.752,00 \u20ac) IVA excl\u00f2s.<\/p>\n<p>Durada del contracte: El contracte tindr\u00e0 una durada incloses les seves pr\u00f2rrogues de (2) DOS anys.<\/p>\n<p>Procediment de selecci\u00f3: Obert.<\/p>\n<p>Data l\u00edmit presentaci\u00f3 d\u2019ofertes: 14\/02\/2013, a les 14 h.<\/p>\n<p>Obertura p\u00fablica proposicions: 25\/02\/2013, a les 9.30h.<\/p>\n<p><strong>Informaci\u00f3 i lloc de presentaci\u00f3<\/strong>:<br \/>A les oficines de La Farga, GEMSA, C. Barcelona, 2 de L\u2019Hospitalet de Llobregat, de 9 a 14h, de dilluns a divendres i a la web\u00a0<a href=\"http:\/\/www.lafarga.com\/\" target=\"_blank\" rel=\"noopener noreferrer\">www.lafarga.com<\/a>. Tel\u00e8fon 93 261 52 00.<\/p>\n<p>El Gerent de La Farga, GEMSA<br \/>Joaquim Dalmau i Sala.<\/p>\n<p>L\u2019Hospitalet, 31 de gener de 2013.<\/p>\n<ul>\n<li><a href=\"https:\/\/www.lafarga.com\/corporatiu\/wp-content\/uploads\/2016\/07\/20130131100128.pdf\" target=\"_blank\" rel=\"noopener noreferrer\">Plec condicions administratives prestaci\u00f3 de serveis auxiliars Dip\u00f2sit Municipal de Vehicles.<\/a><\/li>\n<li><a href=\"https:\/\/www.lafarga.com\/corporatiu\/wp-content\/uploads\/2016\/07\/20130212142816.pdf\" target=\"_blank\" rel=\"noopener noreferrer\">Plec condicions t\u00e8cniques prestaci\u00f3 de serveis auxiliars Dip\u00f2sit Municipal de Vehicles.<\/a><\/li>\n<li><a href=\"https:\/\/www.lafarga.com\/corporatiu\/wp-content\/uploads\/2016\/07\/20130305102323.pdf\" target=\"_blank\" rel=\"noopener noreferrer\">Acta obertura ofertes econ\u00f2miques concurs prestaci\u00f3 de serveis auxiliars Dip\u00f2sit Municipal de Vehicles.<\/a><\/li>\n<li><a href=\"https:\/\/www.lafarga.com\/corporatiu\/wp-content\/uploads\/2016\/07\/20130305102323X.pdf\" target=\"_blank\" rel=\"noopener noreferrer\">Adjudicaci\u00f3 provisional concurs prestaci\u00f3 de serveis auxiliars Dip\u00f2sit Municipal de Vehicles.<\/a><\/li>\n<\/ul>\n<\/div><\/div>\n\n\n\n<div class=\"wp-block-esab-accordion-child\" style=\"border:1px solid var(--ast-global-color-2)\"><div class=\"esab__head esab__head_reverse\" style=\"padding:10px 10px 10px 20px;background-color:var(--ast-global-color-2)\" role=\"button\" aria-expanded=\"false\"><div class=\"esab__heading_txt\"><h5 class=\"esab__heading_tag\">Contractaci\u00f3 de la prestaci\u00f3 dels serveis d&#8217;edici\u00f3 i impressi\u00f3 de la publicaci\u00f3 municipal Diari de L&#8217;Hospitalet<\/h5><\/div><div class=\"esab__icon\"><div class=\"esab__collapse\"><svg version=\"1.2\" viewBox=\"0 0 24 24\" width=\"24\" height=\"24\"><path fill-rule=\"evenodd\" d=\"m3.5 20.5c-4.7-4.7-4.7-12.3 0-17 4.7-4.7 12.3-4.7 17 0 4.6 4.7 4.6 12.3 0 17-4.7 4.6-12.3 4.6-17 0zm0.9-0.9c4.2 4.2 11 4.2 15.2 0 4.2-4.2 4.2-11 0-15.2-4.2-4.3-11-4.3-15.2 0-4.3 4.2-4.3 11 0 15.2z\"><\/path><path d=\"m11.4 15.9v-3.3h-3.3c-0.3 0-0.6-0.3-0.6-0.6 0-0.4 0.3-0.6 0.6-0.6h3.3v-3.3c0-0.3 0.3-0.6 0.6-0.6 0.3 0 0.6 0.3 0.6 0.6v3.3h3.3c0.3 0 0.6 0.2 0.6 0.6q0 0.2-0.2 0.4-0.2 0.2-0.4 0.2h-3.3v3.3q0 0.2-0.2 0.4-0.2 0.2-0.4 0.2c-0.4 0-0.6-0.3-0.6-0.6z\"><\/path><\/svg><\/div><div class=\"esab__expand\"><svg version=\"1.2\" viewBox=\"0 0 24 24\" width=\"24\" height=\"24\"><path fill-rule=\"evenodd\" d=\"m12 24c-6.6 0-12-5.4-12-12 0-6.6 5.4-12 12-12 6.6 0 12 5.4 12 12 0 6.6-5.4 12-12 12zm10.6-12c0-5.9-4.7-10.6-10.6-10.6-5.9 0-10.6 4.7-10.6 10.6 0 5.9 4.7 10.6 10.6 10.6 5.9 0 10.6-4.7 10.6-10.6z\"><\/path><path d=\"m5.6 11.3h12.8v1.4h-12.8z\"><\/path><\/svg><\/div><\/div><\/div><div class=\"esab__body\" style=\"border-top:1px solid var(--ast-global-color-2);padding:20px 20px 20px 20px;background-color:var(--ast-global-color-4)\">\n<p>La Farga, Gesti\u00f3 d\u2019Equipaments Municipals, SA, convoca la licitaci\u00f3 seg\u00fcent:<\/p>\n<p>Objecte: La contractaci\u00f3 de la prestaci\u00f3 dels serveis d\u2019edici\u00f3 i impressi\u00f3 de la publicaci\u00f3 municipal \u201cL\u2019Hospitalet. Diari informatiu de la ciutat\u201d (ref. cs 1\/13).<\/p>\n<p>Valor estimat contracte: m\u00e0xim del contracte \u00e9s de QUATRE-CENTS CINQUANTA MIL EUROS (450.000,00 \u20ac) IVA excl\u00f2s.<\/p>\n<p>Durada del contracte: El contracte tindr\u00e0 una durada incloses les seves pr\u00f2rrogues de (3) TRES anys.<\/p>\n<p>Procediment de selecci\u00f3: Obert i Harmonitzat.<\/p>\n<p>Data l\u00edmit presentaci\u00f3 d\u2019ofertes: 12\/03\/2013, a les 14h.<\/p>\n<p>Obertura p\u00fablica proposicions: 22\/03\/2013, a les 9.30h.<\/p>\n<p><strong>Informaci\u00f3 i lloc de presentaci\u00f3<\/strong>:<br \/>A les oficines de La Farga, GEMSA, C. Barcelona, 2 de L\u2019Hospitalet de Llobregat, de 9 a 14h, de dilluns a divendres i a la web\u00a0<a href=\"http:\/\/www.lafarga.com\/\" target=\"_blank\" rel=\"noopener noreferrer\">www.lafarga.com<\/a>. Tel\u00e8fon 93 261 52 00.<\/p>\n<p>El Gerent de La Farga, GEMSA<br \/>Joaquim Dalmau i Sala<\/p>\n<p>L\u2019Hospitalet, 31 de gener de 2013.<\/p>\n<ul>\n<li><a href=\"https:\/\/www.lafarga.com\/corporatiu\/wp-content\/uploads\/2016\/07\/20130131102217.pdf\" target=\"_blank\" rel=\"noopener noreferrer\">Plec condicions administratives prestaci\u00f3 serveis edici\u00f3 i impressi\u00f3 Diari de L\u2019Hospitalet.<\/a><\/li>\n<li><a href=\"https:\/\/www.lafarga.com\/corporatiu\/wp-content\/uploads\/2016\/07\/20130131102217X.pdf\" target=\"_blank\" rel=\"noopener noreferrer\">Plec condicions t\u00e8cniques prestaci\u00f3 serveis edici\u00f3 i impressi\u00f3 Diari de L\u2019Hospitalet.<\/a><\/li>\n<li><a href=\"https:\/\/www.lafarga.com\/corporatiu\/wp-content\/uploads\/2016\/07\/20130322132249.pdf\" target=\"_blank\" rel=\"noopener noreferrer\">Acta obertura ofertes econ\u00f2miques<\/a><\/li>\n<li><a href=\"https:\/\/www.lafarga.com\/corporatiu\/wp-content\/uploads\/2016\/07\/20130610123936.pdf\" target=\"_blank\" rel=\"noopener noreferrer\">Adjudicaci\u00f3 definitiva\u00a0prestaci\u00f3 serveis edici\u00f3 i impressi\u00f3 Diari de L\u2019Hospitalet.<\/a><\/li>\n<\/ul>\n<\/div><\/div>\n<\/div><\/div>\n<\/div>\n\n\n\n<div class=\"wp-block-uagb-tabs-child uagb-tabs__body-container uagb-inner-tab-6\" aria-labelledby=\"uagb-tabs__tab6\">\n<div class=\"wp-block-esab-accordion accordion-e99b8117\" data-mode=\"global\"><div class=\"esab__container\" style=\"row-gap:10px;margin:0px 0px 0px 0px\">\n<div class=\"wp-block-esab-accordion-child\" style=\"border:1px solid var(--ast-global-color-2)\"><div class=\"esab__head esab__head_reverse\" style=\"padding:10px 10px 10px 20px;background-color:var(--ast-global-color-2)\" role=\"button\" aria-expanded=\"false\"><div class=\"esab__heading_txt\"><h5 class=\"esab__heading_tag\">Contractaci\u00f3 de la prestaci\u00f3 dels serveis de coordinaci\u00f3, consergeria i atenci\u00f3 al client, neteja i manteniment i control, assessorament i conducci\u00f3 de l&#8217;Estadi Municipal de Futbol<\/h5><\/div><div class=\"esab__icon\"><div class=\"esab__collapse\"><svg version=\"1.2\" viewBox=\"0 0 24 24\" width=\"24\" height=\"24\"><path fill-rule=\"evenodd\" d=\"m3.5 20.5c-4.7-4.7-4.7-12.3 0-17 4.7-4.7 12.3-4.7 17 0 4.6 4.7 4.6 12.3 0 17-4.7 4.6-12.3 4.6-17 0zm0.9-0.9c4.2 4.2 11 4.2 15.2 0 4.2-4.2 4.2-11 0-15.2-4.2-4.3-11-4.3-15.2 0-4.3 4.2-4.3 11 0 15.2z\"><\/path><path d=\"m11.4 15.9v-3.3h-3.3c-0.3 0-0.6-0.3-0.6-0.6 0-0.4 0.3-0.6 0.6-0.6h3.3v-3.3c0-0.3 0.3-0.6 0.6-0.6 0.3 0 0.6 0.3 0.6 0.6v3.3h3.3c0.3 0 0.6 0.2 0.6 0.6q0 0.2-0.2 0.4-0.2 0.2-0.4 0.2h-3.3v3.3q0 0.2-0.2 0.4-0.2 0.2-0.4 0.2c-0.4 0-0.6-0.3-0.6-0.6z\"><\/path><\/svg><\/div><div class=\"esab__expand\"><svg version=\"1.2\" viewBox=\"0 0 24 24\" width=\"24\" height=\"24\"><path fill-rule=\"evenodd\" d=\"m12 24c-6.6 0-12-5.4-12-12 0-6.6 5.4-12 12-12 6.6 0 12 5.4 12 12 0 6.6-5.4 12-12 12zm10.6-12c0-5.9-4.7-10.6-10.6-10.6-5.9 0-10.6 4.7-10.6 10.6 0 5.9 4.7 10.6 10.6 10.6 5.9 0 10.6-4.7 10.6-10.6z\"><\/path><path d=\"m5.6 11.3h12.8v1.4h-12.8z\"><\/path><\/svg><\/div><\/div><\/div><div class=\"esab__body\" style=\"border-top:1px solid var(--ast-global-color-2);padding:20px 20px 20px 20px;background-color:var(--ast-global-color-4)\">\n<p>La Farga, Gesti\u00f3 d\u2019Equipaments Municipals, SA, convoca la licitaci\u00f3 seg\u00fcent:<\/p>\n<p>Objecte: La contractaci\u00f3 de la prestaci\u00f3 dels serveis de coordinaci\u00f3, consergeria i atenci\u00f3 al client, neteja i manteniment i control, assessorament i conducci\u00f3 de l\u2019Estadi Municipal de Futbol de L\u2019Hospitalet de Llobregat.\u00a0(Ref. CS 4\/12)<\/p>\n<p>Valor estimat contracte: m\u00e0xim del contracte \u00e9s de 874.337,81 \u20ac (sense IVA).<\/p>\n<p>Durada del contracte: El contracte tindr\u00e0 una durada de dos anys m\u00e9s dues pr\u00f2rrogues.<\/p>\n<p>Procediment de selecci\u00f3: Obert i harmonitzat.<\/p>\n<p>Data l\u00edmit presentaci\u00f3 d\u2019ofertes: 19\/11\/2012, a les 14:00h.<\/p>\n<p>Obertura p\u00fablica proposicions: 05\/12\/2012, a les 10:00h.<\/p>\n<p><strong>Informaci\u00f3 i lloc de presentaci\u00f3:<\/strong><br \/>A les oficines de La Farga, GEMSA, C. Barcelona, 2 de L\u2019Hospitalet de Llobregat, de 9 a 14h, de dilluns a divendres i a la web\u00a0<a href=\"http:\/\/www.lafarga.com\/\" target=\"_blank\" rel=\"noopener noreferrer\">www.lafarga.com<\/a>. Tel\u00e8fon 93 261 52 00.<\/p>\n<p>El Gerent de La Farga, GEMSA<br \/>Joaquim Dalmau i Sala<\/p>\n<p>L\u2019Hospitalet, 8 d\u2019octubre de 2012.<\/p>\n<ul>\n<li><a href=\"https:\/\/www.lafarga.com\/corporatiu\/wp-content\/uploads\/2016\/07\/20121008135302.pdf\" target=\"_blank\" rel=\"noopener noreferrer\">Plec cl\u00e0usules administratives Estadi Municipal de Futbol.<\/a><\/li>\n<li><a href=\"https:\/\/www.lafarga.com\/corporatiu\/wp-content\/uploads\/2016\/07\/20121008135302X.pdf\" target=\"_blank\" rel=\"noopener noreferrer\">Plec prescripcions t\u00e8cniques Estadi Municipal de Futbol.<\/a><\/li>\n<li><a href=\"https:\/\/www.lafarga.com\/corporatiu\/wp-content\/uploads\/2016\/07\/20121008135302XX.pdf\" target=\"_blank\" rel=\"noopener noreferrer\">Annex prescripcions t\u00e8cniques Estadi Municipal de Futbol.<\/a><\/li>\n<li><a href=\"https:\/\/www.lafarga.com\/corporatiu\/wp-content\/uploads\/2016\/07\/20130114124639.pdf\" target=\"_blank\" rel=\"noopener noreferrer\">Adjudicaci\u00f3 definitiva contracte serveis Estadi Municipal de Futbol<\/a>.<\/li>\n<\/ul>\n<\/div><\/div>\n\n\n\n<div class=\"wp-block-esab-accordion-child\" style=\"border:1px solid var(--ast-global-color-2)\"><div class=\"esab__head esab__head_reverse\" style=\"padding:10px 10px 10px 20px;background-color:var(--ast-global-color-2)\" role=\"button\" aria-expanded=\"false\"><div class=\"esab__heading_txt\"><h5 class=\"esab__heading_tag\">Cessi\u00f3 de l&#8217;explotaci\u00f3 que comporta l&#8217;\u00fas de l&#8217;espai destinat a bar restaurant, ubicat a les Piscines Municipals de L&#8217;Hospitalet<\/h5><\/div><div class=\"esab__icon\"><div class=\"esab__collapse\"><svg version=\"1.2\" viewBox=\"0 0 24 24\" width=\"24\" height=\"24\"><path fill-rule=\"evenodd\" d=\"m3.5 20.5c-4.7-4.7-4.7-12.3 0-17 4.7-4.7 12.3-4.7 17 0 4.6 4.7 4.6 12.3 0 17-4.7 4.6-12.3 4.6-17 0zm0.9-0.9c4.2 4.2 11 4.2 15.2 0 4.2-4.2 4.2-11 0-15.2-4.2-4.3-11-4.3-15.2 0-4.3 4.2-4.3 11 0 15.2z\"><\/path><path d=\"m11.4 15.9v-3.3h-3.3c-0.3 0-0.6-0.3-0.6-0.6 0-0.4 0.3-0.6 0.6-0.6h3.3v-3.3c0-0.3 0.3-0.6 0.6-0.6 0.3 0 0.6 0.3 0.6 0.6v3.3h3.3c0.3 0 0.6 0.2 0.6 0.6q0 0.2-0.2 0.4-0.2 0.2-0.4 0.2h-3.3v3.3q0 0.2-0.2 0.4-0.2 0.2-0.4 0.2c-0.4 0-0.6-0.3-0.6-0.6z\"><\/path><\/svg><\/div><div class=\"esab__expand\"><svg version=\"1.2\" viewBox=\"0 0 24 24\" width=\"24\" height=\"24\"><path fill-rule=\"evenodd\" d=\"m12 24c-6.6 0-12-5.4-12-12 0-6.6 5.4-12 12-12 6.6 0 12 5.4 12 12 0 6.6-5.4 12-12 12zm10.6-12c0-5.9-4.7-10.6-10.6-10.6-5.9 0-10.6 4.7-10.6 10.6 0 5.9 4.7 10.6 10.6 10.6 5.9 0 10.6-4.7 10.6-10.6z\"><\/path><path d=\"m5.6 11.3h12.8v1.4h-12.8z\"><\/path><\/svg><\/div><\/div><\/div><div class=\"esab__body\" style=\"border-top:1px solid var(--ast-global-color-2);padding:20px 20px 20px 20px;background-color:var(--ast-global-color-4)\">\n<p>La Farga, Gesti\u00f3 d\u2019Equipaments Municipals, SA, convoca la licitaci\u00f3 seg\u00fcent:<\/p>\n<p>Objecte: la cessi\u00f3 de l\u2019explotaci\u00f3 que comporta l\u2019\u00fas de l\u2019espai destinat a bar restaurant, ubicat a les Piscines Municipals de L\u2019Hospitalet (ref. cs 3\/12).<\/p>\n<p>Valor estimat contracte: m\u00e0xim del contracte \u00e9s de 96.000,00 \u20ac (sense IVA), incloses les pr\u00f2rrogues.<\/p>\n<p>Durada del contracte: El contracte tindr\u00e0 una durada inicial de quatre anys, i podr\u00e0 ser prorrogat fins a un m\u00e0xim de quatre anys m\u00e9s.<\/p>\n<p>Procediment de selecci\u00f3: Obert.<\/p>\n<p>Data l\u00edmit presentaci\u00f3 d\u2019ofertes: 02\/11\/2012, a les 14:00h.<\/p>\n<p>Obertura p\u00fablica proposicions: 16\/11\/2012, a les 10:00h.<\/p>\n<p><strong>Informaci\u00f3 i lloc de presentaci\u00f3:<\/strong><br \/>A les oficines de La Farga, GEMSA, C. Barcelona, 2 de L\u2019Hospitalet de Llobregat, de 9 a 14h, de dilluns a divendres i a la web\u00a0<a href=\"http:\/\/www.lafarga.com\/\" target=\"_blank\" rel=\"noopener noreferrer\">www.lafarga.com<\/a>. Tel\u00e8fon 93 261 52 00.<\/p>\n<p>El Gerent de La Farga, GEMSA<br \/>Joaquim Dalmau i Sala<\/p>\n<p>L\u2019Hospitalet, 8 d\u2019octubre de 2012.<\/p>\n<ul>\n<li><a href=\"https:\/\/www.lafarga.com\/corporatiu\/wp-content\/uploads\/2016\/07\/20121008132628.pdf\" target=\"_blank\" rel=\"noopener noreferrer\">Plecs administratius bar restaurant Piscines Municipals.<\/a><\/li>\n<li><a href=\"https:\/\/www.lafarga.com\/corporatiu\/wp-content\/uploads\/2016\/07\/20121008132628X.pdf\" target=\"_blank\" rel=\"noopener noreferrer\">Plecs prescripcions t\u00e8cniques bar restaurant Piscines Municipals.<\/a><\/li>\n<li><a href=\"https:\/\/www.lafarga.com\/corporatiu\/wp-content\/uploads\/2016\/07\/20121221123023.pdf\" target=\"_blank\" rel=\"noopener noreferrer\">Adjudicaci\u00f3 provisional cessi\u00f3 \u00fas bar restaurant Piscines Municipals.<\/a><\/li>\n<li><a href=\"https:\/\/www.lafarga.com\/corporatiu\/wp-content\/uploads\/2016\/07\/20121221123023X.pdf\" target=\"_blank\" rel=\"noopener noreferrer\">Adjudicaci\u00f3 definitiva cessi\u00f3 \u00fas bar restaurant Piscines Municipals.<\/a><\/li>\n<\/ul>\n<\/div><\/div>\n\n\n\n<div class=\"wp-block-esab-accordion-child\" style=\"border:1px solid var(--ast-global-color-2)\"><div class=\"esab__head esab__head_reverse\" style=\"padding:10px 10px 10px 20px;background-color:var(--ast-global-color-2)\" role=\"button\" aria-expanded=\"false\"><div class=\"esab__heading_txt\"><h5 class=\"esab__heading_tag\">Contractaci\u00f3 de serveis d&#8217;assegurances de La Farga, Gesti\u00f3 d&#8217;Equipaments Municipals, S.A.<\/h5><\/div><div class=\"esab__icon\"><div class=\"esab__collapse\"><svg version=\"1.2\" viewBox=\"0 0 24 24\" width=\"24\" height=\"24\"><path fill-rule=\"evenodd\" d=\"m3.5 20.5c-4.7-4.7-4.7-12.3 0-17 4.7-4.7 12.3-4.7 17 0 4.6 4.7 4.6 12.3 0 17-4.7 4.6-12.3 4.6-17 0zm0.9-0.9c4.2 4.2 11 4.2 15.2 0 4.2-4.2 4.2-11 0-15.2-4.2-4.3-11-4.3-15.2 0-4.3 4.2-4.3 11 0 15.2z\"><\/path><path d=\"m11.4 15.9v-3.3h-3.3c-0.3 0-0.6-0.3-0.6-0.6 0-0.4 0.3-0.6 0.6-0.6h3.3v-3.3c0-0.3 0.3-0.6 0.6-0.6 0.3 0 0.6 0.3 0.6 0.6v3.3h3.3c0.3 0 0.6 0.2 0.6 0.6q0 0.2-0.2 0.4-0.2 0.2-0.4 0.2h-3.3v3.3q0 0.2-0.2 0.4-0.2 0.2-0.4 0.2c-0.4 0-0.6-0.3-0.6-0.6z\"><\/path><\/svg><\/div><div class=\"esab__expand\"><svg version=\"1.2\" viewBox=\"0 0 24 24\" width=\"24\" height=\"24\"><path fill-rule=\"evenodd\" d=\"m12 24c-6.6 0-12-5.4-12-12 0-6.6 5.4-12 12-12 6.6 0 12 5.4 12 12 0 6.6-5.4 12-12 12zm10.6-12c0-5.9-4.7-10.6-10.6-10.6-5.9 0-10.6 4.7-10.6 10.6 0 5.9 4.7 10.6 10.6 10.6 5.9 0 10.6-4.7 10.6-10.6z\"><\/path><path d=\"m5.6 11.3h12.8v1.4h-12.8z\"><\/path><\/svg><\/div><\/div><\/div><div class=\"esab__body\" style=\"border-top:1px solid var(--ast-global-color-2);padding:20px 20px 20px 20px;background-color:var(--ast-global-color-4)\">\n<p>La Farga, Gesti\u00f3 d\u2019Equipaments Municipals, SA, convoca la licitaci\u00f3 seg\u00fcent:<\/p>\n<p>Objecte: La contractaci\u00f3 del servei d\u2019assegurances de La Farga, Gesti\u00f3 d\u2019Equipaments Municipals, SA. (ref. cs 2\/2012).<\/p>\n<p>Valor estimat contracte: 208.000,00\u20ac per un termini de 48 mesos, incloses dues eventuals pr\u00f2rrogues de 12 mesos cadascuna.<\/p>\n<p>Durada del contracte: El contracte tindr\u00e0 una durada de 24 mesos.<\/p>\n<p>Procediment de selecci\u00f3: Veure plecs.<\/p>\n<p>Tipus de licitaci\u00f3: Obert i harmonitzat.<\/p>\n<p>Data l\u00edmit presentaci\u00f3 d\u2019ofertes: 07\/09\/2012, a les 13:30h.<\/p>\n<p>Obertura p\u00fablica proposicions: 21\/09\/2012, a les 10:00h.<\/p>\n<p><strong>Informaci\u00f3 i lloc de presentaci\u00f3<\/strong>:<br \/>A les oficines de La Farga, GEMSA, C. Barcelona, 2 de L\u2019Hospitalet de Llobregat, de 9 a 14h, de dilluns a divendres i a la web\u00a0<a href=\"http:\/\/www.lafarga.com\/\" target=\"_blank\" rel=\"noopener noreferrer\">www.lafarga.com<\/a>. Tel\u00e8fon 93 261 52 00.<\/p>\n<p>El Gerent de La Farga, GEMSA<br \/>Joaquim Dalmau i Sala<\/p>\n<p>L\u2019Hospitalet, 13 de juliol de 2012.<\/p>\n<ul>\n<li><a href=\"https:\/\/www.lafarga.com\/corporatiu\/wp-content\/uploads\/2016\/07\/20120713120532.pdf\" target=\"_blank\" rel=\"noopener noreferrer\">Plecs condicions economico-administratives<\/a>.<\/li>\n<li><a href=\"https:\/\/www.lafarga.com\/corporatiu\/wp-content\/uploads\/2016\/07\/20120918140343.pdf\" target=\"_blank\" rel=\"noopener noreferrer\">Resoluci\u00f3 ger\u00e8ncia declaraci\u00f3 licitaci\u00f3 deserta<\/a>.<\/li>\n<\/ul>\n<\/div><\/div>\n\n\n\n<div class=\"wp-block-esab-accordion-child\" style=\"border:1px solid var(--ast-global-color-2)\"><div class=\"esab__head esab__head_reverse\" style=\"padding:10px 10px 10px 20px;background-color:var(--ast-global-color-2)\" role=\"button\" aria-expanded=\"false\"><div class=\"esab__heading_txt\"><h5 class=\"esab__heading_tag\">Contractaci\u00f3 serveis professionals d&#8217;un auditor per a la realitzaci\u00f3 de l&#8217;auditoria dels comptes anuals de La Farga GEMSA<\/h5><\/div><div class=\"esab__icon\"><div class=\"esab__collapse\"><svg version=\"1.2\" viewBox=\"0 0 24 24\" width=\"24\" height=\"24\"><path fill-rule=\"evenodd\" d=\"m3.5 20.5c-4.7-4.7-4.7-12.3 0-17 4.7-4.7 12.3-4.7 17 0 4.6 4.7 4.6 12.3 0 17-4.7 4.6-12.3 4.6-17 0zm0.9-0.9c4.2 4.2 11 4.2 15.2 0 4.2-4.2 4.2-11 0-15.2-4.2-4.3-11-4.3-15.2 0-4.3 4.2-4.3 11 0 15.2z\"><\/path><path d=\"m11.4 15.9v-3.3h-3.3c-0.3 0-0.6-0.3-0.6-0.6 0-0.4 0.3-0.6 0.6-0.6h3.3v-3.3c0-0.3 0.3-0.6 0.6-0.6 0.3 0 0.6 0.3 0.6 0.6v3.3h3.3c0.3 0 0.6 0.2 0.6 0.6q0 0.2-0.2 0.4-0.2 0.2-0.4 0.2h-3.3v3.3q0 0.2-0.2 0.4-0.2 0.2-0.4 0.2c-0.4 0-0.6-0.3-0.6-0.6z\"><\/path><\/svg><\/div><div class=\"esab__expand\"><svg version=\"1.2\" viewBox=\"0 0 24 24\" width=\"24\" height=\"24\"><path fill-rule=\"evenodd\" d=\"m12 24c-6.6 0-12-5.4-12-12 0-6.6 5.4-12 12-12 6.6 0 12 5.4 12 12 0 6.6-5.4 12-12 12zm10.6-12c0-5.9-4.7-10.6-10.6-10.6-5.9 0-10.6 4.7-10.6 10.6 0 5.9 4.7 10.6 10.6 10.6 5.9 0 10.6-4.7 10.6-10.6z\"><\/path><path d=\"m5.6 11.3h12.8v1.4h-12.8z\"><\/path><\/svg><\/div><\/div><\/div><div class=\"esab__body\" style=\"border-top:1px solid var(--ast-global-color-2);padding:20px 20px 20px 20px;background-color:var(--ast-global-color-4)\">\n<p>La Farga, Gesti\u00f3 d\u2019Equipaments Municipals, SA, convoca la licitaci\u00f3 seg\u00fcent:<\/p>\n<p>Objecte: La contractaci\u00f3 serveis professionals d\u2019un auditor per a la realitzaci\u00f3 de l\u2019auditoria dels comptes anuals de La Farga GEMSA.<\/p>\n<p>Valor estimat contracte: m\u00e0xim del contracte \u00e9s de 22.300\u20ac (iva excl\u00f2s).<\/p>\n<p>Durada del contracte: El contracte tindr\u00e0 una durada de tres anys per a la realitzaci\u00f3 de l\u2019auditoria dels comptes anuals de La Farga, GEMSA corresponents als exercicis 2012, 2013 i 2014.<\/p>\n<p>Procediment de selecci\u00f3: Negociat sense publicitat per altres raons.<\/p>\n<p>Data l\u00edmit presentaci\u00f3 d\u2019ofertes: 07\/05\/2012, a les 14h.<\/p>\n<p>Obertura p\u00fablica proposicions: 14\/05\/2012, a les 9.30h.<\/p>\n<p><strong>Informaci\u00f3 i lloc de presentaci\u00f3<\/strong>:<br \/>A les oficines de La Farga, GEMSA, C. Barcelona, 2 de L\u2019Hospitalet de Llobregat, de 9 a 14h, de dilluns a divendres i a la web\u00a0<a href=\"http:\/\/www.lafarga.com\/\" target=\"_blank\" rel=\"noopener noreferrer\">www.lafarga.com<\/a>. Tel\u00e8fon 93 261 52 00.<\/p>\n<p>El Gerent de La Farga, GEMSA<br \/>Joaquim Dalmau i Sala<\/p>\n<p>L\u2019Hospitalet, 30 de mar\u00e7 de 2012.<\/p>\n<ul>\n<li><a href=\"https:\/\/www.lafarga.com\/corporatiu\/wp-content\/uploads\/2016\/07\/20120330113046.pdf\" target=\"_blank\" rel=\"noopener noreferrer\">Plecs cl\u00e0usules contractuals per a la contractaci\u00f3 dels serveis professionals d\u2019un auditor per a la realitzaci\u00f3 de l\u2019auditoria dels comptes anuals de la societat.<\/a><\/li>\n<li><a href=\"https:\/\/www.lafarga.com\/corporatiu\/wp-content\/uploads\/2016\/07\/20120330113046X.pdf\" target=\"_blank\" rel=\"noopener noreferrer\">Plecs t\u00e8cnics contractuals per a la contractaci\u00f3 dels serveis professionals d\u2019un auditor per a la realitzaci\u00f3 de l\u2019auditoria dels comptes anuals de la societat.<\/a><\/li>\n<li><a href=\"https:\/\/www.lafarga.com\/corporatiu\/wp-content\/uploads\/2016\/07\/20121031141618.pdf\" target=\"_blank\" rel=\"noopener noreferrer\">Acta ofertes presentades concurs auditors La Farga, GEM, S.A.<\/a><\/li>\n<li><a href=\"https:\/\/www.lafarga.com\/corporatiu\/wp-content\/uploads\/2016\/07\/20121031141729.pdf\" target=\"_blank\" rel=\"noopener noreferrer\">Adjudicaci\u00f3 concurs per a la contractaci\u00f3 dels serveis professionals d\u2019un auditor per a la realitzaci\u00f3 de l\u2019auditoria dels comptes anuals de la societat.<\/a><\/li>\n<\/ul>\n<\/div><\/div>\n<\/div><\/div>\n<\/div>\n<\/div><\/div>\n<\/div><\/div>\n","protected":false},"excerpt":{"rendered":"<p> [&hellip;]<\/p>\n","protected":false},"author":8,"featured_media":0,"parent":0,"menu_order":0,"comment_status":"closed","ping_status":"closed","template":"","meta":{"inline_featured_image":false,"_uag_custom_page_level_css":".wp-block-esab-accordion .esab__heading_tag {font-size:16px !important; font-family: 'Inter',sans-serif;}\n\n.entry-content li {border-bottom: 1px solid #d9dddf; padding: 0px 0px; margin: 10px 0px; list-style: none; }\n.entry-content li:hover {background-color: #F2F5F7;}","_monsterinsights_skip_tracking":false,"_monsterinsights_sitenote_active":false,"_monsterinsights_sitenote_note":"","_monsterinsights_sitenote_category":0,"site-sidebar-layout":"default","site-content-layout":"","ast-site-content-layout":"default","site-content-style":"default","site-sidebar-style":"default","ast-global-header-display":"","ast-banner-title-visibility":"","ast-main-header-display":"","ast-hfb-above-header-display":"","ast-hfb-below-header-display":"","ast-hfb-mobile-header-display":"","site-post-title":"","ast-breadcrumbs-content":"","ast-featured-img":"","footer-sml-layout":"","ast-disable-related-posts":"","theme-transparent-header-meta":"","adv-header-id-meta":"","stick-header-meta":"","header-above-stick-meta":"","header-main-stick-meta":"","header-below-stick-meta":"","astra-migrate-meta-layouts":"","ast-page-background-enabled":"default","ast-page-background-meta":{"desktop":{"background-color":"var(--ast-global-color-4)","background-image":"","background-repeat":"repeat","background-position":"center center","background-size":"auto","background-attachment":"scroll","background-type":"","background-media":"","overlay-type":"","overlay-color":"","overlay-opacity":"","overlay-gradient":""},"tablet":{"background-color":"","background-image":"","background-repeat":"repeat","background-position":"center center","background-size":"auto","background-attachment":"scroll","background-type":"","background-media":"","overlay-type":"","overlay-color":"","overlay-opacity":"","overlay-gradient":""},"mobile":{"background-color":"","background-image":"","background-repeat":"repeat","background-position":"center center","background-size":"auto","background-attachment":"scroll","background-type":"","background-media":"","overlay-type":"","overlay-color":"","overlay-opacity":"","overlay-gradient":""}},"ast-content-background-meta":{"desktop":{"background-color":"var(--ast-global-color-5)","background-image":"","background-repeat":"repeat","background-position":"center center","background-size":"auto","background-attachment":"scroll","background-type":"","background-media":"","overlay-type":"","overlay-color":"","overlay-opacity":"","overlay-gradient":""},"tablet":{"background-color":"var(--ast-global-color-5)","background-image":"","background-repeat":"repeat","background-position":"center center","background-size":"auto","background-attachment":"scroll","background-type":"","background-media":"","overlay-type":"","overlay-color":"","overlay-opacity":"","overlay-gradient":""},"mobile":{"background-color":"var(--ast-global-color-5)","background-image":"","background-repeat":"repeat","background-position":"center center","background-size":"auto","background-attachment":"scroll","background-type":"","background-media":"","overlay-type":"","overlay-color":"","overlay-opacity":"","overlay-gradient":""}},"footnotes":""},"class_list":["post-4428","page","type-page","status-publish","hentry"],"yoast_head":"<!-- This site is optimized with the Yoast SEO plugin v27.5 - https:\/\/yoast.com\/product\/yoast-seo-wordpress\/ -->\n<title>Perfil del contractant - La Farga Gesti\u00f3n de Equipamientos Municipales, S.A.<\/title>\n<meta name=\"description\" content=\"Perfil del Contractant. Contractes en curs. Contractes adjudicats. La Farga Gesti\u00f3 d&#039;Equipaments Municipals SA. L&#039;Hospitalet\" \/>\n<meta name=\"robots\" content=\"index, follow, max-snippet:-1, max-image-preview:large, max-video-preview:-1\" \/>\n<link rel=\"canonical\" href=\"https:\/\/www.lafarga.com\/corporatiu\/perfil-del-contractant\/\" \/>\n<meta property=\"og:locale\" content=\"ca_ES\" \/>\n<meta property=\"og:type\" content=\"article\" \/>\n<meta property=\"og:title\" content=\"Perfil del contractant - La Farga Gesti\u00f3n de Equipamientos Municipales, S.A.\" \/>\n<meta property=\"og:description\" content=\"Perfil del Contractant. Contractes en curs. Contractes adjudicats. La Farga Gesti\u00f3 d&#039;Equipaments Municipals SA. L&#039;Hospitalet\" \/>\n<meta property=\"og:url\" content=\"https:\/\/www.lafarga.com\/corporatiu\/perfil-del-contractant\/\" \/>\n<meta property=\"og:site_name\" content=\"La Farga Gesti\u00f3n de Equipamientos Municipales, S.A.\" \/>\n<meta property=\"article:modified_time\" content=\"2023-11-24T06:07:32+00:00\" \/>\n<meta name=\"twitter:label1\" content=\"Temps estimat de lectura\" \/>\n\t<meta name=\"twitter:data1\" content=\"66 minuts\" \/>\n<script type=\"application\/ld+json\" class=\"yoast-schema-graph\">{\"@context\":\"https:\\\/\\\/schema.org\",\"@graph\":[{\"@type\":\"WebPage\",\"@id\":\"https:\\\/\\\/www.lafarga.com\\\/corporatiu\\\/perfil-del-contractant\\\/\",\"url\":\"https:\\\/\\\/www.lafarga.com\\\/corporatiu\\\/perfil-del-contractant\\\/\",\"name\":\"Perfil del contractant - La Farga Gesti\u00f3n de Equipamientos Municipales, S.A.\",\"isPartOf\":{\"@id\":\"https:\\\/\\\/www.lafarga.com\\\/corporatiu\\\/#website\"},\"datePublished\":\"2015-06-11T08:28:54+00:00\",\"dateModified\":\"2023-11-24T06:07:32+00:00\",\"description\":\"Perfil del Contractant. Contractes en curs. Contractes adjudicats. La Farga Gesti\u00f3 d'Equipaments Municipals SA. L'Hospitalet\",\"breadcrumb\":{\"@id\":\"https:\\\/\\\/www.lafarga.com\\\/corporatiu\\\/perfil-del-contractant\\\/#breadcrumb\"},\"inLanguage\":\"ca\",\"potentialAction\":[{\"@type\":\"ReadAction\",\"target\":[\"https:\\\/\\\/www.lafarga.com\\\/corporatiu\\\/perfil-del-contractant\\\/\"]}]},{\"@type\":\"BreadcrumbList\",\"@id\":\"https:\\\/\\\/www.lafarga.com\\\/corporatiu\\\/perfil-del-contractant\\\/#breadcrumb\",\"itemListElement\":[{\"@type\":\"ListItem\",\"position\":1,\"name\":\"Home\",\"item\":\"https:\\\/\\\/www.lafarga.com\\\/corporatiu\\\/lafarga-hospitalet-llobregat\\\/\"},{\"@type\":\"ListItem\",\"position\":2,\"name\":\"Perfil del contractant\"}]},{\"@type\":\"WebSite\",\"@id\":\"https:\\\/\\\/www.lafarga.com\\\/corporatiu\\\/#website\",\"url\":\"https:\\\/\\\/www.lafarga.com\\\/corporatiu\\\/\",\"name\":\"La Farga Gesti\u00f3 d&#039;Equipaments Municipals, SA\",\"description\":\"\",\"publisher\":{\"@id\":\"https:\\\/\\\/www.lafarga.com\\\/corporatiu\\\/#organization\"},\"potentialAction\":[{\"@type\":\"SearchAction\",\"target\":{\"@type\":\"EntryPoint\",\"urlTemplate\":\"https:\\\/\\\/www.lafarga.com\\\/corporatiu\\\/?s={search_term_string}\"},\"query-input\":{\"@type\":\"PropertyValueSpecification\",\"valueRequired\":true,\"valueName\":\"search_term_string\"}}],\"inLanguage\":\"ca\"},{\"@type\":\"Organization\",\"@id\":\"https:\\\/\\\/www.lafarga.com\\\/corporatiu\\\/#organization\",\"name\":\"La Farga Gesti\u00f3 d&#039;Equipaments Municipals, SA\",\"url\":\"https:\\\/\\\/www.lafarga.com\\\/corporatiu\\\/\",\"logo\":{\"@type\":\"ImageObject\",\"inLanguage\":\"ca\",\"@id\":\"https:\\\/\\\/www.lafarga.com\\\/corporatiu\\\/#\\\/schema\\\/logo\\\/image\\\/\",\"url\":\"https:\\\/\\\/www.lafarga.com\\\/corporatiu\\\/wp-content\\\/uploads\\\/2023\\\/11\\\/logotipo_lafarga_gemsa.svg\",\"contentUrl\":\"https:\\\/\\\/www.lafarga.com\\\/corporatiu\\\/wp-content\\\/uploads\\\/2023\\\/11\\\/logotipo_lafarga_gemsa.svg\",\"width\":102,\"height\":103,\"caption\":\"La Farga Gesti\u00f3 d&#039;Equipaments Municipals, SA\"},\"image\":{\"@id\":\"https:\\\/\\\/www.lafarga.com\\\/corporatiu\\\/#\\\/schema\\\/logo\\\/image\\\/\"}}]}<\/script>\n<!-- \/ Yoast SEO plugin. -->","yoast_head_json":{"title":"Perfil del contractant - La Farga Gesti\u00f3n de Equipamientos Municipales, S.A.","description":"Perfil del Contractant. Contractes en curs. Contractes adjudicats. La Farga Gesti\u00f3 d'Equipaments Municipals SA. L'Hospitalet","robots":{"index":"index","follow":"follow","max-snippet":"max-snippet:-1","max-image-preview":"max-image-preview:large","max-video-preview":"max-video-preview:-1"},"canonical":"https:\/\/www.lafarga.com\/corporatiu\/perfil-del-contractant\/","og_locale":"ca_ES","og_type":"article","og_title":"Perfil del contractant - La Farga Gesti\u00f3n de Equipamientos Municipales, S.A.","og_description":"Perfil del Contractant. Contractes en curs. Contractes adjudicats. La Farga Gesti\u00f3 d'Equipaments Municipals SA. L'Hospitalet","og_url":"https:\/\/www.lafarga.com\/corporatiu\/perfil-del-contractant\/","og_site_name":"La Farga Gesti\u00f3n de Equipamientos Municipales, S.A.","article_modified_time":"2023-11-24T06:07:32+00:00","twitter_misc":{"Temps estimat de lectura":"66 minuts"},"schema":{"@context":"https:\/\/schema.org","@graph":[{"@type":"WebPage","@id":"https:\/\/www.lafarga.com\/corporatiu\/perfil-del-contractant\/","url":"https:\/\/www.lafarga.com\/corporatiu\/perfil-del-contractant\/","name":"Perfil del contractant - La Farga Gesti\u00f3n de Equipamientos Municipales, S.A.","isPartOf":{"@id":"https:\/\/www.lafarga.com\/corporatiu\/#website"},"datePublished":"2015-06-11T08:28:54+00:00","dateModified":"2023-11-24T06:07:32+00:00","description":"Perfil del Contractant. Contractes en curs. Contractes adjudicats. La Farga Gesti\u00f3 d'Equipaments Municipals SA. L'Hospitalet","breadcrumb":{"@id":"https:\/\/www.lafarga.com\/corporatiu\/perfil-del-contractant\/#breadcrumb"},"inLanguage":"ca","potentialAction":[{"@type":"ReadAction","target":["https:\/\/www.lafarga.com\/corporatiu\/perfil-del-contractant\/"]}]},{"@type":"BreadcrumbList","@id":"https:\/\/www.lafarga.com\/corporatiu\/perfil-del-contractant\/#breadcrumb","itemListElement":[{"@type":"ListItem","position":1,"name":"Home","item":"https:\/\/www.lafarga.com\/corporatiu\/lafarga-hospitalet-llobregat\/"},{"@type":"ListItem","position":2,"name":"Perfil del contractant"}]},{"@type":"WebSite","@id":"https:\/\/www.lafarga.com\/corporatiu\/#website","url":"https:\/\/www.lafarga.com\/corporatiu\/","name":"La Farga Gesti\u00f3 d&#039;Equipaments Municipals, SA","description":"","publisher":{"@id":"https:\/\/www.lafarga.com\/corporatiu\/#organization"},"potentialAction":[{"@type":"SearchAction","target":{"@type":"EntryPoint","urlTemplate":"https:\/\/www.lafarga.com\/corporatiu\/?s={search_term_string}"},"query-input":{"@type":"PropertyValueSpecification","valueRequired":true,"valueName":"search_term_string"}}],"inLanguage":"ca"},{"@type":"Organization","@id":"https:\/\/www.lafarga.com\/corporatiu\/#organization","name":"La Farga Gesti\u00f3 d&#039;Equipaments Municipals, SA","url":"https:\/\/www.lafarga.com\/corporatiu\/","logo":{"@type":"ImageObject","inLanguage":"ca","@id":"https:\/\/www.lafarga.com\/corporatiu\/#\/schema\/logo\/image\/","url":"https:\/\/www.lafarga.com\/corporatiu\/wp-content\/uploads\/2023\/11\/logotipo_lafarga_gemsa.svg","contentUrl":"https:\/\/www.lafarga.com\/corporatiu\/wp-content\/uploads\/2023\/11\/logotipo_lafarga_gemsa.svg","width":102,"height":103,"caption":"La Farga Gesti\u00f3 d&#039;Equipaments Municipals, SA"},"image":{"@id":"https:\/\/www.lafarga.com\/corporatiu\/#\/schema\/logo\/image\/"}}]}},"uagb_featured_image_src":{"full":false,"thumbnail":false,"medium":false,"medium_large":false,"large":false,"1536x1536":false,"2048x2048":false,"mailpoet_newsletter_max":false},"uagb_author_info":{"display_name":"admfarga","author_link":"https:\/\/www.lafarga.com\/corporatiu\/author\/admfarga\/"},"uagb_comment_info":0,"uagb_excerpt":"[&hellip;]","_links":{"self":[{"href":"https:\/\/www.lafarga.com\/corporatiu\/wp-json\/wp\/v2\/pages\/4428","targetHints":{"allow":["GET"]}}],"collection":[{"href":"https:\/\/www.lafarga.com\/corporatiu\/wp-json\/wp\/v2\/pages"}],"about":[{"href":"https:\/\/www.lafarga.com\/corporatiu\/wp-json\/wp\/v2\/types\/page"}],"author":[{"embeddable":true,"href":"https:\/\/www.lafarga.com\/corporatiu\/wp-json\/wp\/v2\/users\/8"}],"replies":[{"embeddable":true,"href":"https:\/\/www.lafarga.com\/corporatiu\/wp-json\/wp\/v2\/comments?post=4428"}],"version-history":[{"count":263,"href":"https:\/\/www.lafarga.com\/corporatiu\/wp-json\/wp\/v2\/pages\/4428\/revisions"}],"predecessor-version":[{"id":20153,"href":"https:\/\/www.lafarga.com\/corporatiu\/wp-json\/wp\/v2\/pages\/4428\/revisions\/20153"}],"wp:attachment":[{"href":"https:\/\/www.lafarga.com\/corporatiu\/wp-json\/wp\/v2\/media?parent=4428"}],"curies":[{"name":"wp","href":"https:\/\/api.w.org\/{rel}","templated":true}]}}