{"id":2849,"date":"2015-04-07T14:29:41","date_gmt":"2015-04-07T14:29:41","guid":{"rendered":"http:\/\/www.lafarga.com\/corporatiu\/?page_id=2849"},"modified":"2024-04-04T08:53:05","modified_gmt":"2024-04-04T08:53:05","slug":"diposit-municipal-vehicles-hospitalet-la-farga","status":"publish","type":"page","link":"https:\/\/www.lafarga.com\/corporatiu\/diposit-municipal-vehicles-hospitalet-la-farga\/","title":{"rendered":"Servei de retirada de vehicles i Dip\u00f2sit Municipal"},"content":{"rendered":"\n<div class=\"wp-block-uagb-container contenedor uagb-block-8176e26a alignfull uagb-is-root-container\"><div class=\"uagb-container-inner-blocks-wrap\">\n<div class=\"wp-block-uagb-advanced-heading uagb-block-f091ee07 sub_intro\"><h4 class=\"uagb-heading-text\">La Farga GEM, S.A. presta servei a la retirada de vehicles de la via p\u00fablica i administraci\u00f3 del Dip\u00f2sit Municipal de Vehicles.<\/h4><\/div>\n<\/div><\/div>\n\n\n\n<div class=\"wp-block-uagb-container contenedor uagb-block-a2a1ddb3 alignfull uagb-is-root-container\"><div class=\"uagb-container-inner-blocks-wrap\">\t\t\t\t\t<div\n\t\t\t\t\t\tclass=\"wp-block-uagb-image-gallery uagb-block-2eb488c3     \"\n\t\t\t\t\t\tstyle=\"\"\n\t\t\t\t\t>\n\t\t\t\t\t\t\t\t\t\t\t<div class=\"spectra-image-gallery spectra-image-gallery__layout--carousel\">\n\t\t\t\t\t\t\t\t<div class=\"uagb-slick-carousel uagb-block-2eb488c3\">\n\t\t\t\t\t\t\t\t\t\t\t\t<div class='spectra-image-gallery__media-wrapper' data-spectra-gallery-image-id='9134'>\n\t\t\t\t\t\t\t<div class=\"spectra-image-gallery__media spectra-image-gallery__media--carousel\">\n\t\t\t\t<picture>\n\t\t\t\t\t<source media=\"(min-width: 1024px)\" srcset=\"https:\/\/www.lafarga.com\/corporatiu\/wp-content\/uploads\/2015\/04\/SERVEIS-MOBILITAT-LaFarga.jpg\">\n\t\t\t\t\t<source media=\"(min-width: 768px)\" srcset=\"https:\/\/www.lafarga.com\/corporatiu\/wp-content\/uploads\/2015\/04\/SERVEIS-MOBILITAT-LaFarga.jpg\">\n\t\t\t\t\t<img decoding=\"async\" class=\"spectra-image-gallery__media-thumbnail spectra-image-gallery__media-thumbnail--carousel\" src=\"https:\/\/www.lafarga.com\/corporatiu\/wp-content\/uploads\/2015\/04\/SERVEIS-MOBILITAT-LaFarga.jpg\" alt=\"Serveis Mobilitat Farga\" loading=\"lazy\" \/>\n\t\t\t\t<\/picture>\n\t\t\t\t<div class=\"spectra-image-gallery__media-thumbnail-blurrer\"><\/div>\n\t\t\t\t\t\t\t\t\t\t\t<div class=\"spectra-image-gallery__media-thumbnail-caption-wrapper spectra-image-gallery__media-thumbnail-caption-wrapper--overlay\"><\/div>\n\t\t\t\t\t\t\t\t<\/div>\n\t\t\t\t\t\t<\/div>\n\t\t\t\t\t\t\t\t\t\t\t<\/div>\n\t\t\t\t\t\t\t<\/div>\n\t\t\t\t\t\t\t\t\t\t\t<\/div>\n\t\t\t\t\t\t\t\t\t<\/div><\/div>\n\n\n\n<div class=\"wp-block-uagb-container contenedor uagb-block-9d9fa8ca alignfull uagb-is-root-container\"><div class=\"uagb-container-inner-blocks-wrap\">\n<div class=\"wp-block-uagb-container uagb-block-27d5d038 alignfull uagb-is-root-container\"><div class=\"uagb-container-inner-blocks-wrap\">\n<p class=\"has-text-align-center text18\"><a href=\"http:\/\/www.l-h.cat\/utils\/obreFitxer.aspx?Fw9EVw48XS5eiZd3cT7k43wCqazCsew5Atx8cjqazCUtF51O8qazB\" target=\"_blank\" rel=\"noreferrer noopener\"><strong>Ordenan\u00e7a fiscal n\u00fam. 2.05 Taxa per retirada de vehicles i contenidors de la via p\u00fablica, immobilitzaci\u00f3 per procediments mec\u00e0nics i dip\u00f2sit<\/strong><\/a><\/p>\n<\/div><\/div>\n<\/div><\/div>\n\n\n\n<div class=\"wp-block-uagb-container contenedor gris uagb-block-98e2af48 alignfull uagb-is-root-container\"><div class=\"uagb-container-inner-blocks-wrap\">\n<div class=\"wp-block-uagb-advanced-heading uagb-block-624ce650 titolsh2\"><h2 class=\"uagb-heading-text\">Darreres not\u00edcies sobre el Servei Auxiliar Retirada Vehicles<\/h2><div class=\"uagb-separator\"><\/div><\/div>\n\n\n\n\t\t\t<div class=\"wp-block-uagb-post-grid uagb-post-grid  uagb-post__image-position-top uagb-post__image-enabled uagb-block-0267e49b     uagb-post__items uagb-post__columns-3 is-grid uagb-post__columns-tablet-2 uagb-post__columns-mobile-1 uagb-post__equal-height\" data-total=\"2\" style=\"\">\n\n\t\t\t\t\t\t\t\t\t\t\t\t<article class=\"uagb-post__inner-wrap\">\t\t\t\t\t\t\t\t<div class='uagb-post__image'>\n\t\t\t\t\t\t\t\t\t<a href=\"https:\/\/www.lafarga.com\/corporatiu\/carme-gual-nova-gerent-de-la-farga-gem-s-a\/\" target=\"_self\" rel=\"bookmark noopener noreferrer\" class='uagb-image-ratio-2-3'><img loading=\"lazy\" decoding=\"async\" width=\"1024\" height=\"683\" src=\"https:\/\/www.lafarga.com\/corporatiu\/wp-content\/uploads\/2026\/02\/Carme-Gual-Farga-1024x683.jpg\" class=\"attachment-large size-large\" alt=\"\" srcset=\"https:\/\/www.lafarga.com\/corporatiu\/wp-content\/uploads\/2026\/02\/Carme-Gual-Farga-1024x683.jpg 1024w, https:\/\/www.lafarga.com\/corporatiu\/wp-content\/uploads\/2026\/02\/Carme-Gual-Farga-300x200.jpg 300w, https:\/\/www.lafarga.com\/corporatiu\/wp-content\/uploads\/2026\/02\/Carme-Gual-Farga-768x512.jpg 768w, https:\/\/www.lafarga.com\/corporatiu\/wp-content\/uploads\/2026\/02\/Carme-Gual-Farga-1536x1024.jpg 1536w, https:\/\/www.lafarga.com\/corporatiu\/wp-content\/uploads\/2026\/02\/Carme-Gual-Farga-2048x1365.jpg 2048w, https:\/\/www.lafarga.com\/corporatiu\/wp-content\/uploads\/2026\/02\/Carme-Gual-Farga-1320x880.jpg 1320w\" sizes=\"auto, (max-width: 1024px) 100vw, 1024px\" \/>\t\t\t\t\t<\/a>\n\t\t\t\t\t\t\t<\/div>\n\t\t\t\t\t\t<h4 class=\"uagb-post__title uagb-post__text\">\n\t\t\t\t<a href=\"https:\/\/www.lafarga.com\/corporatiu\/carme-gual-nova-gerent-de-la-farga-gem-s-a\/\" target=\"_self\" rel=\"bookmark noopener noreferrer\">Carme Gual, nova gerent de La Farga GEM, S.A.<\/a>\n\t\t\t<\/h4>\n\t\t\t\t\t\t<div class='uagb-post__text uagb-post-grid-byline'>\n\t\t\t\t\t\t\t\t<time datetime=\"2026-02-03T11:55:41+00:00\" class=\"uagb-post__date\">\n\t\t\t\t\t\t\t\t\t03\/02\/2026\t\t\t\t<\/time>\n\t\t\t\t\t\t<\/div>\n\t\t\t\t\t\t\t<div class='uagb-post__text uagb-post__excerpt'>\n\t\t\t\t\tCarme Gual i Via (1965) ha estat nomenada nova gerent de La Farga Gesti\u00f3 d\u2019Equipaments Municipals S.A.\n\t\t\t\t<\/div>\n\t\t\t\t\t\t<div class=\"uagb-post__text uagb-post__cta wp-block-button\">\n\t\t\t\t<a class=\"wp-block-button__link uagb-text-link\" style=\"\" href=\"https:\/\/www.lafarga.com\/corporatiu\/carme-gual-nova-gerent-de-la-farga-gem-s-a\/\" target=\"_self\" rel=\"bookmark noopener noreferrer\">Llegir m\u00e9s<\/a>\n\t\t\t<\/div>\n\t\t\t\n\t\t\t\t\t\t\t\t\t<\/article>\n\t\t\t\t\t\t\t\t\t\t\t\t\t\t\t\t<article class=\"uagb-post__inner-wrap\">\t\t\t\t\t\t\t\t<div class='uagb-post__image'>\n\t\t\t\t\t\t\t\t\t<a href=\"https:\/\/www.lafarga.com\/corporatiu\/un-dia-al-servei-de-retirada-de-vehicles-a-en-primera-persona\/\" target=\"_self\" rel=\"bookmark noopener noreferrer\" class='uagb-image-ratio-2-3'><img loading=\"lazy\" decoding=\"async\" width=\"730\" height=\"410\" src=\"https:\/\/www.lafarga.com\/corporatiu\/wp-content\/uploads\/2021\/03\/Grua-TVLH-Farga.jpg\" class=\"attachment-large size-large\" alt=\"Retirada vehicles\" srcset=\"https:\/\/www.lafarga.com\/corporatiu\/wp-content\/uploads\/2021\/03\/Grua-TVLH-Farga.jpg 730w, https:\/\/www.lafarga.com\/corporatiu\/wp-content\/uploads\/2021\/03\/Grua-TVLH-Farga-300x168.jpg 300w\" sizes=\"auto, (max-width: 730px) 100vw, 730px\" \/>\t\t\t\t\t<\/a>\n\t\t\t\t\t\t\t<\/div>\n\t\t\t\t\t\t<h4 class=\"uagb-post__title uagb-post__text\">\n\t\t\t\t<a href=\"https:\/\/www.lafarga.com\/corporatiu\/un-dia-al-servei-de-retirada-de-vehicles-a-en-primera-persona\/\" target=\"_self\" rel=\"bookmark noopener noreferrer\">Un dia al Servei de retirada de vehicles a &#8220;En primera persona&#8221; de TV L&#8217;H<\/a>\n\t\t\t<\/h4>\n\t\t\t\t\t\t<div class='uagb-post__text uagb-post-grid-byline'>\n\t\t\t\t\t\t\t\t<time datetime=\"2021-03-02T12:03:27+00:00\" class=\"uagb-post__date\">\n\t\t\t\t\t\t\t\t\t02\/03\/2021\t\t\t\t<\/time>\n\t\t\t\t\t\t<\/div>\n\t\t\t\t\t\t\t<div class='uagb-post__text uagb-post__excerpt'>\n\t\t\t\t\tEl programa de reportatges de Televisi\u00f3 de L&#8217;Hospitalet, &#8220;En primera persona&#8221;, ha tractat aquesta setmana sobre el Servei de retirada&#8230;\t\t\t\t<\/div>\n\t\t\t\t\t\t<div class=\"uagb-post__text uagb-post__cta wp-block-button\">\n\t\t\t\t<a class=\"wp-block-button__link uagb-text-link\" style=\"\" href=\"https:\/\/www.lafarga.com\/corporatiu\/un-dia-al-servei-de-retirada-de-vehicles-a-en-primera-persona\/\" target=\"_self\" rel=\"bookmark noopener noreferrer\">Llegir m\u00e9s<\/a>\n\t\t\t<\/div>\n\t\t\t\n\t\t\t\t\t\t\t\t\t<\/article>\n\t\t\t\t\t\t\t\t\t\t\t\t\t\t\t\t<article class=\"uagb-post__inner-wrap\">\t\t\t\t\t\t\t\t<div class='uagb-post__image'>\n\t\t\t\t\t\t\t\t\t<a href=\"https:\/\/www.lafarga.com\/corporatiu\/lhospitalet-tindra-nou-diposit-municipal-vehicles\/\" target=\"_self\" rel=\"bookmark noopener noreferrer\" class='uagb-image-ratio-2-3'><img loading=\"lazy\" decoding=\"async\" width=\"730\" height=\"410\" src=\"https:\/\/www.lafarga.com\/corporatiu\/wp-content\/uploads\/2021\/01\/Diposit-Vehicles-Grua.jpg\" class=\"attachment-large size-large\" alt=\"Dip\u00f2sit Vehicles Dep\u00f3sito\" srcset=\"https:\/\/www.lafarga.com\/corporatiu\/wp-content\/uploads\/2021\/01\/Diposit-Vehicles-Grua.jpg 730w, https:\/\/www.lafarga.com\/corporatiu\/wp-content\/uploads\/2021\/01\/Diposit-Vehicles-Grua-300x168.jpg 300w\" sizes=\"auto, (max-width: 730px) 100vw, 730px\" \/>\t\t\t\t\t<\/a>\n\t\t\t\t\t\t\t<\/div>\n\t\t\t\t\t\t<h4 class=\"uagb-post__title uagb-post__text\">\n\t\t\t\t<a href=\"https:\/\/www.lafarga.com\/corporatiu\/lhospitalet-tindra-nou-diposit-municipal-vehicles\/\" target=\"_self\" rel=\"bookmark noopener noreferrer\">L&#8217;Hospitalet tindr\u00e0 un nou Dip\u00f2sit Municipal de Vehicles<\/a>\n\t\t\t<\/h4>\n\t\t\t\t\t\t<div class='uagb-post__text uagb-post-grid-byline'>\n\t\t\t\t\t\t\t\t<time datetime=\"2021-01-21T11:00:38+00:00\" class=\"uagb-post__date\">\n\t\t\t\t\t\t\t\t\t21\/01\/2021\t\t\t\t<\/time>\n\t\t\t\t\t\t<\/div>\n\t\t\t\t\t\t\t<div class='uagb-post__text uagb-post__excerpt'>\n\t\t\t\t\tL\u2019Ajuntament de L\u2019Hospitalet ha adquirit un solar de 3.200 m2 \u2014al carrer de la Fortuna, n\u00famero 31, a Santa Eul\u00e0lia\u2014&#8230;\t\t\t\t<\/div>\n\t\t\t\t\t\t<div class=\"uagb-post__text uagb-post__cta wp-block-button\">\n\t\t\t\t<a class=\"wp-block-button__link uagb-text-link\" style=\"\" href=\"https:\/\/www.lafarga.com\/corporatiu\/lhospitalet-tindra-nou-diposit-municipal-vehicles\/\" target=\"_self\" rel=\"bookmark noopener noreferrer\">Llegir m\u00e9s<\/a>\n\t\t\t<\/div>\n\t\t\t\n\t\t\t\t\t\t\t\t\t<\/article>\n\t\t\t\t\t\t\t\t\t\t\t<\/div>\n\t\t\t\n\n\n<div class=\"wp-block-uagb-buttons uagb-buttons__outer-wrap uagb-btn__default-btn uagb-btn-tablet__default-btn uagb-btn-mobile__default-btn uagb-block-cb8011e1\"><div class=\"uagb-buttons__wrap uagb-buttons-layout-wrap \">\n<div class=\"wp-block-uagb-buttons-child uagb-buttons__outer-wrap uagb-block-5964a162 wp-block-button\"><div class=\"uagb-button__wrapper\"><a class=\"uagb-buttons-repeater wp-block-button__link\" aria-label=\"\" href=\"https:\/\/www.lafarga.com\/corporatiu\/category\/diposit-municipal\/\" rel=\"follow noopener\" target=\"_self\"><div class=\"uagb-button__link\">Veure totes les not\u00edcies<\/div><\/a><\/div><\/div>\n<\/div><\/div>\n<\/div><\/div>\n\n\n\n<div class=\"wp-block-uagb-container contenedor uagb-block-736fa40c alignfull uagb-is-root-container\"><div class=\"uagb-container-inner-blocks-wrap\">\n<div class=\"wp-block-uagb-container uagb-block-bd54e95a\">\n<div class=\"wp-block-uagb-advanced-heading uagb-block-ad58d85b titolsh2\"><h2 class=\"uagb-heading-text\">Com arribar-hi<\/h2><div class=\"uagb-separator\"><\/div><\/div>\n\n\n\n<div class=\"wp-block-uagb-advanced-heading uagb-block-deb867b8\"><h5 class=\"uagb-heading-text\">Dip\u00f2sit Municipal de Vehicles de L\u2019Hospitalet<\/h5><p class=\"uagb-desc-text\">C. Segovia \u2013 Parc de la Serp, 2.<br>08901 L\u2019Hospitalet de Llobregat.<br>Telf. 93 261 22 22<br><a href=\"mailto:mobilitat@lafarga.com\">mobilitat@lafarga.com<\/a><\/p><\/div>\n<\/div>\n\n\n\n<div class=\"wp-block-uagb-container uagb-block-7862c183\">\t\t\t<div \n\t\t\tclass=\"wp-block-uagb-google-map uagb-google-map__wrap uagb-block-1a9a3647     \"\n\t\t\tstyle=\"\" >\n\t\t\t\t<embed\n\t\t\t\t\tclass=\"uagb-google-map__iframe\"\n\t\t\t\t\ttitle=\"Google Map for \"\n\t\t\t\t\tsrc=\"https:\/\/maps.google.com\/maps?q=Dip%C3%B2sit%20Municipal%20de%20Vehicles%2C%20L%27Hospitalet%20de%20Llobregat&#038;z=12&#038;hl=ca&#038;t=m&#038;output=embed&#038;iwloc=near\"\n\t\t\t\t\twidth=\"640\"\n\t\t\t\t\theight=\"450\"\n\t\t\t\t\tloading=\"lazy\"\n\t\t\t\t><\/embed>\n\t\t\t<\/div>\n\t\t\t<\/div>\n<\/div><\/div>\n\n\n\n<div class=\"wp-block-uagb-container contenedor gris uagb-block-04f1ac10 alignfull uagb-is-root-container\"><div class=\"uagb-container-inner-blocks-wrap\">\n<div class=\"wp-block-uagb-advanced-heading uagb-block-ca2acd79 titolsh2\"><h2 class=\"uagb-heading-text\">Consulteu les altres \u00e0rees de gesti\u00f3<\/h2><div class=\"uagb-separator\"><\/div><\/div>\n\n\n\n<div class=\"wp-block-uagb-container uagb-block-9658cb30 alignfull uagb-is-root-container\"><div class=\"uagb-container-inner-blocks-wrap\">\n<div class=\"wp-block-uagb-container uagb-block-fdf4f72d\">\n<div class=\"wp-block-uagb-info-box uagb-block-f8a18ccf uagb-infobox__content-wrap  uagb-infobox_cta-type-all uagb-infobox-icon-above-title uagb-infobox-image-valign-top\"><a href=\"centre-activitats-hospitalet-la-farga\/\" class=\"uagb-infobox-link-wrap uagb-infbox__link-to-all\" target=\"_self\" aria-label=\"Infobox Link\" rel=\"noopener noreferrer\" onclick=\"return true;\"><\/a><div class=\"uagb-ifb-content\"><div class=\"uagb-ifb-image-content\"><img decoding=\"async\" src=\"https:\/\/www.lafarga.com\/corporatiu\/wp-content\/uploads\/2023\/11\/icon_escenario.svg\" alt=\"\" width=\"50\" height=\"48\" loading=\"lazy\"\/><\/div><div class=\"uagb-ifb-title-wrap\"><h6 class=\"uagb-ifb-title\">Centre d&#8217;Activitats<\/h6><\/div><p class=\"uagb-ifb-desc\">Saber-ne m\u00e9s<\/p><div class=\"uagb-ifb-button-wrapper wp-block-button\"><\/div><\/div><\/div>\n<\/div>\n\n\n\n<div class=\"wp-block-uagb-container uagb-block-f0c146b3\">\n<div class=\"wp-block-uagb-info-box uagb-block-4d1f7fbf uagb-infobox__content-wrap  uagb-infobox_cta-type-all uagb-infobox-icon-above-title uagb-infobox-image-valign-top\"><a href=\"mitjans-comunicacio-hospitalet-la-farga\/\" class=\"uagb-infobox-link-wrap uagb-infbox__link-to-all\" target=\"_self\" aria-label=\"Infobox Link\" rel=\"noopener noreferrer\" onclick=\"return true;\"><\/a><div class=\"uagb-ifb-content\"><div class=\"uagb-ifb-image-content\"><img decoding=\"async\" src=\"https:\/\/www.lafarga.com\/corporatiu\/wp-content\/uploads\/2023\/11\/icon_medios_comunicacion.svg\" alt=\"\" width=\"50\" height=\"50\" loading=\"lazy\"\/><\/div><div class=\"uagb-ifb-title-wrap\"><h6 class=\"uagb-ifb-title\">Servei de Mitjans de Comunicaci\u00f3 Municipals<\/h6><\/div><p class=\"uagb-ifb-desc\">Saber-ne m\u00e9s<\/p><div class=\"uagb-ifb-button-wrapper wp-block-button\"><\/div><\/div><\/div>\n<\/div>\n\n\n\n<div class=\"wp-block-uagb-container uagb-block-bd0ce5e7\">\n<div class=\"wp-block-uagb-info-box uagb-block-2c1353b9 uagb-infobox__content-wrap  uagb-infobox_cta-type-all uagb-infobox-icon-above-title uagb-infobox-image-valign-top\"><a href=\"estacionaments-regulats-hospitalet\/\" class=\"uagb-infobox-link-wrap uagb-infbox__link-to-all\" target=\"_self\" aria-label=\"Infobox Link\" rel=\"noopener noreferrer\" onclick=\"return true;\"><\/a><div class=\"uagb-ifb-content\"><div class=\"uagb-ifb-image-content\"><img decoding=\"async\" src=\"https:\/\/www.lafarga.com\/corporatiu\/wp-content\/uploads\/2023\/11\/icon_zonas_aire.svg\" alt=\"\" width=\"50\" height=\"50\" loading=\"lazy\"\/><\/div><div class=\"uagb-ifb-title-wrap\"><h6 class=\"uagb-ifb-title\">Zones AIRE (\u00c1rees Integrals Regulaci\u00f3 Estacionaments)<\/h6><\/div><p class=\"uagb-ifb-desc\">Saber-ne m\u00e9s<\/p><div class=\"uagb-ifb-button-wrapper wp-block-button\"><\/div><\/div><\/div>\n<\/div>\n\n\n\n<div class=\"wp-block-uagb-container uagb-block-1c49c4cc\">\n<div class=\"wp-block-uagb-info-box uagb-block-62803c99 uagb-infobox__content-wrap  uagb-infobox_cta-type-all uagb-infobox-icon-above-title uagb-infobox-image-valign-top\"><a href=\"aparcaments-municipals-hospitalet-la-farga\/\" class=\"uagb-infobox-link-wrap uagb-infbox__link-to-all\" target=\"_self\" aria-label=\"Infobox Link\" rel=\"noopener noreferrer\" onclick=\"return true;\"><\/a><div class=\"uagb-ifb-content\"><div class=\"uagb-ifb-image-content\"><img decoding=\"async\" src=\"https:\/\/www.lafarga.com\/corporatiu\/wp-content\/uploads\/2023\/11\/icon_aparacamientos.svg\" alt=\"\" width=\"50\" height=\"50\" loading=\"lazy\"\/><\/div><div class=\"uagb-ifb-title-wrap\"><h6 class=\"uagb-ifb-title\">Aparcaments Municipals<\/h6><\/div><p class=\"uagb-ifb-desc\">Saber-ne m\u00e9s<\/p><div class=\"uagb-ifb-button-wrapper wp-block-button\"><\/div><\/div><\/div>\n<\/div>\n<\/div><\/div>\n<\/div><\/div>\n","protected":false},"excerpt":{"rendered":"<p> [&hellip;]<\/p>\n","protected":false},"author":8,"featured_media":0,"parent":0,"menu_order":0,"comment_status":"closed","ping_status":"closed","template":"","meta":{"inline_featured_image":false,"_uag_custom_page_level_css":"","_monsterinsights_skip_tracking":false,"_monsterinsights_sitenote_active":false,"_monsterinsights_sitenote_note":"","_monsterinsights_sitenote_category":0,"site-sidebar-layout":"no-sidebar","site-content-layout":"plain-container","ast-site-content-layout":"default","site-content-style":"default","site-sidebar-style":"default","ast-global-header-display":"","ast-banner-title-visibility":"","ast-main-header-display":"","ast-hfb-above-header-display":"","ast-hfb-below-header-display":"","ast-hfb-mobile-header-display":"","site-post-title":"","ast-breadcrumbs-content":"","ast-featured-img":"disabled","footer-sml-layout":"","ast-disable-related-posts":"","theme-transparent-header-meta":"","adv-header-id-meta":"","stick-header-meta":"","header-above-stick-meta":"","header-main-stick-meta":"","header-below-stick-meta":"","astra-migrate-meta-layouts":"","ast-page-background-enabled":"default","ast-page-background-meta":{"desktop":{"background-color":"var(--ast-global-color-4)","background-image":"","background-repeat":"repeat","background-position":"center center","background-size":"auto","background-attachment":"scroll","background-type":"","background-media":"","overlay-type":"","overlay-color":"","overlay-opacity":"","overlay-gradient":""},"tablet":{"background-color":"","background-image":"","background-repeat":"repeat","background-position":"center center","background-size":"auto","background-attachment":"scroll","background-type":"","background-media":"","overlay-type":"","overlay-color":"","overlay-opacity":"","overlay-gradient":""},"mobile":{"background-color":"","background-image":"","background-repeat":"repeat","background-position":"center center","background-size":"auto","background-attachment":"scroll","background-type":"","background-media":"","overlay-type":"","overlay-color":"","overlay-opacity":"","overlay-gradient":""}},"ast-content-background-meta":{"desktop":{"background-color":"var(--ast-global-color-5)","background-image":"","background-repeat":"repeat","background-position":"center center","background-size":"auto","background-attachment":"scroll","background-type":"","background-media":"","overlay-type":"","overlay-color":"","overlay-opacity":"","overlay-gradient":""},"tablet":{"background-color":"var(--ast-global-color-5)","background-image":"","background-repeat":"repeat","background-position":"center center","background-size":"auto","background-attachment":"scroll","background-type":"","background-media":"","overlay-type":"","overlay-color":"","overlay-opacity":"","overlay-gradient":""},"mobile":{"background-color":"var(--ast-global-color-5)","background-image":"","background-repeat":"repeat","background-position":"center center","background-size":"auto","background-attachment":"scroll","background-type":"","background-media":"","overlay-type":"","overlay-color":"","overlay-opacity":"","overlay-gradient":""}},"footnotes":""},"class_list":["post-2849","page","type-page","status-publish","hentry"],"yoast_head":"<!-- This site is optimized with the Yoast SEO plugin v27.5 - https:\/\/yoast.com\/product\/yoast-seo-wordpress\/ -->\n<title>La Farga GEM, S.A. Dip\u00f2sit Municipal de Vehicles<\/title>\n<meta name=\"description\" content=\"Dip\u00f2sit Municipal de Vehicles La Farga. Ajuntament de L&#039;Hospitalet Llobregat. , Serveis Mobilitat. Aparcaments municipals.\" \/>\n<meta name=\"robots\" content=\"index, follow, max-snippet:-1, max-image-preview:large, max-video-preview:-1\" \/>\n<link rel=\"canonical\" href=\"https:\/\/www.lafarga.com\/corporatiu\/diposit-municipal-vehicles-hospitalet-la-farga\/\" \/>\n<meta property=\"og:locale\" content=\"ca_ES\" \/>\n<meta property=\"og:type\" content=\"article\" \/>\n<meta property=\"og:title\" content=\"La Farga GEM, S.A. Dip\u00f2sit Municipal de Vehicles\" \/>\n<meta property=\"og:description\" content=\"Dip\u00f2sit Municipal de Vehicles La Farga. Ajuntament de L&#039;Hospitalet Llobregat. , Serveis Mobilitat. Aparcaments municipals.\" \/>\n<meta property=\"og:url\" content=\"https:\/\/www.lafarga.com\/corporatiu\/diposit-municipal-vehicles-hospitalet-la-farga\/\" \/>\n<meta property=\"og:site_name\" content=\"La Farga Gesti\u00f3n de Equipamientos Municipales, S.A.\" \/>\n<meta property=\"article:modified_time\" content=\"2024-04-04T08:53:05+00:00\" \/>\n<meta property=\"og:image\" content=\"https:\/\/www.lafarga.com\/corporatiu\/wp-content\/uploads\/2023\/11\/icon_escenario.svg\" \/>\n<meta name=\"twitter:label1\" content=\"Temps estimat de lectura\" \/>\n\t<meta name=\"twitter:data1\" content=\"2 minuts\" \/>\n<script type=\"application\/ld+json\" class=\"yoast-schema-graph\">{\"@context\":\"https:\\\/\\\/schema.org\",\"@graph\":[{\"@type\":\"WebPage\",\"@id\":\"https:\\\/\\\/www.lafarga.com\\\/corporatiu\\\/diposit-municipal-vehicles-hospitalet-la-farga\\\/\",\"url\":\"https:\\\/\\\/www.lafarga.com\\\/corporatiu\\\/diposit-municipal-vehicles-hospitalet-la-farga\\\/\",\"name\":\"La Farga GEM, S.A. Dip\u00f2sit Municipal de Vehicles\",\"isPartOf\":{\"@id\":\"https:\\\/\\\/www.lafarga.com\\\/corporatiu\\\/#website\"},\"primaryImageOfPage\":{\"@id\":\"https:\\\/\\\/www.lafarga.com\\\/corporatiu\\\/diposit-municipal-vehicles-hospitalet-la-farga\\\/#primaryimage\"},\"image\":{\"@id\":\"https:\\\/\\\/www.lafarga.com\\\/corporatiu\\\/diposit-municipal-vehicles-hospitalet-la-farga\\\/#primaryimage\"},\"thumbnailUrl\":\"https:\\\/\\\/www.lafarga.com\\\/corporatiu\\\/wp-content\\\/uploads\\\/2023\\\/11\\\/icon_escenario.svg\",\"datePublished\":\"2015-04-07T14:29:41+00:00\",\"dateModified\":\"2024-04-04T08:53:05+00:00\",\"description\":\"Dip\u00f2sit Municipal de Vehicles La Farga. Ajuntament de L'Hospitalet Llobregat. , Serveis Mobilitat. Aparcaments municipals.\",\"breadcrumb\":{\"@id\":\"https:\\\/\\\/www.lafarga.com\\\/corporatiu\\\/diposit-municipal-vehicles-hospitalet-la-farga\\\/#breadcrumb\"},\"inLanguage\":\"ca\",\"potentialAction\":[{\"@type\":\"ReadAction\",\"target\":[\"https:\\\/\\\/www.lafarga.com\\\/corporatiu\\\/diposit-municipal-vehicles-hospitalet-la-farga\\\/\"]}]},{\"@type\":\"ImageObject\",\"inLanguage\":\"ca\",\"@id\":\"https:\\\/\\\/www.lafarga.com\\\/corporatiu\\\/diposit-municipal-vehicles-hospitalet-la-farga\\\/#primaryimage\",\"url\":\"https:\\\/\\\/www.lafarga.com\\\/corporatiu\\\/wp-content\\\/uploads\\\/2023\\\/11\\\/icon_escenario.svg\",\"contentUrl\":\"https:\\\/\\\/www.lafarga.com\\\/corporatiu\\\/wp-content\\\/uploads\\\/2023\\\/11\\\/icon_escenario.svg\",\"width\":37,\"height\":36},{\"@type\":\"BreadcrumbList\",\"@id\":\"https:\\\/\\\/www.lafarga.com\\\/corporatiu\\\/diposit-municipal-vehicles-hospitalet-la-farga\\\/#breadcrumb\",\"itemListElement\":[{\"@type\":\"ListItem\",\"position\":1,\"name\":\"Home\",\"item\":\"https:\\\/\\\/www.lafarga.com\\\/corporatiu\\\/lafarga-hospitalet-llobregat\\\/\"},{\"@type\":\"ListItem\",\"position\":2,\"name\":\"Servei de retirada de vehicles i Dip\u00f2sit Municipal\"}]},{\"@type\":\"WebSite\",\"@id\":\"https:\\\/\\\/www.lafarga.com\\\/corporatiu\\\/#website\",\"url\":\"https:\\\/\\\/www.lafarga.com\\\/corporatiu\\\/\",\"name\":\"La Farga Gesti\u00f3 d&#039;Equipaments Municipals, SA\",\"description\":\"\",\"publisher\":{\"@id\":\"https:\\\/\\\/www.lafarga.com\\\/corporatiu\\\/#organization\"},\"potentialAction\":[{\"@type\":\"SearchAction\",\"target\":{\"@type\":\"EntryPoint\",\"urlTemplate\":\"https:\\\/\\\/www.lafarga.com\\\/corporatiu\\\/?s={search_term_string}\"},\"query-input\":{\"@type\":\"PropertyValueSpecification\",\"valueRequired\":true,\"valueName\":\"search_term_string\"}}],\"inLanguage\":\"ca\"},{\"@type\":\"Organization\",\"@id\":\"https:\\\/\\\/www.lafarga.com\\\/corporatiu\\\/#organization\",\"name\":\"La Farga Gesti\u00f3 d&#039;Equipaments Municipals, SA\",\"url\":\"https:\\\/\\\/www.lafarga.com\\\/corporatiu\\\/\",\"logo\":{\"@type\":\"ImageObject\",\"inLanguage\":\"ca\",\"@id\":\"https:\\\/\\\/www.lafarga.com\\\/corporatiu\\\/#\\\/schema\\\/logo\\\/image\\\/\",\"url\":\"https:\\\/\\\/www.lafarga.com\\\/corporatiu\\\/wp-content\\\/uploads\\\/2023\\\/11\\\/logotipo_lafarga_gemsa.svg\",\"contentUrl\":\"https:\\\/\\\/www.lafarga.com\\\/corporatiu\\\/wp-content\\\/uploads\\\/2023\\\/11\\\/logotipo_lafarga_gemsa.svg\",\"width\":102,\"height\":103,\"caption\":\"La Farga Gesti\u00f3 d&#039;Equipaments Municipals, SA\"},\"image\":{\"@id\":\"https:\\\/\\\/www.lafarga.com\\\/corporatiu\\\/#\\\/schema\\\/logo\\\/image\\\/\"}}]}<\/script>\n<!-- \/ Yoast SEO plugin. -->","yoast_head_json":{"title":"La Farga GEM, S.A. Dip\u00f2sit Municipal de Vehicles","description":"Dip\u00f2sit Municipal de Vehicles La Farga. Ajuntament de L'Hospitalet Llobregat. , Serveis Mobilitat. Aparcaments municipals.","robots":{"index":"index","follow":"follow","max-snippet":"max-snippet:-1","max-image-preview":"max-image-preview:large","max-video-preview":"max-video-preview:-1"},"canonical":"https:\/\/www.lafarga.com\/corporatiu\/diposit-municipal-vehicles-hospitalet-la-farga\/","og_locale":"ca_ES","og_type":"article","og_title":"La Farga GEM, S.A. Dip\u00f2sit Municipal de Vehicles","og_description":"Dip\u00f2sit Municipal de Vehicles La Farga. Ajuntament de L'Hospitalet Llobregat. , Serveis Mobilitat. Aparcaments municipals.","og_url":"https:\/\/www.lafarga.com\/corporatiu\/diposit-municipal-vehicles-hospitalet-la-farga\/","og_site_name":"La Farga Gesti\u00f3n de Equipamientos Municipales, S.A.","article_modified_time":"2024-04-04T08:53:05+00:00","og_image":[{"url":"https:\/\/www.lafarga.com\/corporatiu\/wp-content\/uploads\/2023\/11\/icon_escenario.svg","type":"","width":"","height":""}],"twitter_misc":{"Temps estimat de lectura":"2 minuts"},"schema":{"@context":"https:\/\/schema.org","@graph":[{"@type":"WebPage","@id":"https:\/\/www.lafarga.com\/corporatiu\/diposit-municipal-vehicles-hospitalet-la-farga\/","url":"https:\/\/www.lafarga.com\/corporatiu\/diposit-municipal-vehicles-hospitalet-la-farga\/","name":"La Farga GEM, S.A. Dip\u00f2sit Municipal de Vehicles","isPartOf":{"@id":"https:\/\/www.lafarga.com\/corporatiu\/#website"},"primaryImageOfPage":{"@id":"https:\/\/www.lafarga.com\/corporatiu\/diposit-municipal-vehicles-hospitalet-la-farga\/#primaryimage"},"image":{"@id":"https:\/\/www.lafarga.com\/corporatiu\/diposit-municipal-vehicles-hospitalet-la-farga\/#primaryimage"},"thumbnailUrl":"https:\/\/www.lafarga.com\/corporatiu\/wp-content\/uploads\/2023\/11\/icon_escenario.svg","datePublished":"2015-04-07T14:29:41+00:00","dateModified":"2024-04-04T08:53:05+00:00","description":"Dip\u00f2sit Municipal de Vehicles La Farga. Ajuntament de L'Hospitalet Llobregat. , Serveis Mobilitat. Aparcaments municipals.","breadcrumb":{"@id":"https:\/\/www.lafarga.com\/corporatiu\/diposit-municipal-vehicles-hospitalet-la-farga\/#breadcrumb"},"inLanguage":"ca","potentialAction":[{"@type":"ReadAction","target":["https:\/\/www.lafarga.com\/corporatiu\/diposit-municipal-vehicles-hospitalet-la-farga\/"]}]},{"@type":"ImageObject","inLanguage":"ca","@id":"https:\/\/www.lafarga.com\/corporatiu\/diposit-municipal-vehicles-hospitalet-la-farga\/#primaryimage","url":"https:\/\/www.lafarga.com\/corporatiu\/wp-content\/uploads\/2023\/11\/icon_escenario.svg","contentUrl":"https:\/\/www.lafarga.com\/corporatiu\/wp-content\/uploads\/2023\/11\/icon_escenario.svg","width":37,"height":36},{"@type":"BreadcrumbList","@id":"https:\/\/www.lafarga.com\/corporatiu\/diposit-municipal-vehicles-hospitalet-la-farga\/#breadcrumb","itemListElement":[{"@type":"ListItem","position":1,"name":"Home","item":"https:\/\/www.lafarga.com\/corporatiu\/lafarga-hospitalet-llobregat\/"},{"@type":"ListItem","position":2,"name":"Servei de retirada de vehicles i Dip\u00f2sit Municipal"}]},{"@type":"WebSite","@id":"https:\/\/www.lafarga.com\/corporatiu\/#website","url":"https:\/\/www.lafarga.com\/corporatiu\/","name":"La Farga Gesti\u00f3 d&#039;Equipaments Municipals, SA","description":"","publisher":{"@id":"https:\/\/www.lafarga.com\/corporatiu\/#organization"},"potentialAction":[{"@type":"SearchAction","target":{"@type":"EntryPoint","urlTemplate":"https:\/\/www.lafarga.com\/corporatiu\/?s={search_term_string}"},"query-input":{"@type":"PropertyValueSpecification","valueRequired":true,"valueName":"search_term_string"}}],"inLanguage":"ca"},{"@type":"Organization","@id":"https:\/\/www.lafarga.com\/corporatiu\/#organization","name":"La Farga Gesti\u00f3 d&#039;Equipaments Municipals, SA","url":"https:\/\/www.lafarga.com\/corporatiu\/","logo":{"@type":"ImageObject","inLanguage":"ca","@id":"https:\/\/www.lafarga.com\/corporatiu\/#\/schema\/logo\/image\/","url":"https:\/\/www.lafarga.com\/corporatiu\/wp-content\/uploads\/2023\/11\/logotipo_lafarga_gemsa.svg","contentUrl":"https:\/\/www.lafarga.com\/corporatiu\/wp-content\/uploads\/2023\/11\/logotipo_lafarga_gemsa.svg","width":102,"height":103,"caption":"La Farga Gesti\u00f3 d&#039;Equipaments Municipals, SA"},"image":{"@id":"https:\/\/www.lafarga.com\/corporatiu\/#\/schema\/logo\/image\/"}}]}},"uagb_featured_image_src":{"full":false,"thumbnail":false,"medium":false,"medium_large":false,"large":false,"1536x1536":false,"2048x2048":false,"mailpoet_newsletter_max":false},"uagb_author_info":{"display_name":"admfarga","author_link":"https:\/\/www.lafarga.com\/corporatiu\/author\/admfarga\/"},"uagb_comment_info":0,"uagb_excerpt":"[&hellip;]","_links":{"self":[{"href":"https:\/\/www.lafarga.com\/corporatiu\/wp-json\/wp\/v2\/pages\/2849","targetHints":{"allow":["GET"]}}],"collection":[{"href":"https:\/\/www.lafarga.com\/corporatiu\/wp-json\/wp\/v2\/pages"}],"about":[{"href":"https:\/\/www.lafarga.com\/corporatiu\/wp-json\/wp\/v2\/types\/page"}],"author":[{"embeddable":true,"href":"https:\/\/www.lafarga.com\/corporatiu\/wp-json\/wp\/v2\/users\/8"}],"replies":[{"embeddable":true,"href":"https:\/\/www.lafarga.com\/corporatiu\/wp-json\/wp\/v2\/comments?post=2849"}],"version-history":[{"count":26,"href":"https:\/\/www.lafarga.com\/corporatiu\/wp-json\/wp\/v2\/pages\/2849\/revisions"}],"predecessor-version":[{"id":20655,"href":"https:\/\/www.lafarga.com\/corporatiu\/wp-json\/wp\/v2\/pages\/2849\/revisions\/20655"}],"wp:attachment":[{"href":"https:\/\/www.lafarga.com\/corporatiu\/wp-json\/wp\/v2\/media?parent=2849"}],"curies":[{"name":"wp","href":"https:\/\/api.w.org\/{rel}","templated":true}]}}