{"id":2846,"date":"2015-05-29T08:25:06","date_gmt":"2015-05-29T08:25:06","guid":{"rendered":"http:\/\/www.lafarga.com\/corporatiu\/?page_id=2846"},"modified":"2026-02-17T13:11:00","modified_gmt":"2026-02-17T13:11:00","slug":"estacionamientos-regulados-hospitalet","status":"publish","type":"page","link":"https:\/\/www.lafarga.com\/corporatiu\/estacionamientos-regulados-hospitalet\/","title":{"rendered":"Zonas AIRE (\u00c1reas Integrales Regulaci\u00f3n Estacionamientos)"},"content":{"rendered":"\n<div class=\"wp-block-uagb-container contenedor uagb-block-8176e26a alignfull uagb-is-root-container\"><div class=\"uagb-container-inner-blocks-wrap\">\n<div class=\"wp-block-uagb-advanced-heading uagb-block-f091ee07 sub_intro\"><h4 class=\"uagb-heading-text\">La Farga GEM, S.A. gestiona el servicio de control de las zonas AIRE (\u00c1reas Integrales Regulaci\u00f3n Estacionamientos).<\/h4><\/div>\n<\/div><\/div>\n\n\n\n<div class=\"wp-block-uagb-container contenedor uagb-block-a2a1ddb3 alignfull uagb-is-root-container\"><div class=\"uagb-container-inner-blocks-wrap\">\t\t\t\t\t<div\n\t\t\t\t\t\tclass=\"wp-block-uagb-image-gallery uagb-block-c1d6603e     \"\n\t\t\t\t\t\tstyle=\"\"\n\t\t\t\t\t>\n\t\t\t\t\t\t\t\t\t\t\t<div class=\"spectra-image-gallery spectra-image-gallery__layout--carousel\">\n\t\t\t\t\t\t\t\t<div class=\"uagb-slick-carousel uagb-block-c1d6603e\">\n\t\t\t\t\t\t\t\t\t\t\t\t<div class='spectra-image-gallery__media-wrapper' data-spectra-gallery-image-id='14723'>\n\t\t\t\t\t\t\t<div class=\"spectra-image-gallery__media spectra-image-gallery__media--carousel\">\n\t\t\t\t<picture>\n\t\t\t\t\t<source media=\"(min-width: 1024px)\" srcset=\"https:\/\/www.lafarga.com\/corporatiu\/wp-content\/uploads\/2020\/06\/Zones-Aire-Farga1.jpg\">\n\t\t\t\t\t<source media=\"(min-width: 768px)\" srcset=\"https:\/\/www.lafarga.com\/corporatiu\/wp-content\/uploads\/2020\/06\/Zones-Aire-Farga1.jpg\">\n\t\t\t\t\t<img decoding=\"async\" class=\"spectra-image-gallery__media-thumbnail spectra-image-gallery__media-thumbnail--carousel\" src=\"https:\/\/www.lafarga.com\/corporatiu\/wp-content\/uploads\/2020\/06\/Zones-Aire-Farga1.jpg\" alt=\"\" loading=\"lazy\" \/>\n\t\t\t\t<\/picture>\n\t\t\t\t<div class=\"spectra-image-gallery__media-thumbnail-blurrer\"><\/div>\n\t\t\t\t\t\t\t\t\t\t\t<div class=\"spectra-image-gallery__media-thumbnail-caption-wrapper spectra-image-gallery__media-thumbnail-caption-wrapper--overlay\"><\/div>\n\t\t\t\t\t\t\t\t<\/div>\n\t\t\t\t\t\t<\/div>\n\t\t\t\t\t\t<div class='spectra-image-gallery__media-wrapper' data-spectra-gallery-image-id='14719'>\n\t\t\t\t\t\t\t<div class=\"spectra-image-gallery__media spectra-image-gallery__media--carousel\">\n\t\t\t\t<picture>\n\t\t\t\t\t<source media=\"(min-width: 1024px)\" srcset=\"https:\/\/www.lafarga.com\/corporatiu\/wp-content\/uploads\/2020\/06\/Zones-Aire-Farga.jpg\">\n\t\t\t\t\t<source media=\"(min-width: 768px)\" srcset=\"https:\/\/www.lafarga.com\/corporatiu\/wp-content\/uploads\/2020\/06\/Zones-Aire-Farga.jpg\">\n\t\t\t\t\t<img decoding=\"async\" class=\"spectra-image-gallery__media-thumbnail spectra-image-gallery__media-thumbnail--carousel\" src=\"https:\/\/www.lafarga.com\/corporatiu\/wp-content\/uploads\/2020\/06\/Zones-Aire-Farga.jpg\" alt=\"\" loading=\"lazy\" \/>\n\t\t\t\t<\/picture>\n\t\t\t\t<div class=\"spectra-image-gallery__media-thumbnail-blurrer\"><\/div>\n\t\t\t\t\t\t\t\t\t\t\t<div class=\"spectra-image-gallery__media-thumbnail-caption-wrapper spectra-image-gallery__media-thumbnail-caption-wrapper--overlay\"><\/div>\n\t\t\t\t\t\t\t\t<\/div>\n\t\t\t\t\t\t<\/div>\n\t\t\t\t\t\t<div class='spectra-image-gallery__media-wrapper' data-spectra-gallery-image-id='3516'>\n\t\t\t\t\t\t\t<div class=\"spectra-image-gallery__media spectra-image-gallery__media--carousel\">\n\t\t\t\t<picture>\n\t\t\t\t\t<source media=\"(min-width: 1024px)\" srcset=\"https:\/\/www.lafarga.com\/corporatiu\/wp-content\/uploads\/2015\/05\/zonablava-slider-int.jpg\">\n\t\t\t\t\t<source media=\"(min-width: 768px)\" srcset=\"https:\/\/www.lafarga.com\/corporatiu\/wp-content\/uploads\/2015\/05\/zonablava-slider-int.jpg\">\n\t\t\t\t\t<img decoding=\"async\" class=\"spectra-image-gallery__media-thumbnail spectra-image-gallery__media-thumbnail--carousel\" src=\"https:\/\/www.lafarga.com\/corporatiu\/wp-content\/uploads\/2015\/05\/zonablava-slider-int.jpg\" alt=\"\" loading=\"lazy\" \/>\n\t\t\t\t<\/picture>\n\t\t\t\t<div class=\"spectra-image-gallery__media-thumbnail-blurrer\"><\/div>\n\t\t\t\t\t\t\t\t\t\t\t<div class=\"spectra-image-gallery__media-thumbnail-caption-wrapper spectra-image-gallery__media-thumbnail-caption-wrapper--overlay\"><\/div>\n\t\t\t\t\t\t\t\t<\/div>\n\t\t\t\t\t\t<\/div>\n\t\t\t\t\t\t\t\t\t\t\t<\/div>\n\t\t\t\t\t\t\t<\/div>\n\t\t\t\t\t\t\t\t\t\t\t<\/div>\n\t\t\t\t\t\t\t\t\t<\/div><\/div>\n\n\n\n<div class=\"wp-block-uagb-container contenedor uagb-block-eb507840 alignfull uagb-is-root-container\"><div class=\"uagb-container-inner-blocks-wrap\">\n<p class=\"text18\">L\u2019Hospitalet dispone, a diciembre de 2025, actualmente de 9.422 plazas de aparcamiento regulado: 1.043 en las zonas azules,\u00a07.114 en las zonas verdes y 1.265 en las zonas amarillas DUM (Distribuci\u00f3n Urbana de Mercader\u00edas) repartidas en 12 barrios de la ciudad (Centre, Sant Josep, Sanfeliu, Collblanc-La Torrassa, Santa Eul\u00e0lia, Granvia Sud, Pubilla Cases, Les Planes, Can Serra, La Florida, Bellvitge y el Gornal).<\/p>\n<\/div><\/div>\n\n\n\n<div class=\"wp-block-uagb-container contenedor uagb-block-35497579 alignfull uagb-is-root-container\"><div class=\"uagb-container-inner-blocks-wrap\">\n<div class=\"wp-block-esab-accordion accordion-82fc3c20\" data-mode=\"global\"><div class=\"esab__container\">\n<div class=\"wp-block-esab-accordion-child\"><div class=\"esab__head esab__head_reverse\" role=\"button\" aria-expanded=\"false\"><div class=\"esab__heading_txt\"><h5 class=\"esab__heading_tag\">Horarios<\/h5><\/div><div class=\"esab__icon\"><div class=\"esab__collapse\"> <svg version=\"1.2\" viewBox=\"0 0 24 24\" width=\"24\" height=\"24\"><path fill-rule=\"evenodd\" d=\"m3.5 20.5c-4.7-4.7-4.7-12.3 0-17 4.7-4.7 12.3-4.7 17 0 4.6 4.7 4.6 12.3 0 17-4.7 4.6-12.3 4.6-17 0zm0.9-0.9c4.2 4.2 11 4.2 15.2 0 4.2-4.2 4.2-11 0-15.2-4.2-4.3-11-4.3-15.2 0-4.3 4.2-4.3 11 0 15.2z\"><\/path><path d=\"m11.4 15.9v-3.3h-3.3c-0.3 0-0.6-0.3-0.6-0.6 0-0.4 0.3-0.6 0.6-0.6h3.3v-3.3c0-0.3 0.3-0.6 0.6-0.6 0.3 0 0.6 0.3 0.6 0.6v3.3h3.3c0.3 0 0.6 0.2 0.6 0.6q0 0.2-0.2 0.4-0.2 0.2-0.4 0.2h-3.3v3.3q0 0.2-0.2 0.4-0.2 0.2-0.4 0.2c-0.4 0-0.6-0.3-0.6-0.6z\"><\/path><\/svg> <\/div><div class=\"esab__expand\"> <svg version=\"1.2\" viewBox=\"0 0 24 24\" width=\"24\" height=\"24\"><path fill-rule=\"evenodd\" d=\"m12 24c-6.6 0-12-5.4-12-12 0-6.6 5.4-12 12-12 6.6 0 12 5.4 12 12 0 6.6-5.4 12-12 12zm10.6-12c0-5.9-4.7-10.6-10.6-10.6-5.9 0-10.6 4.7-10.6 10.6 0 5.9 4.7 10.6 10.6 10.6 5.9 0 10.6-4.7 10.6-10.6z\"><\/path><path d=\"m5.6 11.3h12.8v1.4h-12.8z\"><\/path><\/svg> <\/div><\/div><\/div><div class=\"esab__body\">\n<div class=\"wp-block-uagb-container uagb-block-d9dcf149 alignfull uagb-is-root-container\"><div class=\"uagb-container-inner-blocks-wrap\">\n<div class=\"wp-block-uagb-container uagb-block-2da91c6f\">\n<ul class=\"wp-block-list listas1\">\n<li><h5 style=\"margin-bottom:5px\">CENTRE &#8211; SANT JOSEP<\/h5><span class=\"azul\">Zona Azul<\/span> &#8211; \u00a0 De 9 a 14 y de 16 a 20h horas de lunes a s\u00e1bado<br><span class=\"groc\">Zona Amarilla<\/span> &#8211; De 8h a 20h de lunes a viernes y s\u00e1bados de 8h a 14h<br><span class=\"verd\">Zona <span class=\"verd\">Verde<\/span><\/span> &#8211; De 8h a 20h de lunes a viernes<\/li>\n\n\n\n<li><h5 style=\"margin-bottom:5px\">COLLBLANC \u2013 LA TORRASSA<\/h5> <span class=\"azul\">Zona <span class=\"azul\">Azul<\/span><\/span> &#8211; De 9h a 14h y 16h a 20h de lunes a s\u00e1bado<br> <span class=\"groc\">Zona <span class=\"groc\">Amarilla<\/span><\/span> &#8211; De 8h a 20h de lunes a viernes y s\u00e1bados de 8h a 14h<br> <span class=\"verd\">Zona <span class=\"verd\">Verde<\/span><\/span> &#8211; De 8h a 20h de lunes a viernes<\/li>\n\n\n\n<li><h5 style=\"margin-bottom:5px\">LA FLORIDA &#8211; LES PLANES<\/h5><span class=\"azul\">Zona <span class=\"azul\">Azul<\/span><\/span> &#8211; De 9h a 14h y 16h a 20h de lunes a s\u00e1bado<br><span class=\"groc\">Zona <span class=\"groc\">Amarilla<\/span><\/span> &#8211; De 8h a 20h de lunes a viernes y s\u00e1bados de 8h a 14h<br><span class=\"verd\">Zona <span class=\"verd\">Verde<\/span><\/span> &#8211; De 8h a 20h de lunes a viernes<\/li>\n\n\n\n<li><h5 style=\"margin-bottom:5px\">PUBILLA CASES<\/h5> <span class=\"azul\">Zona <span class=\"azul\">Azul<\/span><\/span> &#8211; De 9h a 14h y 16h a 20h de lunes a s\u00e1bado<br> <span class=\"groc\">Zona <span class=\"groc\">Amarilla<\/span><\/span> &#8211; De 8h a 20h de lunes a viernes y s\u00e1bados de 8h a 14h<br> <span class=\"verd\">Zona <span class=\"verd\">Verde<\/span><\/span> &#8211; De 8h a 20h de lunes a viernes<\/li>\n\n\n\n<li><h5 style=\"margin-bottom:5px\">BELLVITGE &#8211; EL GORNAL<\/h5> <span class=\"groc\">Zona <span class=\"groc\">Amarilla<\/span><\/span> &#8211; De 8h a 20h de lunes a viernes y s\u00e1bados de 8h a 14h<\/li>\n<\/ul>\n<\/div>\n\n\n\n<div class=\"wp-block-uagb-container uagb-block-b5b83d0f\">\n<ul class=\"wp-block-list listas1\">\n<li><h5 style=\"margin-bottom:5px\">SANFELIU<\/h5> <span class=\"azul\">Zona <span class=\"azul\">Azul<\/span><\/span> &#8211; De 9h a 14h y 16h a 20h de lunes a viernes<br> <span class=\"groc\">Zona <span class=\"groc\">Amarilla<\/span><\/span> &#8211; De 8h a 20h de lunes a viernes y s\u00e1bados de 8h a 14h<br> <span class=\"verd\">Zona <span class=\"verd\">Verde<\/span><\/span> &#8211; De 8h a 20h de lunes a viernes<\/li>\n\n\n\n<li><h5 style=\"margin-bottom:5px\">SANTA EUL\u00c0LIA<\/h5> <span class=\"azul\">Zona <span class=\"azul\">Azul<\/span><\/span> &#8211; De 9h a 14h y 16h a 20h de lunes a s\u00e1bado<br> <span class=\"groc\">Zona <span class=\"groc\">Amarilla<\/span><\/span> &#8211; De 8h a 20h de lunes a viernes y s\u00e1bados de 8h a 14h<br> <span class=\"verd\">Zona Verde<\/span> &#8211; De 8h a 20h de lunes a viernes<\/li>\n\n\n\n<li><h5 style=\"margin-bottom:5px\">GRANVIA SUD<\/h5> <span class=\"azul\">Zona <span class=\"azul\">Azul<\/span><\/span> &#8211; De 9h a 14h y 16h a 20h de lunes a viernes<br> <span class=\"groc\">Zona <span class=\"groc\">Amarilla<\/span><\/span> &#8211; De 8h a 20h de lunes a viernes y s\u00e1bados de 8h a 14h<br> <span class=\"verd\">Zona <span class=\"verd\">Verde<\/span><\/span> &#8211; De 8h a 20h de lunes a viernes<\/li>\n\n\n\n<li><h5 style=\"margin-bottom:5px\">CAN SERRA<\/h5> <span class=\"azul\">Zona <span class=\"azul\">Azul<\/span><\/span> &#8211; De 9h a 14h y 16h a 20h de lunes a viernes<br> <span class=\"groc\">Zona <span class=\"groc\">Amarilla<\/span><\/span> &#8211; De 8h a 20h de lunes a viernes y s\u00e1bados de 8h a 14h<br> <span class=\"verd\">Zona <span class=\"verd\">Verde<\/span><\/span> &#8211; De 8h a 20h de lunes a viernes<\/li>\n<\/ul>\n<\/div>\n<\/div><\/div>\n<\/div><\/div>\n\n\n\n<div class=\"wp-block-esab-accordion-child\"><div class=\"esab__head esab__head_reverse\" role=\"button\" aria-expanded=\"false\"><div class=\"esab__heading_txt\"><h5 class=\"esab__heading_tag\">Zonas Aire<\/h5><\/div><div class=\"esab__icon\"><div class=\"esab__collapse\"> <svg version=\"1.2\" viewBox=\"0 0 24 24\" width=\"24\" height=\"24\"><path fill-rule=\"evenodd\" d=\"m3.5 20.5c-4.7-4.7-4.7-12.3 0-17 4.7-4.7 12.3-4.7 17 0 4.6 4.7 4.6 12.3 0 17-4.7 4.6-12.3 4.6-17 0zm0.9-0.9c4.2 4.2 11 4.2 15.2 0 4.2-4.2 4.2-11 0-15.2-4.2-4.3-11-4.3-15.2 0-4.3 4.2-4.3 11 0 15.2z\"><\/path><path d=\"m11.4 15.9v-3.3h-3.3c-0.3 0-0.6-0.3-0.6-0.6 0-0.4 0.3-0.6 0.6-0.6h3.3v-3.3c0-0.3 0.3-0.6 0.6-0.6 0.3 0 0.6 0.3 0.6 0.6v3.3h3.3c0.3 0 0.6 0.2 0.6 0.6q0 0.2-0.2 0.4-0.2 0.2-0.4 0.2h-3.3v3.3q0 0.2-0.2 0.4-0.2 0.2-0.4 0.2c-0.4 0-0.6-0.3-0.6-0.6z\"><\/path><\/svg> <\/div><div class=\"esab__expand\"> <svg version=\"1.2\" viewBox=\"0 0 24 24\" width=\"24\" height=\"24\"><path fill-rule=\"evenodd\" d=\"m12 24c-6.6 0-12-5.4-12-12 0-6.6 5.4-12 12-12 6.6 0 12 5.4 12 12 0 6.6-5.4 12-12 12zm10.6-12c0-5.9-4.7-10.6-10.6-10.6-5.9 0-10.6 4.7-10.6 10.6 0 5.9 4.7 10.6 10.6 10.6 5.9 0 10.6-4.7 10.6-10.6z\"><\/path><path d=\"m5.6 11.3h12.8v1.4h-12.8z\"><\/path><\/svg> <\/div><\/div><\/div><div class=\"esab__body\">\n<ul class=\"wp-block-list listas1\">\n<li><h5 style=\"margin-bottom:5px\"><\/h5><strong><a href=\"https:\/\/www.lafarga.com\/corporatiu\/wp-content\/uploads\/2023\/03\/La-Farga-Numero-de-places-AIRE-2023-002.pdf\" target=\"_blank\" rel=\"noreferrer noopener\"><\/a><a href=\"https:\/\/www.lafarga.com\/corporatiu\/wp-content\/uploads\/2023\/03\/La-Farga-Numero-de-places-AIRE-2023-002.pdf\" target=\"_blank\" rel=\"noreferrer noopener\"><strong>Inventario de las zonas de estacionamiento regulado con control horario<\/strong><\/a><\/strong><\/li>\n<\/ul>\n<\/div><\/div>\n\n\n\n<div class=\"wp-block-esab-accordion-child\"><div class=\"esab__head esab__head_reverse\" role=\"button\" aria-expanded=\"false\"><div class=\"esab__heading_txt\"><h5 class=\"esab__heading_tag\">Parqu\u00edmetros<\/h5><\/div><div class=\"esab__icon\"><div class=\"esab__collapse\"> <svg version=\"1.2\" viewBox=\"0 0 24 24\" width=\"24\" height=\"24\"><path fill-rule=\"evenodd\" d=\"m3.5 20.5c-4.7-4.7-4.7-12.3 0-17 4.7-4.7 12.3-4.7 17 0 4.6 4.7 4.6 12.3 0 17-4.7 4.6-12.3 4.6-17 0zm0.9-0.9c4.2 4.2 11 4.2 15.2 0 4.2-4.2 4.2-11 0-15.2-4.2-4.3-11-4.3-15.2 0-4.3 4.2-4.3 11 0 15.2z\"><\/path><path d=\"m11.4 15.9v-3.3h-3.3c-0.3 0-0.6-0.3-0.6-0.6 0-0.4 0.3-0.6 0.6-0.6h3.3v-3.3c0-0.3 0.3-0.6 0.6-0.6 0.3 0 0.6 0.3 0.6 0.6v3.3h3.3c0.3 0 0.6 0.2 0.6 0.6q0 0.2-0.2 0.4-0.2 0.2-0.4 0.2h-3.3v3.3q0 0.2-0.2 0.4-0.2 0.2-0.4 0.2c-0.4 0-0.6-0.3-0.6-0.6z\"><\/path><\/svg> <\/div><div class=\"esab__expand\"> <svg version=\"1.2\" viewBox=\"0 0 24 24\" width=\"24\" height=\"24\"><path fill-rule=\"evenodd\" d=\"m12 24c-6.6 0-12-5.4-12-12 0-6.6 5.4-12 12-12 6.6 0 12 5.4 12 12 0 6.6-5.4 12-12 12zm10.6-12c0-5.9-4.7-10.6-10.6-10.6-5.9 0-10.6 4.7-10.6 10.6 0 5.9 4.7 10.6 10.6 10.6 5.9 0 10.6-4.7 10.6-10.6z\"><\/path><path d=\"m5.6 11.3h12.8v1.4h-12.8z\"><\/path><\/svg> <\/div><\/div><\/div><div class=\"esab__body\">\n<ul class=\"wp-block-list listas1\">\n<li><h5 style=\"margin-bottom:5px\"><strong style=\"color: var(--ast-global-color-1); background-color: var(--ast-global-color-4); font-family: Inter, sans-serif; font-size: 1rem;\"><a href=\"https:\/\/www.lafarga.com\/corporatiu\/wp-content\/uploads\/2026\/02\/La-Farga-ubicacions-196-parquimetres.pdf\" type=\"link\" id=\"https:\/\/www.lafarga.com\/corporatiu\/wp-content\/uploads\/2026\/02\/La-Farga-ubicacions-196-parquimetres.pdf\" target=\"_blank\" rel=\"noreferrer noopener\">Consulta aqu\u00ed la ubicaci\u00f3n de los parqu\u00edmetros<\/a><\/strong><\/h5><\/li>\n<\/ul>\n<\/div><\/div>\n\n\n\n<div class=\"wp-block-esab-accordion-child\"><div class=\"esab__head esab__head_reverse\" role=\"button\" aria-expanded=\"false\"><div class=\"esab__heading_txt\"><h5 class=\"esab__heading_tag\">Tr\u00e1mites Zona Verde<\/h5><\/div><div class=\"esab__icon\"><div class=\"esab__collapse\"> <svg version=\"1.2\" viewBox=\"0 0 24 24\" width=\"24\" height=\"24\"><path fill-rule=\"evenodd\" d=\"m3.5 20.5c-4.7-4.7-4.7-12.3 0-17 4.7-4.7 12.3-4.7 17 0 4.6 4.7 4.6 12.3 0 17-4.7 4.6-12.3 4.6-17 0zm0.9-0.9c4.2 4.2 11 4.2 15.2 0 4.2-4.2 4.2-11 0-15.2-4.2-4.3-11-4.3-15.2 0-4.3 4.2-4.3 11 0 15.2z\"><\/path><path d=\"m11.4 15.9v-3.3h-3.3c-0.3 0-0.6-0.3-0.6-0.6 0-0.4 0.3-0.6 0.6-0.6h3.3v-3.3c0-0.3 0.3-0.6 0.6-0.6 0.3 0 0.6 0.3 0.6 0.6v3.3h3.3c0.3 0 0.6 0.2 0.6 0.6q0 0.2-0.2 0.4-0.2 0.2-0.4 0.2h-3.3v3.3q0 0.2-0.2 0.4-0.2 0.2-0.4 0.2c-0.4 0-0.6-0.3-0.6-0.6z\"><\/path><\/svg> <\/div><div class=\"esab__expand\"> <svg version=\"1.2\" viewBox=\"0 0 24 24\" width=\"24\" height=\"24\"><path fill-rule=\"evenodd\" d=\"m12 24c-6.6 0-12-5.4-12-12 0-6.6 5.4-12 12-12 6.6 0 12 5.4 12 12 0 6.6-5.4 12-12 12zm10.6-12c0-5.9-4.7-10.6-10.6-10.6-5.9 0-10.6 4.7-10.6 10.6 0 5.9 4.7 10.6 10.6 10.6 5.9 0 10.6-4.7 10.6-10.6z\"><\/path><path d=\"m5.6 11.3h12.8v1.4h-12.8z\"><\/path><\/svg> <\/div><\/div><\/div><div class=\"esab__body\">\n<ul class=\"wp-block-list listas1\">\n<li><h5 style=\"margin-bottom:5px\"><strong style=\"color: var(--ast-global-color-1); background-color: var(--ast-global-color-4); font-family: Inter, sans-serif; font-size: 1rem;\"><a href=\"https:\/\/seuelectronica.l-h.cat\/tramits\/r\/detallTramit_2.aspx?2GhwIso3D0Hqw6319FFc1vlW7SJml4ajwjb45p5B4cwsqazB\" target=\"_blank\" rel=\"noreferrer noopener\">Toda la informaci\u00f3n para realizar los tr\u00e1mites<\/a><\/strong><\/h5><\/li>\n<\/ul>\n<\/div><\/div>\n\n\n\n<div class=\"wp-block-esab-accordion-child\"><div class=\"esab__head esab__head_reverse\" role=\"button\" aria-expanded=\"false\"><div class=\"esab__heading_txt\"><h5 class=\"esab__heading_tag\">Incidencias \/ Denuncias<\/h5><\/div><div class=\"esab__icon\"><div class=\"esab__collapse\"> <svg version=\"1.2\" viewBox=\"0 0 24 24\" width=\"24\" height=\"24\"><path fill-rule=\"evenodd\" d=\"m3.5 20.5c-4.7-4.7-4.7-12.3 0-17 4.7-4.7 12.3-4.7 17 0 4.6 4.7 4.6 12.3 0 17-4.7 4.6-12.3 4.6-17 0zm0.9-0.9c4.2 4.2 11 4.2 15.2 0 4.2-4.2 4.2-11 0-15.2-4.2-4.3-11-4.3-15.2 0-4.3 4.2-4.3 11 0 15.2z\"><\/path><path d=\"m11.4 15.9v-3.3h-3.3c-0.3 0-0.6-0.3-0.6-0.6 0-0.4 0.3-0.6 0.6-0.6h3.3v-3.3c0-0.3 0.3-0.6 0.6-0.6 0.3 0 0.6 0.3 0.6 0.6v3.3h3.3c0.3 0 0.6 0.2 0.6 0.6q0 0.2-0.2 0.4-0.2 0.2-0.4 0.2h-3.3v3.3q0 0.2-0.2 0.4-0.2 0.2-0.4 0.2c-0.4 0-0.6-0.3-0.6-0.6z\"><\/path><\/svg> <\/div><div class=\"esab__expand\"> <svg version=\"1.2\" viewBox=\"0 0 24 24\" width=\"24\" height=\"24\"><path fill-rule=\"evenodd\" d=\"m12 24c-6.6 0-12-5.4-12-12 0-6.6 5.4-12 12-12 6.6 0 12 5.4 12 12 0 6.6-5.4 12-12 12zm10.6-12c0-5.9-4.7-10.6-10.6-10.6-5.9 0-10.6 4.7-10.6 10.6 0 5.9 4.7 10.6 10.6 10.6 5.9 0 10.6-4.7 10.6-10.6z\"><\/path><path d=\"m5.6 11.3h12.8v1.4h-12.8z\"><\/path><\/svg> <\/div><\/div><\/div><div class=\"esab__body\">\n<div class=\"wp-block-uagb-advanced-heading uagb-block-73afb941\"><h5 class=\"uagb-heading-text\"><strong>Comunicar una incidencia con denuncia<\/strong><\/h5><\/div>\n\n\n\n<ul class=\"wp-block-list listas1\">\n<li>Si lo han denunciado pero dispone de ticket en hora, env\u00ede copia o fotograf\u00eda del ticket y de la denuncia a la direcci\u00f3n&nbsp;<strong><a href=\"mailto:aire@lafarga.com\" target=\"_blank\" rel=\"noreferrer noopener\">aire@lafarga.com<\/a>&nbsp;<\/strong>o al tel\u00e9fono 93 297 28 48.<\/li>\n\n\n\n<li>Si la denuncia no es del mismo d\u00eda, env\u00ede copia o fotograf\u00eda del ticket y de la denuncia a la direcci\u00f3n&nbsp;<strong><a href=\"mailto:aire@lafarga.com\" target=\"_blank\" rel=\"noreferrer noopener\">aire@lafarga.com<\/a>&nbsp;<\/strong>o al tel\u00e9fono 93 297 28 48.<\/li>\n<\/ul>\n\n\n\n<div class=\"wp-block-uagb-advanced-heading uagb-block-fc19f604\"><h5 class=\"uagb-heading-text\"><strong><strong>Comunicar una incidencia en el parqu\u00edmetro<\/strong><\/strong><\/h5><\/div>\n\n\n\n<ul class=\"wp-block-list listas1\">\n<li>Si el parqu\u00edmetro est\u00e1 fuera de servicio debe dirigirse a otro parqu\u00edmetro m\u00e1s cercano.<\/li>\n\n\n\n<li>Si ha pagado pero no le ha salido el ticket, env\u00ede un e-mail a la direcci\u00f3n&nbsp;<a href=\"mailto:aire@lafarga.com\" target=\"_blank\" rel=\"noreferrer noopener\"><strong>aire@lafarga.com<\/strong><\/a><\/li>\n<\/ul>\n<\/div><\/div>\n\n\n\n<div class=\"wp-block-esab-accordion-child\"><div class=\"esab__head esab__head_reverse\" role=\"button\" aria-expanded=\"false\"><div class=\"esab__heading_txt\"><h5 class=\"esab__heading_tag\">Ordenanzas \/ Tasas<\/h5><\/div><div class=\"esab__icon\"><div class=\"esab__collapse\"> <svg version=\"1.2\" viewBox=\"0 0 24 24\" width=\"24\" height=\"24\"><path fill-rule=\"evenodd\" d=\"m3.5 20.5c-4.7-4.7-4.7-12.3 0-17 4.7-4.7 12.3-4.7 17 0 4.6 4.7 4.6 12.3 0 17-4.7 4.6-12.3 4.6-17 0zm0.9-0.9c4.2 4.2 11 4.2 15.2 0 4.2-4.2 4.2-11 0-15.2-4.2-4.3-11-4.3-15.2 0-4.3 4.2-4.3 11 0 15.2z\"><\/path><path d=\"m11.4 15.9v-3.3h-3.3c-0.3 0-0.6-0.3-0.6-0.6 0-0.4 0.3-0.6 0.6-0.6h3.3v-3.3c0-0.3 0.3-0.6 0.6-0.6 0.3 0 0.6 0.3 0.6 0.6v3.3h3.3c0.3 0 0.6 0.2 0.6 0.6q0 0.2-0.2 0.4-0.2 0.2-0.4 0.2h-3.3v3.3q0 0.2-0.2 0.4-0.2 0.2-0.4 0.2c-0.4 0-0.6-0.3-0.6-0.6z\"><\/path><\/svg> <\/div><div class=\"esab__expand\"> <svg version=\"1.2\" viewBox=\"0 0 24 24\" width=\"24\" height=\"24\"><path fill-rule=\"evenodd\" d=\"m12 24c-6.6 0-12-5.4-12-12 0-6.6 5.4-12 12-12 6.6 0 12 5.4 12 12 0 6.6-5.4 12-12 12zm10.6-12c0-5.9-4.7-10.6-10.6-10.6-5.9 0-10.6 4.7-10.6 10.6 0 5.9 4.7 10.6 10.6 10.6 5.9 0 10.6-4.7 10.6-10.6z\"><\/path><path d=\"m5.6 11.3h12.8v1.4h-12.8z\"><\/path><\/svg> <\/div><\/div><\/div><div class=\"esab__body\">\n<ul class=\"wp-block-list listas1\">\n<li><a href=\"http:\/\/www.l-h.cat\/utils\/obreFitxer.aspx?Fw9EVw48XS5xfbgiw2e4dSfx7mhQXEsO8yfIYb2bUz0qazB\" target=\"_blank\" rel=\"noreferrer noopener\"><strong>Ordenanza de movilidad de L&#8217;Hospitalet<\/strong><\/a><\/li>\n\n\n\n<li><a href=\"https:\/\/www.lafarga.com\/corporatiu\/wp-content\/uploads\/2023\/03\/La-Farga-of-2.12-2023.pdf\" target=\"_blank\" rel=\"noreferrer noopener\"><strong>Ordenanza fiscal n\u00ba. 2.12 Tasa por el estacionamiento p\u00fablico de veh\u00edculos<\/strong><\/a><\/li>\n<\/ul>\n<\/div><\/div>\n\n\n\n<div class=\"wp-block-esab-accordion-child\"><div class=\"esab__head esab__head_reverse\" role=\"button\" aria-expanded=\"false\"><div class=\"esab__heading_txt\"><h5 class=\"esab__heading_tag\">Contacto<\/h5><\/div><div class=\"esab__icon\"><div class=\"esab__collapse\"> <svg version=\"1.2\" viewBox=\"0 0 24 24\" width=\"24\" height=\"24\"><path fill-rule=\"evenodd\" d=\"m3.5 20.5c-4.7-4.7-4.7-12.3 0-17 4.7-4.7 12.3-4.7 17 0 4.6 4.7 4.6 12.3 0 17-4.7 4.6-12.3 4.6-17 0zm0.9-0.9c4.2 4.2 11 4.2 15.2 0 4.2-4.2 4.2-11 0-15.2-4.2-4.3-11-4.3-15.2 0-4.3 4.2-4.3 11 0 15.2z\"><\/path><path d=\"m11.4 15.9v-3.3h-3.3c-0.3 0-0.6-0.3-0.6-0.6 0-0.4 0.3-0.6 0.6-0.6h3.3v-3.3c0-0.3 0.3-0.6 0.6-0.6 0.3 0 0.6 0.3 0.6 0.6v3.3h3.3c0.3 0 0.6 0.2 0.6 0.6q0 0.2-0.2 0.4-0.2 0.2-0.4 0.2h-3.3v3.3q0 0.2-0.2 0.4-0.2 0.2-0.4 0.2c-0.4 0-0.6-0.3-0.6-0.6z\"><\/path><\/svg> <\/div><div class=\"esab__expand\"> <svg version=\"1.2\" viewBox=\"0 0 24 24\" width=\"24\" height=\"24\"><path fill-rule=\"evenodd\" d=\"m12 24c-6.6 0-12-5.4-12-12 0-6.6 5.4-12 12-12 6.6 0 12 5.4 12 12 0 6.6-5.4 12-12 12zm10.6-12c0-5.9-4.7-10.6-10.6-10.6-5.9 0-10.6 4.7-10.6 10.6 0 5.9 4.7 10.6 10.6 10.6 5.9 0 10.6-4.7 10.6-10.6z\"><\/path><path d=\"m5.6 11.3h12.8v1.4h-12.8z\"><\/path><\/svg> <\/div><\/div><\/div><div class=\"esab__body\"><form action=\"https:\/\/www.lafarga.com\/corporatiu\/wp-json\/ws-form\/v1\/submit\" class=\"wsf-form wsf-form-canvas\" id=\"ws-form-1\" data-id=\"3\" method=\"POST\" data-instance-id=\"1\" data-wsf-style-id=\"3\"><\/form><\/div><\/div>\n<\/div><\/div>\n<\/div><\/div>\n\n\n\n<div class=\"wp-block-uagb-container contenedor gris uagb-block-10791e77 alignfull uagb-is-root-container\"><div class=\"uagb-container-inner-blocks-wrap\">\n<div class=\"wp-block-uagb-advanced-heading uagb-block-624ce650 titolsh2\"><h2 class=\"uagb-heading-text\">\u00daltimas noticias sobre la zona AIRE<\/h2><div class=\"uagb-separator\"><\/div><\/div>\n\n\n\n\t\t\t<div class=\"wp-block-uagb-post-grid uagb-post-grid  uagb-post__image-position-top uagb-post__image-enabled uagb-block-0267e49b     uagb-post__items uagb-post__columns-3 is-grid uagb-post__columns-tablet-2 uagb-post__columns-mobile-1 uagb-post__equal-height\" data-total=\"7\" style=\"\">\n\n\t\t\t\t\t\t\t\t\t\t\t\t<article class=\"uagb-post__inner-wrap\">\t\t\t\t\t\t\t\t<div class='uagb-post__image'>\n\t\t\t\t\t\t\t\t\t<a href=\"https:\/\/www.lafarga.com\/corporatiu\/el-uso-del-aparcamiento-para-residentes-mediante-la-app-amb-residents-se-dispara-un-505\/\" target=\"_self\" rel=\"bookmark noopener noreferrer\" class='uagb-image-ratio-2-3'><img loading=\"lazy\" decoding=\"async\" width=\"1024\" height=\"576\" src=\"https:\/\/www.lafarga.com\/corporatiu\/wp-content\/uploads\/2026\/02\/APP-Mobilitat-1024x576.jpeg\" class=\"attachment-large size-large\" alt=\"\" srcset=\"https:\/\/www.lafarga.com\/corporatiu\/wp-content\/uploads\/2026\/02\/APP-Mobilitat-1024x576.jpeg 1024w, https:\/\/www.lafarga.com\/corporatiu\/wp-content\/uploads\/2026\/02\/APP-Mobilitat-300x169.jpeg 300w, https:\/\/www.lafarga.com\/corporatiu\/wp-content\/uploads\/2026\/02\/APP-Mobilitat-768x432.jpeg 768w, https:\/\/www.lafarga.com\/corporatiu\/wp-content\/uploads\/2026\/02\/APP-Mobilitat-1536x864.jpeg 1536w, https:\/\/www.lafarga.com\/corporatiu\/wp-content\/uploads\/2026\/02\/APP-Mobilitat-1320x743.jpeg 1320w, https:\/\/www.lafarga.com\/corporatiu\/wp-content\/uploads\/2026\/02\/APP-Mobilitat.jpeg 2000w\" sizes=\"auto, (max-width: 1024px) 100vw, 1024px\" \/>\t\t\t\t\t<\/a>\n\t\t\t\t\t\t\t<\/div>\n\t\t\t\t\t\t<h4 class=\"uagb-post__title uagb-post__text\">\n\t\t\t\t<a href=\"https:\/\/www.lafarga.com\/corporatiu\/el-uso-del-aparcamiento-para-residentes-mediante-la-app-amb-residents-se-dispara-un-505\/\" target=\"_self\" rel=\"bookmark noopener noreferrer\">El uso del aparcamiento para residentes mediante la app AMB Residents se dispara un 505%<\/a>\n\t\t\t<\/h4>\n\t\t\t\t\t\t<div class='uagb-post__text uagb-post-grid-byline'>\n\t\t\t\t\t\t\t\t<time datetime=\"2026-02-18T14:54:05+00:00\" class=\"uagb-post__date\">\n\t\t\t\t\t\t\t\t\t18\/02\/2026\t\t\t\t<\/time>\n\t\t\t\t\t\t<\/div>\n\t\t\t\t\t\t\t<div class='uagb-post__text uagb-post__excerpt'>\n\t\t\t\t\tEl sistema registra m\u00e1s de 76.000 operaciones entre enero y principios de febrero.\t\t\t\t<\/div>\n\t\t\t\t\t\t<div class=\"uagb-post__text uagb-post__cta wp-block-button\">\n\t\t\t\t<a class=\"wp-block-button__link uagb-text-link\" style=\"\" href=\"https:\/\/www.lafarga.com\/corporatiu\/el-uso-del-aparcamiento-para-residentes-mediante-la-app-amb-residents-se-dispara-un-505\/\" target=\"_self\" rel=\"bookmark noopener noreferrer\">Llegir m\u00e9s<\/a>\n\t\t\t<\/div>\n\t\t\t\n\t\t\t\t\t\t\t\t\t<\/article>\n\t\t\t\t\t\t\t\t\t\t\t\t\t\t\t\t<article class=\"uagb-post__inner-wrap\">\t\t\t\t\t\t\t\t<div class='uagb-post__image'>\n\t\t\t\t\t\t\t\t\t<a href=\"https:\/\/www.lafarga.com\/corporatiu\/carme-gual-nueva-gerente-de-la-farga-gem-s-a\/\" target=\"_self\" rel=\"bookmark noopener noreferrer\" class='uagb-image-ratio-2-3'><img loading=\"lazy\" decoding=\"async\" width=\"1024\" height=\"683\" src=\"https:\/\/www.lafarga.com\/corporatiu\/wp-content\/uploads\/2026\/02\/Carme-Gual-Farga-1024x683.jpg\" class=\"attachment-large size-large\" alt=\"\" srcset=\"https:\/\/www.lafarga.com\/corporatiu\/wp-content\/uploads\/2026\/02\/Carme-Gual-Farga-1024x683.jpg 1024w, https:\/\/www.lafarga.com\/corporatiu\/wp-content\/uploads\/2026\/02\/Carme-Gual-Farga-300x200.jpg 300w, https:\/\/www.lafarga.com\/corporatiu\/wp-content\/uploads\/2026\/02\/Carme-Gual-Farga-768x512.jpg 768w, https:\/\/www.lafarga.com\/corporatiu\/wp-content\/uploads\/2026\/02\/Carme-Gual-Farga-1536x1024.jpg 1536w, https:\/\/www.lafarga.com\/corporatiu\/wp-content\/uploads\/2026\/02\/Carme-Gual-Farga-2048x1365.jpg 2048w, https:\/\/www.lafarga.com\/corporatiu\/wp-content\/uploads\/2026\/02\/Carme-Gual-Farga-1320x880.jpg 1320w\" sizes=\"auto, (max-width: 1024px) 100vw, 1024px\" \/>\t\t\t\t\t<\/a>\n\t\t\t\t\t\t\t<\/div>\n\t\t\t\t\t\t<h4 class=\"uagb-post__title uagb-post__text\">\n\t\t\t\t<a href=\"https:\/\/www.lafarga.com\/corporatiu\/carme-gual-nueva-gerente-de-la-farga-gem-s-a\/\" target=\"_self\" rel=\"bookmark noopener noreferrer\">Carme Gual, nueva gerente de La Farga GEM, S.A.<\/a>\n\t\t\t<\/h4>\n\t\t\t\t\t\t<div class='uagb-post__text uagb-post-grid-byline'>\n\t\t\t\t\t\t\t\t<time datetime=\"2026-02-03T12:00:35+00:00\" class=\"uagb-post__date\">\n\t\t\t\t\t\t\t\t\t03\/02\/2026\t\t\t\t<\/time>\n\t\t\t\t\t\t<\/div>\n\t\t\t\t\t\t\t<div class='uagb-post__text uagb-post__excerpt'>\n\t\t\t\t\tCarme Gual i Via (1965) ha sido nombrada nueva gerente de La Farga Gesti\u00f3n de Equipamientos Municipales S.A.\t\t\t\t<\/div>\n\t\t\t\t\t\t<div class=\"uagb-post__text uagb-post__cta wp-block-button\">\n\t\t\t\t<a class=\"wp-block-button__link uagb-text-link\" style=\"\" href=\"https:\/\/www.lafarga.com\/corporatiu\/carme-gual-nueva-gerente-de-la-farga-gem-s-a\/\" target=\"_self\" rel=\"bookmark noopener noreferrer\">Llegir m\u00e9s<\/a>\n\t\t\t<\/div>\n\t\t\t\n\t\t\t\t\t\t\t\t\t<\/article>\n\t\t\t\t\t\t\t\t\t\t\t\t\t\t\t\t<article class=\"uagb-post__inner-wrap\">\t\t\t\t\t\t\t\t<div class='uagb-post__image'>\n\t\t\t\t\t\t\t\t\t<a href=\"https:\/\/www.lafarga.com\/corporatiu\/entran-en-marcha-nuevas-zonas-de-estacionamiento-regulado-en-el-centre-sant-josep-les-planes-y-la-florida\/\" target=\"_self\" rel=\"bookmark noopener noreferrer\" class='uagb-image-ratio-2-3'><img loading=\"lazy\" decoding=\"async\" width=\"1024\" height=\"611\" src=\"https:\/\/www.lafarga.com\/corporatiu\/wp-content\/uploads\/2026\/03\/Zones-Aires.png\" class=\"attachment-large size-large\" alt=\"\" srcset=\"https:\/\/www.lafarga.com\/corporatiu\/wp-content\/uploads\/2026\/03\/Zones-Aires.png 1024w, https:\/\/www.lafarga.com\/corporatiu\/wp-content\/uploads\/2026\/03\/Zones-Aires-300x179.png 300w, https:\/\/www.lafarga.com\/corporatiu\/wp-content\/uploads\/2026\/03\/Zones-Aires-768x458.png 768w\" sizes=\"auto, (max-width: 1024px) 100vw, 1024px\" \/>\t\t\t\t\t<\/a>\n\t\t\t\t\t\t\t<\/div>\n\t\t\t\t\t\t<h4 class=\"uagb-post__title uagb-post__text\">\n\t\t\t\t<a href=\"https:\/\/www.lafarga.com\/corporatiu\/entran-en-marcha-nuevas-zonas-de-estacionamiento-regulado-en-el-centre-sant-josep-les-planes-y-la-florida\/\" target=\"_self\" rel=\"bookmark noopener noreferrer\">Entran en marcha nuevas zonas de estacionamiento regulado en el Centre, Sant Josep, les Planes y la Florida<\/a>\n\t\t\t<\/h4>\n\t\t\t\t\t\t<div class='uagb-post__text uagb-post-grid-byline'>\n\t\t\t\t\t\t\t\t<time datetime=\"2025-09-29T11:18:00+00:00\" class=\"uagb-post__date\">\n\t\t\t\t\t\t\t\t\t29\/09\/2025\t\t\t\t<\/time>\n\t\t\t\t\t\t<\/div>\n\t\t\t\t\t\t\t<div class='uagb-post__text uagb-post__excerpt'>\n\t\t\t\t\tEste mi\u00e9rcoles, 1 de octubre, entran en funcionamiento las nuevas zonas verdes de aparcamiento en los barrios del Centre, Sant&#8230;\t\t\t\t<\/div>\n\t\t\t\t\t\t<div class=\"uagb-post__text uagb-post__cta wp-block-button\">\n\t\t\t\t<a class=\"wp-block-button__link uagb-text-link\" style=\"\" href=\"https:\/\/www.lafarga.com\/corporatiu\/entran-en-marcha-nuevas-zonas-de-estacionamiento-regulado-en-el-centre-sant-josep-les-planes-y-la-florida\/\" target=\"_self\" rel=\"bookmark noopener noreferrer\">Llegir m\u00e9s<\/a>\n\t\t\t<\/div>\n\t\t\t\n\t\t\t\t\t\t\t\t\t<\/article>\n\t\t\t\t\t\t\t\t\t\t\t<\/div>\n\t\t\t\n\n\n<div class=\"wp-block-uagb-buttons uagb-buttons__outer-wrap uagb-btn__default-btn uagb-btn-tablet__default-btn uagb-btn-mobile__default-btn uagb-block-cb8011e1\"><div class=\"uagb-buttons__wrap uagb-buttons-layout-wrap \">\n<div class=\"wp-block-uagb-buttons-child uagb-buttons__outer-wrap uagb-block-5964a162 wp-block-button\"><div class=\"uagb-button__wrapper\"><a class=\"uagb-buttons-repeater wp-block-button__link\" aria-label=\"\" href=\"https:\/\/www.lafarga.com\/corporatiu\/category\/movilidad\/\" rel=\"follow noopener\" target=\"_self\" role=\"button\"><div class=\"uagb-button__link\">Ver todas las noticias<\/div><\/a><\/div><\/div>\n<\/div><\/div>\n<\/div><\/div>\n\n\n\n<div class=\"wp-block-uagb-container contenedor uagb-block-04f1ac10 alignfull uagb-is-root-container\"><div class=\"uagb-container-inner-blocks-wrap\">\n<div class=\"wp-block-uagb-advanced-heading uagb-block-ca2acd79 titolsh2\"><h2 class=\"uagb-heading-text\">Consulte las otras \u00e1reas de gesti\u00f3n<\/h2><div class=\"uagb-separator\"><\/div><\/div>\n\n\n\n<div class=\"wp-block-uagb-container uagb-block-9658cb30 alignfull uagb-is-root-container\"><div class=\"uagb-container-inner-blocks-wrap\">\n<div class=\"wp-block-uagb-container uagb-block-bd0ce5e7\">\n<div class=\"wp-block-uagb-info-box uagb-block-2c1353b9 uagb-infobox__content-wrap  uagb-infobox_cta-type-all uagb-infobox-icon-above-title uagb-infobox-image-valign-top\"><a href=\"centro-actividades-hospitalet-la-farga\/\" class=\"uagb-infobox-link-wrap uagb-infbox__link-to-all\" target=\"_self\" aria-label=\"Infobox Link\" rel=\"noopener noreferrer\" onclick=\"return true;\"><\/a><div class=\"uagb-ifb-content\"><div class=\"uagb-ifb-image-content\"><img decoding=\"async\" src=\"https:\/\/www.lafarga.com\/corporatiu\/wp-content\/uploads\/2023\/11\/icon_escenario.svg\" alt=\"\" width=\"50\" height=\"48\" loading=\"lazy\"\/><\/div><div class=\"uagb-ifb-title-wrap\"><h6 class=\"uagb-ifb-title\">Centro de Actividades<\/h6><\/div><p class=\"uagb-ifb-desc\">Saber m\u00e1s<\/p><div class=\"uagb-ifb-button-wrapper wp-block-button\"><\/div><\/div><\/div>\n<\/div>\n\n\n\n<div class=\"wp-block-uagb-container uagb-block-f0c146b3\">\n<div class=\"wp-block-uagb-info-box uagb-block-4d1f7fbf uagb-infobox__content-wrap  uagb-infobox_cta-type-all uagb-infobox-icon-above-title uagb-infobox-image-valign-top\"><a href=\"medios-comunicacion-hospitalet-la-farga\/\" class=\"uagb-infobox-link-wrap uagb-infbox__link-to-all\" target=\"_self\" aria-label=\"Infobox Link\" rel=\"noopener noreferrer\" onclick=\"return true;\"><\/a><div class=\"uagb-ifb-content\"><div class=\"uagb-ifb-image-content\"><img decoding=\"async\" src=\"https:\/\/www.lafarga.com\/corporatiu\/wp-content\/uploads\/2023\/11\/icon_medios_comunicacion.svg\" alt=\"\" width=\"50\" height=\"50\" loading=\"lazy\"\/><\/div><div class=\"uagb-ifb-title-wrap\"><h6 class=\"uagb-ifb-title\">Servicio de Medios de Comunicaci\u00f3n Municipales<\/h6><\/div><p class=\"uagb-ifb-desc\">Saber m\u00e1s<\/p><div class=\"uagb-ifb-button-wrapper wp-block-button\"><\/div><\/div><\/div>\n<\/div>\n\n\n\n<div class=\"wp-block-uagb-container uagb-block-fdf4f72d\">\n<div class=\"wp-block-uagb-info-box uagb-block-f8a18ccf uagb-infobox__content-wrap  uagb-infobox_cta-type-all uagb-infobox-icon-above-title uagb-infobox-image-valign-top\"><a href=\"deposito-municipal-vehiculos-hospitalet-la-farga\/\" class=\"uagb-infobox-link-wrap uagb-infbox__link-to-all\" target=\"_self\" aria-label=\"Infobox Link\" rel=\"noopener noreferrer\" onclick=\"return true;\"><\/a><div class=\"uagb-ifb-content\"><div class=\"uagb-ifb-image-content\"><img decoding=\"async\" src=\"https:\/\/www.lafarga.com\/corporatiu\/wp-content\/uploads\/2023\/11\/icon_retirada_vehiculos.svg\" alt=\"\" width=\"50\" height=\"50\" loading=\"lazy\"\/><\/div><div class=\"uagb-ifb-title-wrap\"><h6 class=\"uagb-ifb-title\">Servicio de retirada de veh\u00edculos y Dep\u00f3sito Municipal<\/h6><\/div><p class=\"uagb-ifb-desc\">Saber m\u00e1s<\/p><div class=\"uagb-ifb-button-wrapper wp-block-button\"><\/div><\/div><\/div>\n<\/div>\n\n\n\n<div class=\"wp-block-uagb-container uagb-block-1c49c4cc\">\n<div class=\"wp-block-uagb-info-box uagb-block-62803c99 uagb-infobox__content-wrap  uagb-infobox_cta-type-all uagb-infobox-icon-above-title uagb-infobox-image-valign-top\"><a href=\"aparcamientos-municipales-hospitalet-la-farga\/\" class=\"uagb-infobox-link-wrap uagb-infbox__link-to-all\" target=\"_self\" aria-label=\"Infobox Link\" rel=\"noopener noreferrer\" onclick=\"return true;\"><\/a><div class=\"uagb-ifb-content\"><div class=\"uagb-ifb-image-content\"><img decoding=\"async\" src=\"https:\/\/www.lafarga.com\/corporatiu\/wp-content\/uploads\/2023\/11\/icon_aparacamientos.svg\" alt=\"\" width=\"50\" height=\"50\" loading=\"lazy\"\/><\/div><div class=\"uagb-ifb-title-wrap\"><h6 class=\"uagb-ifb-title\">Aparcamientos Municipales<\/h6><\/div><p class=\"uagb-ifb-desc\">Saber m\u00e1s<\/p><div class=\"uagb-ifb-button-wrapper wp-block-button\"><\/div><\/div><\/div>\n<\/div>\n<\/div><\/div>\n<\/div><\/div>\n","protected":false},"excerpt":{"rendered":"<p> [&hellip;]<\/p>\n","protected":false},"author":8,"featured_media":0,"parent":0,"menu_order":0,"comment_status":"closed","ping_status":"closed","template":"","meta":{"inline_featured_image":false,"_uag_custom_page_level_css":"","_monsterinsights_skip_tracking":false,"_monsterinsights_sitenote_active":false,"_monsterinsights_sitenote_note":"","_monsterinsights_sitenote_category":0,"site-sidebar-layout":"no-sidebar","site-content-layout":"plain-container","ast-site-content-layout":"default","site-content-style":"default","site-sidebar-style":"default","ast-global-header-display":"","ast-banner-title-visibility":"","ast-main-header-display":"","ast-hfb-above-header-display":"","ast-hfb-below-header-display":"","ast-hfb-mobile-header-display":"","site-post-title":"","ast-breadcrumbs-content":"","ast-featured-img":"disabled","footer-sml-layout":"","ast-disable-related-posts":"","theme-transparent-header-meta":"","adv-header-id-meta":"","stick-header-meta":"","header-above-stick-meta":"","header-main-stick-meta":"","header-below-stick-meta":"","astra-migrate-meta-layouts":"default","ast-page-background-enabled":"default","ast-page-background-meta":{"desktop":{"background-color":"var(--ast-global-color-4)","background-image":"","background-repeat":"repeat","background-position":"center center","background-size":"auto","background-attachment":"scroll","background-type":"","background-media":"","overlay-type":"","overlay-color":"","overlay-opacity":"","overlay-gradient":""},"tablet":{"background-color":"","background-image":"","background-repeat":"repeat","background-position":"center center","background-size":"auto","background-attachment":"scroll","background-type":"","background-media":"","overlay-type":"","overlay-color":"","overlay-opacity":"","overlay-gradient":""},"mobile":{"background-color":"","background-image":"","background-repeat":"repeat","background-position":"center center","background-size":"auto","background-attachment":"scroll","background-type":"","background-media":"","overlay-type":"","overlay-color":"","overlay-opacity":"","overlay-gradient":""}},"ast-content-background-meta":{"desktop":{"background-color":"var(--ast-global-color-5)","background-image":"","background-repeat":"repeat","background-position":"center center","background-size":"auto","background-attachment":"scroll","background-type":"","background-media":"","overlay-type":"","overlay-color":"","overlay-opacity":"","overlay-gradient":""},"tablet":{"background-color":"var(--ast-global-color-5)","background-image":"","background-repeat":"repeat","background-position":"center center","background-size":"auto","background-attachment":"scroll","background-type":"","background-media":"","overlay-type":"","overlay-color":"","overlay-opacity":"","overlay-gradient":""},"mobile":{"background-color":"var(--ast-global-color-5)","background-image":"","background-repeat":"repeat","background-position":"center center","background-size":"auto","background-attachment":"scroll","background-type":"","background-media":"","overlay-type":"","overlay-color":"","overlay-opacity":"","overlay-gradient":""}},"footnotes":""},"class_list":["post-2846","page","type-page","status-publish","hentry"],"yoast_head":"<!-- This site is optimized with the Yoast SEO plugin v27.4 - https:\/\/yoast.com\/product\/yoast-seo-wordpress\/ -->\n<title>La Farga GEM, S.A. Estacionamientos Regulados Zonas Aire<\/title>\n<meta name=\"description\" content=\"Zonas Aire Estacionamientos Regulados La Farga. Ajuntament de L&#039;Hospitalet Llobregat. Servicios Movilidad, Aparcamientos municipales.\" \/>\n<meta name=\"robots\" content=\"index, follow, max-snippet:-1, max-image-preview:large, max-video-preview:-1\" \/>\n<link rel=\"canonical\" href=\"https:\/\/www.lafarga.com\/corporatiu\/estacionamientos-regulados-hospitalet\/\" \/>\n<meta property=\"og:locale\" content=\"ca_ES\" \/>\n<meta property=\"og:type\" content=\"article\" \/>\n<meta property=\"og:title\" content=\"La Farga GEM, S.A. Estacionamientos Regulados Zonas Aire\" \/>\n<meta property=\"og:description\" content=\"Zonas Aire Estacionamientos Regulados La Farga. Ajuntament de L&#039;Hospitalet Llobregat. Servicios Movilidad, Aparcamientos municipales.\" \/>\n<meta property=\"og:url\" content=\"https:\/\/www.lafarga.com\/corporatiu\/estacionamientos-regulados-hospitalet\/\" \/>\n<meta property=\"og:site_name\" content=\"La Farga Gesti\u00f3n de Equipamientos Municipales, S.A.\" \/>\n<meta property=\"article:modified_time\" content=\"2026-02-17T13:11:00+00:00\" \/>\n<meta property=\"og:image\" content=\"https:\/\/www.lafarga.com\/corporatiu\/wp-content\/uploads\/2023\/11\/icon_escenario.svg\" \/>\n<meta name=\"twitter:label1\" content=\"Temps estimat de lectura\" \/>\n\t<meta name=\"twitter:data1\" content=\"5 minuts\" \/>\n<script type=\"application\/ld+json\" class=\"yoast-schema-graph\">{\"@context\":\"https:\\\/\\\/schema.org\",\"@graph\":[{\"@type\":\"WebPage\",\"@id\":\"https:\\\/\\\/www.lafarga.com\\\/corporatiu\\\/estacionamientos-regulados-hospitalet\\\/\",\"url\":\"https:\\\/\\\/www.lafarga.com\\\/corporatiu\\\/estacionamientos-regulados-hospitalet\\\/\",\"name\":\"La Farga GEM, S.A. Estacionamientos Regulados Zonas Aire\",\"isPartOf\":{\"@id\":\"https:\\\/\\\/www.lafarga.com\\\/corporatiu\\\/#website\"},\"primaryImageOfPage\":{\"@id\":\"https:\\\/\\\/www.lafarga.com\\\/corporatiu\\\/estacionamientos-regulados-hospitalet\\\/#primaryimage\"},\"image\":{\"@id\":\"https:\\\/\\\/www.lafarga.com\\\/corporatiu\\\/estacionamientos-regulados-hospitalet\\\/#primaryimage\"},\"thumbnailUrl\":\"https:\\\/\\\/www.lafarga.com\\\/corporatiu\\\/wp-content\\\/uploads\\\/2023\\\/11\\\/icon_escenario.svg\",\"datePublished\":\"2015-05-29T08:25:06+00:00\",\"dateModified\":\"2026-02-17T13:11:00+00:00\",\"description\":\"Zonas Aire Estacionamientos Regulados La Farga. Ajuntament de L'Hospitalet Llobregat. Servicios Movilidad, Aparcamientos municipales.\",\"breadcrumb\":{\"@id\":\"https:\\\/\\\/www.lafarga.com\\\/corporatiu\\\/estacionamientos-regulados-hospitalet\\\/#breadcrumb\"},\"inLanguage\":\"ca\",\"potentialAction\":[{\"@type\":\"ReadAction\",\"target\":[\"https:\\\/\\\/www.lafarga.com\\\/corporatiu\\\/estacionamientos-regulados-hospitalet\\\/\"]}]},{\"@type\":\"ImageObject\",\"inLanguage\":\"ca\",\"@id\":\"https:\\\/\\\/www.lafarga.com\\\/corporatiu\\\/estacionamientos-regulados-hospitalet\\\/#primaryimage\",\"url\":\"https:\\\/\\\/www.lafarga.com\\\/corporatiu\\\/wp-content\\\/uploads\\\/2023\\\/11\\\/icon_escenario.svg\",\"contentUrl\":\"https:\\\/\\\/www.lafarga.com\\\/corporatiu\\\/wp-content\\\/uploads\\\/2023\\\/11\\\/icon_escenario.svg\",\"width\":37,\"height\":36},{\"@type\":\"BreadcrumbList\",\"@id\":\"https:\\\/\\\/www.lafarga.com\\\/corporatiu\\\/estacionamientos-regulados-hospitalet\\\/#breadcrumb\",\"itemListElement\":[{\"@type\":\"ListItem\",\"position\":1,\"name\":\"Home\",\"item\":\"https:\\\/\\\/www.lafarga.com\\\/corporatiu\\\/lafarga-hospitalet-llobregat\\\/\"},{\"@type\":\"ListItem\",\"position\":2,\"name\":\"Zonas AIRE (\u00c1reas Integrales Regulaci\u00f3n Estacionamientos)\"}]},{\"@type\":\"WebSite\",\"@id\":\"https:\\\/\\\/www.lafarga.com\\\/corporatiu\\\/#website\",\"url\":\"https:\\\/\\\/www.lafarga.com\\\/corporatiu\\\/\",\"name\":\"La Farga Gesti\u00f3 d&#039;Equipaments Municipals, SA\",\"description\":\"\",\"publisher\":{\"@id\":\"https:\\\/\\\/www.lafarga.com\\\/corporatiu\\\/#organization\"},\"potentialAction\":[{\"@type\":\"SearchAction\",\"target\":{\"@type\":\"EntryPoint\",\"urlTemplate\":\"https:\\\/\\\/www.lafarga.com\\\/corporatiu\\\/?s={search_term_string}\"},\"query-input\":{\"@type\":\"PropertyValueSpecification\",\"valueRequired\":true,\"valueName\":\"search_term_string\"}}],\"inLanguage\":\"ca\"},{\"@type\":\"Organization\",\"@id\":\"https:\\\/\\\/www.lafarga.com\\\/corporatiu\\\/#organization\",\"name\":\"La Farga Gesti\u00f3 d&#039;Equipaments Municipals, SA\",\"url\":\"https:\\\/\\\/www.lafarga.com\\\/corporatiu\\\/\",\"logo\":{\"@type\":\"ImageObject\",\"inLanguage\":\"ca\",\"@id\":\"https:\\\/\\\/www.lafarga.com\\\/corporatiu\\\/#\\\/schema\\\/logo\\\/image\\\/\",\"url\":\"https:\\\/\\\/www.lafarga.com\\\/corporatiu\\\/wp-content\\\/uploads\\\/2023\\\/11\\\/logotipo_lafarga_gemsa.svg\",\"contentUrl\":\"https:\\\/\\\/www.lafarga.com\\\/corporatiu\\\/wp-content\\\/uploads\\\/2023\\\/11\\\/logotipo_lafarga_gemsa.svg\",\"width\":102,\"height\":103,\"caption\":\"La Farga Gesti\u00f3 d&#039;Equipaments Municipals, SA\"},\"image\":{\"@id\":\"https:\\\/\\\/www.lafarga.com\\\/corporatiu\\\/#\\\/schema\\\/logo\\\/image\\\/\"}}]}<\/script>\n<!-- \/ Yoast SEO plugin. -->","yoast_head_json":{"title":"La Farga GEM, S.A. Estacionamientos Regulados Zonas Aire","description":"Zonas Aire Estacionamientos Regulados La Farga. Ajuntament de L'Hospitalet Llobregat. Servicios Movilidad, Aparcamientos municipales.","robots":{"index":"index","follow":"follow","max-snippet":"max-snippet:-1","max-image-preview":"max-image-preview:large","max-video-preview":"max-video-preview:-1"},"canonical":"https:\/\/www.lafarga.com\/corporatiu\/estacionamientos-regulados-hospitalet\/","og_locale":"ca_ES","og_type":"article","og_title":"La Farga GEM, S.A. Estacionamientos Regulados Zonas Aire","og_description":"Zonas Aire Estacionamientos Regulados La Farga. Ajuntament de L'Hospitalet Llobregat. Servicios Movilidad, Aparcamientos municipales.","og_url":"https:\/\/www.lafarga.com\/corporatiu\/estacionamientos-regulados-hospitalet\/","og_site_name":"La Farga Gesti\u00f3n de Equipamientos Municipales, S.A.","article_modified_time":"2026-02-17T13:11:00+00:00","og_image":[{"url":"https:\/\/www.lafarga.com\/corporatiu\/wp-content\/uploads\/2023\/11\/icon_escenario.svg","type":"","width":"","height":""}],"twitter_misc":{"Temps estimat de lectura":"5 minuts"},"schema":{"@context":"https:\/\/schema.org","@graph":[{"@type":"WebPage","@id":"https:\/\/www.lafarga.com\/corporatiu\/estacionamientos-regulados-hospitalet\/","url":"https:\/\/www.lafarga.com\/corporatiu\/estacionamientos-regulados-hospitalet\/","name":"La Farga GEM, S.A. Estacionamientos Regulados Zonas Aire","isPartOf":{"@id":"https:\/\/www.lafarga.com\/corporatiu\/#website"},"primaryImageOfPage":{"@id":"https:\/\/www.lafarga.com\/corporatiu\/estacionamientos-regulados-hospitalet\/#primaryimage"},"image":{"@id":"https:\/\/www.lafarga.com\/corporatiu\/estacionamientos-regulados-hospitalet\/#primaryimage"},"thumbnailUrl":"https:\/\/www.lafarga.com\/corporatiu\/wp-content\/uploads\/2023\/11\/icon_escenario.svg","datePublished":"2015-05-29T08:25:06+00:00","dateModified":"2026-02-17T13:11:00+00:00","description":"Zonas Aire Estacionamientos Regulados La Farga. Ajuntament de L'Hospitalet Llobregat. Servicios Movilidad, Aparcamientos municipales.","breadcrumb":{"@id":"https:\/\/www.lafarga.com\/corporatiu\/estacionamientos-regulados-hospitalet\/#breadcrumb"},"inLanguage":"ca","potentialAction":[{"@type":"ReadAction","target":["https:\/\/www.lafarga.com\/corporatiu\/estacionamientos-regulados-hospitalet\/"]}]},{"@type":"ImageObject","inLanguage":"ca","@id":"https:\/\/www.lafarga.com\/corporatiu\/estacionamientos-regulados-hospitalet\/#primaryimage","url":"https:\/\/www.lafarga.com\/corporatiu\/wp-content\/uploads\/2023\/11\/icon_escenario.svg","contentUrl":"https:\/\/www.lafarga.com\/corporatiu\/wp-content\/uploads\/2023\/11\/icon_escenario.svg","width":37,"height":36},{"@type":"BreadcrumbList","@id":"https:\/\/www.lafarga.com\/corporatiu\/estacionamientos-regulados-hospitalet\/#breadcrumb","itemListElement":[{"@type":"ListItem","position":1,"name":"Home","item":"https:\/\/www.lafarga.com\/corporatiu\/lafarga-hospitalet-llobregat\/"},{"@type":"ListItem","position":2,"name":"Zonas AIRE (\u00c1reas Integrales Regulaci\u00f3n Estacionamientos)"}]},{"@type":"WebSite","@id":"https:\/\/www.lafarga.com\/corporatiu\/#website","url":"https:\/\/www.lafarga.com\/corporatiu\/","name":"La Farga Gesti\u00f3 d&#039;Equipaments Municipals, SA","description":"","publisher":{"@id":"https:\/\/www.lafarga.com\/corporatiu\/#organization"},"potentialAction":[{"@type":"SearchAction","target":{"@type":"EntryPoint","urlTemplate":"https:\/\/www.lafarga.com\/corporatiu\/?s={search_term_string}"},"query-input":{"@type":"PropertyValueSpecification","valueRequired":true,"valueName":"search_term_string"}}],"inLanguage":"ca"},{"@type":"Organization","@id":"https:\/\/www.lafarga.com\/corporatiu\/#organization","name":"La Farga Gesti\u00f3 d&#039;Equipaments Municipals, SA","url":"https:\/\/www.lafarga.com\/corporatiu\/","logo":{"@type":"ImageObject","inLanguage":"ca","@id":"https:\/\/www.lafarga.com\/corporatiu\/#\/schema\/logo\/image\/","url":"https:\/\/www.lafarga.com\/corporatiu\/wp-content\/uploads\/2023\/11\/logotipo_lafarga_gemsa.svg","contentUrl":"https:\/\/www.lafarga.com\/corporatiu\/wp-content\/uploads\/2023\/11\/logotipo_lafarga_gemsa.svg","width":102,"height":103,"caption":"La Farga Gesti\u00f3 d&#039;Equipaments Municipals, SA"},"image":{"@id":"https:\/\/www.lafarga.com\/corporatiu\/#\/schema\/logo\/image\/"}}]}},"uagb_featured_image_src":{"full":false,"thumbnail":false,"medium":false,"medium_large":false,"large":false,"1536x1536":false,"2048x2048":false,"mailpoet_newsletter_max":false},"uagb_author_info":{"display_name":"admfarga","author_link":"https:\/\/www.lafarga.com\/corporatiu\/author\/admfarga\/"},"uagb_comment_info":0,"uagb_excerpt":"[&hellip;]","_links":{"self":[{"href":"https:\/\/www.lafarga.com\/corporatiu\/wp-json\/wp\/v2\/pages\/2846","targetHints":{"allow":["GET"]}}],"collection":[{"href":"https:\/\/www.lafarga.com\/corporatiu\/wp-json\/wp\/v2\/pages"}],"about":[{"href":"https:\/\/www.lafarga.com\/corporatiu\/wp-json\/wp\/v2\/types\/page"}],"author":[{"embeddable":true,"href":"https:\/\/www.lafarga.com\/corporatiu\/wp-json\/wp\/v2\/users\/8"}],"replies":[{"embeddable":true,"href":"https:\/\/www.lafarga.com\/corporatiu\/wp-json\/wp\/v2\/comments?post=2846"}],"version-history":[{"count":73,"href":"https:\/\/www.lafarga.com\/corporatiu\/wp-json\/wp\/v2\/pages\/2846\/revisions"}],"predecessor-version":[{"id":22317,"href":"https:\/\/www.lafarga.com\/corporatiu\/wp-json\/wp\/v2\/pages\/2846\/revisions\/22317"}],"wp:attachment":[{"href":"https:\/\/www.lafarga.com\/corporatiu\/wp-json\/wp\/v2\/media?parent=2846"}],"curies":[{"name":"wp","href":"https:\/\/api.w.org\/{rel}","templated":true}]}}