{"id":2298,"date":"2015-02-26T16:40:38","date_gmt":"2015-02-26T16:40:38","guid":{"rendered":"http:\/\/www.lafarga.com\/corporatiu\/?page_id=2298"},"modified":"2024-09-12T07:12:16","modified_gmt":"2024-09-12T07:12:16","slug":"mitjans-comunicacio-hospitalet-la-farga","status":"publish","type":"page","link":"https:\/\/www.lafarga.com\/corporatiu\/mitjans-comunicacio-hospitalet-la-farga\/","title":{"rendered":"Serveis de Comunicaci\u00f3 Municipals de L&#8217;Hospitalet"},"content":{"rendered":"\n<div class=\"wp-block-uagb-container contenedor uagb-block-8a409f4b alignfull uagb-is-root-container\"><div class=\"uagb-container-inner-blocks-wrap\">\n<div class=\"wp-block-uagb-container uagb-block-47c7e157\">\n<div class=\"wp-block-uagb-advanced-heading uagb-block-f091ee07 sub_intro\"><h4 class=\"uagb-heading-text\">L\u2019Hospitalet compta amb els Serveis de Comunicaci\u00f3 Municipals que tenen com a objectiu informar a la ciutadania de l\u2019actualitat de L\u2019Hospitalet i posar en valor tot all\u00f2 que produeixen entitats, associacions i particulars.<\/h4><\/div>\n<\/div>\n\n\n\n<div class=\"wp-block-uagb-container uagb-block-c0e1dd52\">\n<div class=\"wp-block-uagb-image alignright uagb-block-e83a9be6 wp-block-uagb-image--layout-default wp-block-uagb-image--effect-static wp-block-uagb-image--align-right\"><figure class=\"wp-block-uagb-image__figure\"><a class=\"\" href=\"https:\/\/lhdigital.cat\/\" target=\"_blank\" rel=\"noreferrer noopener\"><img decoding=\"async\" srcset=\"https:\/\/www.lafarga.com\/corporatiu\/wp-content\/uploads\/2014\/09\/digital-150x150.png ,https:\/\/www.lafarga.com\/corporatiu\/wp-content\/uploads\/2014\/09\/digital.png 780w, https:\/\/www.lafarga.com\/corporatiu\/wp-content\/uploads\/2014\/09\/digital.png 360w\" sizes=\"auto, (max-width: 480px) 150px\" src=\"https:\/\/www.lafarga.com\/corporatiu\/wp-content\/uploads\/2014\/09\/digital-150x150.png\" alt=\"\" class=\"uag-image-2462\" width=\"113\" height=\"113\" title=\"\" loading=\"lazy\" role=\"img\"\/><\/a><\/figure><\/div>\n<\/div>\n<\/div><\/div>\n\n\n\n<div class=\"wp-block-uagb-container contenedor uagb-block-dd528bf5 alignfull uagb-is-root-container\"><div class=\"uagb-container-inner-blocks-wrap\">\t\t\t\t\t<div\n\t\t\t\t\t\tclass=\"wp-block-uagb-image-gallery uagb-block-4b81d797     \"\n\t\t\t\t\t\tstyle=\"\"\n\t\t\t\t\t>\n\t\t\t\t\t\t\t\t\t\t\t<div class=\"spectra-image-gallery spectra-image-gallery__layout--carousel\">\n\t\t\t\t\t\t\t\t<div class=\"uagb-slick-carousel uagb-block-4b81d797\">\n\t\t\t\t\t\t\t\t\t\t\t\t<div class='spectra-image-gallery__media-wrapper' data-spectra-gallery-image-id='3280'>\n\t\t\t\t\t\t\t<div class=\"spectra-image-gallery__media spectra-image-gallery__media--carousel\">\n\t\t\t\t<picture>\n\t\t\t\t\t<source media=\"(min-width: 1024px)\" srcset=\"https:\/\/www.lafarga.com\/corporatiu\/wp-content\/uploads\/2015\/02\/gravacio_pren-ne_nota-farga.jpg\">\n\t\t\t\t\t<source media=\"(min-width: 768px)\" srcset=\"https:\/\/www.lafarga.com\/corporatiu\/wp-content\/uploads\/2015\/02\/gravacio_pren-ne_nota-farga.jpg\">\n\t\t\t\t\t<img decoding=\"async\" class=\"spectra-image-gallery__media-thumbnail spectra-image-gallery__media-thumbnail--carousel\" src=\"https:\/\/www.lafarga.com\/corporatiu\/wp-content\/uploads\/2015\/02\/gravacio_pren-ne_nota-farga.jpg\" alt=\"\" loading=\"lazy\" \/>\n\t\t\t\t<\/picture>\n\t\t\t\t<div class=\"spectra-image-gallery__media-thumbnail-blurrer\"><\/div>\n\t\t\t\t\t\t\t\t\t\t\t<div class=\"spectra-image-gallery__media-thumbnail-caption-wrapper spectra-image-gallery__media-thumbnail-caption-wrapper--overlay\"><\/div>\n\t\t\t\t\t\t\t\t<\/div>\n\t\t\t\t\t\t<\/div>\n\t\t\t\t\t\t<div class='spectra-image-gallery__media-wrapper' data-spectra-gallery-image-id='3279'>\n\t\t\t\t\t\t\t<div class=\"spectra-image-gallery__media spectra-image-gallery__media--carousel\">\n\t\t\t\t<picture>\n\t\t\t\t\t<source media=\"(min-width: 1024px)\" srcset=\"https:\/\/www.lafarga.com\/corporatiu\/wp-content\/uploads\/2015\/02\/informatiu-tvlh-farga.jpg\">\n\t\t\t\t\t<source media=\"(min-width: 768px)\" srcset=\"https:\/\/www.lafarga.com\/corporatiu\/wp-content\/uploads\/2015\/02\/informatiu-tvlh-farga.jpg\">\n\t\t\t\t\t<img decoding=\"async\" class=\"spectra-image-gallery__media-thumbnail spectra-image-gallery__media-thumbnail--carousel\" src=\"https:\/\/www.lafarga.com\/corporatiu\/wp-content\/uploads\/2015\/02\/informatiu-tvlh-farga.jpg\" alt=\"\" loading=\"lazy\" \/>\n\t\t\t\t<\/picture>\n\t\t\t\t<div class=\"spectra-image-gallery__media-thumbnail-blurrer\"><\/div>\n\t\t\t\t\t\t\t\t\t\t\t<div class=\"spectra-image-gallery__media-thumbnail-caption-wrapper spectra-image-gallery__media-thumbnail-caption-wrapper--overlay\"><\/div>\n\t\t\t\t\t\t\t\t<\/div>\n\t\t\t\t\t\t<\/div>\n\t\t\t\t\t\t<div class='spectra-image-gallery__media-wrapper' data-spectra-gallery-image-id='2683'>\n\t\t\t\t\t\t\t<div class=\"spectra-image-gallery__media spectra-image-gallery__media--carousel\">\n\t\t\t\t<picture>\n\t\t\t\t\t<source media=\"(min-width: 1024px)\" srcset=\"https:\/\/www.lafarga.com\/corporatiu\/wp-content\/uploads\/2015\/03\/La-Farga-GEM-LHospitalet-Diari.png\">\n\t\t\t\t\t<source media=\"(min-width: 768px)\" srcset=\"https:\/\/www.lafarga.com\/corporatiu\/wp-content\/uploads\/2015\/03\/La-Farga-GEM-LHospitalet-Diari.png\">\n\t\t\t\t\t<img decoding=\"async\" class=\"spectra-image-gallery__media-thumbnail spectra-image-gallery__media-thumbnail--carousel\" src=\"https:\/\/www.lafarga.com\/corporatiu\/wp-content\/uploads\/2015\/03\/La-Farga-GEM-LHospitalet-Diari.png\" alt=\"\" loading=\"lazy\" \/>\n\t\t\t\t<\/picture>\n\t\t\t\t<div class=\"spectra-image-gallery__media-thumbnail-blurrer\"><\/div>\n\t\t\t\t\t\t\t\t\t\t\t<div class=\"spectra-image-gallery__media-thumbnail-caption-wrapper spectra-image-gallery__media-thumbnail-caption-wrapper--overlay\"><\/div>\n\t\t\t\t\t\t\t\t<\/div>\n\t\t\t\t\t\t<\/div>\n\t\t\t\t\t\t<div class='spectra-image-gallery__media-wrapper' data-spectra-gallery-image-id='3283'>\n\t\t\t\t\t\t\t<div class=\"spectra-image-gallery__media spectra-image-gallery__media--carousel\">\n\t\t\t\t<picture>\n\t\t\t\t\t<source media=\"(min-width: 1024px)\" srcset=\"https:\/\/www.lafarga.com\/corporatiu\/wp-content\/uploads\/2015\/05\/edifici-mitjans-farga.jpg\">\n\t\t\t\t\t<source media=\"(min-width: 768px)\" srcset=\"https:\/\/www.lafarga.com\/corporatiu\/wp-content\/uploads\/2015\/05\/edifici-mitjans-farga.jpg\">\n\t\t\t\t\t<img decoding=\"async\" class=\"spectra-image-gallery__media-thumbnail spectra-image-gallery__media-thumbnail--carousel\" src=\"https:\/\/www.lafarga.com\/corporatiu\/wp-content\/uploads\/2015\/05\/edifici-mitjans-farga.jpg\" alt=\"\" loading=\"lazy\" \/>\n\t\t\t\t<\/picture>\n\t\t\t\t<div class=\"spectra-image-gallery__media-thumbnail-blurrer\"><\/div>\n\t\t\t\t\t\t\t\t\t\t\t<div class=\"spectra-image-gallery__media-thumbnail-caption-wrapper spectra-image-gallery__media-thumbnail-caption-wrapper--overlay\"><\/div>\n\t\t\t\t\t\t\t\t<\/div>\n\t\t\t\t\t\t<\/div>\n\t\t\t\t\t\t<div class='spectra-image-gallery__media-wrapper' data-spectra-gallery-image-id='3278'>\n\t\t\t\t\t\t\t<div class=\"spectra-image-gallery__media spectra-image-gallery__media--carousel\">\n\t\t\t\t<picture>\n\t\t\t\t\t<source media=\"(min-width: 1024px)\" srcset=\"https:\/\/www.lafarga.com\/corporatiu\/wp-content\/uploads\/2015\/02\/control_tvlh-farga.jpg\">\n\t\t\t\t\t<source media=\"(min-width: 768px)\" srcset=\"https:\/\/www.lafarga.com\/corporatiu\/wp-content\/uploads\/2015\/02\/control_tvlh-farga.jpg\">\n\t\t\t\t\t<img decoding=\"async\" class=\"spectra-image-gallery__media-thumbnail spectra-image-gallery__media-thumbnail--carousel\" src=\"https:\/\/www.lafarga.com\/corporatiu\/wp-content\/uploads\/2015\/02\/control_tvlh-farga.jpg\" alt=\"\" loading=\"lazy\" \/>\n\t\t\t\t<\/picture>\n\t\t\t\t<div class=\"spectra-image-gallery__media-thumbnail-blurrer\"><\/div>\n\t\t\t\t\t\t\t\t\t\t\t<div class=\"spectra-image-gallery__media-thumbnail-caption-wrapper spectra-image-gallery__media-thumbnail-caption-wrapper--overlay\"><\/div>\n\t\t\t\t\t\t\t\t<\/div>\n\t\t\t\t\t\t<\/div>\n\t\t\t\t\t\t<div class='spectra-image-gallery__media-wrapper' data-spectra-gallery-image-id='3303'>\n\t\t\t\t\t\t\t<div class=\"spectra-image-gallery__media spectra-image-gallery__media--carousel\">\n\t\t\t\t<picture>\n\t\t\t\t\t<source media=\"(min-width: 1024px)\" srcset=\"https:\/\/www.lafarga.com\/corporatiu\/wp-content\/uploads\/2015\/02\/Farga-Hospitalet-Mitjans.jpg\">\n\t\t\t\t\t<source media=\"(min-width: 768px)\" srcset=\"https:\/\/www.lafarga.com\/corporatiu\/wp-content\/uploads\/2015\/02\/Farga-Hospitalet-Mitjans.jpg\">\n\t\t\t\t\t<img decoding=\"async\" class=\"spectra-image-gallery__media-thumbnail spectra-image-gallery__media-thumbnail--carousel\" src=\"https:\/\/www.lafarga.com\/corporatiu\/wp-content\/uploads\/2015\/02\/Farga-Hospitalet-Mitjans.jpg\" alt=\"\" loading=\"lazy\" \/>\n\t\t\t\t<\/picture>\n\t\t\t\t<div class=\"spectra-image-gallery__media-thumbnail-blurrer\"><\/div>\n\t\t\t\t\t\t\t\t\t\t\t<div class=\"spectra-image-gallery__media-thumbnail-caption-wrapper spectra-image-gallery__media-thumbnail-caption-wrapper--overlay\"><\/div>\n\t\t\t\t\t\t\t\t<\/div>\n\t\t\t\t\t\t<\/div>\n\t\t\t\t\t\t\t\t\t\t\t<\/div>\n\t\t\t\t\t\t\t<\/div>\n\t\t\t\t\t\t\t\t\t\t\t<\/div>\n\t\t\t\t\t\t\t\t\t<\/div><\/div>\n\n\n\n<div class=\"wp-block-uagb-container contenedor uagb-block-244060af alignfull uagb-is-root-container\"><div class=\"uagb-container-inner-blocks-wrap\">\n<p class=\"text18\"><strong>S\u00f3n uns mitjans amb una clara vocaci\u00f3 de servei, de proximitat i de qualitat. Els tres Mitjans de Comunicaci\u00f3 de L\u2019H s\u00f3n Televisi\u00f3 de L\u2019Hospitalet, Diari de L\u2019Hospitalet i L\u2019Hdigital. <\/strong><br><br>El Diari de L\u2019Hospitalet \u00e9s el mitj\u00e0 deg\u00e0. Mensualment es reparteixen a les b\u00fasties de la ciutat 105.000 exemplars. <br><br>Televisi\u00f3 de L\u2019Hospitalet ofereix una programaci\u00f3 majorit\u00e0riament dedicada a la informaci\u00f3, la cultura i els serveis de la ciutat. Emet les 24 hores del dia. L\u2019Informatiu s\u2019estrena de dilluns a divendres, a les 15 hores. <br><br>Pel que fa a L\u2019Hdigital, \u00e9s el diari digital multim\u00e8dia d\u2019informaci\u00f3 de L\u2019Hospitalet. Es poden consultar not\u00edcies en text, v\u00eddeos i fotografies. \u00c9s tamb\u00e9 el portal dels altres mitjans de comunicaci\u00f3 de la ciutat. L\u2019Hdigital ofereix a la carta tota la programaci\u00f3 de TV L\u2019H i del Diari L\u2019H.<\/p>\n\n\n\n<div class=\"wp-block-esab-accordion accordion-122613a8\" data-mode=\"global\"><div class=\"esab__container\" style=\"row-gap:10px;margin:0px 0px 0px 0px\">\n<div class=\"wp-block-esab-accordion-child\" style=\"border:1px solid var(--ast-global-color-2)\"><div class=\"esab__head esab__head_reverse\" style=\"padding:10px 10px 10px 20px;background-color:var(--ast-global-color-2)\" role=\"button\" aria-expanded=\"false\"><div class=\"esab__heading_txt\"><h5 class=\"esab__heading_tag\">Reglament Org\u00e0nic d\u2019Organitzaci\u00f3 i Funcionament dels Serveis de Comunicaci\u00f3 Municipals de L\u2019Hospitalet<\/h5><\/div><div class=\"esab__icon\"><div class=\"esab__collapse\"><svg version=\"1.2\" viewBox=\"0 0 24 24\" width=\"24\" height=\"24\"><path fill-rule=\"evenodd\" d=\"m3.5 20.5c-4.7-4.7-4.7-12.3 0-17 4.7-4.7 12.3-4.7 17 0 4.6 4.7 4.6 12.3 0 17-4.7 4.6-12.3 4.6-17 0zm0.9-0.9c4.2 4.2 11 4.2 15.2 0 4.2-4.2 4.2-11 0-15.2-4.2-4.3-11-4.3-15.2 0-4.3 4.2-4.3 11 0 15.2z\"><\/path><path d=\"m11.4 15.9v-3.3h-3.3c-0.3 0-0.6-0.3-0.6-0.6 0-0.4 0.3-0.6 0.6-0.6h3.3v-3.3c0-0.3 0.3-0.6 0.6-0.6 0.3 0 0.6 0.3 0.6 0.6v3.3h3.3c0.3 0 0.6 0.2 0.6 0.6q0 0.2-0.2 0.4-0.2 0.2-0.4 0.2h-3.3v3.3q0 0.2-0.2 0.4-0.2 0.2-0.4 0.2c-0.4 0-0.6-0.3-0.6-0.6z\"><\/path><\/svg><\/div><div class=\"esab__expand\"><svg version=\"1.2\" viewBox=\"0 0 24 24\" width=\"24\" height=\"24\"><path fill-rule=\"evenodd\" d=\"m12 24c-6.6 0-12-5.4-12-12 0-6.6 5.4-12 12-12 6.6 0 12 5.4 12 12 0 6.6-5.4 12-12 12zm10.6-12c0-5.9-4.7-10.6-10.6-10.6-5.9 0-10.6 4.7-10.6 10.6 0 5.9 4.7 10.6 10.6 10.6 5.9 0 10.6-4.7 10.6-10.6z\"><\/path><path d=\"m5.6 11.3h12.8v1.4h-12.8z\"><\/path><\/svg><\/div><\/div><\/div><div class=\"esab__body\" style=\"border-top:1px solid var(--ast-global-color-2);padding:20px 20px 20px 20px;background-color:var(--ast-global-color-4)\">\n<p>L\u2019Ajuntament de L\u2019Hospitalet de Llobregat \u00e9s el titular de diversos mitjans de comunicaci\u00f3 local, i pel que fa als mitjans de comunicaci\u00f3 audiovisuals aquest reglament desenvolupa les previsions de la Llei 22\/2005, de 29 de setembre, de Comunicaci\u00f3 Audiovisual de Catalunya.<\/p>\n\n\n\n<p>D\u2019altra banda el reglament s\u2019inspira en el dec\u00e0leg de bones pr\u00e0ctiques de la comunicaci\u00f3 local p\u00fablica aprovat pel Col\u00b7legi de Periodistes de Catalunya l\u2019any 2003, fent seves les declaracions que es contenen a aquest dec\u00e0leg.<\/p>\n\n\n\n<ul class=\"wp-block-list listas1\">\n<li><a href=\"https:\/\/www.lafarga.com\/corporatiu\/wp-content\/uploads\/2018\/10\/La-Farga-reglament-de-mitjans-bop.pdf\" target=\"_blank\" rel=\"noreferrer noopener\"><strong>Reglament SCMLH<\/strong><\/a><\/li>\n\n\n\n<li><a href=\"https:\/\/www.lafarga.com\/corporatiu\/wp-content\/uploads\/2019\/09\/LA-Farga-20180123-DECRET-CONCRETAR-COMPOSICI%C3%93-CONSELL-EXECUTIU.pdf\" target=\"_blank\" rel=\"noreferrer noopener\"><strong>Consell Executiu i de Programaci\u00f3 dels Mitjans de Comunicaci\u00f3 Municipals de L\u2019Hospitalet<\/strong><\/a><\/li>\n\n\n\n<li>30-10-2018 \u2013&nbsp;<a href=\"https:\/\/www.lafarga.com\/corporatiu\/wp-content\/uploads\/2018\/10\/LA-FARGA-30102018-ordre-dia.pdf\" target=\"_blank\" rel=\"noreferrer noopener\"><strong>Convocat\u00f2ria<\/strong><\/a><\/li>\n\n\n\n<li><a href=\"https:\/\/www.lafarga.com\/corporatiu\/wp-content\/uploads\/2019\/09\/La-Farga-Acord-membres-Consell-Mitjans.pdf\" target=\"_blank\" rel=\"noreferrer noopener\"><strong>Consell Consultiu i Assessor<\/strong><\/a><\/li>\n<\/ul>\n<\/div><\/div>\n<\/div><\/div>\n\n\n\n<div class=\"wp-block-uagb-container uagb-block-6a9d105c\">\n<div class=\"wp-block-uagb-container uagb-block-c97369f6\">\n<div class=\"wp-block-uagb-buttons uagb-buttons__outer-wrap uagb-btn__default-btn uagb-btn-tablet__default-btn uagb-btn-mobile__default-btn uagb-block-eafd0e5a\"><div class=\"uagb-buttons__wrap uagb-buttons-layout-wrap \">\n<div class=\"wp-block-uagb-buttons-child uagb-buttons__outer-wrap uagb-block-cfce1ccb wp-block-button\"><div class=\"uagb-button__wrapper\"><a class=\"uagb-buttons-repeater wp-block-button__link\" aria-label=\"\" href=\"https:\/\/lhdigital.cat\/\" rel=\"follow noopener\" target=\"_blank\" role=\"button\"><div class=\"uagb-button__link\">Web dels Serveis de Comunicaci\u00f3 Municipals de L&#8217;Hospitalet<\/div><\/a><\/div><\/div>\n<\/div><\/div>\n<\/div>\n\n\n\n<div class=\"wp-block-uagb-container uagb-block-09b54c55\">\n<div class=\"wp-block-uagb-icon-list uagb-block-0e357ddf\"><div class=\"uagb-icon-list__wrap\">\n<div class=\"wp-block-uagb-icon-list-child uagb-block-97e3957e\"><a target=\"_blank\" aria-label=\"List item\" rel=\"noopener noreferrer\" href=\"https:\/\/www.facebook.com\/lhdigital\"> <\/a><span class=\"uagb-icon-list__source-wrap\"><svg xmlns=\"https:\/\/www.w3.org\/2000\/svg\" viewBox=\"0 0 320 512\"><path d=\"M279.1 288l14.22-92.66h-88.91v-60.13c0-25.35 12.42-50.06 52.24-50.06h40.42V6.26S260.4 0 225.4 0c-73.22 0-121.1 44.38-121.1 124.7v70.62H22.89V288h81.39v224h100.2V288z\"><\/path><\/svg><\/span><\/div>\n\n\n\n<div class=\"wp-block-uagb-icon-list-child uagb-block-56337885\"><a target=\"_blank\" aria-label=\"List item\" rel=\"noopener noreferrer\" href=\"https:\/\/twitter.com\/lhdigitalh\"> <\/a><span class=\"uagb-icon-list__source-wrap\"><svg xmlns=\"https:\/\/www.w3.org\/2000\/svg\" viewBox=\"0 0 512 512\"><path d=\"M389.2 48h70.6L305.6 224.2 487 464H345L233.7 318.6 106.5 464H35.8L200.7 275.5 26.8 48H172.4L272.9 180.9 389.2 48zM364.4 421.8h39.1L151.1 88h-42L364.4 421.8z\"><\/path><\/svg><\/span><\/div>\n<\/div><\/div>\n<\/div>\n<\/div>\n<\/div><\/div>\n\n\n\n<div class=\"wp-block-uagb-container contenedor gris uagb-block-10791e77 alignfull uagb-is-root-container\"><div class=\"uagb-container-inner-blocks-wrap\">\n<div class=\"wp-block-uagb-advanced-heading uagb-block-624ce650 titolsh2\"><h2 class=\"uagb-heading-text\">Darreres not\u00edcies sobre els Mitjans de Comunicaci\u00f3<\/h2><div class=\"uagb-separator\"><\/div><\/div>\n\n\n\n\t\t\t<div class=\"wp-block-uagb-post-grid uagb-post-grid  uagb-post__image-position-top uagb-post__image-enabled uagb-block-0267e49b     uagb-post__items uagb-post__columns-3 is-grid uagb-post__columns-tablet-2 uagb-post__columns-mobile-1 uagb-post__equal-height\" data-total=\"70\" style=\"\">\n\n\t\t\t\t\t\t\t\t\t\t\t\t<article class=\"uagb-post__inner-wrap\">\t\t\t\t\t\t\t\t<div class='uagb-post__image'>\n\t\t\t\t\t\t\t\t\t<a href=\"https:\/\/www.lafarga.com\/corporatiu\/programacio-especial-dels-mitjans-de-comunicacio-en-motiu-de-les-festes-de-primavera-2\/\" target=\"_self\" rel=\"bookmark noopener noreferrer\" class='uagb-image-ratio-2-3'><img loading=\"lazy\" decoding=\"async\" width=\"1024\" height=\"682\" src=\"https:\/\/www.lafarga.com\/corporatiu\/wp-content\/uploads\/2026\/04\/Mitjans-de-Comunicacio-1024x682.jpg\" class=\"attachment-large size-large\" alt=\"\" srcset=\"https:\/\/www.lafarga.com\/corporatiu\/wp-content\/uploads\/2026\/04\/Mitjans-de-Comunicacio-1024x682.jpg 1024w, https:\/\/www.lafarga.com\/corporatiu\/wp-content\/uploads\/2026\/04\/Mitjans-de-Comunicacio-300x200.jpg 300w, https:\/\/www.lafarga.com\/corporatiu\/wp-content\/uploads\/2026\/04\/Mitjans-de-Comunicacio-768x512.jpg 768w, https:\/\/www.lafarga.com\/corporatiu\/wp-content\/uploads\/2026\/04\/Mitjans-de-Comunicacio-1536x1024.jpg 1536w, https:\/\/www.lafarga.com\/corporatiu\/wp-content\/uploads\/2026\/04\/Mitjans-de-Comunicacio-1320x880.jpg 1320w, https:\/\/www.lafarga.com\/corporatiu\/wp-content\/uploads\/2026\/04\/Mitjans-de-Comunicacio.jpg 2000w\" sizes=\"auto, (max-width: 1024px) 100vw, 1024px\" \/>\t\t\t\t\t<\/a>\n\t\t\t\t\t\t\t<\/div>\n\t\t\t\t\t\t<h4 class=\"uagb-post__title uagb-post__text\">\n\t\t\t\t<a href=\"https:\/\/www.lafarga.com\/corporatiu\/programacio-especial-dels-mitjans-de-comunicacio-en-motiu-de-les-festes-de-primavera-2\/\" target=\"_self\" rel=\"bookmark noopener noreferrer\">Programaci\u00f3 especial dels Mitjans de Comunicaci\u00f3 en motiu de les Festes de Primavera<\/a>\n\t\t\t<\/h4>\n\t\t\t\t\t\t<div class='uagb-post__text uagb-post-grid-byline'>\n\t\t\t\t\t\t\t\t<time datetime=\"2026-04-22T14:52:24+00:00\" class=\"uagb-post__date\">\n\t\t\t\t\t\t\t\t\t22\/04\/2026\t\t\t\t<\/time>\n\t\t\t\t\t\t<\/div>\n\t\t\t\t\t\t\t<div class='uagb-post__text uagb-post__excerpt'>\n\t\t\t\t\tEls Serveis de Comunicaci\u00f3 Municipals de L\u2019Hospitalet han preparat una cobertura especial per seguir de prop les Festes de Primavera.\t\t\t\t<\/div>\n\t\t\t\t\t\t<div class=\"uagb-post__text uagb-post__cta wp-block-button\">\n\t\t\t\t<a class=\"wp-block-button__link uagb-text-link\" style=\"\" href=\"https:\/\/www.lafarga.com\/corporatiu\/programacio-especial-dels-mitjans-de-comunicacio-en-motiu-de-les-festes-de-primavera-2\/\" target=\"_self\" rel=\"bookmark noopener noreferrer\">Llegir m\u00e9s<\/a>\n\t\t\t<\/div>\n\t\t\t\n\t\t\t\t\t\t\t\t\t<\/article>\n\t\t\t\t\t\t\t\t\t\t\t\t\t\t\t\t<article class=\"uagb-post__inner-wrap\">\t\t\t\t\t\t\t\t<div class='uagb-post__image'>\n\t\t\t\t\t\t\t\t\t<a href=\"https:\/\/www.lafarga.com\/corporatiu\/les-festes-de-primavera-protagonitzen-la-portada-del-diari-de-lhospitalet-amb-una-ciutat-plena-dactivitat\/\" target=\"_self\" rel=\"bookmark noopener noreferrer\" class='uagb-image-ratio-2-3'><img loading=\"lazy\" decoding=\"async\" width=\"1024\" height=\"655\" src=\"https:\/\/www.lafarga.com\/corporatiu\/wp-content\/uploads\/2026\/04\/Diari-Abril-1024x655.png\" class=\"attachment-large size-large\" alt=\"\" srcset=\"https:\/\/www.lafarga.com\/corporatiu\/wp-content\/uploads\/2026\/04\/Diari-Abril-1024x655.png 1024w, https:\/\/www.lafarga.com\/corporatiu\/wp-content\/uploads\/2026\/04\/Diari-Abril-300x192.png 300w, https:\/\/www.lafarga.com\/corporatiu\/wp-content\/uploads\/2026\/04\/Diari-Abril-768x491.png 768w, https:\/\/www.lafarga.com\/corporatiu\/wp-content\/uploads\/2026\/04\/Diari-Abril.png 1093w\" sizes=\"auto, (max-width: 1024px) 100vw, 1024px\" \/>\t\t\t\t\t<\/a>\n\t\t\t\t\t\t\t<\/div>\n\t\t\t\t\t\t<h4 class=\"uagb-post__title uagb-post__text\">\n\t\t\t\t<a href=\"https:\/\/www.lafarga.com\/corporatiu\/les-festes-de-primavera-protagonitzen-la-portada-del-diari-de-lhospitalet-amb-una-ciutat-plena-dactivitat\/\" target=\"_self\" rel=\"bookmark noopener noreferrer\">Les Festes de Primavera protagonitzen la portada del Diari de L\u2019Hospitalet amb una ciutat plena d\u2019activitat<\/a>\n\t\t\t<\/h4>\n\t\t\t\t\t\t<div class='uagb-post__text uagb-post-grid-byline'>\n\t\t\t\t\t\t\t\t<time datetime=\"2026-04-13T10:10:37+00:00\" class=\"uagb-post__date\">\n\t\t\t\t\t\t\t\t\t13\/04\/2026\t\t\t\t<\/time>\n\t\t\t\t\t\t<\/div>\n\t\t\t\t\t\t\t<div class='uagb-post__text uagb-post__excerpt'>\n\t\t\t\t\tEl Diari de L\u2019Hospitalet obre amb l\u2019arribada de les Festes de Primavera, que tindran lloc del 23 al 26 d\u2019abril.\t\t\t\t<\/div>\n\t\t\t\t\t\t<div class=\"uagb-post__text uagb-post__cta wp-block-button\">\n\t\t\t\t<a class=\"wp-block-button__link uagb-text-link\" style=\"\" href=\"https:\/\/www.lafarga.com\/corporatiu\/les-festes-de-primavera-protagonitzen-la-portada-del-diari-de-lhospitalet-amb-una-ciutat-plena-dactivitat\/\" target=\"_self\" rel=\"bookmark noopener noreferrer\">Llegir m\u00e9s<\/a>\n\t\t\t<\/div>\n\t\t\t\n\t\t\t\t\t\t\t\t\t<\/article>\n\t\t\t\t\t\t\t\t\t\t\t\t\t\t\t\t<article class=\"uagb-post__inner-wrap\">\t\t\t\t\t\t\t\t<div class='uagb-post__image'>\n\t\t\t\t\t\t\t\t\t<a href=\"https:\/\/www.lafarga.com\/corporatiu\/nova-etapa-del-servei-de-neteja-en-portada-del-diari-de-lh\/\" target=\"_self\" rel=\"bookmark noopener noreferrer\" class='uagb-image-ratio-2-3'><img loading=\"lazy\" decoding=\"async\" width=\"1004\" height=\"564\" src=\"https:\/\/www.lafarga.com\/corporatiu\/wp-content\/uploads\/2026\/03\/Diari-LH-Marc26.jpg\" class=\"attachment-large size-large\" alt=\"\" srcset=\"https:\/\/www.lafarga.com\/corporatiu\/wp-content\/uploads\/2026\/03\/Diari-LH-Marc26.jpg 1004w, https:\/\/www.lafarga.com\/corporatiu\/wp-content\/uploads\/2026\/03\/Diari-LH-Marc26-300x169.jpg 300w, https:\/\/www.lafarga.com\/corporatiu\/wp-content\/uploads\/2026\/03\/Diari-LH-Marc26-768x431.jpg 768w\" sizes=\"auto, (max-width: 1004px) 100vw, 1004px\" \/>\t\t\t\t\t<\/a>\n\t\t\t\t\t\t\t<\/div>\n\t\t\t\t\t\t<h4 class=\"uagb-post__title uagb-post__text\">\n\t\t\t\t<a href=\"https:\/\/www.lafarga.com\/corporatiu\/nova-etapa-del-servei-de-neteja-en-portada-del-diari-de-lh\/\" target=\"_self\" rel=\"bookmark noopener noreferrer\">Nova etapa del servei de neteja, en portada del Diari de L&#8217;Hospitalet<\/a>\n\t\t\t<\/h4>\n\t\t\t\t\t\t<div class='uagb-post__text uagb-post-grid-byline'>\n\t\t\t\t\t\t\t\t<time datetime=\"2026-03-17T11:56:13+00:00\" class=\"uagb-post__date\">\n\t\t\t\t\t\t\t\t\t17\/03\/2026\t\t\t\t<\/time>\n\t\t\t\t\t\t<\/div>\n\t\t\t\t\t\t\t<div class='uagb-post__text uagb-post__excerpt'>\n\t\t\t\t\tEn un segon pla, la portada tamb\u00e9 destaca un pla de xoc contra la delinq\u00fc\u00e8ncia, amb m\u00e9s pres\u00e8ncia policial.\t\t\t\t<\/div>\n\t\t\t\t\t\t<div class=\"uagb-post__text uagb-post__cta wp-block-button\">\n\t\t\t\t<a class=\"wp-block-button__link uagb-text-link\" style=\"\" href=\"https:\/\/www.lafarga.com\/corporatiu\/nova-etapa-del-servei-de-neteja-en-portada-del-diari-de-lh\/\" target=\"_self\" rel=\"bookmark noopener noreferrer\">Llegir m\u00e9s<\/a>\n\t\t\t<\/div>\n\t\t\t\n\t\t\t\t\t\t\t\t\t<\/article>\n\t\t\t\t\t\t\t\t\t\t\t<\/div>\n\t\t\t<\/div><\/div>\n\n\n\n<div class=\"wp-block-uagb-container contenedor uagb-block-736fa40c alignfull uagb-is-root-container\"><div class=\"uagb-container-inner-blocks-wrap\">\n<div class=\"wp-block-uagb-container uagb-block-bd54e95a\">\n<div class=\"wp-block-uagb-advanced-heading uagb-block-ad58d85b titolsh2\"><h2 class=\"uagb-heading-text\">Com arribar-hi<\/h2><div class=\"uagb-separator\"><\/div><\/div>\n\n\n\n<div class=\"wp-block-uagb-advanced-heading uagb-block-deb867b8\"><h5 class=\"uagb-heading-text\">Mitjans de Comunicaci\u00f3 de L\u2019Hospitalet<\/h5><p class=\"uagb-desc-text\">Pla\u00e7a Francesc Maci\u00e0 i Lluss\u00e0, 25<br>08902 L\u2019Hospitalet de Llobregat<br>Telf. 93 088 23 00<br><a href=\"mailto:lhdigital@lhcomunicacio.cat\">lhdigital@lhcomunicacio.cat<\/a><\/p><\/div>\n<\/div>\n\n\n\t\t\t<div \n\t\t\tclass=\"wp-block-uagb-google-map uagb-google-map__wrap uagb-block-ff4cec0b     \"\n\t\t\tstyle=\"\" >\n\t\t\t\t<embed\n\t\t\t\t\tclass=\"uagb-google-map__iframe\"\n\t\t\t\t\ttitle=\"Google Map for \"\n\t\t\t\t\tsrc=\"https:\/\/maps.google.com\/maps?q=L%27Hdigital%20Medios%20de%20Comunicaci%C3%B3n%20de%20L%27Hospitalet&#038;z=12&#038;hl=ca&#038;t=m&#038;output=embed&#038;iwloc=near\"\n\t\t\t\t\twidth=\"640\"\n\t\t\t\t\theight=\"400\"\n\t\t\t\t\tloading=\"lazy\"\n\t\t\t\t><\/embed>\n\t\t\t<\/div>\n\t\t\t<\/div><\/div>\n\n\n\n<div class=\"wp-block-uagb-container contenedor gris uagb-block-04f1ac10 alignfull uagb-is-root-container\"><div class=\"uagb-container-inner-blocks-wrap\">\n<div class=\"wp-block-uagb-advanced-heading uagb-block-ca2acd79 titolsh2\"><h2 class=\"uagb-heading-text\">Consulteu les altres \u00e0rees de gesti\u00f3<\/h2><div class=\"uagb-separator\"><\/div><\/div>\n\n\n\n<div class=\"wp-block-uagb-container uagb-block-9658cb30 alignfull uagb-is-root-container\"><div class=\"uagb-container-inner-blocks-wrap\">\n<div class=\"wp-block-uagb-container uagb-block-f0c146b3\">\n<div class=\"wp-block-uagb-info-box uagb-block-4d1f7fbf uagb-infobox__content-wrap  uagb-infobox_cta-type-all uagb-infobox-icon-above-title uagb-infobox-image-valign-top\"><a href=\"centre-activitats-hospitalet-la-farga\/\" class=\"uagb-infobox-link-wrap uagb-infbox__link-to-all\" target=\"_self\" aria-label=\"Infobox Link\" rel=\"noopener noreferrer\" onclick=\"return true;\"><\/a><div class=\"uagb-ifb-content\"><div class=\"uagb-ifb-image-content\"><img decoding=\"async\" src=\"https:\/\/www.lafarga.com\/corporatiu\/wp-content\/uploads\/2023\/11\/icon_escenario.svg\" alt=\"\" width=\"50\" height=\"48\" loading=\"lazy\"\/><\/div><div class=\"uagb-ifb-title-wrap\"><h6 class=\"uagb-ifb-title\">Centre <br>d&#8217;Activitats<\/h6><\/div><p class=\"uagb-ifb-desc\">Saber-ne m\u00e9s<\/p><div class=\"uagb-ifb-button-wrapper wp-block-button\"><\/div><\/div><\/div>\n<\/div>\n\n\n\n<div class=\"wp-block-uagb-container uagb-block-bd0ce5e7\">\n<div class=\"wp-block-uagb-info-box uagb-block-2c1353b9 uagb-infobox__content-wrap  uagb-infobox_cta-type-all uagb-infobox-icon-above-title uagb-infobox-image-valign-top\"><a href=\"estacionaments-regulats-hospitalet\/\" class=\"uagb-infobox-link-wrap uagb-infbox__link-to-all\" target=\"_self\" aria-label=\"Infobox Link\" rel=\"noopener noreferrer\" onclick=\"return true;\"><\/a><div class=\"uagb-ifb-content\"><div class=\"uagb-ifb-image-content\"><img decoding=\"async\" src=\"https:\/\/www.lafarga.com\/corporatiu\/wp-content\/uploads\/2023\/11\/icon_zonas_aire.svg\" alt=\"\" width=\"50\" height=\"50\" loading=\"lazy\"\/><\/div><div class=\"uagb-ifb-title-wrap\"><h6 class=\"uagb-ifb-title\">Zones AIRE (\u00c1rees Integrals Regulaci\u00f3 Estacionaments)<\/h6><\/div><p class=\"uagb-ifb-desc\">Saber-ne m\u00e9s<\/p><div class=\"uagb-ifb-button-wrapper wp-block-button\"><\/div><\/div><\/div>\n<\/div>\n\n\n\n<div class=\"wp-block-uagb-container uagb-block-fdf4f72d\">\n<div class=\"wp-block-uagb-info-box uagb-block-f8a18ccf uagb-infobox__content-wrap  uagb-infobox_cta-type-all uagb-infobox-icon-above-title uagb-infobox-image-valign-top\"><a href=\"diposit-municipal-vehicles-hospitalet-la-farga\/\" class=\"uagb-infobox-link-wrap uagb-infbox__link-to-all\" target=\"_self\" aria-label=\"Infobox Link\" rel=\"noopener noreferrer\" onclick=\"return true;\"><\/a><div class=\"uagb-ifb-content\"><div class=\"uagb-ifb-image-content\"><img decoding=\"async\" src=\"https:\/\/www.lafarga.com\/corporatiu\/wp-content\/uploads\/2023\/11\/icon_retirada_vehiculos.svg\" alt=\"\" width=\"50\" height=\"50\" loading=\"lazy\"\/><\/div><div class=\"uagb-ifb-title-wrap\"><h6 class=\"uagb-ifb-title\">Servei de retirada de vehicles i Dip\u00f2sit Municipal<\/h6><\/div><p class=\"uagb-ifb-desc\">Saber-ne m\u00e9s<\/p><div class=\"uagb-ifb-button-wrapper wp-block-button\"><\/div><\/div><\/div>\n<\/div>\n\n\n\n<div class=\"wp-block-uagb-container uagb-block-1c49c4cc\">\n<div class=\"wp-block-uagb-info-box uagb-block-62803c99 uagb-infobox__content-wrap  uagb-infobox_cta-type-all uagb-infobox-icon-above-title uagb-infobox-image-valign-top\"><a href=\"aparcaments-municipals-hospitalet-la-farga\/\" class=\"uagb-infobox-link-wrap uagb-infbox__link-to-all\" target=\"_self\" aria-label=\"Infobox Link\" rel=\"noopener noreferrer\" onclick=\"return true;\"><\/a><div class=\"uagb-ifb-content\"><div class=\"uagb-ifb-image-content\"><img decoding=\"async\" src=\"https:\/\/www.lafarga.com\/corporatiu\/wp-content\/uploads\/2023\/11\/icon_aparacamientos.svg\" alt=\"\" width=\"50\" height=\"50\" loading=\"lazy\"\/><\/div><div class=\"uagb-ifb-title-wrap\"><h6 class=\"uagb-ifb-title\">Aparcaments Municipals<\/h6><\/div><p class=\"uagb-ifb-desc\">Saber-ne m\u00e9s<\/p><div class=\"uagb-ifb-button-wrapper wp-block-button\"><\/div><\/div><\/div>\n<\/div>\n<\/div><\/div>\n<\/div><\/div>\n","protected":false},"excerpt":{"rendered":"<p> [&hellip;]<\/p>\n","protected":false},"author":8,"featured_media":0,"parent":0,"menu_order":0,"comment_status":"closed","ping_status":"closed","template":"","meta":{"inline_featured_image":false,"_uag_custom_page_level_css":"","_monsterinsights_skip_tracking":false,"_monsterinsights_sitenote_active":false,"_monsterinsights_sitenote_note":"","_monsterinsights_sitenote_category":0,"site-sidebar-layout":"no-sidebar","site-content-layout":"plain-container","ast-site-content-layout":"default","site-content-style":"default","site-sidebar-style":"default","ast-global-header-display":"","ast-banner-title-visibility":"","ast-main-header-display":"","ast-hfb-above-header-display":"","ast-hfb-below-header-display":"","ast-hfb-mobile-header-display":"","site-post-title":"","ast-breadcrumbs-content":"","ast-featured-img":"disabled","footer-sml-layout":"","ast-disable-related-posts":"","theme-transparent-header-meta":"","adv-header-id-meta":"","stick-header-meta":"","header-above-stick-meta":"","header-main-stick-meta":"","header-below-stick-meta":"","astra-migrate-meta-layouts":"","ast-page-background-enabled":"default","ast-page-background-meta":{"desktop":{"background-color":"var(--ast-global-color-4)","background-image":"","background-repeat":"repeat","background-position":"center center","background-size":"auto","background-attachment":"scroll","background-type":"","background-media":"","overlay-type":"","overlay-color":"","overlay-opacity":"","overlay-gradient":""},"tablet":{"background-color":"","background-image":"","background-repeat":"repeat","background-position":"center center","background-size":"auto","background-attachment":"scroll","background-type":"","background-media":"","overlay-type":"","overlay-color":"","overlay-opacity":"","overlay-gradient":""},"mobile":{"background-color":"","background-image":"","background-repeat":"repeat","background-position":"center center","background-size":"auto","background-attachment":"scroll","background-type":"","background-media":"","overlay-type":"","overlay-color":"","overlay-opacity":"","overlay-gradient":""}},"ast-content-background-meta":{"desktop":{"background-color":"var(--ast-global-color-5)","background-image":"","background-repeat":"repeat","background-position":"center center","background-size":"auto","background-attachment":"scroll","background-type":"","background-media":"","overlay-type":"","overlay-color":"","overlay-opacity":"","overlay-gradient":""},"tablet":{"background-color":"var(--ast-global-color-5)","background-image":"","background-repeat":"repeat","background-position":"center center","background-size":"auto","background-attachment":"scroll","background-type":"","background-media":"","overlay-type":"","overlay-color":"","overlay-opacity":"","overlay-gradient":""},"mobile":{"background-color":"var(--ast-global-color-5)","background-image":"","background-repeat":"repeat","background-position":"center center","background-size":"auto","background-attachment":"scroll","background-type":"","background-media":"","overlay-type":"","overlay-color":"","overlay-opacity":"","overlay-gradient":""}},"footnotes":""},"class_list":["post-2298","page","type-page","status-publish","hentry"],"yoast_head":"<!-- This site is optimized with the Yoast SEO plugin v27.5 - https:\/\/yoast.com\/product\/yoast-seo-wordpress\/ -->\n<title>La Farga GEM,SA. Mitjans de Comunicaci\u00f3 de L&#039;Hospitalet Ll.<\/title>\n<meta name=\"description\" content=\"Mitjans de comunicaci\u00f3, La Farga GEM, SA. Titularitat de l&#039;Ajuntament de L&#039;Hospitalet Llobregat. Gesti\u00f3 Centre d&#039;Activitats, Serveis Mobilitat.\" \/>\n<meta name=\"robots\" content=\"index, follow, max-snippet:-1, max-image-preview:large, max-video-preview:-1\" \/>\n<link rel=\"canonical\" href=\"https:\/\/www.lafarga.com\/corporatiu\/mitjans-comunicacio-hospitalet-la-farga\/\" \/>\n<meta property=\"og:locale\" content=\"ca_ES\" \/>\n<meta property=\"og:type\" content=\"article\" \/>\n<meta property=\"og:title\" content=\"La Farga GEM,SA. Mitjans de Comunicaci\u00f3 de L&#039;Hospitalet Ll.\" \/>\n<meta property=\"og:description\" content=\"Mitjans de comunicaci\u00f3, La Farga GEM, SA. Titularitat de l&#039;Ajuntament de L&#039;Hospitalet Llobregat. Gesti\u00f3 Centre d&#039;Activitats, Serveis Mobilitat.\" \/>\n<meta property=\"og:url\" content=\"https:\/\/www.lafarga.com\/corporatiu\/mitjans-comunicacio-hospitalet-la-farga\/\" \/>\n<meta property=\"og:site_name\" content=\"La Farga Gesti\u00f3n de Equipamientos Municipales, S.A.\" \/>\n<meta property=\"article:modified_time\" content=\"2024-09-12T07:12:16+00:00\" \/>\n<meta property=\"og:image\" content=\"https:\/\/www.lafarga.com\/corporatiu\/wp-content\/uploads\/2014\/09\/digital-150x150.png\" \/>\n<meta name=\"twitter:label1\" content=\"Temps estimat de lectura\" \/>\n\t<meta name=\"twitter:data1\" content=\"3 minuts\" \/>\n<script type=\"application\/ld+json\" class=\"yoast-schema-graph\">{\"@context\":\"https:\\\/\\\/schema.org\",\"@graph\":[{\"@type\":\"WebPage\",\"@id\":\"https:\\\/\\\/www.lafarga.com\\\/corporatiu\\\/mitjans-comunicacio-hospitalet-la-farga\\\/\",\"url\":\"https:\\\/\\\/www.lafarga.com\\\/corporatiu\\\/mitjans-comunicacio-hospitalet-la-farga\\\/\",\"name\":\"La Farga GEM,SA. Mitjans de Comunicaci\u00f3 de L'Hospitalet Ll.\",\"isPartOf\":{\"@id\":\"https:\\\/\\\/www.lafarga.com\\\/corporatiu\\\/#website\"},\"primaryImageOfPage\":{\"@id\":\"https:\\\/\\\/www.lafarga.com\\\/corporatiu\\\/mitjans-comunicacio-hospitalet-la-farga\\\/#primaryimage\"},\"image\":{\"@id\":\"https:\\\/\\\/www.lafarga.com\\\/corporatiu\\\/mitjans-comunicacio-hospitalet-la-farga\\\/#primaryimage\"},\"thumbnailUrl\":\"https:\\\/\\\/www.lafarga.com\\\/corporatiu\\\/wp-content\\\/uploads\\\/2014\\\/09\\\/digital-150x150.png\",\"datePublished\":\"2015-02-26T16:40:38+00:00\",\"dateModified\":\"2024-09-12T07:12:16+00:00\",\"description\":\"Mitjans de comunicaci\u00f3, La Farga GEM, SA. Titularitat de l'Ajuntament de L'Hospitalet Llobregat. Gesti\u00f3 Centre d'Activitats, Serveis Mobilitat.\",\"breadcrumb\":{\"@id\":\"https:\\\/\\\/www.lafarga.com\\\/corporatiu\\\/mitjans-comunicacio-hospitalet-la-farga\\\/#breadcrumb\"},\"inLanguage\":\"ca\",\"potentialAction\":[{\"@type\":\"ReadAction\",\"target\":[\"https:\\\/\\\/www.lafarga.com\\\/corporatiu\\\/mitjans-comunicacio-hospitalet-la-farga\\\/\"]}]},{\"@type\":\"ImageObject\",\"inLanguage\":\"ca\",\"@id\":\"https:\\\/\\\/www.lafarga.com\\\/corporatiu\\\/mitjans-comunicacio-hospitalet-la-farga\\\/#primaryimage\",\"url\":\"https:\\\/\\\/www.lafarga.com\\\/corporatiu\\\/wp-content\\\/uploads\\\/2014\\\/09\\\/digital.png\",\"contentUrl\":\"https:\\\/\\\/www.lafarga.com\\\/corporatiu\\\/wp-content\\\/uploads\\\/2014\\\/09\\\/digital.png\",\"width\":200,\"height\":200},{\"@type\":\"BreadcrumbList\",\"@id\":\"https:\\\/\\\/www.lafarga.com\\\/corporatiu\\\/mitjans-comunicacio-hospitalet-la-farga\\\/#breadcrumb\",\"itemListElement\":[{\"@type\":\"ListItem\",\"position\":1,\"name\":\"Home\",\"item\":\"https:\\\/\\\/www.lafarga.com\\\/corporatiu\\\/lafarga-hospitalet-llobregat\\\/\"},{\"@type\":\"ListItem\",\"position\":2,\"name\":\"Serveis de Comunicaci\u00f3 Municipals de L&#8217;Hospitalet\"}]},{\"@type\":\"WebSite\",\"@id\":\"https:\\\/\\\/www.lafarga.com\\\/corporatiu\\\/#website\",\"url\":\"https:\\\/\\\/www.lafarga.com\\\/corporatiu\\\/\",\"name\":\"La Farga Gesti\u00f3 d&#039;Equipaments Municipals, SA\",\"description\":\"\",\"publisher\":{\"@id\":\"https:\\\/\\\/www.lafarga.com\\\/corporatiu\\\/#organization\"},\"potentialAction\":[{\"@type\":\"SearchAction\",\"target\":{\"@type\":\"EntryPoint\",\"urlTemplate\":\"https:\\\/\\\/www.lafarga.com\\\/corporatiu\\\/?s={search_term_string}\"},\"query-input\":{\"@type\":\"PropertyValueSpecification\",\"valueRequired\":true,\"valueName\":\"search_term_string\"}}],\"inLanguage\":\"ca\"},{\"@type\":\"Organization\",\"@id\":\"https:\\\/\\\/www.lafarga.com\\\/corporatiu\\\/#organization\",\"name\":\"La Farga Gesti\u00f3 d&#039;Equipaments Municipals, SA\",\"url\":\"https:\\\/\\\/www.lafarga.com\\\/corporatiu\\\/\",\"logo\":{\"@type\":\"ImageObject\",\"inLanguage\":\"ca\",\"@id\":\"https:\\\/\\\/www.lafarga.com\\\/corporatiu\\\/#\\\/schema\\\/logo\\\/image\\\/\",\"url\":\"https:\\\/\\\/www.lafarga.com\\\/corporatiu\\\/wp-content\\\/uploads\\\/2023\\\/11\\\/logotipo_lafarga_gemsa.svg\",\"contentUrl\":\"https:\\\/\\\/www.lafarga.com\\\/corporatiu\\\/wp-content\\\/uploads\\\/2023\\\/11\\\/logotipo_lafarga_gemsa.svg\",\"width\":102,\"height\":103,\"caption\":\"La Farga Gesti\u00f3 d&#039;Equipaments Municipals, SA\"},\"image\":{\"@id\":\"https:\\\/\\\/www.lafarga.com\\\/corporatiu\\\/#\\\/schema\\\/logo\\\/image\\\/\"}}]}<\/script>\n<!-- \/ Yoast SEO plugin. -->","yoast_head_json":{"title":"La Farga GEM,SA. Mitjans de Comunicaci\u00f3 de L'Hospitalet Ll.","description":"Mitjans de comunicaci\u00f3, La Farga GEM, SA. Titularitat de l'Ajuntament de L'Hospitalet Llobregat. Gesti\u00f3 Centre d'Activitats, Serveis Mobilitat.","robots":{"index":"index","follow":"follow","max-snippet":"max-snippet:-1","max-image-preview":"max-image-preview:large","max-video-preview":"max-video-preview:-1"},"canonical":"https:\/\/www.lafarga.com\/corporatiu\/mitjans-comunicacio-hospitalet-la-farga\/","og_locale":"ca_ES","og_type":"article","og_title":"La Farga GEM,SA. Mitjans de Comunicaci\u00f3 de L'Hospitalet Ll.","og_description":"Mitjans de comunicaci\u00f3, La Farga GEM, SA. Titularitat de l'Ajuntament de L'Hospitalet Llobregat. Gesti\u00f3 Centre d'Activitats, Serveis Mobilitat.","og_url":"https:\/\/www.lafarga.com\/corporatiu\/mitjans-comunicacio-hospitalet-la-farga\/","og_site_name":"La Farga Gesti\u00f3n de Equipamientos Municipales, S.A.","article_modified_time":"2024-09-12T07:12:16+00:00","og_image":[{"url":"https:\/\/www.lafarga.com\/corporatiu\/wp-content\/uploads\/2014\/09\/digital-150x150.png","type":"","width":"","height":""}],"twitter_misc":{"Temps estimat de lectura":"3 minuts"},"schema":{"@context":"https:\/\/schema.org","@graph":[{"@type":"WebPage","@id":"https:\/\/www.lafarga.com\/corporatiu\/mitjans-comunicacio-hospitalet-la-farga\/","url":"https:\/\/www.lafarga.com\/corporatiu\/mitjans-comunicacio-hospitalet-la-farga\/","name":"La Farga GEM,SA. Mitjans de Comunicaci\u00f3 de L'Hospitalet Ll.","isPartOf":{"@id":"https:\/\/www.lafarga.com\/corporatiu\/#website"},"primaryImageOfPage":{"@id":"https:\/\/www.lafarga.com\/corporatiu\/mitjans-comunicacio-hospitalet-la-farga\/#primaryimage"},"image":{"@id":"https:\/\/www.lafarga.com\/corporatiu\/mitjans-comunicacio-hospitalet-la-farga\/#primaryimage"},"thumbnailUrl":"https:\/\/www.lafarga.com\/corporatiu\/wp-content\/uploads\/2014\/09\/digital-150x150.png","datePublished":"2015-02-26T16:40:38+00:00","dateModified":"2024-09-12T07:12:16+00:00","description":"Mitjans de comunicaci\u00f3, La Farga GEM, SA. Titularitat de l'Ajuntament de L'Hospitalet Llobregat. Gesti\u00f3 Centre d'Activitats, Serveis Mobilitat.","breadcrumb":{"@id":"https:\/\/www.lafarga.com\/corporatiu\/mitjans-comunicacio-hospitalet-la-farga\/#breadcrumb"},"inLanguage":"ca","potentialAction":[{"@type":"ReadAction","target":["https:\/\/www.lafarga.com\/corporatiu\/mitjans-comunicacio-hospitalet-la-farga\/"]}]},{"@type":"ImageObject","inLanguage":"ca","@id":"https:\/\/www.lafarga.com\/corporatiu\/mitjans-comunicacio-hospitalet-la-farga\/#primaryimage","url":"https:\/\/www.lafarga.com\/corporatiu\/wp-content\/uploads\/2014\/09\/digital.png","contentUrl":"https:\/\/www.lafarga.com\/corporatiu\/wp-content\/uploads\/2014\/09\/digital.png","width":200,"height":200},{"@type":"BreadcrumbList","@id":"https:\/\/www.lafarga.com\/corporatiu\/mitjans-comunicacio-hospitalet-la-farga\/#breadcrumb","itemListElement":[{"@type":"ListItem","position":1,"name":"Home","item":"https:\/\/www.lafarga.com\/corporatiu\/lafarga-hospitalet-llobregat\/"},{"@type":"ListItem","position":2,"name":"Serveis de Comunicaci\u00f3 Municipals de L&#8217;Hospitalet"}]},{"@type":"WebSite","@id":"https:\/\/www.lafarga.com\/corporatiu\/#website","url":"https:\/\/www.lafarga.com\/corporatiu\/","name":"La Farga Gesti\u00f3 d&#039;Equipaments Municipals, SA","description":"","publisher":{"@id":"https:\/\/www.lafarga.com\/corporatiu\/#organization"},"potentialAction":[{"@type":"SearchAction","target":{"@type":"EntryPoint","urlTemplate":"https:\/\/www.lafarga.com\/corporatiu\/?s={search_term_string}"},"query-input":{"@type":"PropertyValueSpecification","valueRequired":true,"valueName":"search_term_string"}}],"inLanguage":"ca"},{"@type":"Organization","@id":"https:\/\/www.lafarga.com\/corporatiu\/#organization","name":"La Farga Gesti\u00f3 d&#039;Equipaments Municipals, SA","url":"https:\/\/www.lafarga.com\/corporatiu\/","logo":{"@type":"ImageObject","inLanguage":"ca","@id":"https:\/\/www.lafarga.com\/corporatiu\/#\/schema\/logo\/image\/","url":"https:\/\/www.lafarga.com\/corporatiu\/wp-content\/uploads\/2023\/11\/logotipo_lafarga_gemsa.svg","contentUrl":"https:\/\/www.lafarga.com\/corporatiu\/wp-content\/uploads\/2023\/11\/logotipo_lafarga_gemsa.svg","width":102,"height":103,"caption":"La Farga Gesti\u00f3 d&#039;Equipaments Municipals, SA"},"image":{"@id":"https:\/\/www.lafarga.com\/corporatiu\/#\/schema\/logo\/image\/"}}]}},"uagb_featured_image_src":{"full":false,"thumbnail":false,"medium":false,"medium_large":false,"large":false,"1536x1536":false,"2048x2048":false,"mailpoet_newsletter_max":false},"uagb_author_info":{"display_name":"admfarga","author_link":"https:\/\/www.lafarga.com\/corporatiu\/author\/admfarga\/"},"uagb_comment_info":0,"uagb_excerpt":"[&hellip;]","_links":{"self":[{"href":"https:\/\/www.lafarga.com\/corporatiu\/wp-json\/wp\/v2\/pages\/2298","targetHints":{"allow":["GET"]}}],"collection":[{"href":"https:\/\/www.lafarga.com\/corporatiu\/wp-json\/wp\/v2\/pages"}],"about":[{"href":"https:\/\/www.lafarga.com\/corporatiu\/wp-json\/wp\/v2\/types\/page"}],"author":[{"embeddable":true,"href":"https:\/\/www.lafarga.com\/corporatiu\/wp-json\/wp\/v2\/users\/8"}],"replies":[{"embeddable":true,"href":"https:\/\/www.lafarga.com\/corporatiu\/wp-json\/wp\/v2\/comments?post=2298"}],"version-history":[{"count":1179,"href":"https:\/\/www.lafarga.com\/corporatiu\/wp-json\/wp\/v2\/pages\/2298\/revisions"}],"predecessor-version":[{"id":21098,"href":"https:\/\/www.lafarga.com\/corporatiu\/wp-json\/wp\/v2\/pages\/2298\/revisions\/21098"}],"wp:attachment":[{"href":"https:\/\/www.lafarga.com\/corporatiu\/wp-json\/wp\/v2\/media?parent=2298"}],"curies":[{"name":"wp","href":"https:\/\/api.w.org\/{rel}","templated":true}]}}