{"id":12978,"date":"2019-02-12T10:27:59","date_gmt":"2019-02-12T10:27:59","guid":{"rendered":"http:\/\/www.lafarga.com\/corporatiu\/?page_id=12978"},"modified":"2024-09-10T07:40:52","modified_gmt":"2024-09-10T07:40:52","slug":"politica-de-privacidad","status":"publish","type":"page","link":"https:\/\/www.lafarga.com\/corporatiu\/proteccion-de-datos\/politica-de-privacidad\/","title":{"rendered":"Pol\u00edtica de privacidad"},"content":{"rendered":"\n<p style=\"text-align: justify; margin-top: 20px;\">La Farga Gesti\u00f3 d&#8217;Equipaments Municipals S.A. (en adelante, \u201c<strong>La Farga<\/strong>\u201d) es una sociedad de titularidad p\u00fablica que ofrece servicios de gesti\u00f3n muy diferenciados enfocados todos ellos al servicio a la ciudadan\u00eda. Consciente de la importancia de la normativa en vigor en materia de privacidad y protecci\u00f3n de datos nos preocupamos por la protecci\u00f3n de la seguridad, integridad, veracidad y confidencialidad de los datos proporcionados por nuestros usuarios, clientes o proveedores, actuando de manera responsable y transparente al respecto.<\/p>\n<p style=\"text-align: justify;\">La presente Pol\u00edtica de Privacidad (en adelante, \u201c<strong>La Pol\u00edtica<\/strong>\u201d) tiene por objeto informarle sobre c\u00f3mo recogemos, tratamos y protegemos los datos de car\u00e1cter personal. Asimismo, describimos las finalidades del tratamiento de los datos personales recabados a trav\u00e9s de <a href=\"http:\/\/www.lafarga.com\">www.lafarga.com<\/a> (en adelante, \u201c<strong>la P\u00e1gina Web<\/strong>\u201d), o por v\u00eda telef\u00f3nica, correo electr\u00f3nico o formulario manual. En su caso, se detallar\u00e1 si sus datos pueden ser utilizados por terceros.<\/p>\n<p style=\"text-align: justify;\">La Farga manifiesta que ha intentado proporcionar una descripci\u00f3n lo m\u00e1s sencilla y clara posible de la presente Pol\u00edtica. Para cualquier aclaraci\u00f3n, informaci\u00f3n adicional o solicitud de derechos no dude en contactar con nosotros.<\/p>\n<p style=\"text-align: justify;\">Nuestra Pol\u00edtica no regula las actividades de tratamiento de datos de otras empresas y organizaciones que anuncien nuestros servicios y\/o productos.<\/p>\n<p style=\"text-align: justify;\"><strong>Alcance de la Pol\u00edtica de Privacidad<\/strong><\/p>\n<p style=\"text-align: justify;\">Esta Pol\u00edtica de Privacidad aplica a los datos proporcionados por nuestros usuarios, proveedores, personas solicitantes de informaci\u00f3n, usuarios de la P\u00e1gina Web, candidatos a puestos de trabajo o terceros con los que nos podamos relacionar y cuyos datos sean necesarios para el desarrollo de nuestra actividad.<\/p>\n<p style=\"text-align: justify;\"><strong>Responsable del Tratamiento<\/strong><\/p>\n<p style=\"text-align: justify;\">El Responsable del Tratamiento de sus datos es:<\/p>\n<table>\n<tbody>\n<tr>\n<td style=\"text-align: center; padding: 5px;\" colspan=\"2\"><strong>DATOS DEL RESPONSABLE DE TRATAMIENTO<\/strong><\/td>\n<\/tr>\n<tr style=\"background-color: #ccc;\">\n<td style=\"padding: 5px;\"><strong>DENOMINACI\u00d3N:<\/strong><\/td>\n<td>La Farga Gesti\u00f3 d&#8217;Equipaments Municipals S.A.<\/td>\n<\/tr>\n<tr>\n<td style=\"padding: 5px;\"><strong>CIF:<\/strong><\/td>\n<td>A58363938<\/td>\n<\/tr>\n<tr style=\"background-color: #ccc;\">\n<td style=\"padding: 5px;\"><strong>DIRECCI\u00d3N POSTAL:<\/strong><\/td>\n<td>Calle Barcelona, 2, 08901 l&#8217;Hospitalet de Llobregat, Barcelona<\/td>\n<\/tr>\n<tr>\n<td style=\"padding: 5px;\"><strong>WEB:<\/strong><\/td>\n<td><a href=\"http:\/\/www.lafarga.com\">www.lafarga.com<\/a><\/td>\n<\/tr>\n<tr style=\"background-color: #ccc;\">\n<td style=\"padding: 5px;\"><strong>TEL\u00c9FONO:<\/strong><\/td>\n<td style=\"text-align: left;\">93 261 52 00<\/td>\n<\/tr>\n<tr>\n<td style=\"padding: 5px;\"><strong>CORREO ELECTR\u00d3NICO:<\/strong><\/td>\n<td><a href=\"mailto:lafarga@lafarga.com\">lafarga@lafarga.com<\/a><\/td>\n<\/tr>\n<tr style=\"background-color: #ccc;\">\n<td style=\"padding: 5px;\"><strong>Datos registrales BORME:<\/strong><\/td>\n<td>Registro Mercantil de BARCELONA T 42833 , F 221, S 8, H B 48900, I\/A 81(20.07.18)<\/td>\n<\/tr>\n<\/tbody>\n<\/table>\n<p>&nbsp;<\/p>\n<p><strong>\u00bfQu\u00e9 informaci\u00f3n recopilamos?<\/strong><\/p>\n<p style=\"text-align: justify;\">La Farga s\u00f3lo trata aquellos datos personales que resulten adecuados, pertinentes y limitados al correcto cumplimiento de las finalidades en virtud de las que fueron inicialmente recabados.<\/p>\n<p style=\"text-align: justify;\">A modo de ejemplo, en caso de que se postule a un proceso de selecci\u00f3n interno, la informaci\u00f3n que recopilaremos ser\u00e1 su nombre y apellidos, tel\u00e9fono, correo electr\u00f3nico, curr\u00edculum vitae, entre otros.<\/p>\n<p style=\"text-align: justify;\">El usuario garantiza que los datos personales facilitados a La Farga son verdaderos y se hace responsable de comunicar a \u00e9sta cualquier modificaci\u00f3n de los mismos.<\/p>\n<p style=\"text-align: justify;\"><strong>\u00bfCon qu\u00e9 finalidad tratamos sus datos?<\/strong><\/p>\n<p style=\"text-align: justify;\">Los datos que nos facilita son tratados con las siguientes finalidades:<\/p>\n<ul>\n<li style=\"text-align: justify;\"><strong>Atender<\/strong> a sus solicitudes de informaci\u00f3n planteadas en cualquiera de nuestros canales de atenci\u00f3n (P.ej.: utilizando el \u201cCanal \u00c9tico\u201d, el canal de \u201cTransparencia\u201d o mediante el enlace \u201cSuscripci\u00f3n de bolet\u00edn\u201d as\u00ed como nuestros formularios de \u201cContacto\u201d).<\/li>\n<li style=\"text-align: justify;\"><strong>Enviar<\/strong>\u00a0nuestro bolet\u00edn en el caso de que usted lo haya solicitado expresamente,<\/li>\n<li style=\"text-align: justify;\"><strong>Responder<\/strong> ante cualquier requerimiento de las autoridades p\u00fablicas,<\/li>\n<li style=\"text-align: justify;\"><strong>Gestionar<\/strong> posibles candidaturas a procesos de selecci\u00f3n de personal.<\/li>\n<\/ul>\n<p><strong>\u00bfPor cu\u00e1nto tiempo conservamos sus datos?<\/strong><\/p>\n<ul>\n<li style=\"text-align: justify;\">Los datos personales que haya facilitado con el fin de solicitar informaci\u00f3n, se conservar\u00e1n hasta la gesti\u00f3n y resoluci\u00f3n de la solicitud y una vez resuelta, durante un plazo prudencial para atender posibles cuestiones que pudieran estar relacionadas.<\/li>\n<li style=\"text-align: justify;\">Los datos de contacto para el env\u00edo de comunicaciones comerciales los trataremos desde que usted los solicit\u00f3 expresamente hasta que indique que quiere darse de baja.<\/li>\n<li style=\"text-align: justify;\">Si es Usted candidato a un puesto de trabajo y finalmente no resulta seleccionado, los datos que nos haya proporcionado se conservar\u00e1n hasta un plazo m\u00e1ximo de un (1) a\u00f1o. Por el contrario, si es Ud. seleccionado, se le informar\u00e1 del plazo de conservaci\u00f3n de sus datos en el momento de su incorporaci\u00f3n.<\/li>\n<li style=\"text-align: justify;\">Los datos de car\u00e1cter personal recopilados a trav\u00e9s del \u201cCanal \u00c9tico\u201d durante un plazo m\u00e1ximo de seis (6) meses.<\/li>\n<li style=\"text-align: justify;\">Los datos de car\u00e1cter personal recopilados a trav\u00e9s del canal \u201cZonas Aire\u201d de la web (o directamente a trav\u00e9s del correo electr\u00f3nico habilitado) durante un plazo de (6) meses.<\/li>\n<li style=\"text-align: justify;\">Los datos de car\u00e1cter personal recopilados a trav\u00e9s de las solicitudes relativas a \u201cTransparencia y el derecho de acceso a la informaci\u00f3n p\u00fablica\u201d durante el tiempo estrictamente necesario para atender su solicitud.<\/li>\n<\/ul>\n<p style=\"text-align: justify;\">En todo caso, sus datos se conservar\u00e1n durante el plazo estrictamente necesario y hasta la prescripci\u00f3n de las obligaciones legales pertinentes, a fin de cumplir el conjunto de normas europeas, nacionales y sectoriales que puedan afectar al tratamiento de datos de car\u00e1cter personal.<\/p>\n<p><strong>\u00bfCu\u00e1ndo estamos legitimados para el tratamiento de sus datos?<\/strong><\/p>\n<p style=\"text-align: justify;\">Estamos legitimados y facultados para tratar la informaci\u00f3n que Ud. nos proporciona cuando dicha informaci\u00f3n es necesaria (i) para el env\u00edo de la informaci\u00f3n solicitada; (ii) para la gesti\u00f3n de la P\u00e1gina Web (y sus servicios asociados); (iii) para en su caso atender a su solicitud de empleo y (iv) para el cumplimiento de obligaciones legales imperativas que deriven del Derecho de la Uni\u00f3n Europea o de los Estados miembros. La Farga adoptar\u00e1 las acciones necesarias para garantizar que los datos personales que recabe, almacene y trate se empleen de manera l\u00edcita, leal y transparente, cumpliendo con las obligaciones que resulten del ordenamiento jur\u00eddico aplicable con motivo de su actividad. En particular, La Farga ha establecido todos los medios t\u00e9cnicos a su alcance para evitar la p\u00e9rdida, mal uso, alteraci\u00f3n, acceso no autorizado y robo de los datos que Ud. hubiese facilitado a trav\u00e9s de la P\u00e1gina Web.<\/p>\n<p style=\"text-align: justify;\">Asimismo, si Ud. lo ha consentido previamente, tambi\u00e9n estaremos legitimados a tratar sus datos para el env\u00edo de boletines informativos y\/o comerciales basados en su consentimiento expreso. En todo caso, Ud. podr\u00e1 oponerse a dicho tratamiento en cualquier momento.<\/p>\n<p style=\"text-align: justify;\">Fuera de los casos anteriores, antes de tratar sus datos siempre recabaremos su consentimiento. El consentimiento ser\u00e1 la manifestaci\u00f3n de voluntad libre, espec\u00edfica, informada e inequ\u00edvoca. Ud. tiene derecho a revocar el consentimiento prestado sin car\u00e1cter retroactivo para cualquier finalidad y en cualquier momento.<\/p>\n<p><strong>\u00bfA qui\u00e9n comunicamos sus datos?<\/strong><\/p>\n<p style=\"text-align: justify;\">Sus datos no ser\u00e1n comunicados a terceros. Sin embargo, s\u00ed se podr\u00e1n comunicar a los estamentos oficiales p\u00fablicos y entidades privadas que por obligaci\u00f3n legal o necesidad operativas y contractuales deban acceder a los datos a los efectos de la correcta prestaci\u00f3n del servicio y de las otras finalidades antes mencionadas.<\/p>\n<p><strong>\u00bfQu\u00e9 derechos le amparan en relaci\u00f3n al tratamiento de sus datos?<\/strong><\/p>\n<p style=\"text-align: justify;\">Ud. tiene derecho a obtener informaci\u00f3n sobre el tratamiento de sus datos que realizamos en La Farga. En concreto:<\/p>\n<ul>\n<li style=\"text-align: justify;\">Ud. tiene derecho a acceder a sus datos personales para conocer qu\u00e9 datos personales estamos tratando, as\u00ed como a solicitar la rectificaci\u00f3n de los datos inexactos o, en su caso, solicitar su supresi\u00f3n cuando -entre otros motivos- los datos ya no sean necesarios para los fines que fueron recogidos.<\/li>\n<li style=\"text-align: justify;\">En determinadas circunstancias, Ud. podr\u00e1 solicitar la limitaci\u00f3n del tratamiento de sus datos, en cuyo caso \u00fanicamente los conservaremos para el ejercicio o la defensa de reclamaciones.<\/li>\n<li style=\"text-align: justify;\">En determinadas circunstancias y por motivos relacionados con su situaci\u00f3n particular, Ud. podr\u00e1 oponerse al tratamiento de sus datos. La Farga dejar\u00e1 de tratar sus datos, salvo que concurran motivos leg\u00edtimos imperiosos o en virtud del ejercicio de acciones de defensa jur\u00eddica.<\/li>\n<li style=\"text-align: justify;\">Tendr\u00e1 derecho a la portabilidad, es decir, a que los datos personales que hubiera facilitado, se transmitan directamente a otro responsable en formato estructurado, de uso com\u00fan y lectura mec\u00e1nica, cuando t\u00e9cnicamente fuera posible.<\/li>\n<li style=\"text-align: justify;\">Derecho a no ser objeto de una decisi\u00f3n basada \u00fanicamente en el tratamiento automatizado de sus datos personales.<\/li>\n<\/ul>\n<p style=\"text-align: justify;\">Ud. puede ejercer los referidos derechos dirigiendo un e-mail a la direcci\u00f3n electr\u00f3nica <a href=\"mailto:lafarga@lafarga.com\">lafarga@lafarga.com<\/a> con la referencia \u201cProtecci\u00f3n de datos\u201d, adjuntando una copia de su DNI o documento similar.<\/p>\n<p style=\"text-align: justify;\">Usted dispone de informaci\u00f3n y modelos para ejercer los derechos mencionados anteriormente en la web de la Autoritat Catalana de Protecci\u00f3 de Dades:<\/p>\n<p style=\"text-align: center;\"><a href=\"https:\/\/apdcat.gencat.cat\/es\/drets_i_obligacions\/\" target=\"_blank\" rel=\"noopener\">https:\/\/apdcat.gencat.cat\/es\/drets_i_obligacions\/<\/a><\/p>\n<p style=\"text-align: justify;\">Responderemos a sus peticiones a la mayor brevedad posible y, en todo caso, en el plazo de un (1) mes desde la recepci\u00f3n de su solicitud. En determinadas circunstancias, dicho plazo podr\u00e1 prorrogarse otros dos (2) meses, en cuyo caso le informaremos oportunamente dentro del plazo de un (1) mes desde la recepci\u00f3n de su solicitud.<\/p>\n<p style=\"text-align: justify;\">Si Ud. considera que el tratamiento de sus datos personales infringe la normativa sobre protecci\u00f3n de datos, o bien si cree que no hemos satisfecho el ejercicio de sus derechos, Ud. puede presentar una reclamaci\u00f3n ante la Autoritat Catalana de Protecci\u00f3 de Dades (ApdCAT). Con car\u00e1cter previo a la presentaci\u00f3n de una reclamaci\u00f3n frente la Autoritat Catalana de Protecci\u00f3 de Dades, puede dirigirse al Delegado de protecci\u00f3n de datos de la LA FARGA, GESTI\u00d3 D\u2019EQUIPAMENTS MUNICIPALS S.A. a trav\u00e9s de la direcci\u00f3n <a href=\"mailto:dpo@lafarga.com\">dpo@lafarga.com<\/a><\/p>\n<p><strong>\u00bfUd. tiene derecho a retirar su consentimiento?<\/strong><\/p>\n<p style=\"text-align: justify;\">S\u00ed, en cualquier momento Ud. puede retirar su consentimiento para el tratamiento de sus datos para una o varias de las finalidades arriba indicadas y para las que ya haya prestado su consentimiento.<\/p>\n<p><strong>\u00bfCabe la opci\u00f3n a modificar la presente Pol\u00edtica de Privacidad?<\/strong><\/p>\n<p style=\"text-align: justify;\">La Farga se reserva el derecho a modificar la presente Pol\u00edtica para adaptarla a novedades legislativas o jurisprudenciales y para responder a cambios organizacionales y del sector sanitario. No limitaremos los derechos que le corresponden con arreglo a la presente Pol\u00edtica de Privacidad ni realizaremos modificaciones sustanciales en ella sin informarle previamente. Publicaremos todas las modificaciones de la presente Pol\u00edtica de Privacidad en esta p\u00e1gina y, si son significativas, efectuaremos una notificaci\u00f3n m\u00e1s destacada (por ejemplo, le enviar\u00edamos una notificaci\u00f3n por correo electr\u00f3nico si la modificaci\u00f3n afectase a determinados aspectos y -en casos excepcionales- incluso le solicitar\u00edamos nuevamente su consentimiento)<\/p>\n<p style=\"text-align: justify;\"><strong>Normativa aplicable<\/strong><br \/>Sin perjuicio de otra normativa sectorial que pueda tener incidencia en la regulaci\u00f3n de la protecci\u00f3n de datos personales le informamos que esta materia viene regulada en:<\/p>\n<table>\n<tbody>\n<tr style=\"background-color: #ccc;\">\n<td style=\"padding: 5px;\">\u00c1mbito\u00a0de\u00a0aplicaci\u00f3n<\/td>\n<td style=\"padding: 5px;\">Norma aplicable<\/td>\n<td style=\"padding: 5px;\">Abreviatura<\/td>\n<\/tr>\n<tr>\n<td style=\"background-color: #ccc; padding: 5px;\">Legislaci\u00f3n europea<\/td>\n<td style=\"padding: 5px;\">Reglamento (UE) 2016\/679 del Parlamento Europeo y del Consejo, de 27 de abril de 2016, relativo a la protecci\u00f3n de las personas f\u00edsicas en lo que respecta al tratamiento de datos personales y a la libre circulaci\u00f3n de estos datos y por el que se deroga la Directiva 95\/46\/CE<\/td>\n<td style=\"padding: 5px;\">RGPD<\/td>\n<\/tr>\n<tr>\n<td style=\"background-color: #ccc; padding: 5px;\">Legislaci\u00f3n nacional<\/td>\n<td style=\"padding: 5px;\">Ley Org\u00e1nica 3\/2018, de 5 de diciembre, de Protecci\u00f3n de Datos Personales y garant\u00eda de los derechos digitales.<\/td>\n<td style=\"padding: 5px;\">LOPDGDD<\/td>\n<\/tr>\n<\/tbody>\n<\/table>\n<p>&nbsp;<\/p>\n","protected":false},"excerpt":{"rendered":"<p> [&hellip;]<\/p>\n","protected":false},"author":8,"featured_media":0,"parent":16947,"menu_order":0,"comment_status":"closed","ping_status":"closed","template":"","meta":{"inline_featured_image":false,"_uag_custom_page_level_css":"","_monsterinsights_skip_tracking":false,"_monsterinsights_sitenote_active":false,"_monsterinsights_sitenote_note":"","_monsterinsights_sitenote_category":0,"site-sidebar-layout":"default","site-content-layout":"","ast-site-content-layout":"default","site-content-style":"default","site-sidebar-style":"default","ast-global-header-display":"","ast-banner-title-visibility":"","ast-main-header-display":"","ast-hfb-above-header-display":"","ast-hfb-below-header-display":"","ast-hfb-mobile-header-display":"","site-post-title":"","ast-breadcrumbs-content":"","ast-featured-img":"","footer-sml-layout":"","ast-disable-related-posts":"","theme-transparent-header-meta":"","adv-header-id-meta":"","stick-header-meta":"","header-above-stick-meta":"","header-main-stick-meta":"","header-below-stick-meta":"","astra-migrate-meta-layouts":"default","ast-page-background-enabled":"default","ast-page-background-meta":{"desktop":{"background-color":"var(--ast-global-color-4)","background-image":"","background-repeat":"repeat","background-position":"center center","background-size":"auto","background-attachment":"scroll","background-type":"","background-media":"","overlay-type":"","overlay-color":"","overlay-opacity":"","overlay-gradient":""},"tablet":{"background-color":"","background-image":"","background-repeat":"repeat","background-position":"center center","background-size":"auto","background-attachment":"scroll","background-type":"","background-media":"","overlay-type":"","overlay-color":"","overlay-opacity":"","overlay-gradient":""},"mobile":{"background-color":"","background-image":"","background-repeat":"repeat","background-position":"center center","background-size":"auto","background-attachment":"scroll","background-type":"","background-media":"","overlay-type":"","overlay-color":"","overlay-opacity":"","overlay-gradient":""}},"ast-content-background-meta":{"desktop":{"background-color":"var(--ast-global-color-5)","background-image":"","background-repeat":"repeat","background-position":"center center","background-size":"auto","background-attachment":"scroll","background-type":"","background-media":"","overlay-type":"","overlay-color":"","overlay-opacity":"","overlay-gradient":""},"tablet":{"background-color":"var(--ast-global-color-5)","background-image":"","background-repeat":"repeat","background-position":"center center","background-size":"auto","background-attachment":"scroll","background-type":"","background-media":"","overlay-type":"","overlay-color":"","overlay-opacity":"","overlay-gradient":""},"mobile":{"background-color":"var(--ast-global-color-5)","background-image":"","background-repeat":"repeat","background-position":"center center","background-size":"auto","background-attachment":"scroll","background-type":"","background-media":"","overlay-type":"","overlay-color":"","overlay-opacity":"","overlay-gradient":""}},"footnotes":""},"class_list":["post-12978","page","type-page","status-publish","hentry"],"yoast_head":"<!-- This site is optimized with the Yoast SEO plugin v27.4 - https:\/\/yoast.com\/product\/yoast-seo-wordpress\/ -->\n<title>Pol\u00edtica de privacidad - La Farga Gesti\u00f3n de Equipamientos Municipales, S.A.<\/title>\n<meta name=\"robots\" content=\"index, follow, max-snippet:-1, max-image-preview:large, max-video-preview:-1\" \/>\n<link rel=\"canonical\" href=\"https:\/\/www.lafarga.com\/corporatiu\/proteccion-de-datos\/politica-de-privacidad\/\" \/>\n<meta property=\"og:locale\" content=\"ca_ES\" \/>\n<meta property=\"og:type\" content=\"article\" \/>\n<meta property=\"og:title\" content=\"Pol\u00edtica de privacidad - La Farga Gesti\u00f3n de Equipamientos Municipales, S.A.\" \/>\n<meta property=\"og:description\" content=\"[&hellip;]\" \/>\n<meta property=\"og:url\" content=\"https:\/\/www.lafarga.com\/corporatiu\/proteccion-de-datos\/politica-de-privacidad\/\" \/>\n<meta property=\"og:site_name\" content=\"La Farga Gesti\u00f3n de Equipamientos Municipales, S.A.\" \/>\n<meta property=\"article:modified_time\" content=\"2024-09-10T07:40:52+00:00\" \/>\n<meta name=\"twitter:label1\" content=\"Temps estimat de lectura\" \/>\n\t<meta name=\"twitter:data1\" content=\"10 minuts\" \/>\n<script type=\"application\/ld+json\" class=\"yoast-schema-graph\">{\"@context\":\"https:\\\/\\\/schema.org\",\"@graph\":[{\"@type\":\"WebPage\",\"@id\":\"https:\\\/\\\/www.lafarga.com\\\/corporatiu\\\/proteccion-de-datos\\\/politica-de-privacidad\\\/\",\"url\":\"https:\\\/\\\/www.lafarga.com\\\/corporatiu\\\/proteccion-de-datos\\\/politica-de-privacidad\\\/\",\"name\":\"Pol\u00edtica de privacidad - La Farga Gesti\u00f3n de Equipamientos Municipales, S.A.\",\"isPartOf\":{\"@id\":\"https:\\\/\\\/www.lafarga.com\\\/corporatiu\\\/#website\"},\"datePublished\":\"2019-02-12T10:27:59+00:00\",\"dateModified\":\"2024-09-10T07:40:52+00:00\",\"breadcrumb\":{\"@id\":\"https:\\\/\\\/www.lafarga.com\\\/corporatiu\\\/proteccion-de-datos\\\/politica-de-privacidad\\\/#breadcrumb\"},\"inLanguage\":\"ca\",\"potentialAction\":[{\"@type\":\"ReadAction\",\"target\":[\"https:\\\/\\\/www.lafarga.com\\\/corporatiu\\\/proteccion-de-datos\\\/politica-de-privacidad\\\/\"]}]},{\"@type\":\"BreadcrumbList\",\"@id\":\"https:\\\/\\\/www.lafarga.com\\\/corporatiu\\\/proteccion-de-datos\\\/politica-de-privacidad\\\/#breadcrumb\",\"itemListElement\":[{\"@type\":\"ListItem\",\"position\":1,\"name\":\"Home\",\"item\":\"https:\\\/\\\/www.lafarga.com\\\/corporatiu\\\/lafarga-hospitalet-llobregat\\\/\"},{\"@type\":\"ListItem\",\"position\":2,\"name\":\"Protecci\u00f3n de datos\",\"item\":\"https:\\\/\\\/www.lafarga.com\\\/corporatiu\\\/proteccion-de-datos\\\/\"},{\"@type\":\"ListItem\",\"position\":3,\"name\":\"Pol\u00edtica de privacidad\"}]},{\"@type\":\"WebSite\",\"@id\":\"https:\\\/\\\/www.lafarga.com\\\/corporatiu\\\/#website\",\"url\":\"https:\\\/\\\/www.lafarga.com\\\/corporatiu\\\/\",\"name\":\"La Farga Gesti\u00f3 d&#039;Equipaments Municipals, SA\",\"description\":\"\",\"publisher\":{\"@id\":\"https:\\\/\\\/www.lafarga.com\\\/corporatiu\\\/#organization\"},\"potentialAction\":[{\"@type\":\"SearchAction\",\"target\":{\"@type\":\"EntryPoint\",\"urlTemplate\":\"https:\\\/\\\/www.lafarga.com\\\/corporatiu\\\/?s={search_term_string}\"},\"query-input\":{\"@type\":\"PropertyValueSpecification\",\"valueRequired\":true,\"valueName\":\"search_term_string\"}}],\"inLanguage\":\"ca\"},{\"@type\":\"Organization\",\"@id\":\"https:\\\/\\\/www.lafarga.com\\\/corporatiu\\\/#organization\",\"name\":\"La Farga Gesti\u00f3 d&#039;Equipaments Municipals, SA\",\"url\":\"https:\\\/\\\/www.lafarga.com\\\/corporatiu\\\/\",\"logo\":{\"@type\":\"ImageObject\",\"inLanguage\":\"ca\",\"@id\":\"https:\\\/\\\/www.lafarga.com\\\/corporatiu\\\/#\\\/schema\\\/logo\\\/image\\\/\",\"url\":\"https:\\\/\\\/www.lafarga.com\\\/corporatiu\\\/wp-content\\\/uploads\\\/2023\\\/11\\\/logotipo_lafarga_gemsa.svg\",\"contentUrl\":\"https:\\\/\\\/www.lafarga.com\\\/corporatiu\\\/wp-content\\\/uploads\\\/2023\\\/11\\\/logotipo_lafarga_gemsa.svg\",\"width\":102,\"height\":103,\"caption\":\"La Farga Gesti\u00f3 d&#039;Equipaments Municipals, SA\"},\"image\":{\"@id\":\"https:\\\/\\\/www.lafarga.com\\\/corporatiu\\\/#\\\/schema\\\/logo\\\/image\\\/\"}}]}<\/script>\n<!-- \/ Yoast SEO plugin. -->","yoast_head_json":{"title":"Pol\u00edtica de privacidad - La Farga Gesti\u00f3n de Equipamientos Municipales, S.A.","robots":{"index":"index","follow":"follow","max-snippet":"max-snippet:-1","max-image-preview":"max-image-preview:large","max-video-preview":"max-video-preview:-1"},"canonical":"https:\/\/www.lafarga.com\/corporatiu\/proteccion-de-datos\/politica-de-privacidad\/","og_locale":"ca_ES","og_type":"article","og_title":"Pol\u00edtica de privacidad - La Farga Gesti\u00f3n de Equipamientos Municipales, S.A.","og_description":"[&hellip;]","og_url":"https:\/\/www.lafarga.com\/corporatiu\/proteccion-de-datos\/politica-de-privacidad\/","og_site_name":"La Farga Gesti\u00f3n de Equipamientos Municipales, S.A.","article_modified_time":"2024-09-10T07:40:52+00:00","twitter_misc":{"Temps estimat de lectura":"10 minuts"},"schema":{"@context":"https:\/\/schema.org","@graph":[{"@type":"WebPage","@id":"https:\/\/www.lafarga.com\/corporatiu\/proteccion-de-datos\/politica-de-privacidad\/","url":"https:\/\/www.lafarga.com\/corporatiu\/proteccion-de-datos\/politica-de-privacidad\/","name":"Pol\u00edtica de privacidad - La Farga Gesti\u00f3n de Equipamientos Municipales, S.A.","isPartOf":{"@id":"https:\/\/www.lafarga.com\/corporatiu\/#website"},"datePublished":"2019-02-12T10:27:59+00:00","dateModified":"2024-09-10T07:40:52+00:00","breadcrumb":{"@id":"https:\/\/www.lafarga.com\/corporatiu\/proteccion-de-datos\/politica-de-privacidad\/#breadcrumb"},"inLanguage":"ca","potentialAction":[{"@type":"ReadAction","target":["https:\/\/www.lafarga.com\/corporatiu\/proteccion-de-datos\/politica-de-privacidad\/"]}]},{"@type":"BreadcrumbList","@id":"https:\/\/www.lafarga.com\/corporatiu\/proteccion-de-datos\/politica-de-privacidad\/#breadcrumb","itemListElement":[{"@type":"ListItem","position":1,"name":"Home","item":"https:\/\/www.lafarga.com\/corporatiu\/lafarga-hospitalet-llobregat\/"},{"@type":"ListItem","position":2,"name":"Protecci\u00f3n de datos","item":"https:\/\/www.lafarga.com\/corporatiu\/proteccion-de-datos\/"},{"@type":"ListItem","position":3,"name":"Pol\u00edtica de privacidad"}]},{"@type":"WebSite","@id":"https:\/\/www.lafarga.com\/corporatiu\/#website","url":"https:\/\/www.lafarga.com\/corporatiu\/","name":"La Farga Gesti\u00f3 d&#039;Equipaments Municipals, SA","description":"","publisher":{"@id":"https:\/\/www.lafarga.com\/corporatiu\/#organization"},"potentialAction":[{"@type":"SearchAction","target":{"@type":"EntryPoint","urlTemplate":"https:\/\/www.lafarga.com\/corporatiu\/?s={search_term_string}"},"query-input":{"@type":"PropertyValueSpecification","valueRequired":true,"valueName":"search_term_string"}}],"inLanguage":"ca"},{"@type":"Organization","@id":"https:\/\/www.lafarga.com\/corporatiu\/#organization","name":"La Farga Gesti\u00f3 d&#039;Equipaments Municipals, SA","url":"https:\/\/www.lafarga.com\/corporatiu\/","logo":{"@type":"ImageObject","inLanguage":"ca","@id":"https:\/\/www.lafarga.com\/corporatiu\/#\/schema\/logo\/image\/","url":"https:\/\/www.lafarga.com\/corporatiu\/wp-content\/uploads\/2023\/11\/logotipo_lafarga_gemsa.svg","contentUrl":"https:\/\/www.lafarga.com\/corporatiu\/wp-content\/uploads\/2023\/11\/logotipo_lafarga_gemsa.svg","width":102,"height":103,"caption":"La Farga Gesti\u00f3 d&#039;Equipaments Municipals, SA"},"image":{"@id":"https:\/\/www.lafarga.com\/corporatiu\/#\/schema\/logo\/image\/"}}]}},"uagb_featured_image_src":{"full":false,"thumbnail":false,"medium":false,"medium_large":false,"large":false,"1536x1536":false,"2048x2048":false,"mailpoet_newsletter_max":false},"uagb_author_info":{"display_name":"admfarga","author_link":"https:\/\/www.lafarga.com\/corporatiu\/author\/admfarga\/"},"uagb_comment_info":0,"uagb_excerpt":"[&hellip;]","_links":{"self":[{"href":"https:\/\/www.lafarga.com\/corporatiu\/wp-json\/wp\/v2\/pages\/12978","targetHints":{"allow":["GET"]}}],"collection":[{"href":"https:\/\/www.lafarga.com\/corporatiu\/wp-json\/wp\/v2\/pages"}],"about":[{"href":"https:\/\/www.lafarga.com\/corporatiu\/wp-json\/wp\/v2\/types\/page"}],"author":[{"embeddable":true,"href":"https:\/\/www.lafarga.com\/corporatiu\/wp-json\/wp\/v2\/users\/8"}],"replies":[{"embeddable":true,"href":"https:\/\/www.lafarga.com\/corporatiu\/wp-json\/wp\/v2\/comments?post=12978"}],"version-history":[{"count":38,"href":"https:\/\/www.lafarga.com\/corporatiu\/wp-json\/wp\/v2\/pages\/12978\/revisions"}],"predecessor-version":[{"id":21062,"href":"https:\/\/www.lafarga.com\/corporatiu\/wp-json\/wp\/v2\/pages\/12978\/revisions\/21062"}],"up":[{"embeddable":true,"href":"https:\/\/www.lafarga.com\/corporatiu\/wp-json\/wp\/v2\/pages\/16947"}],"wp:attachment":[{"href":"https:\/\/www.lafarga.com\/corporatiu\/wp-json\/wp\/v2\/media?parent=12978"}],"curies":[{"name":"wp","href":"https:\/\/api.w.org\/{rel}","templated":true}]}}